{"id":2743,"date":"2023-02-21T16:03:49","date_gmt":"2023-02-21T15:03:49","guid":{"rendered":"https:\/\/jahresberichte.phgr.ch\/2022\/?page_id=2743"},"modified":"2024-03-21T12:27:13","modified_gmt":"2024-03-21T11:27:13","slug":"furmaziun","status":"publish","type":"page","link":"https:\/\/jahresberichte.phgr.ch\/2022\/rm\/prorectorats\/furmaziun\/","title":{"rendered":"Furmaziun"},"content":{"rendered":"\t\t<div data-elementor-type=\"wp-page\" data-elementor-id=\"2743\" class=\"elementor elementor-2743\" data-elementor-post-type=\"page\">\n\t\t\t\t\t\t<section class=\"elementor-section elementor-top-section elementor-element elementor-element-48c66600 elementor-section-height-min-height elementor-section-boxed elementor-section-height-default elementor-section-items-middle\" data-id=\"48c66600\" data-element_type=\"section\" data-settings=\"{&quot;jet_parallax_layout_list&quot;:[],&quot;background_background&quot;:&quot;classic&quot;}\">\n\t\t\t\t\t\t<div class=\"elementor-container elementor-column-gap-default\">\n\t\t\t\t\t<div class=\"elementor-column elementor-col-100 elementor-top-column elementor-element elementor-element-41004e49\" data-id=\"41004e49\" data-element_type=\"column\">\n\t\t\t<div class=\"elementor-widget-wrap elementor-element-populated\">\n\t\t\t\t\t\t<div class=\"elementor-element elementor-element-3fcef5e6 elementor-widget elementor-widget-heading\" data-id=\"3fcef5e6\" data-element_type=\"widget\" data-widget_type=\"heading.default\">\n\t\t\t\t<div class=\"elementor-widget-container\">\n\t\t\t\t\t<h3 class=\"elementor-heading-title elementor-size-default\">Prorectorat<\/h3>\t\t\t\t<\/div>\n\t\t\t\t<\/div>\n\t\t\t\t<div class=\"elementor-element elementor-element-5096607a elementor-widget elementor-widget-heading\" data-id=\"5096607a\" data-element_type=\"widget\" id=\"title-underline\" data-widget_type=\"heading.default\">\n\t\t\t\t<div class=\"elementor-widget-container\">\n\t\t\t\t\t<h2 class=\"elementor-heading-title elementor-size-default\">Furmaziun<\/h2>\t\t\t\t<\/div>\n\t\t\t\t<\/div>\n\t\t\t\t<div class=\"elementor-element elementor-element-414deaeb elementor-widget elementor-widget-heading\" data-id=\"414deaeb\" data-element_type=\"widget\" data-widget_type=\"heading.default\">\n\t\t\t\t<div class=\"elementor-widget-container\">\n\t\t\t\t\t<h3 class=\"elementor-heading-title elementor-size-default\">\u201cJau na poss betg dir cun segirtad, sche la situaziun daventa meglra, sch\u2019ella sa mida; jau poss dentant dir che per daventar meglra, sto ella sa midar.\u201d\n<br>\u2013 Georg Christoph Lichtenberg<\/h3>\t\t\t\t<\/div>\n\t\t\t\t<\/div>\n\t\t\t\t\t<\/div>\n\t\t<\/div>\n\t\t\t\t\t<\/div>\n\t\t<\/section>\n\t\t\t\t<section class=\"elementor-section elementor-top-section elementor-element elementor-element-1fa961bc elementor-section-full_width elementor-section-height-min-height elementor-section-height-default elementor-section-items-middle\" data-id=\"1fa961bc\" data-element_type=\"section\" data-settings=\"{&quot;jet_parallax_layout_list&quot;:[],&quot;background_background&quot;:&quot;classic&quot;}\">\n\t\t\t\t\t\t<div class=\"elementor-container elementor-column-gap-default\">\n\t\t\t\t\t<div class=\"elementor-column elementor-col-100 elementor-top-column elementor-element elementor-element-2cb290be\" data-id=\"2cb290be\" data-element_type=\"column\">\n\t\t\t<div class=\"elementor-widget-wrap elementor-element-populated\">\n\t\t\t\t\t\t<div class=\"elementor-element elementor-element-b7df005 elementor-widget elementor-widget-spacer\" data-id=\"b7df005\" data-element_type=\"widget\" data-widget_type=\"spacer.default\">\n\t\t\t\t<div class=\"elementor-widget-container\">\n\t\t\t\t\t\t\t<div class=\"elementor-spacer\">\n\t\t\t<div class=\"elementor-spacer-inner\"><\/div>\n\t\t<\/div>\n\t\t\t\t\t\t<\/div>\n\t\t\t\t<\/div>\n\t\t\t\t\t<\/div>\n\t\t<\/div>\n\t\t\t\t\t<\/div>\n\t\t<\/section>\n\t\t\t\t<section class=\"elementor-section elementor-top-section elementor-element elementor-element-7d694575 elementor-section-boxed elementor-section-height-default elementor-section-height-default\" data-id=\"7d694575\" data-element_type=\"section\" data-settings=\"{&quot;jet_parallax_layout_list&quot;:[]}\">\n\t\t\t\t\t\t<div class=\"elementor-container elementor-column-gap-default\">\n\t\t\t\t\t<div class=\"elementor-column elementor-col-100 elementor-top-column elementor-element elementor-element-56028395\" data-id=\"56028395\" data-element_type=\"column\">\n\t\t\t<div class=\"elementor-widget-wrap elementor-element-populated\">\n\t\t\t\t\t\t<div class=\"elementor-element elementor-element-7e8aa61c elementor-widget elementor-widget-heading\" data-id=\"7e8aa61c\" data-element_type=\"widget\" data-widget_type=\"heading.default\">\n\t\t\t\t<div class=\"elementor-widget-container\">\n\t\t\t\t\t<h3 class=\"elementor-heading-title elementor-size-default\">L\u2019onn da las grondas midadas<\/h3>\t\t\t\t<\/div>\n\t\t\t\t<\/div>\n\t\t\t\t<div class=\"elementor-element elementor-element-393738c8 elementor-widget elementor-widget-text-editor\" data-id=\"393738c8\" data-element_type=\"widget\" data-widget_type=\"text-editor.default\">\n\t\t\t\t<div class=\"elementor-widget-container\">\n\t\t\t\t\t\t\t\t\t<p>Avant in onn \u00e8 la scolaziun da la SAP dal Grischun anc sa focussada principalmain sin ils dus studis per las futuras persunas d\u2019instrucziun da la scolina e da la scola primara. Avant in onn eran la Furmaziun da basa e la Furmaziun da la pratica professiunala duas partiziuns separadas. Ed avant in onn manava il manader da la furmaziun da basa directamain var tut las 50 docentas ed ils docents \u2013 almain sin il palpiri.<\/p><p>Questa situaziun da partenza ha fatg ch\u2019il 2022 \u00e8 davent\u00e0 l\u2019onn da las grondas midadas:<\/p><ul><li>Il schaner han fusiun\u00e0 la Furmaziun da la pratica professiunala e la Furmaziun da basa. Il nov prorectorat furmaziun, nasch\u00ec da la fusiun, ha promov\u00ec la collavuraziun da questas duas parts da la furmaziun, ha surpigli\u00e0 la responsabladad da las anteriuras direcziuns da ressort sco direcziuns da studi ed ha transfer\u00ec la planisaziun traversala da mintga singul studi en il stab dal prorectorat.<\/li><li>Il favrer han las direcziuns dals quatter champs cumenz\u00e0 lur lavur. Quellas \u00e8n involvidas en la recrutaziun da las novas docentas ed dals novs docents, gidan da planisar ils pensums da lavur e mainan ils discurs cun las collavuraturas ed ils collavuraturs. Els fan visitas en l\u2019instrucziun, sustegnan las collavuraturas ed ils collavuraturs e gidan ad optimar la qualitad. Els coordineschan lur champ respectiv ed al sviluppan vinavant ensemen cun il team.<\/li><li>Il settember han cumenz\u00e0 ils novs studis. Il studi \u201cScolina e scola primara (1. fin 2. classa)\u201d remplazza il studi scolina. Il studi \u201cScola primara (1. fin 6. classa)\u201d datti da nov supplementarmain en ina varianta a temp parzial che va sur quatter onns. Ed ils <span style=\"color: #c7d200;\"><a style=\"color: #c7d200;\" href=\"\/rm\/tema-central\/lantschada-dal-studi-da-master-stgalim-secundar\/\">novs studis \u201cStgalim secundar I\u201d per persunas cun in bachelor spezialis\u00e0 e \u201cStgalim secundar I e scolas da maturitad\u201d per persunas cun in master spezialis\u00e0<\/a><\/span> cumpletteschan il portfolio da studis, spezialmain per satisfar al basegn da persunas d\u2019instrucziun per il stgalim secundar.<\/li><\/ul><p>Las midadas structuralas chaschunan evidentamain midadas culturalas: Las studentas ed ils students en ils studis parzials e secundars lavuran savens gia dapi onns, augmentan la media da vegliadetgna e midan las pretensiuns a la flexibilitad temporala ed a la concepziun da l\u2019instrucziun. Las trais manadras ed il manader dal champ \u00e8n stads sezs docents ils ultims onns, surpiglian e dattan furma ad ina nova rolla e caracteriseschan, grazia a lur proximitad professiunala e persunala a las docentas ed als docents, il svilup da la scola auta en dumondas essenzialas.<\/p><p>Per l\u2019emprima giada ha la SAP dal Grischun registr\u00e0 in nov record cun passa 200 annunzias. Sche quai ha da far cun l\u2019attractivitad dals novs studis, cun la qualitad da la scolaziun, cun la preschientscha en las scolas precedentas, cun la nova cumparsa da la communicaziun u cun facturs exogens, na sa lascha dentant betg respunder definitivamain.<\/p><p>Igl \u00e8 anc memia baud da dir, sche la situaziun \u00e8 sa meglierada; ma tant pudain nus dir: bainquant \u00e8 fatg, uschia ch\u2019ina buna basa \u00e8 dada per ils proxims pass.<\/p>\t\t\t\t\t\t\t\t<\/div>\n\t\t\t\t<\/div>\n\t\t\t\t\t<\/div>\n\t\t<\/div>\n\t\t\t\t\t<\/div>\n\t\t<\/section>\n\t\t\t\t<section class=\"elementor-section elementor-top-section elementor-element elementor-element-fbda39d elementor-section-boxed elementor-section-height-default elementor-section-height-default\" data-id=\"fbda39d\" data-element_type=\"section\" data-settings=\"{&quot;jet_parallax_layout_list&quot;:[]}\">\n\t\t\t\t\t\t<div class=\"elementor-container elementor-column-gap-default\">\n\t\t\t\t\t<div class=\"elementor-column elementor-col-100 elementor-top-column elementor-element elementor-element-5097d7a\" data-id=\"5097d7a\" data-element_type=\"column\">\n\t\t\t<div class=\"elementor-widget-wrap elementor-element-populated\">\n\t\t\t\t\t\t<div class=\"elementor-element elementor-element-e7a11b3 elementor-widget elementor-widget-image\" data-id=\"e7a11b3\" data-element_type=\"widget\" data-widget_type=\"image.default\">\n\t\t\t\t<div class=\"elementor-widget-container\">\n\t\t\t\t\t\t\t\t\t\t\t\t\t\t\t<img fetchpriority=\"high\" decoding=\"async\" width=\"2160\" height=\"1102\" src=\"https:\/\/jahresberichte.phgr.ch\/2022\/wp-content\/uploads\/sites\/2\/2023\/02\/phgr-prorektorat-2022-ausbildung-zitat-1.jpg\" class=\"attachment-large size-large wp-image-2630\" alt=\"\" srcset=\"https:\/\/jahresberichte.phgr.ch\/2022\/wp-content\/uploads\/sites\/2\/2023\/02\/phgr-prorektorat-2022-ausbildung-zitat-1.jpg 2160w, https:\/\/jahresberichte.phgr.ch\/2022\/wp-content\/uploads\/sites\/2\/2023\/02\/phgr-prorektorat-2022-ausbildung-zitat-1-768x392.jpg 768w, https:\/\/jahresberichte.phgr.ch\/2022\/wp-content\/uploads\/sites\/2\/2023\/02\/phgr-prorektorat-2022-ausbildung-zitat-1-1536x784.jpg 1536w, https:\/\/jahresberichte.phgr.ch\/2022\/wp-content\/uploads\/sites\/2\/2023\/02\/phgr-prorektorat-2022-ausbildung-zitat-1-2048x1045.jpg 2048w\" sizes=\"(max-width: 2160px) 100vw, 2160px\" \/>\t\t\t\t\t\t\t\t\t\t\t\t\t\t\t<\/div>\n\t\t\t\t<\/div>\n\t\t\t\t\t<\/div>\n\t\t<\/div>\n\t\t\t\t\t<\/div>\n\t\t<\/section>\n\t\t\t\t<section class=\"elementor-section elementor-top-section elementor-element elementor-element-2332307 elementor-section-boxed elementor-section-height-default elementor-section-height-default\" data-id=\"2332307\" data-element_type=\"section\" data-settings=\"{&quot;jet_parallax_layout_list&quot;:[]}\">\n\t\t\t\t\t\t<div class=\"elementor-container elementor-column-gap-default\">\n\t\t\t\t\t<div class=\"elementor-column elementor-col-100 elementor-top-column elementor-element elementor-element-fbb0ff7\" data-id=\"fbb0ff7\" data-element_type=\"column\">\n\t\t\t<div class=\"elementor-widget-wrap elementor-element-populated\">\n\t\t\t\t\t\t<div class=\"elementor-element elementor-element-aa62942 elementor-widget elementor-widget-heading\" data-id=\"aa62942\" data-element_type=\"widget\" id=\"subtitle-underline\" data-widget_type=\"heading.default\">\n\t\t\t\t<div class=\"elementor-widget-container\">\n\t\t\t\t\t<h3 class=\"elementor-heading-title elementor-size-default\">Furmaziun da la pratica professiunala <\/h3>\t\t\t\t<\/div>\n\t\t\t\t<\/div>\n\t\t\t\t<div class=\"elementor-element elementor-element-78184ea elementor-widget elementor-widget-text-editor\" data-id=\"78184ea\" data-element_type=\"widget\" data-widget_type=\"text-editor.default\">\n\t\t\t\t<div class=\"elementor-widget-container\">\n\t\t\t\t\t\t\t\t\t<p><em>\u201cJau As gratulesch per la buna lavur preparatorica cun las studentas ed ils students. Nus essan fitg cuntents ed als tegnessan gugent.\u201d<\/em><\/p><p>Quai \u00e8 il resun d\u2019ina persuna d\u2019instrucziun da la pratica suenter il semester da la pratica professiunala 2022. Resuns sco quels ans rinforzan en nossa lavur. En quest connex \u00e8si impurtant per nus che las studentas ed ils students en il praticum sa laschian en dal tuttafatg sin ils uffants e lur emprender, ch\u2019els promovian l\u2019emprender e ch\u2019els possian sa cumprovar al lieu da praticum; la basa per quai \u00e8 ina preparaziun solida.<\/p><p>Questa finamira sustegna er il concept da mentorat da la SAP dal Grischun ch\u2019\u00e8 vegn\u00ec introduc\u00ec da nov.<\/p><p><strong>Da nov<\/strong>\u00a0survegnan tut las studentas ed ils students invista en la scolina sco er en la scola primara durant l\u2019emprim onn da studi. Per quest intent \u00e8 l\u2019emprim praticum, che ha lieu l\u2019emprim semester mintgamai la mesemna, divid\u00ec en duas fasas. En l\u2019emprima fasa lavuran las studentas ed ils students cun uffants en ina classa da scolina, en l\u2019autra fasa en ina classa dal 2. ciclus, pia en ina 3., 4., 5. u 6. classa. Uschia pon las studentas ed ils students sa far in emprim maletg da l\u2019emprender dals uffants en il 1. e 2. ciclus e decider, sch\u2019il studi tschern\u00ec oriundamain \u00e8 adatt\u00e0. Suenter pon els midar il studi en cas da basegn.<\/p><p><strong>Da nov<\/strong>\u00a0\u00e8 il proceder per sclerir la qualificaziun professiunala en l\u2019emprim onn da studi. Ina mentura\/in mentur surpiglia ina gruppa d\u2019emprender cun circa 20 studentas e students ed accumpogna quella tras ils dus moduls da la pratica professiunala da l\u2019emprim onn da scolaziun. Ina incumbensa impurtanta da las menturas e dals menturs \u00e8 en quest connex da render palpabla e conscienta a las studentas ed als students la cumplexitad da la professiun da la persuna d\u2019instrucziun e da tematisar la qualificaziun professiunala individuala. Per quest intent stat a disposiziun il nov instrument \u201cCriteris da qualificaziun per la professiun da scolast:a\u201d che sustegna en quest connex da percepir en moda differenziada ils trais criteris \u201ccumpetenza sociala e relaziunala\u201d, \u201cautocumpetenza\u201d e \u201ccumpetenza d\u2019organisar\u201d sco era las differentas cumpetenzas attribuidas. Las studentas ed ils students fan valitaziuns da sasezs a maun da quest instrument e survegnan suenter l\u2019emprim semester ina valitaziun externa. A la fin da l\u2019emprim onn da studi \u00e8 il scleriment da la qualificaziun professiunala termin\u00e0.<\/p><p><strong>Da nov<\/strong> sustegna ina docenta u in docent da la pratica las menturas ed ils menturs tar lur incumbensas. Las docentas ed ils docents da la pratica \u00e8n persunas d\u2019instrucziun che lavuran per regla en ina scola da cooperaziun da la SAP dal Grischun e che furman in team ensemen cun las menturas ed ils menturs. Ensemen concepeschan els occurrenzas per preparar e per reflectar ils praticums. Las studentas ed ils students survegnan pia tar la planisaziun e tar l\u2019evaluaziun da lur instrucziun accumpagnament e cussegliaziun da differentas perspectivas. Uschia po la colliaziun giavischada da las enconuschientschas teoreticas e da las pretensiuns envers in agir pratic cumpetent vegnir sustegnida en moda decisiva. Cunquai che las docentas ed ils docents da la pratica lavuran \u2013 en stretga cooperaziun cun las menturas ed ils menturs \u2013 cun las studentas ed ils students tant en la scola da cooperaziun sco er en la SAP dal Grischun, \u00e8n els in scharnier impurtant tranter ils dus lieus da furmaziun.<\/p><p>Ultra da l\u2019introducziun da questas novaziuns \u00e8si st\u00e0 ina gronda sfida d\u2019organisar las plazzas da praticum l\u2019onn pass\u00e0. Nus ans stentain da chattar plazzas da praticum en la vischinanza dal lieu da domicil da las studentas e dals students. La grondezza da l\u2019intschess da nossas studentas e da noss students sco era la trilinguitad da nossa scola auta rendan interessanta questa incumbensa, ma savens era pretensiusa. Fin uss \u00e8si reuss\u00ec, spezialmain grazia a la gronda rait e grazia a la buna collavuraziun cun las direcziuns da scola da nossas scolas da cooperaziun.<\/p><p>La collavuraziun vegn era stimada fitg da las persunas d\u2019instrucziun da la pratica. Quai sa mussa tranter auter cun il grond dumber da participantas e participants a chaschun da las scuntradas regularas tranter las persunas d\u2019instrucziun da la pratica e las persunas responsablas da la pratica professiunala a la SAP dal Grischun. Nus engraziain a las persunas d\u2019instrucziun da la pratica per lur lavur engaschada cun las studentas ed ils students.<\/p>\t\t\t\t\t\t\t\t<\/div>\n\t\t\t\t<\/div>\n\t\t\t\t\t<\/div>\n\t\t<\/div>\n\t\t\t\t\t<\/div>\n\t\t<\/section>\n\t\t\t\t<section class=\"elementor-section elementor-top-section elementor-element elementor-element-49a9c58f elementor-section-boxed elementor-section-height-default elementor-section-height-default\" data-id=\"49a9c58f\" data-element_type=\"section\" data-settings=\"{&quot;jet_parallax_layout_list&quot;:[{&quot;_id&quot;:&quot;d9c892f&quot;,&quot;jet_parallax_layout_image&quot;:{&quot;url&quot;:&quot;&quot;,&quot;id&quot;:&quot;&quot;,&quot;size&quot;:&quot;&quot;},&quot;jet_parallax_layout_image_tablet&quot;:{&quot;url&quot;:&quot;&quot;,&quot;id&quot;:&quot;&quot;,&quot;size&quot;:&quot;&quot;},&quot;jet_parallax_layout_image_mobile&quot;:{&quot;url&quot;:&quot;&quot;,&quot;id&quot;:&quot;&quot;,&quot;size&quot;:&quot;&quot;},&quot;jet_parallax_layout_speed&quot;:{&quot;unit&quot;:&quot;%&quot;,&quot;size&quot;:50,&quot;sizes&quot;:[]},&quot;jet_parallax_layout_type&quot;:&quot;scroll&quot;,&quot;jet_parallax_layout_direction&quot;:null,&quot;jet_parallax_layout_fx_direction&quot;:null,&quot;jet_parallax_layout_z_index&quot;:&quot;&quot;,&quot;jet_parallax_layout_bg_x&quot;:50,&quot;jet_parallax_layout_bg_x_tablet&quot;:&quot;&quot;,&quot;jet_parallax_layout_bg_x_mobile&quot;:&quot;&quot;,&quot;jet_parallax_layout_bg_y&quot;:50,&quot;jet_parallax_layout_bg_y_tablet&quot;:&quot;&quot;,&quot;jet_parallax_layout_bg_y_mobile&quot;:&quot;&quot;,&quot;jet_parallax_layout_bg_size&quot;:&quot;auto&quot;,&quot;jet_parallax_layout_bg_size_tablet&quot;:&quot;&quot;,&quot;jet_parallax_layout_bg_size_mobile&quot;:&quot;&quot;,&quot;jet_parallax_layout_animation_prop&quot;:&quot;transform&quot;,&quot;jet_parallax_layout_on&quot;:[&quot;desktop&quot;,&quot;tablet&quot;]}]}\">\n\t\t\t\t\t\t<div class=\"elementor-container elementor-column-gap-default\">\n\t\t\t\t\t<div class=\"elementor-column elementor-col-100 elementor-top-column elementor-element elementor-element-63b94765\" data-id=\"63b94765\" data-element_type=\"column\">\n\t\t\t<div class=\"elementor-widget-wrap elementor-element-populated\">\n\t\t\t\t\t\t<div class=\"elementor-element elementor-element-6f111ab3 elementor-widget elementor-widget-spacer\" data-id=\"6f111ab3\" data-element_type=\"widget\" data-widget_type=\"spacer.default\">\n\t\t\t\t<div class=\"elementor-widget-container\">\n\t\t\t\t\t\t\t<div class=\"elementor-spacer\">\n\t\t\t<div class=\"elementor-spacer-inner\"><\/div>\n\t\t<\/div>\n\t\t\t\t\t\t<\/div>\n\t\t\t\t<\/div>\n\t\t\t\t<div class=\"elementor-element elementor-element-4790fd76 elementor-widget elementor-widget-heading\" data-id=\"4790fd76\" data-element_type=\"widget\" data-widget_type=\"heading.default\">\n\t\t\t\t<div class=\"elementor-widget-container\">\n\t\t\t\t\t<p class=\"elementor-heading-title elementor-size-default\">Ulteriurs temas che pudessan interessar Vus<\/p>\t\t\t\t<\/div>\n\t\t\t\t<\/div>\n\t\t\t\t<div class=\"elementor-element elementor-element-6afc30e0 raven-hover-scale-up elementor-widget elementor-widget-raven-posts\" data-id=\"6afc30e0\" data-element_type=\"widget\" data-settings=\"{&quot;classic_columns&quot;:&quot;4&quot;,&quot;query_posts_per_page&quot;:4,&quot;_skin&quot;:&quot;classic&quot;,&quot;classic_layout&quot;:&quot;grid&quot;,&quot;classic_columns_tablet&quot;:&quot;2&quot;,&quot;classic_columns_mobile&quot;:&quot;1&quot;,&quot;query_offset&quot;:0}\" data-widget_type=\"raven-posts.classic\">\n\t\t\t\t<div class=\"elementor-widget-container\">\n\t\t\t\t\t\t\t<div class=\"raven-posts raven-grid raven-grid-4 raven-grid-mobile-1 raven-grid-tablet-2\" data-post-id=\"2743\" data-archive-query=\"\" data-lang=\"\">\n\t\t\t\t<div class=\"raven-grid-item raven-post-item post-1549 page type-page status-publish hentry\">\n\t\t\t<div class=\"raven-post elementor-animation-grow\">\n\t\t\t\t\t\t\t\t<div class=\"raven-post-content\">\n\t\t\t\t\t<h3 class=\"raven-post-title\"><a class=\"raven-post-title-link\" href=\"https:\/\/jahresberichte.phgr.ch\/2022\/\">Startseite DE<\/a><\/h3>\t\t\t\t<\/div>\n\t\t\t<\/div>\n\t\t<\/div>\n\t\t\t\t<div class=\"raven-grid-item raven-post-item post-2767 page type-page status-publish has-post-thumbnail hentry\">\n\t\t\t<div class=\"raven-post elementor-animation-grow\">\n\t\t\t\t\t\t<div class=\"raven-post-image-wrap\">\n\t\t\t<a class=\"raven-post-image raven-image-fit\" href=\"https:\/\/jahresberichte.phgr.ch\/2022\/rm\/tema-central\/lantschada-dal-studi-da-master-stgalim-secundar\/\"><img decoding=\"async\" width=\"1000\" height=\"1000\" src=\"https:\/\/jahresberichte.phgr.ch\/2022\/wp-content\/uploads\/sites\/2\/2023\/01\/phgr-weitere-themen-masterstudiengang-sekundarstufe.jpg\" class=\"attachment-large size-large wp-image-1397\" alt=\"\" srcset=\"https:\/\/jahresberichte.phgr.ch\/2022\/wp-content\/uploads\/sites\/2\/2023\/01\/phgr-weitere-themen-masterstudiengang-sekundarstufe.jpg 1000w, https:\/\/jahresberichte.phgr.ch\/2022\/wp-content\/uploads\/sites\/2\/2023\/01\/phgr-weitere-themen-masterstudiengang-sekundarstufe-768x768.jpg 768w, https:\/\/jahresberichte.phgr.ch\/2022\/wp-content\/uploads\/sites\/2\/2023\/01\/phgr-weitere-themen-masterstudiengang-sekundarstufe-500x500.jpg 500w\" sizes=\"(max-width: 1000px) 100vw, 1000px\" \/> <span class=\"raven-post-image-overlay\"><\/span><\/a>\t\t<\/div>\n\t\t\t\t\t\t<div class=\"raven-post-content\">\n\t\t\t\t\t<h3 class=\"raven-post-title\"><a class=\"raven-post-title-link\" href=\"https:\/\/jahresberichte.phgr.ch\/2022\/rm\/tema-central\/lantschada-dal-studi-da-master-stgalim-secundar\/\">Lantschada dal studi da master stgalim secundar<\/a><\/h3>\t\t\t\t<\/div>\n\t\t\t<\/div>\n\t\t<\/div>\n\t\t\t\t<div class=\"raven-grid-item raven-post-item post-2751 page type-page status-publish has-post-thumbnail hentry\">\n\t\t\t<div class=\"raven-post elementor-animation-grow\">\n\t\t\t\t\t\t<div class=\"raven-post-image-wrap\">\n\t\t\t<a class=\"raven-post-image raven-image-fit\" href=\"https:\/\/jahresberichte.phgr.ch\/2022\/rm\/sur-da-nus\/\"><img decoding=\"async\" width=\"1000\" height=\"1000\" src=\"https:\/\/jahresberichte.phgr.ch\/2022\/wp-content\/uploads\/sites\/2\/2023\/02\/phgr-weitere-themen-ueber-uns.jpg\" class=\"attachment-large size-large wp-image-2068\" alt=\"\" srcset=\"https:\/\/jahresberichte.phgr.ch\/2022\/wp-content\/uploads\/sites\/2\/2023\/02\/phgr-weitere-themen-ueber-uns.jpg 1000w, https:\/\/jahresberichte.phgr.ch\/2022\/wp-content\/uploads\/sites\/2\/2023\/02\/phgr-weitere-themen-ueber-uns-768x768.jpg 768w, https:\/\/jahresberichte.phgr.ch\/2022\/wp-content\/uploads\/sites\/2\/2023\/02\/phgr-weitere-themen-ueber-uns-500x500.jpg 500w\" sizes=\"(max-width: 1000px) 100vw, 1000px\" \/> <span class=\"raven-post-image-overlay\"><\/span><\/a>\t\t<\/div>\n\t\t\t\t\t\t<div class=\"raven-post-content\">\n\t\t\t\t\t<h3 class=\"raven-post-title\"><a class=\"raven-post-title-link\" href=\"https:\/\/jahresberichte.phgr.ch\/2022\/rm\/sur-da-nus\/\">Sur da nus<\/a><\/h3>\t\t\t\t<\/div>\n\t\t\t<\/div>\n\t\t<\/div>\n\t\t\t\t<div class=\"raven-grid-item raven-post-item post-378 page type-page status-publish has-post-thumbnail hentry\">\n\t\t\t<div class=\"raven-post elementor-animation-grow\">\n\t\t\t\t\t\t<div class=\"raven-post-image-wrap\">\n\t\t\t<a class=\"raven-post-image raven-image-fit\" href=\"https:\/\/jahresberichte.phgr.ch\/2022\/fokusthema\/\"><img loading=\"lazy\" decoding=\"async\" width=\"1000\" height=\"1000\" src=\"https:\/\/jahresberichte.phgr.ch\/2022\/wp-content\/uploads\/sites\/2\/2023\/01\/phgr-weitere-themen-neue-studiengaenge.jpg\" class=\"attachment-large size-large wp-image-1398\" alt=\"\" srcset=\"https:\/\/jahresberichte.phgr.ch\/2022\/wp-content\/uploads\/sites\/2\/2023\/01\/phgr-weitere-themen-neue-studiengaenge.jpg 1000w, https:\/\/jahresberichte.phgr.ch\/2022\/wp-content\/uploads\/sites\/2\/2023\/01\/phgr-weitere-themen-neue-studiengaenge-768x768.jpg 768w, https:\/\/jahresberichte.phgr.ch\/2022\/wp-content\/uploads\/sites\/2\/2023\/01\/phgr-weitere-themen-neue-studiengaenge-500x500.jpg 500w\" sizes=\"(max-width: 1000px) 100vw, 1000px\" \/> <span class=\"raven-post-image-overlay\"><\/span><\/a>\t\t<\/div>\n\t\t\t\t\t\t<div class=\"raven-post-content\">\n\t\t\t\t\t<h3 class=\"raven-post-title\"><a class=\"raven-post-title-link\" href=\"https:\/\/jahresberichte.phgr.ch\/2022\/fokusthema\/\">Fokusthema<\/a><\/h3>\t\t\t\t<\/div>\n\t\t\t<\/div>\n\t\t<\/div>\n\t\t\t\t<\/div>\n\t\t\t\t\t\t<\/div>\n\t\t\t\t<\/div>\n\t\t\t\t<div class=\"elementor-element elementor-element-4d4cb910 elementor-widget elementor-widget-spacer\" data-id=\"4d4cb910\" data-element_type=\"widget\" data-widget_type=\"spacer.default\">\n\t\t\t\t<div class=\"elementor-widget-container\">\n\t\t\t\t\t\t\t<div class=\"elementor-spacer\">\n\t\t\t<div class=\"elementor-spacer-inner\"><\/div>\n\t\t<\/div>\n\t\t\t\t\t\t<\/div>\n\t\t\t\t<\/div>\n\t\t\t\t\t<\/div>\n\t\t<\/div>\n\t\t\t\t\t<\/div>\n\t\t<\/section>\n\t\t\t\t<\/div>\n\t\t","protected":false},"excerpt":{"rendered":"<p>Prorectorat Furmaziun \u201cJau na poss betg dir cun segirtad, sche la situaziun daventa meglra, sch\u2019ella sa mida; jau poss dentant dir che per daventar meglra, sto ella sa midar.\u201d \u2013 Georg Christoph Lichtenberg L\u2019onn da las grondas midadas Avant in onn \u00e8 la scolaziun da la SAP dal Grischun anc sa focussada principalmain sin ils [&hellip;]<\/p>\n","protected":false},"author":1,"featured_media":1399,"parent":2740,"menu_order":0,"comment_status":"closed","ping_status":"closed","template":"elementor_header_footer","meta":{"_acf_changed":false,"footnotes":""},"class_list":["post-2743","page","type-page","status-publish","has-post-thumbnail","hentry"],"acf":[],"_links":{"self":[{"href":"https:\/\/jahresberichte.phgr.ch\/2022\/wp-json\/wp\/v2\/pages\/2743","targetHints":{"allow":["GET"]}}],"collection":[{"href":"https:\/\/jahresberichte.phgr.ch\/2022\/wp-json\/wp\/v2\/pages"}],"about":[{"href":"https:\/\/jahresberichte.phgr.ch\/2022\/wp-json\/wp\/v2\/types\/page"}],"author":[{"embeddable":true,"href":"https:\/\/jahresberichte.phgr.ch\/2022\/wp-json\/wp\/v2\/users\/1"}],"replies":[{"embeddable":true,"href":"https:\/\/jahresberichte.phgr.ch\/2022\/wp-json\/wp\/v2\/comments?post=2743"}],"version-history":[{"count":8,"href":"https:\/\/jahresberichte.phgr.ch\/2022\/wp-json\/wp\/v2\/pages\/2743\/revisions"}],"predecessor-version":[{"id":4567,"href":"https:\/\/jahresberichte.phgr.ch\/2022\/wp-json\/wp\/v2\/pages\/2743\/revisions\/4567"}],"up":[{"embeddable":true,"href":"https:\/\/jahresberichte.phgr.ch\/2022\/wp-json\/wp\/v2\/pages\/2740"}],"wp:featuredmedia":[{"embeddable":true,"href":"https:\/\/jahresberichte.phgr.ch\/2022\/wp-json\/wp\/v2\/media\/1399"}],"wp:attachment":[{"href":"https:\/\/jahresberichte.phgr.ch\/2022\/wp-json\/wp\/v2\/media?parent=2743"}],"curies":[{"name":"wp","href":"https:\/\/api.w.org\/{rel}","templated":true}]}}