{"id":2967,"date":"2023-02-23T09:38:50","date_gmt":"2023-02-23T08:38:50","guid":{"rendered":"https:\/\/jahresberichte.phgr.ch\/2022\/?page_id=2967"},"modified":"2024-03-21T12:26:16","modified_gmt":"2024-03-21T11:26:16","slug":"formazione","status":"publish","type":"page","link":"https:\/\/jahresberichte.phgr.ch\/2022\/it\/prorettorati\/formazione\/","title":{"rendered":"Formazione"},"content":{"rendered":"\t\t<div data-elementor-type=\"wp-page\" data-elementor-id=\"2967\" class=\"elementor elementor-2967\" data-elementor-post-type=\"page\">\n\t\t\t\t\t\t<section class=\"elementor-section elementor-top-section elementor-element elementor-element-48c66600 elementor-section-height-min-height elementor-section-boxed elementor-section-height-default elementor-section-items-middle\" data-id=\"48c66600\" data-element_type=\"section\" data-settings=\"{&quot;jet_parallax_layout_list&quot;:[],&quot;background_background&quot;:&quot;classic&quot;}\">\n\t\t\t\t\t\t<div class=\"elementor-container elementor-column-gap-default\">\n\t\t\t\t\t<div class=\"elementor-column elementor-col-100 elementor-top-column elementor-element elementor-element-41004e49\" data-id=\"41004e49\" data-element_type=\"column\">\n\t\t\t<div class=\"elementor-widget-wrap elementor-element-populated\">\n\t\t\t\t\t\t<div class=\"elementor-element elementor-element-3fcef5e6 elementor-widget elementor-widget-heading\" data-id=\"3fcef5e6\" data-element_type=\"widget\" data-widget_type=\"heading.default\">\n\t\t\t\t<div class=\"elementor-widget-container\">\n\t\t\t\t\t<h3 class=\"elementor-heading-title elementor-size-default\">Prorettorato<\/h3>\t\t\t\t<\/div>\n\t\t\t\t<\/div>\n\t\t\t\t<div class=\"elementor-element elementor-element-5096607a elementor-widget elementor-widget-heading\" data-id=\"5096607a\" data-element_type=\"widget\" id=\"title-underline\" data-widget_type=\"heading.default\">\n\t\t\t\t<div class=\"elementor-widget-container\">\n\t\t\t\t\t<h2 class=\"elementor-heading-title elementor-size-default\">Formazione<\/h2>\t\t\t\t<\/div>\n\t\t\t\t<\/div>\n\t\t\t\t<div class=\"elementor-element elementor-element-414deaeb elementor-widget elementor-widget-heading\" data-id=\"414deaeb\" data-element_type=\"widget\" data-widget_type=\"heading.default\">\n\t\t\t\t<div class=\"elementor-widget-container\">\n\t\t\t\t\t<h3 class=\"elementor-heading-title elementor-size-default\">\u00abNon posso certo dire se la situazione sar\u00e0 migliore quando sar\u00e0 cambiata; ma posso dire che per diventare migliore deve cambiare.\u00bb \n<br>Georg Christoph Lichtenberg<\/h3>\t\t\t\t<\/div>\n\t\t\t\t<\/div>\n\t\t\t\t\t<\/div>\n\t\t<\/div>\n\t\t\t\t\t<\/div>\n\t\t<\/section>\n\t\t\t\t<section class=\"elementor-section elementor-top-section elementor-element elementor-element-1fa961bc elementor-section-full_width elementor-section-height-min-height elementor-section-height-default elementor-section-items-middle\" data-id=\"1fa961bc\" data-element_type=\"section\" data-settings=\"{&quot;jet_parallax_layout_list&quot;:[],&quot;background_background&quot;:&quot;classic&quot;}\">\n\t\t\t\t\t\t<div class=\"elementor-container elementor-column-gap-default\">\n\t\t\t\t\t<div class=\"elementor-column elementor-col-100 elementor-top-column elementor-element elementor-element-2cb290be\" data-id=\"2cb290be\" data-element_type=\"column\">\n\t\t\t<div class=\"elementor-widget-wrap elementor-element-populated\">\n\t\t\t\t\t\t<div class=\"elementor-element elementor-element-b7df005 elementor-widget elementor-widget-spacer\" data-id=\"b7df005\" data-element_type=\"widget\" data-widget_type=\"spacer.default\">\n\t\t\t\t<div class=\"elementor-widget-container\">\n\t\t\t\t\t\t\t<div class=\"elementor-spacer\">\n\t\t\t<div class=\"elementor-spacer-inner\"><\/div>\n\t\t<\/div>\n\t\t\t\t\t\t<\/div>\n\t\t\t\t<\/div>\n\t\t\t\t\t<\/div>\n\t\t<\/div>\n\t\t\t\t\t<\/div>\n\t\t<\/section>\n\t\t\t\t<section class=\"elementor-section elementor-top-section elementor-element elementor-element-7d694575 elementor-section-boxed elementor-section-height-default elementor-section-height-default\" data-id=\"7d694575\" data-element_type=\"section\" data-settings=\"{&quot;jet_parallax_layout_list&quot;:[]}\">\n\t\t\t\t\t\t<div class=\"elementor-container elementor-column-gap-default\">\n\t\t\t\t\t<div class=\"elementor-column elementor-col-100 elementor-top-column elementor-element elementor-element-56028395\" data-id=\"56028395\" data-element_type=\"column\">\n\t\t\t<div class=\"elementor-widget-wrap elementor-element-populated\">\n\t\t\t\t\t\t<div class=\"elementor-element elementor-element-7e8aa61c elementor-widget elementor-widget-heading\" data-id=\"7e8aa61c\" data-element_type=\"widget\" data-widget_type=\"heading.default\">\n\t\t\t\t<div class=\"elementor-widget-container\">\n\t\t\t\t\t<h3 class=\"elementor-heading-title elementor-size-default\">L'anno dei grandi cambiamenti<\/h3>\t\t\t\t<\/div>\n\t\t\t\t<\/div>\n\t\t\t\t<div class=\"elementor-element elementor-element-393738c8 elementor-widget elementor-widget-text-editor\" data-id=\"393738c8\" data-element_type=\"widget\" data-widget_type=\"text-editor.default\">\n\t\t\t\t<div class=\"elementor-widget-container\">\n\t\t\t\t\t\t\t\t\t<p>Un anno fa, la formazione presso l\u2019ASP Grigioni era ancora incentrata sui due cicli di studio per future e futuri insegnanti di scuola dell\u2019infanzia e scuola elementare. Un anno fa, la formazione di base e la formazione pratica professionale erano ancora due dipartimenti separati. Un anno fa, il responsabile della formazione di base gestiva direttamente tutte le e i circa 50 docenti, almeno sulla carta.<\/p><p>Questo punto di partenza ha reso il 2022 l&#8217;anno dei grandi cambiamenti:<\/p><ul><li>a gennaio, la formazione pratica professionale e la formazione di base si sono fuse. Il nuovo rettorato Formazione nato dalla fusione ha promosso la cooperazione tra queste due sezioni della formazione, ha assunto la responsabilit\u00e0 delle direzioni dei precedenti settori come direzioni dei cicli di studio e ha trasferito la progettazione trasversale ai singoli cicli di studio all\u2019ufficio centrale del prorettorato.<\/li><li>A febbraio, le direzioni dei quattro settori hanno iniziato il loro lavoro. Essi sono coinvolti nel reclutamento di nuove e nuovi docenti, elaborano la pianificazione operativa e conducono i colloqui con il personale. Visitano le classi durante le lezioni, supportano nella pianificazione operativa del personale e contribuiscono all\u2019ottimizzazione della qualit\u00e0. Coordinano il rispettivo settore e lo sviluppano ulteriormente insieme al team.<\/li><li>I nuovi cicli di studio sono iniziati a settembre. Il ciclo di studio \u00abScuola dell\u2019infanzia e scuola elementare (1\u00aa-2\u00aa classe)\u00bb sostituisce il ciclo di studio Scuola dell\u2019infanzia. Il ciclo di studio \u00abScuola elementare (dalla 1\u00aa alla 6\u00aa classe)\u00bb si svolge ora anche in una variante di quattro anni a tempo parziale. Inoltre, i <span style=\"color: #c7d200;\"><a style=\"color: #c7d200;\" href=\"\/2022\/\/it\/tema-centrale\/nuovi-cicli-di-studio\/\">nuovi cicli di studio \u00abSec. I\u00bb per persone con un diploma bachelor specialistico e \u00abSec. I e scuole di maturit\u00e0\u00bb per persone con diploma master specialistico<\/a> <\/span>completano il portfolio dei cicli di studio, in particolare per soddisfare la domanda di insegnanti nel livello secondario.<\/li><\/ul><p>I cambiamenti strutturali portano naturalmente a cambiamenti culturali: studentesse e studenti dei cicli di studio Sec. a tempo parziale lavorano gi\u00e0 da anni, innalzano l\u2019et\u00e0 media e modificano le esigenze di flessibilit\u00e0 oraria e di progettazione dell\u2019insegnamento. Le tre responsabili e il responsabile di settore sono stati essi stessi docenti negli ultimi anni, stanno assumendo e dando forma a un nuovo ruolo e, grazie alla loro vicinanza professionale e personale alle e ai docenti, stanno plasmando l\u2019ulteriore sviluppo della scuola universitaria riguardo a questioni essenziali.<\/p><p>Non \u00e8 possibile stabilire con certezza se siano stati l\u2019attrattiva dei nuovi cicli di studio, la qualit\u00e0 della formazione, la visibilit\u00e0 nelle scuole di provenienza, la nuova campagna di comunicazione o fattori esogeni a far s\u00ec che l\u2019ASP Grigioni abbia stabilito un nuovo record con oltre 200 iscrizioni per la prima volta.<\/p><p>\u00c8 ancora troppo presto per dire se la situazione \u00e8 migliorata, ma possiamo dire questo: alcune cose sono state fatte, in modo che, partendo da queste, la situazione possa essere migliorata.<\/p>\t\t\t\t\t\t\t\t<\/div>\n\t\t\t\t<\/div>\n\t\t\t\t\t<\/div>\n\t\t<\/div>\n\t\t\t\t\t<\/div>\n\t\t<\/section>\n\t\t\t\t<section class=\"elementor-section elementor-top-section elementor-element elementor-element-fbda39d elementor-section-boxed elementor-section-height-default elementor-section-height-default\" data-id=\"fbda39d\" data-element_type=\"section\" data-settings=\"{&quot;jet_parallax_layout_list&quot;:[]}\">\n\t\t\t\t\t\t<div class=\"elementor-container elementor-column-gap-default\">\n\t\t\t\t\t<div class=\"elementor-column elementor-col-100 elementor-top-column elementor-element elementor-element-5097d7a\" data-id=\"5097d7a\" data-element_type=\"column\">\n\t\t\t<div class=\"elementor-widget-wrap elementor-element-populated\">\n\t\t\t\t\t\t<div class=\"elementor-element elementor-element-e7a11b3 elementor-widget elementor-widget-image\" data-id=\"e7a11b3\" data-element_type=\"widget\" data-widget_type=\"image.default\">\n\t\t\t\t<div class=\"elementor-widget-container\">\n\t\t\t\t\t\t\t\t\t\t\t\t\t\t\t<img fetchpriority=\"high\" decoding=\"async\" width=\"2160\" height=\"1102\" src=\"https:\/\/jahresberichte.phgr.ch\/2022\/wp-content\/uploads\/sites\/2\/2023\/02\/phgr-prorektorat-2022-ausbildung-zitat-1.jpg\" class=\"attachment-large size-large wp-image-2630\" alt=\"\" srcset=\"https:\/\/jahresberichte.phgr.ch\/2022\/wp-content\/uploads\/sites\/2\/2023\/02\/phgr-prorektorat-2022-ausbildung-zitat-1.jpg 2160w, https:\/\/jahresberichte.phgr.ch\/2022\/wp-content\/uploads\/sites\/2\/2023\/02\/phgr-prorektorat-2022-ausbildung-zitat-1-768x392.jpg 768w, https:\/\/jahresberichte.phgr.ch\/2022\/wp-content\/uploads\/sites\/2\/2023\/02\/phgr-prorektorat-2022-ausbildung-zitat-1-1536x784.jpg 1536w, https:\/\/jahresberichte.phgr.ch\/2022\/wp-content\/uploads\/sites\/2\/2023\/02\/phgr-prorektorat-2022-ausbildung-zitat-1-2048x1045.jpg 2048w\" sizes=\"(max-width: 2160px) 100vw, 2160px\" \/>\t\t\t\t\t\t\t\t\t\t\t\t\t\t\t<\/div>\n\t\t\t\t<\/div>\n\t\t\t\t\t<\/div>\n\t\t<\/div>\n\t\t\t\t\t<\/div>\n\t\t<\/section>\n\t\t\t\t<section class=\"elementor-section elementor-top-section elementor-element elementor-element-2332307 elementor-section-boxed elementor-section-height-default elementor-section-height-default\" data-id=\"2332307\" data-element_type=\"section\" data-settings=\"{&quot;jet_parallax_layout_list&quot;:[]}\">\n\t\t\t\t\t\t<div class=\"elementor-container elementor-column-gap-default\">\n\t\t\t\t\t<div class=\"elementor-column elementor-col-100 elementor-top-column elementor-element elementor-element-fbb0ff7\" data-id=\"fbb0ff7\" data-element_type=\"column\">\n\t\t\t<div class=\"elementor-widget-wrap elementor-element-populated\">\n\t\t\t\t\t\t<div class=\"elementor-element elementor-element-aa62942 elementor-widget elementor-widget-heading\" data-id=\"aa62942\" data-element_type=\"widget\" id=\"subtitle-underline\" data-widget_type=\"heading.default\">\n\t\t\t\t<div class=\"elementor-widget-container\">\n\t\t\t\t\t<h3 class=\"elementor-heading-title elementor-size-default\">Pratica professionale<\/h3>\t\t\t\t<\/div>\n\t\t\t\t<\/div>\n\t\t\t\t<div class=\"elementor-element elementor-element-78184ea elementor-widget elementor-widget-text-editor\" data-id=\"78184ea\" data-element_type=\"widget\" data-widget_type=\"text-editor.default\">\n\t\t\t\t<div class=\"elementor-widget-container\">\n\t\t\t\t\t\t\t\t\t<p><em>\u00abMi congratulo con voi per la grande preparazione svolta con le studentesse e gli studenti. Siamo molto soddisfatti e vorremmo tenerli volentieri\u00bb.\u00a0 <\/em><\/p><p>Questo \u00e8 il feedback di un insegnante di tirocinio dopo il semestre pratico professionale 2022.<\/p><p>Riscontri come questo ci incoraggiano nel nostro lavoro. Per noi \u00e8 importante che studentesse e studenti durante il tirocinio &#8211; sulla base di una solida preparazione &#8211; possano impegnarsi pienamente con le bambine e i bambini e con il loro apprendimento, lo sostengano e possano mettersi alla prova nel luogo del tirocinio.<\/p><p>Questo obiettivo \u00e8 sostenuto anche dal nuovo concetto di mentorato introdotto dall\u2019ASP Grigioni.<\/p><p><strong>Come novit\u00e0<\/strong>, nel primo anno di studio, tutte le studentesse e tutti gli studenti hanno la possibilit\u00e0 di avere una panoramica sia della scuola dell\u2019infanzia che della scuola elementare. A tal fine il primo tirocinio, che si svolge ogni mercoled\u00ec durante il primo semestre, \u00e8 suddiviso in due fasi. Nella prima fase studentesse e studenti lavorano con bambine e bambini di una classe di una scuola dell\u2019infanzia, nell\u2019altra fase in una classe del 2\u00b0 ciclo, cio\u00e8 in una classe 3\u00aa, 4\u00aa, 5\u00aa o 6\u00aa. In questo modo, possono farsi una prima idea dell\u2019apprendimento nel 1\u00b0 e nel 2\u00b0 ciclo e decidere se il ciclo di studio inizialmente scelto \u00e8 adatto. In seguito, se necessario, possono cambiare il ciclo di studio.<\/p><p><strong>Nuova <\/strong>\u00e8 anche la procedura per accertare l\u2019idoneit\u00e0 professionale nel primo anno di studio. Un:a mentore prende in carico un gruppo di apprendimento di circa 20 studentesse\/studenti e li accompagna nei due moduli di pratica professionale del primo anno di formazione. Un compito importante della o del mentore \u00e8 quello di rendere studentesse e studenti consapevoli e far sperimentare loro la complessit\u00e0 della professione di insegnante, nonch\u00e9 di tematizzare le loro attitudini professionali individuali. A questo scopo \u00e8 disponibile il nuovo strumento \u00abCriteri di idoneit\u00e0 alla professione di insegnante\u00bb, che supporta la percezione differenziata dei tre criteri \u00abcompetenza sociale e relazionale\u00bb, \u00abcompetenza personale\u00bb e \u00abcompetenza organizzativa\u00bb, nonch\u00e9 delle varie competenze ad essi assegnate. Le studentesse e gli studenti effettuano autovalutazioni utilizzando questo strumento e ricevono una valutazione esterna. Al termine del primo anno di studi, viene completata la valutazione dell\u2019idoneit\u00e0 professionale.\u00a0<\/p><p><strong>Come novit\u00e0<\/strong>, un:a docente di pratica professionale supporta ora le e i mentori nei loro compiti. Le e i docenti di pratica professionale sono insegnanti che di solito lavorano in una sede scolastica di cooperazione dell\u2019ASP Grigioni e formano un team insieme alle e ai mentori. Insieme organizzano eventi per preparare e riflettere sui tirocini. Le studentesse e gli studenti ricevono cos\u00ec supporto e assistenza da diverse prospettive per quanto riguarda la progettazione e la valutazione dell\u2019insegnamento. In questo modo, \u00e8 possibile sostenere in maniera significativa il desiderato collegamento tra il sapere teorico e le esigenze di un\u2019azione pratica competente. Lavorando con studentesse e studenti sia nella sede scolastica di cooperazione sia presso l\u2019ASP Grigioni, le e i docenti di pratica, in stretta collaborazione con le e i mentori, rappresentano un importante punto d\u2019incontro tra i due luoghi di apprendimento.<\/p><p>Oltre all\u2019introduzione di queste innovazioni, l\u2019anno scorso l\u2019organizzazione dei posti di tirocinio ha rappresentato una sfida importante. Ci impegniamo per trovare posti di tirocinio vicini a dove vivono le studentesse e gli studenti. Le dimensioni del bacino di utenza delle nostre studentesse e dei nostri studenti e il trilinguismo della nostra scuola universitaria rendono questo compito entusiasmante, ma spesso anche impegnativo. Finora ci siamo riusciti soprattutto grazie alla nostra ampia rete e alla buona collaborazione con le direzioni delle sedi scolastiche di cooperazione.<\/p><p>La collaborazione \u00e8 molto apprezzata anche dalle e dagli insegnanti di pratica. Ci\u00f2 \u00e8 dimostrato, tra l\u2019altro, dall\u2019elevato numero di partecipanti agli incontri regolari tra insegnanti di pratica e responsabili della pratica professionale presso l\u2019ASP Grigioni. Desideriamo ringraziare le e gli insegnanti di pratica\u00a0professionale\u00a0per il loro impegno con le studentesse gli studenti.<\/p>\t\t\t\t\t\t\t\t<\/div>\n\t\t\t\t<\/div>\n\t\t\t\t\t<\/div>\n\t\t<\/div>\n\t\t\t\t\t<\/div>\n\t\t<\/section>\n\t\t\t\t<section class=\"elementor-section elementor-top-section elementor-element elementor-element-4083b058 elementor-section-boxed elementor-section-height-default elementor-section-height-default\" data-id=\"4083b058\" data-element_type=\"section\" data-settings=\"{&quot;jet_parallax_layout_list&quot;:[]}\">\n\t\t\t\t\t\t<div class=\"elementor-container elementor-column-gap-default\">\n\t\t\t\t\t<div class=\"elementor-column elementor-col-100 elementor-top-column elementor-element elementor-element-4ea1bbe7\" data-id=\"4ea1bbe7\" data-element_type=\"column\">\n\t\t\t<div class=\"elementor-widget-wrap elementor-element-populated\">\n\t\t\t\t\t\t<div class=\"elementor-element elementor-element-829fe32 elementor-widget elementor-widget-template\" data-id=\"829fe32\" data-element_type=\"widget\" data-widget_type=\"template.default\">\n\t\t\t\t<div class=\"elementor-widget-container\">\n\t\t\t\t\t\t\t<div class=\"elementor-template\">\n\t\t\t\t\t<div data-elementor-type=\"section\" data-elementor-id=\"3075\" class=\"elementor elementor-3075\" data-elementor-post-type=\"elementor_library\">\n\t\t\t\t\t<section class=\"elementor-section elementor-top-section elementor-element elementor-element-4b57afed elementor-section-boxed elementor-section-height-default elementor-section-height-default\" data-id=\"4b57afed\" data-element_type=\"section\" data-settings=\"{&quot;jet_parallax_layout_list&quot;:[{&quot;_id&quot;:&quot;d9c892f&quot;,&quot;jet_parallax_layout_image&quot;:{&quot;url&quot;:&quot;&quot;,&quot;id&quot;:&quot;&quot;,&quot;size&quot;:&quot;&quot;},&quot;jet_parallax_layout_image_tablet&quot;:{&quot;url&quot;:&quot;&quot;,&quot;id&quot;:&quot;&quot;,&quot;size&quot;:&quot;&quot;},&quot;jet_parallax_layout_image_mobile&quot;:{&quot;url&quot;:&quot;&quot;,&quot;id&quot;:&quot;&quot;,&quot;size&quot;:&quot;&quot;},&quot;jet_parallax_layout_speed&quot;:{&quot;unit&quot;:&quot;%&quot;,&quot;size&quot;:50,&quot;sizes&quot;:[]},&quot;jet_parallax_layout_type&quot;:&quot;scroll&quot;,&quot;jet_parallax_layout_direction&quot;:null,&quot;jet_parallax_layout_fx_direction&quot;:null,&quot;jet_parallax_layout_z_index&quot;:&quot;&quot;,&quot;jet_parallax_layout_bg_x&quot;:50,&quot;jet_parallax_layout_bg_x_tablet&quot;:&quot;&quot;,&quot;jet_parallax_layout_bg_x_mobile&quot;:&quot;&quot;,&quot;jet_parallax_layout_bg_y&quot;:50,&quot;jet_parallax_layout_bg_y_tablet&quot;:&quot;&quot;,&quot;jet_parallax_layout_bg_y_mobile&quot;:&quot;&quot;,&quot;jet_parallax_layout_bg_size&quot;:&quot;auto&quot;,&quot;jet_parallax_layout_bg_size_tablet&quot;:&quot;&quot;,&quot;jet_parallax_layout_bg_size_mobile&quot;:&quot;&quot;,&quot;jet_parallax_layout_animation_prop&quot;:&quot;transform&quot;,&quot;jet_parallax_layout_on&quot;:[&quot;desktop&quot;,&quot;tablet&quot;]}]}\">\n\t\t\t\t\t\t<div class=\"elementor-container elementor-column-gap-default\">\n\t\t\t\t\t<div class=\"elementor-column elementor-col-100 elementor-top-column elementor-element elementor-element-1ac5f5d7\" data-id=\"1ac5f5d7\" data-element_type=\"column\">\n\t\t\t<div class=\"elementor-widget-wrap elementor-element-populated\">\n\t\t\t\t\t\t<div class=\"elementor-element elementor-element-3f22510f elementor-widget elementor-widget-spacer\" data-id=\"3f22510f\" data-element_type=\"widget\" data-widget_type=\"spacer.default\">\n\t\t\t\t<div class=\"elementor-widget-container\">\n\t\t\t\t\t\t\t<div class=\"elementor-spacer\">\n\t\t\t<div class=\"elementor-spacer-inner\"><\/div>\n\t\t<\/div>\n\t\t\t\t\t\t<\/div>\n\t\t\t\t<\/div>\n\t\t\t\t<div class=\"elementor-element elementor-element-18099056 elementor-widget elementor-widget-heading\" data-id=\"18099056\" data-element_type=\"widget\" data-widget_type=\"heading.default\">\n\t\t\t\t<div class=\"elementor-widget-container\">\n\t\t\t\t\t<p class=\"elementor-heading-title elementor-size-default\">Altri argomenti che potrebbero interessarvi<\/p>\t\t\t\t<\/div>\n\t\t\t\t<\/div>\n\t\t\t\t<div class=\"elementor-element elementor-element-4de2d066 raven-hover-scale-up elementor-widget elementor-widget-raven-posts\" data-id=\"4de2d066\" data-element_type=\"widget\" data-settings=\"{&quot;classic_columns&quot;:&quot;4&quot;,&quot;query_posts_per_page&quot;:4,&quot;_skin&quot;:&quot;classic&quot;,&quot;classic_layout&quot;:&quot;grid&quot;,&quot;classic_columns_tablet&quot;:&quot;2&quot;,&quot;classic_columns_mobile&quot;:&quot;1&quot;,&quot;query_offset&quot;:0}\" data-widget_type=\"raven-posts.classic\">\n\t\t\t\t<div class=\"elementor-widget-container\">\n\t\t\t\t\t\t\t<div class=\"raven-posts raven-grid raven-grid-4 raven-grid-mobile-1 raven-grid-tablet-2\" data-post-id=\"3075\" data-archive-query=\"\" data-lang=\"\">\n\t\t\t\t<div class=\"raven-grid-item raven-post-item post-2956 page type-page status-publish has-post-thumbnail hentry\">\n\t\t\t<div class=\"raven-post elementor-animation-grow\">\n\t\t\t\t\t\t<div class=\"raven-post-image-wrap\">\n\t\t\t<a class=\"raven-post-image raven-image-fit\" href=\"https:\/\/jahresberichte.phgr.ch\/2022\/it\/tema-centrale\/\"><img decoding=\"async\" width=\"1000\" height=\"1000\" src=\"https:\/\/jahresberichte.phgr.ch\/2022\/wp-content\/uploads\/sites\/2\/2023\/01\/phgr-weitere-themen-neue-studiengaenge.jpg\" class=\"attachment-large size-large wp-image-1398\" alt=\"\" srcset=\"https:\/\/jahresberichte.phgr.ch\/2022\/wp-content\/uploads\/sites\/2\/2023\/01\/phgr-weitere-themen-neue-studiengaenge.jpg 1000w, https:\/\/jahresberichte.phgr.ch\/2022\/wp-content\/uploads\/sites\/2\/2023\/01\/phgr-weitere-themen-neue-studiengaenge-768x768.jpg 768w, https:\/\/jahresberichte.phgr.ch\/2022\/wp-content\/uploads\/sites\/2\/2023\/01\/phgr-weitere-themen-neue-studiengaenge-500x500.jpg 500w\" sizes=\"(max-width: 1000px) 100vw, 1000px\" \/> <span class=\"raven-post-image-overlay\"><\/span><\/a>\t\t<\/div>\n\t\t\t\t\t\t<div class=\"raven-post-content\">\n\t\t\t\t\t<h3 class=\"raven-post-title\"><a class=\"raven-post-title-link\" href=\"https:\/\/jahresberichte.phgr.ch\/2022\/it\/tema-centrale\/\">Tema centrale<\/a><\/h3>\t\t\t\t<\/div>\n\t\t\t<\/div>\n\t\t<\/div>\n\t\t\t\t<div class=\"raven-grid-item raven-post-item post-396 page type-page status-publish has-post-thumbnail hentry\">\n\t\t\t<div class=\"raven-post elementor-animation-grow\">\n\t\t\t\t\t\t<div class=\"raven-post-image-wrap\">\n\t\t\t<a class=\"raven-post-image raven-image-fit\" href=\"https:\/\/jahresberichte.phgr.ch\/2022\/ereignisse-des-jahres\/\"><img decoding=\"async\" width=\"1000\" height=\"1000\" src=\"https:\/\/jahresberichte.phgr.ch\/2022\/wp-content\/uploads\/sites\/2\/2023\/01\/phgr-weitere-themen-ereignisse-des-jahres.jpg\" class=\"attachment-large size-large wp-image-1395\" alt=\"\" srcset=\"https:\/\/jahresberichte.phgr.ch\/2022\/wp-content\/uploads\/sites\/2\/2023\/01\/phgr-weitere-themen-ereignisse-des-jahres.jpg 1000w, https:\/\/jahresberichte.phgr.ch\/2022\/wp-content\/uploads\/sites\/2\/2023\/01\/phgr-weitere-themen-ereignisse-des-jahres-768x768.jpg 768w, https:\/\/jahresberichte.phgr.ch\/2022\/wp-content\/uploads\/sites\/2\/2023\/01\/phgr-weitere-themen-ereignisse-des-jahres-500x500.jpg 500w\" sizes=\"(max-width: 1000px) 100vw, 1000px\" \/> <span class=\"raven-post-image-overlay\"><\/span><\/a>\t\t<\/div>\n\t\t\t\t\t\t<div class=\"raven-post-content\">\n\t\t\t\t\t<h3 class=\"raven-post-title\"><a class=\"raven-post-title-link\" href=\"https:\/\/jahresberichte.phgr.ch\/2022\/ereignisse-des-jahres\/\">Ereignisse des Jahres<\/a><\/h3>\t\t\t\t<\/div>\n\t\t\t<\/div>\n\t\t<\/div>\n\t\t\t\t<div class=\"raven-grid-item raven-post-item post-2731 page type-page status-publish has-post-thumbnail hentry\">\n\t\t\t<div class=\"raven-post elementor-animation-grow\">\n\t\t\t\t\t\t<div class=\"raven-post-image-wrap\">\n\t\t\t<a class=\"raven-post-image raven-image-fit\" href=\"https:\/\/jahresberichte.phgr.ch\/2022\/rm\/eveniments-da-lonn\/\"><img decoding=\"async\" width=\"1000\" height=\"1000\" src=\"https:\/\/jahresberichte.phgr.ch\/2022\/wp-content\/uploads\/sites\/2\/2023\/01\/phgr-weitere-themen-ereignisse-des-jahres.jpg\" class=\"attachment-large size-large wp-image-1395\" alt=\"\" srcset=\"https:\/\/jahresberichte.phgr.ch\/2022\/wp-content\/uploads\/sites\/2\/2023\/01\/phgr-weitere-themen-ereignisse-des-jahres.jpg 1000w, https:\/\/jahresberichte.phgr.ch\/2022\/wp-content\/uploads\/sites\/2\/2023\/01\/phgr-weitere-themen-ereignisse-des-jahres-768x768.jpg 768w, https:\/\/jahresberichte.phgr.ch\/2022\/wp-content\/uploads\/sites\/2\/2023\/01\/phgr-weitere-themen-ereignisse-des-jahres-500x500.jpg 500w\" sizes=\"(max-width: 1000px) 100vw, 1000px\" \/> <span class=\"raven-post-image-overlay\"><\/span><\/a>\t\t<\/div>\n\t\t\t\t\t\t<div class=\"raven-post-content\">\n\t\t\t\t\t<h3 class=\"raven-post-title\"><a class=\"raven-post-title-link\" href=\"https:\/\/jahresberichte.phgr.ch\/2022\/rm\/eveniments-da-lonn\/\">Eveniments da l&#8217;onn<\/a><\/h3>\t\t\t\t<\/div>\n\t\t\t<\/div>\n\t\t<\/div>\n\t\t\t\t<div class=\"raven-grid-item raven-post-item post-2977 page type-page status-publish has-post-thumbnail hentry\">\n\t\t\t<div class=\"raven-post elementor-animation-grow\">\n\t\t\t\t\t\t<div class=\"raven-post-image-wrap\">\n\t\t\t<a class=\"raven-post-image raven-image-fit\" href=\"https:\/\/jahresberichte.phgr.ch\/2022\/it\/chi-siamo\/\"><img loading=\"lazy\" decoding=\"async\" width=\"1000\" height=\"1000\" src=\"https:\/\/jahresberichte.phgr.ch\/2022\/wp-content\/uploads\/sites\/2\/2023\/02\/phgr-weitere-themen-ueber-uns.jpg\" class=\"attachment-large size-large wp-image-2068\" alt=\"\" srcset=\"https:\/\/jahresberichte.phgr.ch\/2022\/wp-content\/uploads\/sites\/2\/2023\/02\/phgr-weitere-themen-ueber-uns.jpg 1000w, https:\/\/jahresberichte.phgr.ch\/2022\/wp-content\/uploads\/sites\/2\/2023\/02\/phgr-weitere-themen-ueber-uns-768x768.jpg 768w, https:\/\/jahresberichte.phgr.ch\/2022\/wp-content\/uploads\/sites\/2\/2023\/02\/phgr-weitere-themen-ueber-uns-500x500.jpg 500w\" sizes=\"(max-width: 1000px) 100vw, 1000px\" \/> <span class=\"raven-post-image-overlay\"><\/span><\/a>\t\t<\/div>\n\t\t\t\t\t\t<div class=\"raven-post-content\">\n\t\t\t\t\t<h3 class=\"raven-post-title\"><a class=\"raven-post-title-link\" href=\"https:\/\/jahresberichte.phgr.ch\/2022\/it\/chi-siamo\/\">Chi siamo<\/a><\/h3>\t\t\t\t<\/div>\n\t\t\t<\/div>\n\t\t<\/div>\n\t\t\t\t<\/div>\n\t\t\t\t\t\t<\/div>\n\t\t\t\t<\/div>\n\t\t\t\t<div class=\"elementor-element elementor-element-56f8d48 elementor-widget elementor-widget-spacer\" data-id=\"56f8d48\" data-element_type=\"widget\" data-widget_type=\"spacer.default\">\n\t\t\t\t<div class=\"elementor-widget-container\">\n\t\t\t\t\t\t\t<div class=\"elementor-spacer\">\n\t\t\t<div class=\"elementor-spacer-inner\"><\/div>\n\t\t<\/div>\n\t\t\t\t\t\t<\/div>\n\t\t\t\t<\/div>\n\t\t\t\t\t<\/div>\n\t\t<\/div>\n\t\t\t\t\t<\/div>\n\t\t<\/section>\n\t\t\t\t<\/div>\n\t\t\t\t<\/div>\n\t\t\t\t\t\t<\/div>\n\t\t\t\t<\/div>\n\t\t\t\t\t<\/div>\n\t\t<\/div>\n\t\t\t\t\t<\/div>\n\t\t<\/section>\n\t\t\t\t<\/div>\n\t\t","protected":false},"excerpt":{"rendered":"<p>Prorettorato Formazione \u00abNon posso certo dire se la situazione sar\u00e0 migliore quando sar\u00e0 cambiata; ma posso dire che per diventare migliore deve cambiare.\u00bb Georg Christoph Lichtenberg L&#8217;anno dei grandi cambiamenti Un anno fa, la formazione presso l\u2019ASP Grigioni era ancora incentrata sui due cicli di studio per future e futuri insegnanti di scuola dell\u2019infanzia e [&hellip;]<\/p>\n","protected":false},"author":1,"featured_media":1399,"parent":2965,"menu_order":0,"comment_status":"closed","ping_status":"closed","template":"elementor_header_footer","meta":{"_acf_changed":false,"footnotes":""},"class_list":["post-2967","page","type-page","status-publish","has-post-thumbnail","hentry"],"acf":[],"_links":{"self":[{"href":"https:\/\/jahresberichte.phgr.ch\/2022\/wp-json\/wp\/v2\/pages\/2967","targetHints":{"allow":["GET"]}}],"collection":[{"href":"https:\/\/jahresberichte.phgr.ch\/2022\/wp-json\/wp\/v2\/pages"}],"about":[{"href":"https:\/\/jahresberichte.phgr.ch\/2022\/wp-json\/wp\/v2\/types\/page"}],"author":[{"embeddable":true,"href":"https:\/\/jahresberichte.phgr.ch\/2022\/wp-json\/wp\/v2\/users\/1"}],"replies":[{"embeddable":true,"href":"https:\/\/jahresberichte.phgr.ch\/2022\/wp-json\/wp\/v2\/comments?post=2967"}],"version-history":[{"count":17,"href":"https:\/\/jahresberichte.phgr.ch\/2022\/wp-json\/wp\/v2\/pages\/2967\/revisions"}],"predecessor-version":[{"id":4564,"href":"https:\/\/jahresberichte.phgr.ch\/2022\/wp-json\/wp\/v2\/pages\/2967\/revisions\/4564"}],"up":[{"embeddable":true,"href":"https:\/\/jahresberichte.phgr.ch\/2022\/wp-json\/wp\/v2\/pages\/2965"}],"wp:featuredmedia":[{"embeddable":true,"href":"https:\/\/jahresberichte.phgr.ch\/2022\/wp-json\/wp\/v2\/media\/1399"}],"wp:attachment":[{"href":"https:\/\/jahresberichte.phgr.ch\/2022\/wp-json\/wp\/v2\/media?parent=2967"}],"curies":[{"name":"wp","href":"https:\/\/api.w.org\/{rel}","templated":true}]}}