{"id":2981,"date":"2023-02-23T09:46:07","date_gmt":"2023-02-23T08:46:07","guid":{"rendered":"https:\/\/jahresberichte.phgr.ch\/2022\/?page_id=2981"},"modified":"2023-03-23T09:51:33","modified_gmt":"2023-03-23T08:51:33","slug":"nuovi-cicli-di-studio","status":"publish","type":"page","link":"https:\/\/jahresberichte.phgr.ch\/2022\/it\/tema-centrale\/nuovi-cicli-di-studio\/","title":{"rendered":"Nuovi cicli di studio"},"content":{"rendered":"\t\t<div data-elementor-type=\"wp-page\" data-elementor-id=\"2981\" class=\"elementor elementor-2981\" data-elementor-post-type=\"page\">\n\t\t\t\t\t\t<section class=\"elementor-section elementor-top-section elementor-element elementor-element-af39496 elementor-section-height-min-height elementor-section-boxed elementor-section-height-default elementor-section-items-middle\" data-id=\"af39496\" data-element_type=\"section\" data-settings=\"{&quot;jet_parallax_layout_list&quot;:[],&quot;background_background&quot;:&quot;classic&quot;}\">\n\t\t\t\t\t\t<div class=\"elementor-container elementor-column-gap-default\">\n\t\t\t\t\t<div class=\"elementor-column elementor-col-100 elementor-top-column elementor-element elementor-element-b98e0c4\" data-id=\"b98e0c4\" data-element_type=\"column\">\n\t\t\t<div class=\"elementor-widget-wrap elementor-element-populated\">\n\t\t\t\t\t\t<div class=\"elementor-element elementor-element-d35eb38 elementor-widget elementor-widget-heading\" data-id=\"d35eb38\" data-element_type=\"widget\" data-widget_type=\"heading.default\">\n\t\t\t\t<div class=\"elementor-widget-container\">\n\t\t\t\t\t<h3 class=\"elementor-heading-title elementor-size-default\">Focus<\/h3>\t\t\t\t<\/div>\n\t\t\t\t<\/div>\n\t\t\t\t<div class=\"elementor-element elementor-element-afb71b8 elementor-widget elementor-widget-heading\" data-id=\"afb71b8\" data-element_type=\"widget\" id=\"title-underline\" data-widget_type=\"heading.default\">\n\t\t\t\t<div class=\"elementor-widget-container\">\n\t\t\t\t\t<h2 class=\"elementor-heading-title elementor-size-default\">Lancio del nuovo master <br> per il livello secondario i<\/h2>\t\t\t\t<\/div>\n\t\t\t\t<\/div>\n\t\t\t\t<div class=\"elementor-element elementor-element-4dd40e6 elementor-widget elementor-widget-heading\" data-id=\"4dd40e6\" data-element_type=\"widget\" data-widget_type=\"heading.default\">\n\t\t\t\t<div class=\"elementor-widget-container\">\n\t\t\t\t\t<h3 class=\"elementor-heading-title elementor-size-default\">Con lo sguardo rivolto al futuro, \u00e8 indispensabile formare un numero sufficiente di insegnanti competenti e motivati per tutti i livelli della scuola dell\u2019obbligo e della scuola media superiore.<\/h3>\t\t\t\t<\/div>\n\t\t\t\t<\/div>\n\t\t\t\t\t<\/div>\n\t\t<\/div>\n\t\t\t\t\t<\/div>\n\t\t<\/section>\n\t\t\t\t<section class=\"elementor-section elementor-top-section elementor-element elementor-element-4b21e30 elementor-section-full_width elementor-section-height-min-height elementor-section-height-default elementor-section-items-middle\" data-id=\"4b21e30\" data-element_type=\"section\" data-settings=\"{&quot;jet_parallax_layout_list&quot;:[],&quot;background_background&quot;:&quot;classic&quot;}\">\n\t\t\t\t\t\t<div class=\"elementor-container elementor-column-gap-default\">\n\t\t\t\t\t<div class=\"elementor-column elementor-col-100 elementor-top-column elementor-element elementor-element-a3d8673\" data-id=\"a3d8673\" data-element_type=\"column\">\n\t\t\t<div class=\"elementor-widget-wrap elementor-element-populated\">\n\t\t\t\t\t\t<div class=\"elementor-element elementor-element-5f28868 elementor-widget elementor-widget-spacer\" data-id=\"5f28868\" data-element_type=\"widget\" data-widget_type=\"spacer.default\">\n\t\t\t\t<div class=\"elementor-widget-container\">\n\t\t\t\t\t\t\t<div class=\"elementor-spacer\">\n\t\t\t<div class=\"elementor-spacer-inner\"><\/div>\n\t\t<\/div>\n\t\t\t\t\t\t<\/div>\n\t\t\t\t<\/div>\n\t\t\t\t\t<\/div>\n\t\t<\/div>\n\t\t\t\t\t<\/div>\n\t\t<\/section>\n\t\t\t\t<section class=\"elementor-section elementor-top-section elementor-element elementor-element-c6089c3 elementor-section-boxed elementor-section-height-default elementor-section-height-default\" data-id=\"c6089c3\" data-element_type=\"section\" data-settings=\"{&quot;jet_parallax_layout_list&quot;:[]}\">\n\t\t\t\t\t\t<div class=\"elementor-container elementor-column-gap-default\">\n\t\t\t\t\t<div class=\"elementor-column elementor-col-100 elementor-top-column elementor-element elementor-element-7b2e39a\" data-id=\"7b2e39a\" data-element_type=\"column\">\n\t\t\t<div class=\"elementor-widget-wrap elementor-element-populated\">\n\t\t\t\t\t\t<div class=\"elementor-element elementor-element-87cdf87 elementor-widget elementor-widget-text-editor\" data-id=\"87cdf87\" data-element_type=\"widget\" data-widget_type=\"text-editor.default\">\n\t\t\t\t<div class=\"elementor-widget-container\">\n\t\t\t\t\t\t\t\t\t<p>Da settembre 2022, l\u2019ASP Grigioni offre due nuovi cicli di studio master per insegnanti del livello secondario I e delle scuole di maturit\u00e0. Si tratta del ciclo di studio master per il livello secondario I per persone con bachelor specialistico e del ciclo di studio master per il livello secondario I e per le scuole di maturit\u00e0 per persone con master specialistico. Il ciclo di studio master per il livello secondario I finora svolto in collaborazione con l\u2019ASP di San Gallo verr\u00e0 riproposto nell\u2019autunno 2023.<\/p>\t\t\t\t\t\t\t\t<\/div>\n\t\t\t\t<\/div>\n\t\t\t\t<div class=\"elementor-element elementor-element-a34b601 elementor-widget elementor-widget-heading\" data-id=\"a34b601\" data-element_type=\"widget\" data-widget_type=\"heading.default\">\n\t\t\t\t<div class=\"elementor-widget-container\">\n\t\t\t\t\t<h3 class=\"elementor-heading-title elementor-size-default\">Ciclo di studio master per il livello secondario I per persone con bachelor specialistico <\/h3>\t\t\t\t<\/div>\n\t\t\t\t<\/div>\n\t\t\t\t<div class=\"elementor-element elementor-element-8168d5f elementor-widget elementor-widget-text-editor\" data-id=\"8168d5f\" data-element_type=\"widget\" data-widget_type=\"text-editor.default\">\n\t\t\t\t<div class=\"elementor-widget-container\">\n\t\t\t\t\t\t\t\t\t<p>Questo ciclo di studio si rivolge a coloro che sono in possesso di un diploma bachelor specifico in una disciplina della scuola dell\u2019obbligo o di una scuola di maturit\u00e0, come matematica, tedesco o francese, ma anche natura e tecnica, educazione fisica e sport o arti figurative. Il ciclo di studio master \u00e8 organizzato come studio a tempo parziale e porta al conseguimento di un Master of Arts. Le diplomate e i diplomati ricevono un\u2019abilitazione all\u2019insegnamento per il livello secondario I.<\/p>\t\t\t\t\t\t\t\t<\/div>\n\t\t\t\t<\/div>\n\t\t\t\t<div class=\"elementor-element elementor-element-ce3fcdf elementor-widget elementor-widget-heading\" data-id=\"ce3fcdf\" data-element_type=\"widget\" data-widget_type=\"heading.default\">\n\t\t\t\t<div class=\"elementor-widget-container\">\n\t\t\t\t\t<h3 class=\"elementor-heading-title elementor-size-default\">Ciclo di studio master per il livello secondario I e per le scuole di maturit\u00e0 per persone con master specialistico<\/h3>\t\t\t\t<\/div>\n\t\t\t\t<\/div>\n\t\t\t\t<div class=\"elementor-element elementor-element-94cead5 elementor-widget elementor-widget-text-editor\" data-id=\"94cead5\" data-element_type=\"widget\" data-widget_type=\"text-editor.default\">\n\t\t\t\t<div class=\"elementor-widget-container\">\n\t\t\t\t\t\t\t\t\t<p>Questo ciclo di studio master si rivolge alle diplomate e ai diplomati con un diploma di master specifico in una disciplina, come tedesco o francese, ma anche natura e tecnica, educazione fisica e sport o arti figurative. Il ciclo di studio master \u00e8 organizzato come studio a tempo parziale e porta al conseguimento di un Master of Arts. Le diplomate e i diplomati ricevono un\u2019abilitazione all\u2019insegnamento per il livello secondario I e le scuole di maturit\u00e0.<\/p>\t\t\t\t\t\t\t\t<\/div>\n\t\t\t\t<\/div>\n\t\t\t\t<div class=\"elementor-element elementor-element-5f1699d elementor-widget elementor-widget-heading\" data-id=\"5f1699d\" data-element_type=\"widget\" data-widget_type=\"heading.default\">\n\t\t\t\t<div class=\"elementor-widget-container\">\n\t\t\t\t\t<h3 class=\"elementor-heading-title elementor-size-default\">Ciclo di studio master per il livello secondario I per insegnanti di scuola elementare<\/h3>\t\t\t\t<\/div>\n\t\t\t\t<\/div>\n\t\t\t\t<div class=\"elementor-element elementor-element-58f149f elementor-widget elementor-widget-text-editor\" data-id=\"58f149f\" data-element_type=\"widget\" data-widget_type=\"text-editor.default\">\n\t\t\t\t<div class=\"elementor-widget-container\">\n\t\t\t\t\t\t\t\t\t<p>Nel settembre 2023, l\u2019ASP Grigioni, in collaborazione con l\u2019ASP di San Gallo, offrir\u00e0 il ciclo di studio Livello secondario, che consentir\u00e0 alle e agli insegnanti di scuola elementare di ottenere un\u2019abilitazione all\u2019insegnamento per il livello secondario I riconosciuta dalla CDPE frequentando uno studio a tempo parziale della durata di tre anni. L\u2019ASP Grigioni aveva gi\u00e0 offerto e condotto con successo un ciclo di studio di questo tipo dal 2020 al 2023. Il ciclo di studio per il livello secondario offre alle e agli insegnanti di scuola elementare &#8211; indipendentemente dal fatto che insegnino gi\u00e0 nel livello secondario sulla base di un\u2019autorizzazione \u2013 l\u2019opportunit\u00e0 di ottenere una qualificazione a posteriori.<\/p>\t\t\t\t\t\t\t\t<\/div>\n\t\t\t\t<\/div>\n\t\t\t\t\t<\/div>\n\t\t<\/div>\n\t\t\t\t\t<\/div>\n\t\t<\/section>\n\t\t\t\t<section class=\"elementor-section elementor-top-section elementor-element elementor-element-da4a38b elementor-section-boxed elementor-section-height-default elementor-section-height-default\" data-id=\"da4a38b\" data-element_type=\"section\" data-settings=\"{&quot;jet_parallax_layout_list&quot;:[],&quot;background_background&quot;:&quot;classic&quot;}\">\n\t\t\t\t\t\t<div class=\"elementor-container elementor-column-gap-default\">\n\t\t\t\t\t<div class=\"elementor-column elementor-col-100 elementor-top-column elementor-element elementor-element-6233775\" data-id=\"6233775\" data-element_type=\"column\">\n\t\t\t<div class=\"elementor-widget-wrap elementor-element-populated\">\n\t\t\t\t\t\t<div class=\"elementor-element elementor-element-3385c1f elementor-widget elementor-widget-heading\" data-id=\"3385c1f\" data-element_type=\"widget\" data-widget_type=\"heading.default\">\n\t\t\t\t<div class=\"elementor-widget-container\">\n\t\t\t\t\t<h3 class=\"elementor-heading-title elementor-size-default\">\u00abL\u2019orientamento dei cicli di studio verso nuovi gruppi destinatari migliorer\u00e0 la selezione di personale qualificato e motivato in tutte le regioni linguistiche, un importante contributo alla garanzia della qualit\u00e0 nel livello secondario I, di cui beneficeranno sicuramente le nostre allieve e i nostri allievi del livello superiore\u00bb.<\/h3>\t\t\t\t<\/div>\n\t\t\t\t<\/div>\n\t\t\t\t<div class=\"elementor-element elementor-element-d2d36dc elementor-widget elementor-widget-heading\" data-id=\"d2d36dc\" data-element_type=\"widget\" data-widget_type=\"heading.default\">\n\t\t\t\t<div class=\"elementor-widget-container\">\n\t\t\t\t\t<h4 class=\"elementor-heading-title elementor-size-default\">Silvio Dietrich, presidente dell\u2019Associazione delle direttrici e dei direttori <br>di sede scolastica dei Grigioni<\/h4>\t\t\t\t<\/div>\n\t\t\t\t<\/div>\n\t\t\t\t\t<\/div>\n\t\t<\/div>\n\t\t\t\t\t<\/div>\n\t\t<\/section>\n\t\t\t\t<section class=\"elementor-section elementor-top-section elementor-element elementor-element-65ddc79 elementor-section-boxed elementor-section-height-default elementor-section-height-default\" data-id=\"65ddc79\" data-element_type=\"section\" data-settings=\"{&quot;jet_parallax_layout_list&quot;:[]}\">\n\t\t\t\t\t\t<div class=\"elementor-container elementor-column-gap-default\">\n\t\t\t\t\t<div class=\"elementor-column elementor-col-100 elementor-top-column elementor-element elementor-element-2048fc9\" data-id=\"2048fc9\" data-element_type=\"column\">\n\t\t\t<div class=\"elementor-widget-wrap elementor-element-populated\">\n\t\t\t\t\t\t<div class=\"elementor-element elementor-element-bec59db elementor-widget elementor-widget-heading\" data-id=\"bec59db\" data-element_type=\"widget\" id=\"subtitle-underline\" data-widget_type=\"heading.default\">\n\t\t\t\t<div class=\"elementor-widget-container\">\n\t\t\t\t\t<h3 class=\"elementor-heading-title elementor-size-default\">Offerta unica nella Svizzera orientale<\/h3>\t\t\t\t<\/div>\n\t\t\t\t<\/div>\n\t\t\t\t<div class=\"elementor-element elementor-element-7250a91 elementor-widget elementor-widget-text-editor\" data-id=\"7250a91\" data-element_type=\"widget\" data-widget_type=\"text-editor.default\">\n\t\t\t\t<div class=\"elementor-widget-container\">\n\t\t\t\t\t\t\t\t\t<p>Le due offerte supplementari lanciate dall\u2019Alta scuola pedagogica dei Grigioni nell\u2019autunno 2022 sono state sviluppate in collaborazione con l\u2019ASP di San Gallo e sono uniche nella Svizzera orientale. La possibilit\u00e0 di assolvere un master consecutivo per diventare insegnante di livello secondario I, sulla base di un bachelor o di un master specialistico, \u00e8 gi\u00e0 nota e affermata con successo in alcuni cantoni (ad es. Berna, Lucerna, Vallese e Zurigo). Questo non \u00e8 il caso della Svizzera orientale. Oltre ai cicli di studio di base e allo studio in ambiti supplementari per insegnanti di scuola elementare, questa \u00e8 una terza via per poter lavorare come insegnante nella scuola secondaria.<\/p>\t\t\t\t\t\t\t\t<\/div>\n\t\t\t\t<\/div>\n\t\t\t\t\t<\/div>\n\t\t<\/div>\n\t\t\t\t\t<\/div>\n\t\t<\/section>\n\t\t\t\t<section class=\"elementor-section elementor-top-section elementor-element elementor-element-a99144e elementor-section-boxed elementor-section-height-default elementor-section-height-default\" data-id=\"a99144e\" data-element_type=\"section\" data-settings=\"{&quot;jet_parallax_layout_list&quot;:[]}\">\n\t\t\t\t\t\t<div class=\"elementor-container elementor-column-gap-default\">\n\t\t\t\t\t<div class=\"elementor-column elementor-col-50 elementor-top-column elementor-element elementor-element-5654c1b\" data-id=\"5654c1b\" data-element_type=\"column\">\n\t\t\t<div class=\"elementor-widget-wrap elementor-element-populated\">\n\t\t\t\t\t\t<div class=\"elementor-element elementor-element-5fc1e8e elementor-widget elementor-widget-image\" data-id=\"5fc1e8e\" data-element_type=\"widget\" id=\"Masterstudium Sekundarstufe I + Maturit\u00e4tsschulen f\u00fcr Personen mit Fachmaster\" data-widget_type=\"image.default\">\n\t\t\t\t<div class=\"elementor-widget-container\">\n\t\t\t\t\t\t\t\t\t\t\t\t\t\t\t<img fetchpriority=\"high\" decoding=\"async\" width=\"1060\" height=\"706\" src=\"https:\/\/jahresberichte.phgr.ch\/2022\/wp-content\/uploads\/sites\/2\/2023\/01\/phgr-im-fokus-2022-masterstudium-sekundarstufe-fachbachelor.jpg\" class=\"attachment-large size-large wp-image-616\" alt=\"\" srcset=\"https:\/\/jahresberichte.phgr.ch\/2022\/wp-content\/uploads\/sites\/2\/2023\/01\/phgr-im-fokus-2022-masterstudium-sekundarstufe-fachbachelor.jpg 1060w, https:\/\/jahresberichte.phgr.ch\/2022\/wp-content\/uploads\/sites\/2\/2023\/01\/phgr-im-fokus-2022-masterstudium-sekundarstufe-fachbachelor-768x512.jpg 768w\" sizes=\"(max-width: 1060px) 100vw, 1060px\" \/>\t\t\t\t\t\t\t\t\t\t\t\t\t\t\t<\/div>\n\t\t\t\t<\/div>\n\t\t\t\t<div class=\"elementor-element elementor-element-731403f elementor-align-left elementor-widget elementor-widget-button\" data-id=\"731403f\" data-element_type=\"widget\" id=\"button-gross\" data-widget_type=\"button.default\">\n\t\t\t\t<div class=\"elementor-widget-container\">\n\t\t\t\t\t\t\t\t\t<div class=\"elementor-button-wrapper\">\n\t\t\t\t\t<a class=\"elementor-button elementor-button-link elementor-size-xl\" href=\"https:\/\/phgr.ch\/it\/studio\/master\/livello-secondario-i-per-persone-con-bachelor-specialistico\" target=\"_blank\">\n\t\t\t\t\t\t<span class=\"elementor-button-content-wrapper\">\n\t\t\t\t\t\t<span class=\"elementor-button-icon\">\n\t\t\t\t<svg xmlns=\"http:\/\/www.w3.org\/2000\/svg\" id=\"a\" width=\"28.02\" height=\"19.71\" viewBox=\"0 0 28.02 19.71\"><polygon class=\"b\" points=\"18.15 0 16.38 1.77 23.27 8.65 0 8.65 0 11.15 23.18 11.15 16.38 17.94 18.15 19.71 28.02 9.85 18.15 0\"><\/polygon><\/svg>\t\t\t<\/span>\n\t\t\t\t\t\t\t\t\t<span class=\"elementor-button-text\">Ciclo di studio master livello secondario I per persone con<br>bachelor specialistico<\/span>\n\t\t\t\t\t<\/span>\n\t\t\t\t\t<\/a>\n\t\t\t\t<\/div>\n\t\t\t\t\t\t\t\t<\/div>\n\t\t\t\t<\/div>\n\t\t\t\t\t<\/div>\n\t\t<\/div>\n\t\t\t\t<div class=\"elementor-column elementor-col-50 elementor-top-column elementor-element elementor-element-fbec4aa\" data-id=\"fbec4aa\" data-element_type=\"column\">\n\t\t\t<div class=\"elementor-widget-wrap elementor-element-populated\">\n\t\t\t\t\t\t<div class=\"elementor-element elementor-element-c4f507b elementor-widget elementor-widget-image\" data-id=\"c4f507b\" data-element_type=\"widget\" data-widget_type=\"image.default\">\n\t\t\t\t<div class=\"elementor-widget-container\">\n\t\t\t\t\t\t\t\t\t\t\t\t\t\t\t<img decoding=\"async\" width=\"1060\" height=\"706\" src=\"https:\/\/jahresberichte.phgr.ch\/2022\/wp-content\/uploads\/sites\/2\/2023\/01\/phgr-im-fokus-2022-masterstudium-sekundarstufe-fachmaster.jpg\" class=\"attachment-large size-large wp-image-617\" alt=\"\" srcset=\"https:\/\/jahresberichte.phgr.ch\/2022\/wp-content\/uploads\/sites\/2\/2023\/01\/phgr-im-fokus-2022-masterstudium-sekundarstufe-fachmaster.jpg 1060w, https:\/\/jahresberichte.phgr.ch\/2022\/wp-content\/uploads\/sites\/2\/2023\/01\/phgr-im-fokus-2022-masterstudium-sekundarstufe-fachmaster-768x512.jpg 768w\" sizes=\"(max-width: 1060px) 100vw, 1060px\" \/>\t\t\t\t\t\t\t\t\t\t\t\t\t\t\t<\/div>\n\t\t\t\t<\/div>\n\t\t\t\t<div class=\"elementor-element elementor-element-9274595 elementor-align-left elementor-widget elementor-widget-button\" data-id=\"9274595\" data-element_type=\"widget\" id=\"button-gross\" data-widget_type=\"button.default\">\n\t\t\t\t<div class=\"elementor-widget-container\">\n\t\t\t\t\t\t\t\t\t<div class=\"elementor-button-wrapper\">\n\t\t\t\t\t<a class=\"elementor-button elementor-button-link elementor-size-xl\" href=\"https:\/\/phgr.ch\/it\/studio\/master\/grado-secondario-i-plus-scuole-di-maturita-per-persone-con-master-specialistico\" target=\"_blank\">\n\t\t\t\t\t\t<span class=\"elementor-button-content-wrapper\">\n\t\t\t\t\t\t<span class=\"elementor-button-icon\">\n\t\t\t\t<svg xmlns=\"http:\/\/www.w3.org\/2000\/svg\" id=\"a\" width=\"28.02\" height=\"19.71\" viewBox=\"0 0 28.02 19.71\"><polygon class=\"b\" points=\"18.15 0 16.38 1.77 23.27 8.65 0 8.65 0 11.15 23.18 11.15 16.38 17.94 18.15 19.71 28.02 9.85 18.15 0\"><\/polygon><\/svg>\t\t\t<\/span>\n\t\t\t\t\t\t\t\t\t<span class=\"elementor-button-text\">Ciclo di studio master livello secondario I + scuole di maturit\u00e0 per persone con master specialistico<\/span>\n\t\t\t\t\t<\/span>\n\t\t\t\t\t<\/a>\n\t\t\t\t<\/div>\n\t\t\t\t\t\t\t\t<\/div>\n\t\t\t\t<\/div>\n\t\t\t\t\t<\/div>\n\t\t<\/div>\n\t\t\t\t\t<\/div>\n\t\t<\/section>\n\t\t\t\t<section class=\"elementor-section elementor-top-section elementor-element elementor-element-ac727cc elementor-section-boxed elementor-section-height-default elementor-section-height-default\" data-id=\"ac727cc\" data-element_type=\"section\" data-settings=\"{&quot;jet_parallax_layout_list&quot;:[]}\">\n\t\t\t\t\t\t<div class=\"elementor-container elementor-column-gap-default\">\n\t\t\t\t\t<div class=\"elementor-column elementor-col-50 elementor-top-column elementor-element elementor-element-d82cda5\" data-id=\"d82cda5\" data-element_type=\"column\">\n\t\t\t<div class=\"elementor-widget-wrap elementor-element-populated\">\n\t\t\t\t\t\t<div class=\"elementor-element elementor-element-e6dd432 elementor-widget elementor-widget-image\" data-id=\"e6dd432\" data-element_type=\"widget\" data-widget_type=\"image.default\">\n\t\t\t\t<div class=\"elementor-widget-container\">\n\t\t\t\t\t\t\t\t\t\t\t\t\t\t\t<img decoding=\"async\" width=\"1060\" height=\"708\" src=\"https:\/\/jahresberichte.phgr.ch\/2022\/wp-content\/uploads\/sites\/2\/2023\/02\/phgr-im-fokus-2022-masterstudium-sekundarstufe-primarlehrpersonen.jpg\" class=\"attachment-large size-large wp-image-2300\" alt=\"\" srcset=\"https:\/\/jahresberichte.phgr.ch\/2022\/wp-content\/uploads\/sites\/2\/2023\/02\/phgr-im-fokus-2022-masterstudium-sekundarstufe-primarlehrpersonen.jpg 1060w, https:\/\/jahresberichte.phgr.ch\/2022\/wp-content\/uploads\/sites\/2\/2023\/02\/phgr-im-fokus-2022-masterstudium-sekundarstufe-primarlehrpersonen-768x513.jpg 768w\" sizes=\"(max-width: 1060px) 100vw, 1060px\" \/>\t\t\t\t\t\t\t\t\t\t\t\t\t\t\t<\/div>\n\t\t\t\t<\/div>\n\t\t\t\t<div class=\"elementor-element elementor-element-8c980f6 elementor-align-left elementor-widget elementor-widget-button\" data-id=\"8c980f6\" data-element_type=\"widget\" id=\"button-gross\" data-widget_type=\"button.default\">\n\t\t\t\t<div class=\"elementor-widget-container\">\n\t\t\t\t\t\t\t\t\t<div class=\"elementor-button-wrapper\">\n\t\t\t\t\t<a class=\"elementor-button elementor-button-link elementor-size-xl\" href=\"https:\/\/phgr.ch\/it\/studio\/master\/grado-secondario-i-per-insegnanti-della-scuola-elementare-i-abilitazione-al-prossimo-ciclo\" target=\"_blank\">\n\t\t\t\t\t\t<span class=\"elementor-button-content-wrapper\">\n\t\t\t\t\t\t<span class=\"elementor-button-icon\">\n\t\t\t\t<svg xmlns=\"http:\/\/www.w3.org\/2000\/svg\" id=\"a\" width=\"28.02\" height=\"19.71\" viewBox=\"0 0 28.02 19.71\"><polygon class=\"b\" points=\"18.15 0 16.38 1.77 23.27 8.65 0 8.65 0 11.15 23.18 11.15 16.38 17.94 18.15 19.71 28.02 9.85 18.15 0\"><\/polygon><\/svg>\t\t\t<\/span>\n\t\t\t\t\t\t\t\t\t<span class=\"elementor-button-text\">Livello secondario I per insegnanti della scuola elementare (I)<\/span>\n\t\t\t\t\t<\/span>\n\t\t\t\t\t<\/a>\n\t\t\t\t<\/div>\n\t\t\t\t\t\t\t\t<\/div>\n\t\t\t\t<\/div>\n\t\t\t\t\t<\/div>\n\t\t<\/div>\n\t\t\t\t<div class=\"elementor-column elementor-col-50 elementor-top-column elementor-element elementor-element-4bd17e4\" data-id=\"4bd17e4\" data-element_type=\"column\">\n\t\t\t<div class=\"elementor-widget-wrap\">\n\t\t\t\t\t\t\t<\/div>\n\t\t<\/div>\n\t\t\t\t\t<\/div>\n\t\t<\/section>\n\t\t\t\t<section class=\"elementor-section elementor-top-section elementor-element elementor-element-46b2072 elementor-section-boxed elementor-section-height-default elementor-section-height-default\" data-id=\"46b2072\" data-element_type=\"section\" data-settings=\"{&quot;jet_parallax_layout_list&quot;:[]}\">\n\t\t\t\t\t\t<div class=\"elementor-container elementor-column-gap-default\">\n\t\t\t\t\t<div class=\"elementor-column elementor-col-100 elementor-top-column elementor-element elementor-element-a776a15\" data-id=\"a776a15\" data-element_type=\"column\">\n\t\t\t<div class=\"elementor-widget-wrap elementor-element-populated\">\n\t\t\t\t\t\t<div class=\"elementor-element elementor-element-5797a96 elementor-widget elementor-widget-heading\" data-id=\"5797a96\" data-element_type=\"widget\" id=\"subtitle-underline\" data-widget_type=\"heading.default\">\n\t\t\t\t<div class=\"elementor-widget-container\">\n\t\t\t\t\t<h3 class=\"elementor-heading-title elementor-size-default\">Nuovo pubblico di riferimento<\/h3>\t\t\t\t<\/div>\n\t\t\t\t<\/div>\n\t\t\t\t<div class=\"elementor-element elementor-element-59ba755 elementor-widget elementor-widget-text-editor\" data-id=\"59ba755\" data-element_type=\"widget\" data-widget_type=\"text-editor.default\">\n\t\t\t\t<div class=\"elementor-widget-container\">\n\t\t\t\t\t\t\t\t\t<p>Thomas Willi, responsabile del ciclo di studio presso l\u2019ASP Grigioni, sottolinea l\u2019unicit\u00e0 di questa formazione: \u00abAd oggi non esiste nulla di paragonabile in tutta la Svizzera orientale. Con il nuovo ciclo di studio master ci rivolgiamo a un pubblico di destinatari completamente nuovo. Il master si rivolge alle persone interessate con un diploma bachelor o di master specifico in un materia della scuola dell\u2019obbligo. Ci rivolgiamo a persone che attualmente studiano all&#8217;universit\u00e0 o nelle scuole universitarie professionali, a cui offriamo prospettive professionali completamente nuove con il diploma di master consecutivo presso l\u2019ASP Grigioni. Ma anche persone che sono nel pieno della loro vita professionale o che vorrebbero rientrare nel mondo del lavoro dopo un periodo dedicato alla famiglia. Il ciclo di studio apre opportunit\u00e0 di carriera completamente nuove come offerta parallela alla professione\u00bb.<\/p><p>Silvio Dietrich, presidente dell\u2019Associazione delle direttrici e dei direttori di sede scolastica dei Grigioni (VSLGR), accoglie con favore la nuova offerta: \u00abDa diversi anni le istituzioni scolastiche di tutto il cantone richiamano l\u2019attenzione sulla carenza di insegnanti nel livello superiore. Le autorit\u00e0 scolastiche e le direttrici e i direttori di scuola sono ora ancora pi\u00f9 soddisfatti di questa nuova offerta formativa dell\u2019ASP Grigioni\u00bb.<\/p>\t\t\t\t\t\t\t\t<\/div>\n\t\t\t\t<\/div>\n\t\t\t\t\t<\/div>\n\t\t<\/div>\n\t\t\t\t\t<\/div>\n\t\t<\/section>\n\t\t\t\t<section class=\"elementor-section elementor-top-section elementor-element elementor-element-507fc0a elementor-section-boxed elementor-section-height-default elementor-section-height-default\" data-id=\"507fc0a\" data-element_type=\"section\" data-settings=\"{&quot;jet_parallax_layout_list&quot;:[],&quot;background_background&quot;:&quot;classic&quot;}\">\n\t\t\t\t\t\t<div class=\"elementor-container elementor-column-gap-default\">\n\t\t\t\t\t<div class=\"elementor-column elementor-col-100 elementor-top-column elementor-element elementor-element-eaee277\" data-id=\"eaee277\" data-element_type=\"column\">\n\t\t\t<div class=\"elementor-widget-wrap elementor-element-populated\">\n\t\t\t\t\t\t<div class=\"elementor-element elementor-element-18b88d4 elementor-widget elementor-widget-heading\" data-id=\"18b88d4\" data-element_type=\"widget\" id=\"subtitle-underline\" data-widget_type=\"heading.default\">\n\t\t\t\t<div class=\"elementor-widget-container\">\n\t\t\t\t\t<h3 class=\"elementor-heading-title elementor-size-default\">Pedagogia e formazione pratica come priorit\u00e0<\/h3>\t\t\t\t<\/div>\n\t\t\t\t<\/div>\n\t\t\t\t<div class=\"elementor-element elementor-element-bf4cf49 elementor-widget elementor-widget-text-editor\" data-id=\"bf4cf49\" data-element_type=\"widget\" data-widget_type=\"text-editor.default\">\n\t\t\t\t<div class=\"elementor-widget-container\">\n\t\t\t\t\t\t\t\t\t<p>La formazione \u00e8 altamente individualizzata e le studentesse e gli studenti stabiliscono i moduli sulla base di una valutazione basata sulle loro competenze ed esigenze. L\u2019obiettivo \u00e8 quello di ampliare il loro sapere specifico con competenze pedagogiche essenziali per l\u2019insegnamento in una scuola di grado superiore. Oltre alla pratica professionale, durante i tre anni di studio si occupano di scienze dell\u2019educazione e di didattica disciplinare. La formazione pratica professionale rappresenta una parte essenziale del master fin dall\u2019inizio. Permette un incontro continuo con le e i giovani. Le studentesse e gli studenti possono applicare la conoscenza acquisita direttamente in una scuola.<\/p>\t\t\t\t\t\t\t\t<\/div>\n\t\t\t\t<\/div>\n\t\t\t\t\t<\/div>\n\t\t<\/div>\n\t\t\t\t\t<\/div>\n\t\t<\/section>\n\t\t\t\t<section class=\"elementor-section elementor-top-section elementor-element elementor-element-e4380df elementor-section-boxed elementor-section-height-default elementor-section-height-default\" data-id=\"e4380df\" data-element_type=\"section\" data-settings=\"{&quot;jet_parallax_layout_list&quot;:[]}\">\n\t\t\t\t\t\t<div class=\"elementor-container elementor-column-gap-default\">\n\t\t\t\t\t<div class=\"elementor-column elementor-col-100 elementor-top-column elementor-element elementor-element-4666cb4\" data-id=\"4666cb4\" data-element_type=\"column\">\n\t\t\t<div class=\"elementor-widget-wrap elementor-element-populated\">\n\t\t\t\t\t\t<div class=\"elementor-element elementor-element-9a47c27 elementor-widget elementor-widget-heading\" data-id=\"9a47c27\" data-element_type=\"widget\" id=\"subtitle-underline\" data-widget_type=\"heading.default\">\n\t\t\t\t<div class=\"elementor-widget-container\">\n\t\t\t\t\t<h3 class=\"elementor-heading-title elementor-size-default\">Rafforzare l\u2019attrattivit\u00e0 dei Grigioni come luogo per studiare e lavorare<\/h3>\t\t\t\t<\/div>\n\t\t\t\t<\/div>\n\t\t\t\t<div class=\"elementor-element elementor-element-9615eb1 elementor-widget elementor-widget-text-editor\" data-id=\"9615eb1\" data-element_type=\"widget\" data-widget_type=\"text-editor.default\">\n\t\t\t\t<div class=\"elementor-widget-container\">\n\t\t\t\t\t\t\t\t\t<p>Gian-Paolo Curcio, rettore dell\u2019ASP Grigioni, \u00e8 convinto che il nuovo ciclo di studio master avr\u00e0 molteplici effetti positivi: \u00abIl lancio del nuovo ciclo di studio \u00e8 di grande importanza per il cantone dei Grigioni e per tutta la Svizzera orientale. Con esso, l\u2019ASP Grigioni crea un\u2019ulteriore opportunit\u00e0 di formazione per le e gli insegnanti del livello secondario I. La combinazione tra formazione disciplinare presso le universit\u00e0 e i politecnici federali e la formazione in didattica disciplinare, scienze dell\u2019educazione e pratica professionale presso le alte scuole pedagogiche consente un\u2019organizzazione molto efficiente del ciclo di studio\u00bb.<\/p>\t\t\t\t\t\t\t\t<\/div>\n\t\t\t\t<\/div>\n\t\t\t\t\t<\/div>\n\t\t<\/div>\n\t\t\t\t\t<\/div>\n\t\t<\/section>\n\t\t\t\t<section class=\"elementor-section elementor-top-section elementor-element elementor-element-2b874d9 elementor-section-boxed elementor-section-height-default elementor-section-height-default\" data-id=\"2b874d9\" data-element_type=\"section\" data-settings=\"{&quot;jet_parallax_layout_list&quot;:[],&quot;background_background&quot;:&quot;classic&quot;}\">\n\t\t\t\t\t\t<div class=\"elementor-container elementor-column-gap-default\">\n\t\t\t\t\t<div class=\"elementor-column elementor-col-100 elementor-top-column elementor-element elementor-element-6bff1a6\" data-id=\"6bff1a6\" data-element_type=\"column\">\n\t\t\t<div class=\"elementor-widget-wrap elementor-element-populated\">\n\t\t\t\t\t\t<div class=\"elementor-element elementor-element-7a614c7 elementor-widget elementor-widget-heading\" data-id=\"7a614c7\" data-element_type=\"widget\" data-widget_type=\"heading.default\">\n\t\t\t\t<div class=\"elementor-widget-container\">\n\t\t\t\t\t<h3 class=\"elementor-heading-title elementor-size-default\"> \u00abI nuovi cicli di studio propongono un\u2019offerta interessante e variegata per la formazione e il perfezionamento delle e degli insegnanti che sono in possesso di un diploma riconosciuto in tutta la Svizzera. Con l\u2019offerta contemporanea di cicli di studio a tempo parziale e a tempo pieno, si tiene conto delle esigenze individuali delle studentesse e degli studenti\u00bb.<\/h3>\t\t\t\t<\/div>\n\t\t\t\t<\/div>\n\t\t\t\t<div class=\"elementor-element elementor-element-0db65e3 elementor-widget elementor-widget-heading\" data-id=\"0db65e3\" data-element_type=\"widget\" data-widget_type=\"heading.default\">\n\t\t\t\t<div class=\"elementor-widget-container\">\n\t\t\t\t\t<h4 class=\"elementor-heading-title elementor-size-default\">Laura Lutz, presidente della LEGR<br>(associazione Insegnanti Grigioni)<\/h4>\t\t\t\t<\/div>\n\t\t\t\t<\/div>\n\t\t\t\t\t<\/div>\n\t\t<\/div>\n\t\t\t\t\t<\/div>\n\t\t<\/section>\n\t\t\t\t<section class=\"elementor-section elementor-top-section elementor-element elementor-element-eaeebf3 elementor-section-boxed elementor-section-height-default elementor-section-height-default\" data-id=\"eaeebf3\" data-element_type=\"section\" data-settings=\"{&quot;jet_parallax_layout_list&quot;:[],&quot;background_background&quot;:&quot;classic&quot;}\">\n\t\t\t\t\t\t<div class=\"elementor-container elementor-column-gap-default\">\n\t\t\t\t\t<div class=\"elementor-column elementor-col-100 elementor-top-column elementor-element elementor-element-c00c0ca\" data-id=\"c00c0ca\" data-element_type=\"column\">\n\t\t\t<div class=\"elementor-widget-wrap elementor-element-populated\">\n\t\t\t\t\t\t<div class=\"elementor-element elementor-element-463930d elementor-widget elementor-widget-heading\" data-id=\"463930d\" data-element_type=\"widget\" id=\"subtitle-underline\" data-widget_type=\"heading.default\">\n\t\t\t\t<div class=\"elementor-widget-container\">\n\t\t\t\t\t<h3 class=\"elementor-heading-title elementor-size-default\">Cicli di studio master Secondario I e Scuole di maturit\u00e0<\/h3>\t\t\t\t<\/div>\n\t\t\t\t<\/div>\n\t\t\t\t<div class=\"elementor-element elementor-element-bd2e187 elementor-widget elementor-widget-text-editor\" data-id=\"bd2e187\" data-element_type=\"widget\" data-widget_type=\"text-editor.default\">\n\t\t\t\t<div class=\"elementor-widget-container\">\n\t\t\t\t\t\t\t\t\t<p>Contemporaneamente al \u00abCiclo di studio master Sec. I\u00bb, \u00e8 stato avviato per la prima volta il \u00abCiclo di studio master Sec. I e Scuole di maturit\u00e0\u00bb. I cicli di studio sono stati sviluppati in collaborazione con l\u2019Alta scuola pedagogica di San Gallo.<\/p>\t\t\t\t\t\t\t\t<\/div>\n\t\t\t\t<\/div>\n\t\t\t\t<section class=\"elementor-section elementor-inner-section elementor-element elementor-element-b67c5fe elementor-section-boxed elementor-section-height-default elementor-section-height-default\" data-id=\"b67c5fe\" data-element_type=\"section\" data-settings=\"{&quot;jet_parallax_layout_list&quot;:[]}\">\n\t\t\t\t\t\t<div class=\"elementor-container elementor-column-gap-default\">\n\t\t\t\t\t<div class=\"elementor-column elementor-col-50 elementor-inner-column elementor-element elementor-element-c849767\" data-id=\"c849767\" data-element_type=\"column\">\n\t\t\t<div class=\"elementor-widget-wrap elementor-element-populated\">\n\t\t\t\t\t\t<div class=\"elementor-element elementor-element-8a3c222 elementor-widget elementor-widget-text-editor\" data-id=\"8a3c222\" data-element_type=\"widget\" data-widget_type=\"text-editor.default\">\n\t\t\t\t<div class=\"elementor-widget-container\">\n\t\t\t\t\t\t\t\t\t<p class=\"p1\">Diploma<\/p>\t\t\t\t\t\t\t\t<\/div>\n\t\t\t\t<\/div>\n\t\t\t\t\t<\/div>\n\t\t<\/div>\n\t\t\t\t<div class=\"elementor-column elementor-col-50 elementor-inner-column elementor-element elementor-element-1a26e55\" data-id=\"1a26e55\" data-element_type=\"column\">\n\t\t\t<div class=\"elementor-widget-wrap elementor-element-populated\">\n\t\t\t\t\t\t<div class=\"elementor-element elementor-element-03a87c1 elementor-widget elementor-widget-text-editor\" data-id=\"03a87c1\" data-element_type=\"widget\" data-widget_type=\"text-editor.default\">\n\t\t\t\t<div class=\"elementor-widget-container\">\n\t\t\t\t\t\t\t\t\t<p class=\"p1\">Master of Arts in Secondary Education<\/p>\t\t\t\t\t\t\t\t<\/div>\n\t\t\t\t<\/div>\n\t\t\t\t\t<\/div>\n\t\t<\/div>\n\t\t\t\t\t<\/div>\n\t\t<\/section>\n\t\t\t\t<section class=\"elementor-section elementor-inner-section elementor-element elementor-element-4840ca0 elementor-section-boxed elementor-section-height-default elementor-section-height-default\" data-id=\"4840ca0\" data-element_type=\"section\" data-settings=\"{&quot;jet_parallax_layout_list&quot;:[]}\">\n\t\t\t\t\t\t<div class=\"elementor-container elementor-column-gap-default\">\n\t\t\t\t\t<div class=\"elementor-column elementor-col-50 elementor-inner-column elementor-element elementor-element-94b0141\" data-id=\"94b0141\" data-element_type=\"column\">\n\t\t\t<div class=\"elementor-widget-wrap elementor-element-populated\">\n\t\t\t\t\t\t<div class=\"elementor-element elementor-element-f24a0e5 elementor-widget elementor-widget-text-editor\" data-id=\"f24a0e5\" data-element_type=\"widget\" data-widget_type=\"text-editor.default\">\n\t\t\t\t<div class=\"elementor-widget-container\">\n\t\t\t\t\t\t\t\t\t<p class=\"p1\"><span class=\"s1\">Durata<\/span><\/p>\t\t\t\t\t\t\t\t<\/div>\n\t\t\t\t<\/div>\n\t\t\t\t\t<\/div>\n\t\t<\/div>\n\t\t\t\t<div class=\"elementor-column elementor-col-50 elementor-inner-column elementor-element elementor-element-d0eaf16\" data-id=\"d0eaf16\" data-element_type=\"column\">\n\t\t\t<div class=\"elementor-widget-wrap elementor-element-populated\">\n\t\t\t\t\t\t<div class=\"elementor-element elementor-element-80b1034 elementor-widget elementor-widget-text-editor\" data-id=\"80b1034\" data-element_type=\"widget\" data-widget_type=\"text-editor.default\">\n\t\t\t\t<div class=\"elementor-widget-container\">\n\t\t\t\t\t\t\t\t\t<p class=\"p1\">3 anni parallelamente alla professione al 40%<\/p>\t\t\t\t\t\t\t\t<\/div>\n\t\t\t\t<\/div>\n\t\t\t\t\t<\/div>\n\t\t<\/div>\n\t\t\t\t\t<\/div>\n\t\t<\/section>\n\t\t\t\t<section class=\"elementor-section elementor-inner-section elementor-element elementor-element-85c7377 elementor-section-boxed elementor-section-height-default elementor-section-height-default\" data-id=\"85c7377\" data-element_type=\"section\" data-settings=\"{&quot;jet_parallax_layout_list&quot;:[]}\">\n\t\t\t\t\t\t<div class=\"elementor-container elementor-column-gap-default\">\n\t\t\t\t\t<div class=\"elementor-column elementor-col-50 elementor-inner-column elementor-element elementor-element-9c91d7b\" data-id=\"9c91d7b\" data-element_type=\"column\">\n\t\t\t<div class=\"elementor-widget-wrap elementor-element-populated\">\n\t\t\t\t\t\t<div class=\"elementor-element elementor-element-9c95fd0 elementor-widget elementor-widget-text-editor\" data-id=\"9c95fd0\" data-element_type=\"widget\" data-widget_type=\"text-editor.default\">\n\t\t\t\t<div class=\"elementor-widget-container\">\n\t\t\t\t\t\t\t\t\t<p class=\"p1\">Entit\u00e0<\/p>\t\t\t\t\t\t\t\t<\/div>\n\t\t\t\t<\/div>\n\t\t\t\t\t<\/div>\n\t\t<\/div>\n\t\t\t\t<div class=\"elementor-column elementor-col-50 elementor-inner-column elementor-element elementor-element-4ba26e9\" data-id=\"4ba26e9\" data-element_type=\"column\">\n\t\t\t<div class=\"elementor-widget-wrap elementor-element-populated\">\n\t\t\t\t\t\t<div class=\"elementor-element elementor-element-2bc065f elementor-widget elementor-widget-text-editor\" data-id=\"2bc065f\" data-element_type=\"widget\" data-widget_type=\"text-editor.default\">\n\t\t\t\t<div class=\"elementor-widget-container\">\n\t\t\t\t\t\t\t\t\t<p class=\"p1\">94 \u2013 114 punti ECTS<\/p>\t\t\t\t\t\t\t\t<\/div>\n\t\t\t\t<\/div>\n\t\t\t\t\t<\/div>\n\t\t<\/div>\n\t\t\t\t\t<\/div>\n\t\t<\/section>\n\t\t\t\t<section class=\"elementor-section elementor-inner-section elementor-element elementor-element-c35b606 elementor-section-boxed elementor-section-height-default elementor-section-height-default\" data-id=\"c35b606\" data-element_type=\"section\" data-settings=\"{&quot;jet_parallax_layout_list&quot;:[]}\">\n\t\t\t\t\t\t<div class=\"elementor-container elementor-column-gap-default\">\n\t\t\t\t\t<div class=\"elementor-column elementor-col-50 elementor-inner-column elementor-element elementor-element-c82bc8f\" data-id=\"c82bc8f\" data-element_type=\"column\">\n\t\t\t<div class=\"elementor-widget-wrap elementor-element-populated\">\n\t\t\t\t\t\t<div class=\"elementor-element elementor-element-50a1b8b elementor-widget elementor-widget-text-editor\" data-id=\"50a1b8b\" data-element_type=\"widget\" data-widget_type=\"text-editor.default\">\n\t\t\t\t<div class=\"elementor-widget-container\">\n\t\t\t\t\t\t\t\t\t<p class=\"p1\">Giorni<\/p>\t\t\t\t\t\t\t\t<\/div>\n\t\t\t\t<\/div>\n\t\t\t\t\t<\/div>\n\t\t<\/div>\n\t\t\t\t<div class=\"elementor-column elementor-col-50 elementor-inner-column elementor-element elementor-element-657eedf\" data-id=\"657eedf\" data-element_type=\"column\">\n\t\t\t<div class=\"elementor-widget-wrap elementor-element-populated\">\n\t\t\t\t\t\t<div class=\"elementor-element elementor-element-434a78e elementor-widget elementor-widget-text-editor\" data-id=\"434a78e\" data-element_type=\"widget\" data-widget_type=\"text-editor.default\">\n\t\t\t\t<div class=\"elementor-widget-container\">\n\t\t\t\t\t\t\t\t\t<p class=\"p1\">ogni gioved\u00ec e venerd\u00ec<\/p>\t\t\t\t\t\t\t\t<\/div>\n\t\t\t\t<\/div>\n\t\t\t\t\t<\/div>\n\t\t<\/div>\n\t\t\t\t\t<\/div>\n\t\t<\/section>\n\t\t\t\t\t<\/div>\n\t\t<\/div>\n\t\t\t\t\t<\/div>\n\t\t<\/section>\n\t\t\t\t<section class=\"elementor-section elementor-top-section elementor-element elementor-element-6215313d elementor-section-boxed elementor-section-height-default elementor-section-height-default\" data-id=\"6215313d\" data-element_type=\"section\" data-settings=\"{&quot;jet_parallax_layout_list&quot;:[{&quot;_id&quot;:&quot;d9c892f&quot;,&quot;jet_parallax_layout_image&quot;:{&quot;url&quot;:&quot;&quot;,&quot;id&quot;:&quot;&quot;,&quot;size&quot;:&quot;&quot;},&quot;jet_parallax_layout_image_tablet&quot;:{&quot;url&quot;:&quot;&quot;,&quot;id&quot;:&quot;&quot;,&quot;size&quot;:&quot;&quot;},&quot;jet_parallax_layout_image_mobile&quot;:{&quot;url&quot;:&quot;&quot;,&quot;id&quot;:&quot;&quot;,&quot;size&quot;:&quot;&quot;},&quot;jet_parallax_layout_speed&quot;:{&quot;unit&quot;:&quot;%&quot;,&quot;size&quot;:50,&quot;sizes&quot;:[]},&quot;jet_parallax_layout_type&quot;:&quot;scroll&quot;,&quot;jet_parallax_layout_direction&quot;:null,&quot;jet_parallax_layout_fx_direction&quot;:null,&quot;jet_parallax_layout_z_index&quot;:&quot;&quot;,&quot;jet_parallax_layout_bg_x&quot;:50,&quot;jet_parallax_layout_bg_x_tablet&quot;:&quot;&quot;,&quot;jet_parallax_layout_bg_x_mobile&quot;:&quot;&quot;,&quot;jet_parallax_layout_bg_y&quot;:50,&quot;jet_parallax_layout_bg_y_tablet&quot;:&quot;&quot;,&quot;jet_parallax_layout_bg_y_mobile&quot;:&quot;&quot;,&quot;jet_parallax_layout_bg_size&quot;:&quot;auto&quot;,&quot;jet_parallax_layout_bg_size_tablet&quot;:&quot;&quot;,&quot;jet_parallax_layout_bg_size_mobile&quot;:&quot;&quot;,&quot;jet_parallax_layout_animation_prop&quot;:&quot;transform&quot;,&quot;jet_parallax_layout_on&quot;:[&quot;desktop&quot;,&quot;tablet&quot;]}]}\">\n\t\t\t\t\t\t<div class=\"elementor-container elementor-column-gap-default\">\n\t\t\t\t\t<div class=\"elementor-column elementor-col-100 elementor-top-column elementor-element elementor-element-5063ffb8\" data-id=\"5063ffb8\" data-element_type=\"column\">\n\t\t\t<div class=\"elementor-widget-wrap elementor-element-populated\">\n\t\t\t\t\t\t<div class=\"elementor-element elementor-element-0e6f5e8 elementor-widget elementor-widget-template\" data-id=\"0e6f5e8\" data-element_type=\"widget\" data-widget_type=\"template.default\">\n\t\t\t\t<div class=\"elementor-widget-container\">\n\t\t\t\t\t\t\t<div class=\"elementor-template\">\n\t\t\t\t\t<div data-elementor-type=\"section\" data-elementor-id=\"3075\" class=\"elementor elementor-3075\" data-elementor-post-type=\"elementor_library\">\n\t\t\t\t\t<section class=\"elementor-section elementor-top-section elementor-element elementor-element-4b57afed elementor-section-boxed elementor-section-height-default elementor-section-height-default\" data-id=\"4b57afed\" data-element_type=\"section\" data-settings=\"{&quot;jet_parallax_layout_list&quot;:[{&quot;_id&quot;:&quot;d9c892f&quot;,&quot;jet_parallax_layout_image&quot;:{&quot;url&quot;:&quot;&quot;,&quot;id&quot;:&quot;&quot;,&quot;size&quot;:&quot;&quot;},&quot;jet_parallax_layout_image_tablet&quot;:{&quot;url&quot;:&quot;&quot;,&quot;id&quot;:&quot;&quot;,&quot;size&quot;:&quot;&quot;},&quot;jet_parallax_layout_image_mobile&quot;:{&quot;url&quot;:&quot;&quot;,&quot;id&quot;:&quot;&quot;,&quot;size&quot;:&quot;&quot;},&quot;jet_parallax_layout_speed&quot;:{&quot;unit&quot;:&quot;%&quot;,&quot;size&quot;:50,&quot;sizes&quot;:[]},&quot;jet_parallax_layout_type&quot;:&quot;scroll&quot;,&quot;jet_parallax_layout_direction&quot;:null,&quot;jet_parallax_layout_fx_direction&quot;:null,&quot;jet_parallax_layout_z_index&quot;:&quot;&quot;,&quot;jet_parallax_layout_bg_x&quot;:50,&quot;jet_parallax_layout_bg_x_tablet&quot;:&quot;&quot;,&quot;jet_parallax_layout_bg_x_mobile&quot;:&quot;&quot;,&quot;jet_parallax_layout_bg_y&quot;:50,&quot;jet_parallax_layout_bg_y_tablet&quot;:&quot;&quot;,&quot;jet_parallax_layout_bg_y_mobile&quot;:&quot;&quot;,&quot;jet_parallax_layout_bg_size&quot;:&quot;auto&quot;,&quot;jet_parallax_layout_bg_size_tablet&quot;:&quot;&quot;,&quot;jet_parallax_layout_bg_size_mobile&quot;:&quot;&quot;,&quot;jet_parallax_layout_animation_prop&quot;:&quot;transform&quot;,&quot;jet_parallax_layout_on&quot;:[&quot;desktop&quot;,&quot;tablet&quot;]}]}\">\n\t\t\t\t\t\t<div class=\"elementor-container elementor-column-gap-default\">\n\t\t\t\t\t<div class=\"elementor-column elementor-col-100 elementor-top-column elementor-element elementor-element-1ac5f5d7\" data-id=\"1ac5f5d7\" data-element_type=\"column\">\n\t\t\t<div class=\"elementor-widget-wrap elementor-element-populated\">\n\t\t\t\t\t\t<div class=\"elementor-element elementor-element-3f22510f elementor-widget elementor-widget-spacer\" data-id=\"3f22510f\" data-element_type=\"widget\" data-widget_type=\"spacer.default\">\n\t\t\t\t<div class=\"elementor-widget-container\">\n\t\t\t\t\t\t\t<div class=\"elementor-spacer\">\n\t\t\t<div class=\"elementor-spacer-inner\"><\/div>\n\t\t<\/div>\n\t\t\t\t\t\t<\/div>\n\t\t\t\t<\/div>\n\t\t\t\t<div class=\"elementor-element elementor-element-18099056 elementor-widget elementor-widget-heading\" data-id=\"18099056\" data-element_type=\"widget\" data-widget_type=\"heading.default\">\n\t\t\t\t<div class=\"elementor-widget-container\">\n\t\t\t\t\t<p class=\"elementor-heading-title elementor-size-default\">Altri argomenti che potrebbero interessarvi<\/p>\t\t\t\t<\/div>\n\t\t\t\t<\/div>\n\t\t\t\t<div class=\"elementor-element elementor-element-4de2d066 raven-hover-scale-up elementor-widget elementor-widget-raven-posts\" data-id=\"4de2d066\" data-element_type=\"widget\" data-settings=\"{&quot;classic_columns&quot;:&quot;4&quot;,&quot;query_posts_per_page&quot;:4,&quot;_skin&quot;:&quot;classic&quot;,&quot;classic_layout&quot;:&quot;grid&quot;,&quot;classic_columns_tablet&quot;:&quot;2&quot;,&quot;classic_columns_mobile&quot;:&quot;1&quot;,&quot;query_offset&quot;:0}\" data-widget_type=\"raven-posts.classic\">\n\t\t\t\t<div class=\"elementor-widget-container\">\n\t\t\t\t\t\t\t<div class=\"raven-posts raven-grid raven-grid-4 raven-grid-mobile-1 raven-grid-tablet-2\" data-post-id=\"3075\" data-archive-query=\"\" data-lang=\"\">\n\t\t\t\t<div class=\"raven-grid-item raven-post-item post-2954 page type-page status-publish has-post-thumbnail hentry\">\n\t\t\t<div class=\"raven-post elementor-animation-grow\">\n\t\t\t\t\t\t<div class=\"raven-post-image-wrap\">\n\t\t\t<a class=\"raven-post-image raven-image-fit\" href=\"https:\/\/jahresberichte.phgr.ch\/2022\/it\/avvenimenti-dellanno\/\"><img loading=\"lazy\" decoding=\"async\" width=\"1000\" height=\"1000\" src=\"https:\/\/jahresberichte.phgr.ch\/2022\/wp-content\/uploads\/sites\/2\/2023\/01\/phgr-weitere-themen-ereignisse-des-jahres.jpg\" class=\"attachment-large size-large wp-image-1395\" alt=\"\" srcset=\"https:\/\/jahresberichte.phgr.ch\/2022\/wp-content\/uploads\/sites\/2\/2023\/01\/phgr-weitere-themen-ereignisse-des-jahres.jpg 1000w, https:\/\/jahresberichte.phgr.ch\/2022\/wp-content\/uploads\/sites\/2\/2023\/01\/phgr-weitere-themen-ereignisse-des-jahres-768x768.jpg 768w, https:\/\/jahresberichte.phgr.ch\/2022\/wp-content\/uploads\/sites\/2\/2023\/01\/phgr-weitere-themen-ereignisse-des-jahres-500x500.jpg 500w\" sizes=\"(max-width: 1000px) 100vw, 1000px\" \/> <span class=\"raven-post-image-overlay\"><\/span><\/a>\t\t<\/div>\n\t\t\t\t\t\t<div class=\"raven-post-content\">\n\t\t\t\t\t<h3 class=\"raven-post-title\"><a class=\"raven-post-title-link\" href=\"https:\/\/jahresberichte.phgr.ch\/2022\/it\/avvenimenti-dellanno\/\">Avvenimenti dell&#8217;anno<\/a><\/h3>\t\t\t\t<\/div>\n\t\t\t<\/div>\n\t\t<\/div>\n\t\t\t\t<div class=\"raven-grid-item raven-post-item post-2979 page type-page status-publish has-post-thumbnail hentry\">\n\t\t\t<div class=\"raven-post elementor-animation-grow\">\n\t\t\t\t\t\t<div class=\"raven-post-image-wrap\">\n\t\t\t<a class=\"raven-post-image raven-image-fit\" href=\"https:\/\/jahresberichte.phgr.ch\/2022\/it\/numeri-e-fatti\/\"><img loading=\"lazy\" decoding=\"async\" width=\"1000\" height=\"1000\" src=\"https:\/\/jahresberichte.phgr.ch\/2022\/wp-content\/uploads\/sites\/2\/2023\/02\/phgr-weitere-themen-zahlen-und-fakten.jpg\" class=\"attachment-large size-large wp-image-2369\" alt=\"\" srcset=\"https:\/\/jahresberichte.phgr.ch\/2022\/wp-content\/uploads\/sites\/2\/2023\/02\/phgr-weitere-themen-zahlen-und-fakten.jpg 1000w, https:\/\/jahresberichte.phgr.ch\/2022\/wp-content\/uploads\/sites\/2\/2023\/02\/phgr-weitere-themen-zahlen-und-fakten-768x768.jpg 768w, https:\/\/jahresberichte.phgr.ch\/2022\/wp-content\/uploads\/sites\/2\/2023\/02\/phgr-weitere-themen-zahlen-und-fakten-500x500.jpg 500w\" sizes=\"(max-width: 1000px) 100vw, 1000px\" \/> <span class=\"raven-post-image-overlay\"><\/span><\/a>\t\t<\/div>\n\t\t\t\t\t\t<div class=\"raven-post-content\">\n\t\t\t\t\t<h3 class=\"raven-post-title\"><a class=\"raven-post-title-link\" href=\"https:\/\/jahresberichte.phgr.ch\/2022\/it\/numeri-e-fatti\/\">Numeri e fatti<\/a><\/h3>\t\t\t\t<\/div>\n\t\t\t<\/div>\n\t\t<\/div>\n\t\t\t\t<div class=\"raven-grid-item raven-post-item post-2745 page type-page status-publish has-post-thumbnail hentry\">\n\t\t\t<div class=\"raven-post elementor-animation-grow\">\n\t\t\t\t\t\t<div class=\"raven-post-image-wrap\">\n\t\t\t<a class=\"raven-post-image raven-image-fit\" href=\"https:\/\/jahresberichte.phgr.ch\/2022\/rm\/prorectorats\/furmaziun-cuntinuada-e-servetsch\/\"><img loading=\"lazy\" decoding=\"async\" width=\"1000\" height=\"1000\" src=\"https:\/\/jahresberichte.phgr.ch\/2022\/wp-content\/uploads\/sites\/2\/2023\/01\/phgr-weitere-themen-prorektorat-weiterbildung-dienstleistung.jpg\" class=\"attachment-large size-large wp-image-1400\" alt=\"\" srcset=\"https:\/\/jahresberichte.phgr.ch\/2022\/wp-content\/uploads\/sites\/2\/2023\/01\/phgr-weitere-themen-prorektorat-weiterbildung-dienstleistung.jpg 1000w, https:\/\/jahresberichte.phgr.ch\/2022\/wp-content\/uploads\/sites\/2\/2023\/01\/phgr-weitere-themen-prorektorat-weiterbildung-dienstleistung-768x768.jpg 768w, https:\/\/jahresberichte.phgr.ch\/2022\/wp-content\/uploads\/sites\/2\/2023\/01\/phgr-weitere-themen-prorektorat-weiterbildung-dienstleistung-500x500.jpg 500w\" sizes=\"(max-width: 1000px) 100vw, 1000px\" \/> <span class=\"raven-post-image-overlay\"><\/span><\/a>\t\t<\/div>\n\t\t\t\t\t\t<div class=\"raven-post-content\">\n\t\t\t\t\t<h3 class=\"raven-post-title\"><a class=\"raven-post-title-link\" href=\"https:\/\/jahresberichte.phgr.ch\/2022\/rm\/prorectorats\/furmaziun-cuntinuada-e-servetsch\/\">Furmaziun cuntinuada e servetsch<\/a><\/h3>\t\t\t\t<\/div>\n\t\t\t<\/div>\n\t\t<\/div>\n\t\t\t\t<div class=\"raven-grid-item raven-post-item post-2969 page type-page status-publish has-post-thumbnail hentry\">\n\t\t\t<div class=\"raven-post elementor-animation-grow\">\n\t\t\t\t\t\t<div class=\"raven-post-image-wrap\">\n\t\t\t<a class=\"raven-post-image raven-image-fit\" href=\"https:\/\/jahresberichte.phgr.ch\/2022\/it\/prorettorati\/ricerca-e-sviluppo\/\"><img loading=\"lazy\" decoding=\"async\" width=\"1000\" height=\"1000\" src=\"https:\/\/jahresberichte.phgr.ch\/2022\/wp-content\/uploads\/sites\/2\/2023\/02\/phgr-weitere-themen-prorektorate-forschung-und-entwicklung.jpg\" class=\"attachment-large size-large wp-image-2377\" alt=\"\" srcset=\"https:\/\/jahresberichte.phgr.ch\/2022\/wp-content\/uploads\/sites\/2\/2023\/02\/phgr-weitere-themen-prorektorate-forschung-und-entwicklung.jpg 1000w, https:\/\/jahresberichte.phgr.ch\/2022\/wp-content\/uploads\/sites\/2\/2023\/02\/phgr-weitere-themen-prorektorate-forschung-und-entwicklung-768x768.jpg 768w, https:\/\/jahresberichte.phgr.ch\/2022\/wp-content\/uploads\/sites\/2\/2023\/02\/phgr-weitere-themen-prorektorate-forschung-und-entwicklung-500x500.jpg 500w\" sizes=\"(max-width: 1000px) 100vw, 1000px\" \/> <span class=\"raven-post-image-overlay\"><\/span><\/a>\t\t<\/div>\n\t\t\t\t\t\t<div class=\"raven-post-content\">\n\t\t\t\t\t<h3 class=\"raven-post-title\"><a class=\"raven-post-title-link\" href=\"https:\/\/jahresberichte.phgr.ch\/2022\/it\/prorettorati\/ricerca-e-sviluppo\/\">Ricerca e sviluppo<\/a><\/h3>\t\t\t\t<\/div>\n\t\t\t<\/div>\n\t\t<\/div>\n\t\t\t\t<\/div>\n\t\t\t\t\t\t<\/div>\n\t\t\t\t<\/div>\n\t\t\t\t<div class=\"elementor-element elementor-element-56f8d48 elementor-widget elementor-widget-spacer\" data-id=\"56f8d48\" data-element_type=\"widget\" data-widget_type=\"spacer.default\">\n\t\t\t\t<div class=\"elementor-widget-container\">\n\t\t\t\t\t\t\t<div class=\"elementor-spacer\">\n\t\t\t<div class=\"elementor-spacer-inner\"><\/div>\n\t\t<\/div>\n\t\t\t\t\t\t<\/div>\n\t\t\t\t<\/div>\n\t\t\t\t\t<\/div>\n\t\t<\/div>\n\t\t\t\t\t<\/div>\n\t\t<\/section>\n\t\t\t\t<\/div>\n\t\t\t\t<\/div>\n\t\t\t\t\t\t<\/div>\n\t\t\t\t<\/div>\n\t\t\t\t\t<\/div>\n\t\t<\/div>\n\t\t\t\t\t<\/div>\n\t\t<\/section>\n\t\t\t\t<\/div>\n\t\t","protected":false},"excerpt":{"rendered":"<p>Focus Lancio del nuovo master per il livello secondario i Con lo sguardo rivolto al futuro, \u00e8 indispensabile formare un numero sufficiente di insegnanti competenti e motivati per tutti i livelli della scuola dell\u2019obbligo e della scuola media superiore. Da settembre 2022, l\u2019ASP Grigioni offre due nuovi cicli di studio master per insegnanti del livello [&hellip;]<\/p>\n","protected":false},"author":1,"featured_media":1397,"parent":2956,"menu_order":0,"comment_status":"closed","ping_status":"closed","template":"elementor_header_footer","meta":{"_acf_changed":false,"footnotes":""},"class_list":["post-2981","page","type-page","status-publish","has-post-thumbnail","hentry"],"acf":[],"_links":{"self":[{"href":"https:\/\/jahresberichte.phgr.ch\/2022\/wp-json\/wp\/v2\/pages\/2981","targetHints":{"allow":["GET"]}}],"collection":[{"href":"https:\/\/jahresberichte.phgr.ch\/2022\/wp-json\/wp\/v2\/pages"}],"about":[{"href":"https:\/\/jahresberichte.phgr.ch\/2022\/wp-json\/wp\/v2\/types\/page"}],"author":[{"embeddable":true,"href":"https:\/\/jahresberichte.phgr.ch\/2022\/wp-json\/wp\/v2\/users\/1"}],"replies":[{"embeddable":true,"href":"https:\/\/jahresberichte.phgr.ch\/2022\/wp-json\/wp\/v2\/comments?post=2981"}],"version-history":[{"count":5,"href":"https:\/\/jahresberichte.phgr.ch\/2022\/wp-json\/wp\/v2\/pages\/2981\/revisions"}],"predecessor-version":[{"id":4280,"href":"https:\/\/jahresberichte.phgr.ch\/2022\/wp-json\/wp\/v2\/pages\/2981\/revisions\/4280"}],"up":[{"embeddable":true,"href":"https:\/\/jahresberichte.phgr.ch\/2022\/wp-json\/wp\/v2\/pages\/2956"}],"wp:featuredmedia":[{"embeddable":true,"href":"https:\/\/jahresberichte.phgr.ch\/2022\/wp-json\/wp\/v2\/media\/1397"}],"wp:attachment":[{"href":"https:\/\/jahresberichte.phgr.ch\/2022\/wp-json\/wp\/v2\/media?parent=2981"}],"curies":[{"name":"wp","href":"https:\/\/api.w.org\/{rel}","templated":true}]}}