{"id":378,"date":"2023-01-13T14:03:44","date_gmt":"2023-01-13T13:03:44","guid":{"rendered":"https:\/\/jahresberichte.phgr.ch\/2022\/?page_id=378"},"modified":"2025-01-28T08:38:09","modified_gmt":"2025-01-28T07:38:09","slug":"fokusthema","status":"publish","type":"page","link":"https:\/\/jahresberichte.phgr.ch\/2022\/fokusthema\/","title":{"rendered":"Fokusthema"},"content":{"rendered":"\t\t<div data-elementor-type=\"wp-page\" data-elementor-id=\"378\" class=\"elementor elementor-378\" data-elementor-post-type=\"page\">\n\t\t\t\t\t\t<section class=\"elementor-section elementor-top-section elementor-element elementor-element-af39496 elementor-section-height-min-height elementor-section-boxed elementor-section-height-default elementor-section-items-middle\" data-id=\"af39496\" data-element_type=\"section\" data-settings=\"{&quot;jet_parallax_layout_list&quot;:[],&quot;background_background&quot;:&quot;classic&quot;}\">\n\t\t\t\t\t\t<div class=\"elementor-container elementor-column-gap-default\">\n\t\t\t\t\t<div class=\"elementor-column elementor-col-100 elementor-top-column elementor-element elementor-element-b98e0c4\" data-id=\"b98e0c4\" data-element_type=\"column\">\n\t\t\t<div class=\"elementor-widget-wrap elementor-element-populated\">\n\t\t\t\t\t\t<div class=\"elementor-element elementor-element-d35eb38 elementor-widget elementor-widget-heading\" data-id=\"d35eb38\" data-element_type=\"widget\" data-widget_type=\"heading.default\">\n\t\t\t\t<div class=\"elementor-widget-container\">\n\t\t\t\t\t<h3 class=\"elementor-heading-title elementor-size-default\">Im Fokus<\/h3>\t\t\t\t<\/div>\n\t\t\t\t<\/div>\n\t\t\t\t<div class=\"elementor-element elementor-element-afb71b8 elementor-widget elementor-widget-heading\" data-id=\"afb71b8\" data-element_type=\"widget\" id=\"title-underline\" data-widget_type=\"heading.default\">\n\t\t\t\t<div class=\"elementor-widget-container\">\n\t\t\t\t\t<h2 class=\"elementor-heading-title elementor-size-default\">Neue Studieng\u00e4nge<\/h2>\t\t\t\t<\/div>\n\t\t\t\t<\/div>\n\t\t\t\t<div class=\"elementor-element elementor-element-4dd40e6 elementor-widget elementor-widget-heading\" data-id=\"4dd40e6\" data-element_type=\"widget\" data-widget_type=\"heading.default\">\n\t\t\t\t<div class=\"elementor-widget-container\">\n\t\t\t\t\t<h3 class=\"elementor-heading-title elementor-size-default\">Mit den neuen Studieng\u00e4ngen spricht die PH Graub\u00fcnden neue Zielgruppen an und geht gleichzeitig auf die besonderen Bed\u00fcrfnisse des Kantons Graub\u00fcnden ein. <\/h3>\t\t\t\t<\/div>\n\t\t\t\t<\/div>\n\t\t\t\t\t<\/div>\n\t\t<\/div>\n\t\t\t\t\t<\/div>\n\t\t<\/section>\n\t\t\t\t<section class=\"elementor-section elementor-top-section elementor-element elementor-element-4b21e30 elementor-section-full_width elementor-section-height-min-height elementor-section-height-default elementor-section-items-middle\" data-id=\"4b21e30\" data-element_type=\"section\" data-settings=\"{&quot;jet_parallax_layout_list&quot;:[],&quot;background_background&quot;:&quot;classic&quot;}\">\n\t\t\t\t\t\t<div class=\"elementor-container elementor-column-gap-default\">\n\t\t\t\t\t<div class=\"elementor-column elementor-col-100 elementor-top-column elementor-element elementor-element-a3d8673\" data-id=\"a3d8673\" data-element_type=\"column\">\n\t\t\t<div class=\"elementor-widget-wrap elementor-element-populated\">\n\t\t\t\t\t\t<div class=\"elementor-element elementor-element-5f28868 elementor-widget elementor-widget-spacer\" data-id=\"5f28868\" data-element_type=\"widget\" data-widget_type=\"spacer.default\">\n\t\t\t\t<div class=\"elementor-widget-container\">\n\t\t\t\t\t\t\t<div class=\"elementor-spacer\">\n\t\t\t<div class=\"elementor-spacer-inner\"><\/div>\n\t\t<\/div>\n\t\t\t\t\t\t<\/div>\n\t\t\t\t<\/div>\n\t\t\t\t\t<\/div>\n\t\t<\/div>\n\t\t\t\t\t<\/div>\n\t\t<\/section>\n\t\t\t\t<section class=\"elementor-section elementor-top-section elementor-element elementor-element-f7ce154 elementor-section-boxed elementor-section-height-default elementor-section-height-default\" data-id=\"f7ce154\" data-element_type=\"section\" data-settings=\"{&quot;jet_parallax_layout_list&quot;:[]}\">\n\t\t\t\t\t\t<div class=\"elementor-container elementor-column-gap-default\">\n\t\t\t\t\t<div class=\"elementor-column elementor-col-100 elementor-top-column elementor-element elementor-element-45c5e71\" data-id=\"45c5e71\" data-element_type=\"column\">\n\t\t\t<div class=\"elementor-widget-wrap elementor-element-populated\">\n\t\t\t\t\t\t<div class=\"elementor-element elementor-element-90e44dd elementor-widget elementor-widget-text-editor\" data-id=\"90e44dd\" data-element_type=\"widget\" data-widget_type=\"text-editor.default\">\n\t\t\t\t<div class=\"elementor-widget-container\">\n\t\t\t\t\t\t\t\t\t<p>Seit dem Herbstsemester 2022 zeigt sich das Portfolio der Studieng\u00e4nge an der PH Graub\u00fcnden in erweiterter (Sekundarstufe I f\u00fcr Personen mit einem Fachbachelor, Sekundarstufe I und Maturit\u00e4tsschulen f\u00fcr Personen mit einem Fachmaster) sowie in angepasster Form (Kindergarten und Primarschule, Primarschule, Sekundarstufe I f\u00fcr Primarlehrpersonen, Schulische Heilp\u00e4dagogik) (vgl. Abbildung 1).<\/p>\t\t\t\t\t\t\t\t<\/div>\n\t\t\t\t<\/div>\n\t\t\t\t\t<\/div>\n\t\t<\/div>\n\t\t\t\t\t<\/div>\n\t\t<\/section>\n\t\t\t\t<section class=\"elementor-section elementor-top-section elementor-element elementor-element-c7531d7 elementor-section-boxed elementor-section-height-default elementor-section-height-default\" data-id=\"c7531d7\" data-element_type=\"section\" data-settings=\"{&quot;jet_parallax_layout_list&quot;:[]}\">\n\t\t\t\t\t\t<div class=\"elementor-container elementor-column-gap-default\">\n\t\t\t\t\t<div class=\"elementor-column elementor-col-100 elementor-top-column elementor-element elementor-element-1eff0d5\" data-id=\"1eff0d5\" data-element_type=\"column\">\n\t\t\t<div class=\"elementor-widget-wrap elementor-element-populated\">\n\t\t\t\t\t\t<div class=\"elementor-element elementor-element-36c2c07 elementor-widget elementor-widget-image\" data-id=\"36c2c07\" data-element_type=\"widget\" data-widget_type=\"image.default\">\n\t\t\t\t<div class=\"elementor-widget-container\">\n\t\t\t\t\t\t\t\t\t\t\t\t<figure class=\"wp-caption\">\n\t\t\t\t\t\t\t\t\t\t\t<a href=\"https:\/\/jahresberichte.phgr.ch\/2022\/wp-content\/uploads\/2023\/03\/phgr-im-fokus-2022-studiengaenge-ph-graubuenden-herbstsemester-2022.jpg\" data-elementor-open-lightbox=\"yes\" data-elementor-lightbox-title=\"phgr-im-fokus-2022-studiengaenge-ph-graubuenden-herbstsemester-2022\" data-e-action-hash=\"#elementor-action%3Aaction%3Dlightbox%26settings%3DeyJpZCI6NDExNSwidXJsIjoiaHR0cHM6XC9cL2phaHJlc2JlcmljaHRlLnBoZ3IuY2hcLzIwMjJcL3dwLWNvbnRlbnRcL3VwbG9hZHNcL3NpdGVzXC8yXC8yMDIzXC8wM1wvcGhnci1pbS1mb2t1cy0yMDIyLXN0dWRpZW5nYWVuZ2UtcGgtZ3JhdWJ1ZW5kZW4taGVyYnN0c2VtZXN0ZXItMjAyMi5qcGcifQ%3D%3D\">\n\t\t\t\t\t\t\t<img fetchpriority=\"high\" decoding=\"async\" width=\"2000\" height=\"1125\" src=\"https:\/\/jahresberichte.phgr.ch\/2022\/wp-content\/uploads\/sites\/2\/2023\/03\/phgr-im-fokus-2022-studiengaenge-ph-graubuenden-herbstsemester-2022.jpg\" class=\"attachment-large size-large wp-image-4115\" alt=\"\" srcset=\"https:\/\/jahresberichte.phgr.ch\/2022\/wp-content\/uploads\/sites\/2\/2023\/03\/phgr-im-fokus-2022-studiengaenge-ph-graubuenden-herbstsemester-2022.jpg 2000w, https:\/\/jahresberichte.phgr.ch\/2022\/wp-content\/uploads\/sites\/2\/2023\/03\/phgr-im-fokus-2022-studiengaenge-ph-graubuenden-herbstsemester-2022-768x432.jpg 768w, https:\/\/jahresberichte.phgr.ch\/2022\/wp-content\/uploads\/sites\/2\/2023\/03\/phgr-im-fokus-2022-studiengaenge-ph-graubuenden-herbstsemester-2022-1536x864.jpg 1536w\" sizes=\"(max-width: 2000px) 100vw, 2000px\" \/>\t\t\t\t\t\t\t\t<\/a>\n\t\t\t\t\t\t\t\t\t\t\t<figcaption class=\"widget-image-caption wp-caption-text\">Abbildung 1: Studieng\u00e4nge an der PH Graub\u00fcnden seit Herbstsemester 2022<\/figcaption>\n\t\t\t\t\t\t\t\t\t\t<\/figure>\n\t\t\t\t\t\t\t\t\t<\/div>\n\t\t\t\t<\/div>\n\t\t\t\t\t<\/div>\n\t\t<\/div>\n\t\t\t\t\t<\/div>\n\t\t<\/section>\n\t\t\t\t<section class=\"elementor-section elementor-top-section elementor-element elementor-element-c6089c3 elementor-section-boxed elementor-section-height-default elementor-section-height-default\" data-id=\"c6089c3\" data-element_type=\"section\" data-settings=\"{&quot;jet_parallax_layout_list&quot;:[]}\">\n\t\t\t\t\t\t<div class=\"elementor-container elementor-column-gap-default\">\n\t\t\t\t\t<div class=\"elementor-column elementor-col-100 elementor-top-column elementor-element elementor-element-7b2e39a\" data-id=\"7b2e39a\" data-element_type=\"column\">\n\t\t\t<div class=\"elementor-widget-wrap elementor-element-populated\">\n\t\t\t\t\t\t<div class=\"elementor-element elementor-element-87cdf87 elementor-widget elementor-widget-text-editor\" data-id=\"87cdf87\" data-element_type=\"widget\" data-widget_type=\"text-editor.default\">\n\t\t\t\t<div class=\"elementor-widget-container\">\n\t\t\t\t\t\t\t\t\t<p>Die Ber\u00fccksichtigung der besonderen Bed\u00fcrfnisse des Kantons Graub\u00fcnden, namentlich seine Dreisprachigkeit, seine periphere Lage und die zahlreichen kleinen Schulen im alpinen Raum, verlangen<\/p><ul><li>Bachelorstudieng\u00e4nge mit Schulsprache Deutsch, Romanisch und Italienisch zur Ausbildung von<br \/>Allrounderinnen und Allroundern bzw. Generalistinnen und Generalisten;<\/li><li>Masterstudieng\u00e4nge mit den F\u00e4chern Romanisch und\/oder Italienisch;<\/li><li>eine berufspraktische Ausbildung in den entsprechenden Sprachregionen;<\/li><li>die M\u00f6glichkeit, die Studieng\u00e4nge im Teilzeitformat absolvieren zu k\u00f6nnen.<\/li><\/ul>\t\t\t\t\t\t\t\t<\/div>\n\t\t\t\t<\/div>\n\t\t\t\t<div class=\"elementor-element elementor-element-8168d5f elementor-widget elementor-widget-text-editor\" data-id=\"8168d5f\" data-element_type=\"widget\" data-widget_type=\"text-editor.default\">\n\t\t\t\t<div class=\"elementor-widget-container\">\n\t\t\t\t\t\t\t\t\t<p>Der Studiengang Kindergarten und Primarschule umfasst seit dem Herbst 2022 die beiden Kindergartenjahre sowie die ersten beiden Klassen der Primarschule. Dieser Studiengang f\u00fchrt zu einer Lehrbef\u00e4higung f\u00fcr den Zyklus 1 gem\u00e4ss Lehrplan 21 und ersetzt den fr\u00fcheren Bachelorstudiengang Kindergarten. Der Studiengang Primarschule blieb indessen in seiner Struktur unver\u00e4ndert und umfasst weiterhin die erste bis sechste Klasse der Primarschule.<\/p>\t\t\t\t\t\t\t\t<\/div>\n\t\t\t\t<\/div>\n\t\t\t\t<div class=\"elementor-element elementor-element-4fe76bb elementor-widget elementor-widget-text-editor\" data-id=\"4fe76bb\" data-element_type=\"widget\" data-widget_type=\"text-editor.default\">\n\t\t\t\t<div class=\"elementor-widget-container\">\n\t\t\t\t\t\t\t\t\t<p>Die Einbettung der Studieng\u00e4nge in den nationalen Qualifikationsrahmen (nqf-ch) zeigt die Bachelor- und Masterstudieng\u00e4nge auf der ersten und zweiten Stufe der akademischen Grundbildung. Die dritte akademische Stufe mit Doktoratsstudieng\u00e4ngen und dem dazugeh\u00f6rigen Promotionsrecht bleibt den universit\u00e4ren Hochschulen vorbehalten. Die akademische Weiterbildung auf Hochschulebene tr\u00e4gt massgeblich zum Professionalisierungsprozess von Lehrpersonen bei. Dieser Professionalisierungsprozess umfasst die akademische Grundbildung, die Phase der Berufseinf\u00fchrung sowie f\u00fcnf bis zehn Jahre Berufserfahrung. Die Abbildung 2 zeigt auf, welche Studien- und Lehrg\u00e4nge durch die PH Graub\u00fcnden angeboten werden.<\/p>\t\t\t\t\t\t\t\t<\/div>\n\t\t\t\t<\/div>\n\t\t\t\t\t<\/div>\n\t\t<\/div>\n\t\t\t\t\t<\/div>\n\t\t<\/section>\n\t\t\t\t<section class=\"elementor-section elementor-top-section elementor-element elementor-element-5fe6e7f elementor-section-boxed elementor-section-height-default elementor-section-height-default\" data-id=\"5fe6e7f\" data-element_type=\"section\" data-settings=\"{&quot;jet_parallax_layout_list&quot;:[]}\">\n\t\t\t\t\t\t<div class=\"elementor-container elementor-column-gap-default\">\n\t\t\t\t\t<div class=\"elementor-column elementor-col-100 elementor-top-column elementor-element elementor-element-d8f3a4d\" data-id=\"d8f3a4d\" data-element_type=\"column\">\n\t\t\t<div class=\"elementor-widget-wrap elementor-element-populated\">\n\t\t\t\t\t\t<div class=\"elementor-element elementor-element-737c97e elementor-widget elementor-widget-image\" data-id=\"737c97e\" data-element_type=\"widget\" data-widget_type=\"image.default\">\n\t\t\t\t<div class=\"elementor-widget-container\">\n\t\t\t\t\t\t\t\t\t\t\t\t<figure class=\"wp-caption\">\n\t\t\t\t\t\t\t\t\t\t\t<a href=\"https:\/\/jahresberichte.phgr.ch\/2022\/wp-content\/uploads\/2023\/02\/phgr-im-fokus-2022-studiengaenge-ph-graubuenden-nationaler-qualifikationsrahmen-2.jpg\" data-elementor-open-lightbox=\"yes\" data-elementor-lightbox-title=\"phgr-im-fokus-2022-studiengaenge-ph-graubuenden-nationaler-qualifikationsrahmen-2\" data-e-action-hash=\"#elementor-action%3Aaction%3Dlightbox%26settings%3DeyJpZCI6MjQ2OCwidXJsIjoiaHR0cHM6XC9cL2phaHJlc2JlcmljaHRlLnBoZ3IuY2hcLzIwMjJcL3dwLWNvbnRlbnRcL3VwbG9hZHNcL3NpdGVzXC8yXC8yMDIzXC8wMlwvcGhnci1pbS1mb2t1cy0yMDIyLXN0dWRpZW5nYWVuZ2UtcGgtZ3JhdWJ1ZW5kZW4tbmF0aW9uYWxlci1xdWFsaWZpa2F0aW9uc3JhaG1lbi0yLmpwZyJ9\">\n\t\t\t\t\t\t\t<img decoding=\"async\" width=\"1794\" height=\"1002\" src=\"https:\/\/jahresberichte.phgr.ch\/2022\/wp-content\/uploads\/sites\/2\/2023\/02\/phgr-im-fokus-2022-studiengaenge-ph-graubuenden-nationaler-qualifikationsrahmen-2.jpg\" class=\"attachment-large size-large wp-image-2468\" alt=\"\" srcset=\"https:\/\/jahresberichte.phgr.ch\/2022\/wp-content\/uploads\/sites\/2\/2023\/02\/phgr-im-fokus-2022-studiengaenge-ph-graubuenden-nationaler-qualifikationsrahmen-2.jpg 1794w, https:\/\/jahresberichte.phgr.ch\/2022\/wp-content\/uploads\/sites\/2\/2023\/02\/phgr-im-fokus-2022-studiengaenge-ph-graubuenden-nationaler-qualifikationsrahmen-2-768x429.jpg 768w, https:\/\/jahresberichte.phgr.ch\/2022\/wp-content\/uploads\/sites\/2\/2023\/02\/phgr-im-fokus-2022-studiengaenge-ph-graubuenden-nationaler-qualifikationsrahmen-2-1536x858.jpg 1536w\" sizes=\"(max-width: 1794px) 100vw, 1794px\" \/>\t\t\t\t\t\t\t\t<\/a>\n\t\t\t\t\t\t\t\t\t\t\t<figcaption class=\"widget-image-caption wp-caption-text\">Abbildung 2: Die Studieng\u00e4nge der PH Graub\u00fcnden im nationalen Qualifikationsrahmen (nqf-ch)<\/figcaption>\n\t\t\t\t\t\t\t\t\t\t<\/figure>\n\t\t\t\t\t\t\t\t\t<\/div>\n\t\t\t\t<\/div>\n\t\t\t\t\t<\/div>\n\t\t<\/div>\n\t\t\t\t\t<\/div>\n\t\t<\/section>\n\t\t\t\t<section class=\"elementor-section elementor-top-section elementor-element elementor-element-355c3da elementor-section-boxed elementor-section-height-default elementor-section-height-default\" data-id=\"355c3da\" data-element_type=\"section\" data-settings=\"{&quot;jet_parallax_layout_list&quot;:[]}\">\n\t\t\t\t\t\t<div class=\"elementor-container elementor-column-gap-default\">\n\t\t\t\t\t<div class=\"elementor-column elementor-col-100 elementor-top-column elementor-element elementor-element-b0f0e0a\" data-id=\"b0f0e0a\" data-element_type=\"column\">\n\t\t\t<div class=\"elementor-widget-wrap elementor-element-populated\">\n\t\t\t\t\t\t<div class=\"elementor-element elementor-element-117f792 elementor-widget elementor-widget-text-editor\" data-id=\"117f792\" data-element_type=\"widget\" data-widget_type=\"text-editor.default\">\n\t\t\t\t<div class=\"elementor-widget-container\">\n\t\t\t\t\t\t\t\t\t<p>Die Gesuche um \u00dcberpr\u00fcfung der Voraussetzungen f\u00fcr die Anerkennung der Bachelorstudieng\u00e4nge \u00abKindergarten und Primarschule\u00bb sowie \u00abPrimarschule\u00bb sind im Sommer 2022 zuhanden der Schweizerischen Konferenz der Erziehungsdirektorinnen und -direktoren eingereicht worden. Die Best\u00e4tigung der Anerkennung der Studieng\u00e4nge durch die EDK ist f\u00fcr die P\u00e4dagogischen Hochschulen im Allgemeinen und f\u00fcr die PH Graub\u00fcnden im Speziellen von grosser Bedeutung. Die Gr\u00fcnde daf\u00fcr sind vielf\u00e4ltig. Einerseits die damit verbundene externe Qualit\u00e4ts\u00fcberpr\u00fcfung, die allf\u00e4llig daraus folgenden internen Weiterentwicklungsmassnahmen auf der Programmebene und auf der institutionellen Ebene sowie andererseits die Erhaltung der Attraktivit\u00e4t der Studieng\u00e4nge am Standort Chur f\u00fcr ausserkantonale Studierende.<\/p>\t\t\t\t\t\t\t\t<\/div>\n\t\t\t\t<\/div>\n\t\t\t\t\t<\/div>\n\t\t<\/div>\n\t\t\t\t\t<\/div>\n\t\t<\/section>\n\t\t\t\t<section class=\"elementor-section elementor-top-section elementor-element elementor-element-c774f0e elementor-section-boxed elementor-section-height-default elementor-section-height-default\" data-id=\"c774f0e\" data-element_type=\"section\" data-settings=\"{&quot;jet_parallax_layout_list&quot;:[]}\">\n\t\t\t\t\t\t<div class=\"elementor-container elementor-column-gap-default\">\n\t\t\t\t\t<div class=\"elementor-column elementor-col-100 elementor-top-column elementor-element elementor-element-5d116b4\" data-id=\"5d116b4\" data-element_type=\"column\">\n\t\t\t<div class=\"elementor-widget-wrap elementor-element-populated\">\n\t\t\t\t\t\t<div class=\"elementor-element elementor-element-3c0e574 elementor-align-left elementor-widget elementor-widget-button\" data-id=\"3c0e574\" data-element_type=\"widget\" id=\"button-gross\" data-widget_type=\"button.default\">\n\t\t\t\t<div class=\"elementor-widget-container\">\n\t\t\t\t\t\t\t\t\t<div class=\"elementor-button-wrapper\">\n\t\t\t\t\t<a class=\"elementor-button elementor-button-link elementor-size-xl\" href=\"https:\/\/jahresberichte.phgr.ch\/2022\/fokusthema\/neues-masterstudium-sekundarstufe\/\">\n\t\t\t\t\t\t<span class=\"elementor-button-content-wrapper\">\n\t\t\t\t\t\t<span class=\"elementor-button-icon\">\n\t\t\t\t<svg xmlns=\"http:\/\/www.w3.org\/2000\/svg\" id=\"a\" width=\"28.02\" height=\"19.71\" viewBox=\"0 0 28.02 19.71\"><polygon class=\"b\" points=\"18.15 0 16.38 1.77 23.27 8.65 0 8.65 0 11.15 23.18 11.15 16.38 17.94 18.15 19.71 28.02 9.85 18.15 0\"><\/polygon><\/svg>\t\t\t<\/span>\n\t\t\t\t\t\t\t\t\t<span class=\"elementor-button-text\">Lancierung neues Masterstudium Sekundarstufe<\/span>\n\t\t\t\t\t<\/span>\n\t\t\t\t\t<\/a>\n\t\t\t\t<\/div>\n\t\t\t\t\t\t\t\t<\/div>\n\t\t\t\t<\/div>\n\t\t\t\t<div class=\"elementor-element elementor-element-4d65e51 elementor-widget elementor-widget-button\" data-id=\"4d65e51\" data-element_type=\"widget\" id=\"button-gross\" data-widget_type=\"button.default\">\n\t\t\t\t<div class=\"elementor-widget-container\">\n\t\t\t\t\t\t\t\t\t<div class=\"elementor-button-wrapper\">\n\t\t\t\t\t<a class=\"elementor-button elementor-button-link elementor-size-xl\" href=\"https:\/\/jahresberichte.phgr.ch\/2022\/fokusthema\/ausbau-und-flexibilisierung-des-studienangebots\/\">\n\t\t\t\t\t\t<span class=\"elementor-button-content-wrapper\">\n\t\t\t\t\t\t<span class=\"elementor-button-icon\">\n\t\t\t\t<svg xmlns=\"http:\/\/www.w3.org\/2000\/svg\" id=\"a\" width=\"28.02\" height=\"19.71\" viewBox=\"0 0 28.02 19.71\"><polygon class=\"b\" points=\"18.15 0 16.38 1.77 23.27 8.65 0 8.65 0 11.15 23.18 11.15 16.38 17.94 18.15 19.71 28.02 9.85 18.15 0\"><\/polygon><\/svg>\t\t\t<\/span>\n\t\t\t\t\t\t\t\t\t<span class=\"elementor-button-text\">Schulische Heilp\u00e4dagogik:<br>Ausbau und Flexibilisierung des Studienangebots<\/span>\n\t\t\t\t\t<\/span>\n\t\t\t\t\t<\/a>\n\t\t\t\t<\/div>\n\t\t\t\t\t\t\t\t<\/div>\n\t\t\t\t<\/div>\n\t\t\t\t\t<\/div>\n\t\t<\/div>\n\t\t\t\t\t<\/div>\n\t\t<\/section>\n\t\t\t\t<section class=\"elementor-section elementor-top-section elementor-element elementor-element-090be92 elementor-section-boxed elementor-section-height-default elementor-section-height-default\" data-id=\"090be92\" data-element_type=\"section\" data-settings=\"{&quot;jet_parallax_layout_list&quot;:[{&quot;_id&quot;:&quot;d9c892f&quot;,&quot;jet_parallax_layout_image&quot;:{&quot;url&quot;:&quot;&quot;,&quot;id&quot;:&quot;&quot;,&quot;size&quot;:&quot;&quot;},&quot;jet_parallax_layout_image_tablet&quot;:{&quot;url&quot;:&quot;&quot;,&quot;id&quot;:&quot;&quot;,&quot;size&quot;:&quot;&quot;},&quot;jet_parallax_layout_image_mobile&quot;:{&quot;url&quot;:&quot;&quot;,&quot;id&quot;:&quot;&quot;,&quot;size&quot;:&quot;&quot;},&quot;jet_parallax_layout_speed&quot;:{&quot;unit&quot;:&quot;%&quot;,&quot;size&quot;:50,&quot;sizes&quot;:[]},&quot;jet_parallax_layout_type&quot;:&quot;scroll&quot;,&quot;jet_parallax_layout_direction&quot;:null,&quot;jet_parallax_layout_fx_direction&quot;:null,&quot;jet_parallax_layout_z_index&quot;:&quot;&quot;,&quot;jet_parallax_layout_bg_x&quot;:50,&quot;jet_parallax_layout_bg_x_tablet&quot;:&quot;&quot;,&quot;jet_parallax_layout_bg_x_mobile&quot;:&quot;&quot;,&quot;jet_parallax_layout_bg_y&quot;:50,&quot;jet_parallax_layout_bg_y_tablet&quot;:&quot;&quot;,&quot;jet_parallax_layout_bg_y_mobile&quot;:&quot;&quot;,&quot;jet_parallax_layout_bg_size&quot;:&quot;auto&quot;,&quot;jet_parallax_layout_bg_size_tablet&quot;:&quot;&quot;,&quot;jet_parallax_layout_bg_size_mobile&quot;:&quot;&quot;,&quot;jet_parallax_layout_animation_prop&quot;:&quot;transform&quot;,&quot;jet_parallax_layout_on&quot;:[&quot;desktop&quot;,&quot;tablet&quot;]}]}\">\n\t\t\t\t\t\t<div class=\"elementor-container elementor-column-gap-default\">\n\t\t\t\t\t<div class=\"elementor-column elementor-col-100 elementor-top-column elementor-element elementor-element-493d381\" data-id=\"493d381\" data-element_type=\"column\">\n\t\t\t<div class=\"elementor-widget-wrap elementor-element-populated\">\n\t\t\t\t\t\t<div class=\"elementor-element elementor-element-857daf8 elementor-widget elementor-widget-spacer\" data-id=\"857daf8\" data-element_type=\"widget\" data-widget_type=\"spacer.default\">\n\t\t\t\t<div class=\"elementor-widget-container\">\n\t\t\t\t\t\t\t<div class=\"elementor-spacer\">\n\t\t\t<div class=\"elementor-spacer-inner\"><\/div>\n\t\t<\/div>\n\t\t\t\t\t\t<\/div>\n\t\t\t\t<\/div>\n\t\t\t\t<div class=\"elementor-element elementor-element-da7c062 elementor-widget elementor-widget-heading\" data-id=\"da7c062\" data-element_type=\"widget\" data-widget_type=\"heading.default\">\n\t\t\t\t<div class=\"elementor-widget-container\">\n\t\t\t\t\t<p class=\"elementor-heading-title elementor-size-default\">Weitere Themen, die Sie interessieren k\u00f6nnten<\/p>\t\t\t\t<\/div>\n\t\t\t\t<\/div>\n\t\t\t\t<div class=\"elementor-element elementor-element-a2872bf raven-hover-scale-up elementor-widget elementor-widget-raven-posts\" data-id=\"a2872bf\" data-element_type=\"widget\" data-settings=\"{&quot;classic_columns&quot;:&quot;4&quot;,&quot;query_posts_per_page&quot;:4,&quot;_skin&quot;:&quot;classic&quot;,&quot;classic_layout&quot;:&quot;grid&quot;,&quot;classic_columns_tablet&quot;:&quot;2&quot;,&quot;classic_columns_mobile&quot;:&quot;1&quot;,&quot;query_offset&quot;:0}\" data-widget_type=\"raven-posts.classic\">\n\t\t\t\t<div class=\"elementor-widget-container\">\n\t\t\t\t\t\t\t<div class=\"raven-posts raven-grid raven-grid-4 raven-grid-mobile-1 raven-grid-tablet-2\" data-post-id=\"378\" data-archive-query=\"\" data-lang=\"\">\n\t\t\t\t<div class=\"raven-grid-item raven-post-item post-388 page type-page status-publish has-post-thumbnail hentry\">\n\t\t\t<div class=\"raven-post elementor-animation-grow\">\n\t\t\t\t\t\t<div class=\"raven-post-image-wrap\">\n\t\t\t<a class=\"raven-post-image raven-image-fit\" href=\"https:\/\/jahresberichte.phgr.ch\/2022\/prorektorate\/ausbildung\/\"><img decoding=\"async\" width=\"1000\" height=\"1000\" src=\"https:\/\/jahresberichte.phgr.ch\/2022\/wp-content\/uploads\/sites\/2\/2023\/01\/phgr-weitere-themen-prorektorat-ausbildung.jpg\" class=\"attachment-large size-large wp-image-1399\" alt=\"\" srcset=\"https:\/\/jahresberichte.phgr.ch\/2022\/wp-content\/uploads\/sites\/2\/2023\/01\/phgr-weitere-themen-prorektorat-ausbildung.jpg 1000w, https:\/\/jahresberichte.phgr.ch\/2022\/wp-content\/uploads\/sites\/2\/2023\/01\/phgr-weitere-themen-prorektorat-ausbildung-768x768.jpg 768w, https:\/\/jahresberichte.phgr.ch\/2022\/wp-content\/uploads\/sites\/2\/2023\/01\/phgr-weitere-themen-prorektorat-ausbildung-500x500.jpg 500w\" sizes=\"(max-width: 1000px) 100vw, 1000px\" \/> <span class=\"raven-post-image-overlay\"><\/span><\/a>\t\t<\/div>\n\t\t\t\t\t\t<div class=\"raven-post-content\">\n\t\t\t\t\t<h3 class=\"raven-post-title\"><a class=\"raven-post-title-link\" href=\"https:\/\/jahresberichte.phgr.ch\/2022\/prorektorate\/ausbildung\/\">Ausbildung<\/a><\/h3>\t\t\t\t<\/div>\n\t\t\t<\/div>\n\t\t<\/div>\n\t\t\t\t<div class=\"raven-grid-item raven-post-item post-390 page type-page status-publish has-post-thumbnail hentry\">\n\t\t\t<div class=\"raven-post elementor-animation-grow\">\n\t\t\t\t\t\t<div class=\"raven-post-image-wrap\">\n\t\t\t<a class=\"raven-post-image raven-image-fit\" href=\"https:\/\/jahresberichte.phgr.ch\/2022\/prorektorate\/weiterbildung-und-dienstleistung\/\"><img loading=\"lazy\" decoding=\"async\" width=\"1000\" height=\"1000\" src=\"https:\/\/jahresberichte.phgr.ch\/2022\/wp-content\/uploads\/sites\/2\/2023\/01\/phgr-weitere-themen-prorektorat-weiterbildung-dienstleistung.jpg\" class=\"attachment-large size-large wp-image-1400\" alt=\"\" srcset=\"https:\/\/jahresberichte.phgr.ch\/2022\/wp-content\/uploads\/sites\/2\/2023\/01\/phgr-weitere-themen-prorektorat-weiterbildung-dienstleistung.jpg 1000w, https:\/\/jahresberichte.phgr.ch\/2022\/wp-content\/uploads\/sites\/2\/2023\/01\/phgr-weitere-themen-prorektorat-weiterbildung-dienstleistung-768x768.jpg 768w, https:\/\/jahresberichte.phgr.ch\/2022\/wp-content\/uploads\/sites\/2\/2023\/01\/phgr-weitere-themen-prorektorat-weiterbildung-dienstleistung-500x500.jpg 500w\" sizes=\"(max-width: 1000px) 100vw, 1000px\" \/> <span class=\"raven-post-image-overlay\"><\/span><\/a>\t\t<\/div>\n\t\t\t\t\t\t<div class=\"raven-post-content\">\n\t\t\t\t\t<h3 class=\"raven-post-title\"><a class=\"raven-post-title-link\" href=\"https:\/\/jahresberichte.phgr.ch\/2022\/prorektorate\/weiterbildung-und-dienstleistung\/\">Weiterbildung und Dienstleistung<\/a><\/h3>\t\t\t\t<\/div>\n\t\t\t<\/div>\n\t\t<\/div>\n\t\t\t\t<div class=\"raven-grid-item raven-post-item post-1292 page type-page status-publish has-post-thumbnail hentry\">\n\t\t\t<div class=\"raven-post elementor-animation-grow\">\n\t\t\t\t\t\t<div class=\"raven-post-image-wrap\">\n\t\t\t<a class=\"raven-post-image raven-image-fit\" href=\"https:\/\/jahresberichte.phgr.ch\/2022\/zahlen-und-fakten\/\"><img loading=\"lazy\" decoding=\"async\" width=\"1000\" height=\"1000\" src=\"https:\/\/jahresberichte.phgr.ch\/2022\/wp-content\/uploads\/sites\/2\/2023\/02\/phgr-weitere-themen-zahlen-und-fakten.jpg\" class=\"attachment-large size-large wp-image-2369\" alt=\"\" srcset=\"https:\/\/jahresberichte.phgr.ch\/2022\/wp-content\/uploads\/sites\/2\/2023\/02\/phgr-weitere-themen-zahlen-und-fakten.jpg 1000w, https:\/\/jahresberichte.phgr.ch\/2022\/wp-content\/uploads\/sites\/2\/2023\/02\/phgr-weitere-themen-zahlen-und-fakten-768x768.jpg 768w, https:\/\/jahresberichte.phgr.ch\/2022\/wp-content\/uploads\/sites\/2\/2023\/02\/phgr-weitere-themen-zahlen-und-fakten-500x500.jpg 500w\" sizes=\"(max-width: 1000px) 100vw, 1000px\" \/> <span class=\"raven-post-image-overlay\"><\/span><\/a>\t\t<\/div>\n\t\t\t\t\t\t<div class=\"raven-post-content\">\n\t\t\t\t\t<h3 class=\"raven-post-title\"><a class=\"raven-post-title-link\" href=\"https:\/\/jahresberichte.phgr.ch\/2022\/zahlen-und-fakten\/\">Zahlen &#038; Fakten<\/a><\/h3>\t\t\t\t<\/div>\n\t\t\t<\/div>\n\t\t<\/div>\n\t\t\t\t<div class=\"raven-grid-item raven-post-item post-396 page type-page status-publish has-post-thumbnail hentry\">\n\t\t\t<div class=\"raven-post elementor-animation-grow\">\n\t\t\t\t\t\t<div class=\"raven-post-image-wrap\">\n\t\t\t<a class=\"raven-post-image raven-image-fit\" href=\"https:\/\/jahresberichte.phgr.ch\/2022\/ereignisse-des-jahres\/\"><img loading=\"lazy\" decoding=\"async\" width=\"1000\" height=\"1000\" src=\"https:\/\/jahresberichte.phgr.ch\/2022\/wp-content\/uploads\/sites\/2\/2023\/01\/phgr-weitere-themen-ereignisse-des-jahres.jpg\" class=\"attachment-large size-large wp-image-1395\" alt=\"\" srcset=\"https:\/\/jahresberichte.phgr.ch\/2022\/wp-content\/uploads\/sites\/2\/2023\/01\/phgr-weitere-themen-ereignisse-des-jahres.jpg 1000w, https:\/\/jahresberichte.phgr.ch\/2022\/wp-content\/uploads\/sites\/2\/2023\/01\/phgr-weitere-themen-ereignisse-des-jahres-768x768.jpg 768w, https:\/\/jahresberichte.phgr.ch\/2022\/wp-content\/uploads\/sites\/2\/2023\/01\/phgr-weitere-themen-ereignisse-des-jahres-500x500.jpg 500w\" sizes=\"(max-width: 1000px) 100vw, 1000px\" \/> <span class=\"raven-post-image-overlay\"><\/span><\/a>\t\t<\/div>\n\t\t\t\t\t\t<div class=\"raven-post-content\">\n\t\t\t\t\t<h3 class=\"raven-post-title\"><a class=\"raven-post-title-link\" href=\"https:\/\/jahresberichte.phgr.ch\/2022\/ereignisse-des-jahres\/\">Ereignisse des Jahres<\/a><\/h3>\t\t\t\t<\/div>\n\t\t\t<\/div>\n\t\t<\/div>\n\t\t\t\t<\/div>\n\t\t\t\t\t\t<\/div>\n\t\t\t\t<\/div>\n\t\t\t\t<div class=\"elementor-element elementor-element-6338ce3 elementor-widget elementor-widget-spacer\" data-id=\"6338ce3\" data-element_type=\"widget\" data-widget_type=\"spacer.default\">\n\t\t\t\t<div class=\"elementor-widget-container\">\n\t\t\t\t\t\t\t<div class=\"elementor-spacer\">\n\t\t\t<div class=\"elementor-spacer-inner\"><\/div>\n\t\t<\/div>\n\t\t\t\t\t\t<\/div>\n\t\t\t\t<\/div>\n\t\t\t\t\t<\/div>\n\t\t<\/div>\n\t\t\t\t\t<\/div>\n\t\t<\/section>\n\t\t\t\t<\/div>\n\t\t","protected":false},"excerpt":{"rendered":"<p>Im Fokus Neue Studieng\u00e4nge Mit den neuen Studieng\u00e4ngen spricht die PH Graub\u00fcnden neue Zielgruppen an und geht gleichzeitig auf die besonderen Bed\u00fcrfnisse des Kantons Graub\u00fcnden ein. Seit dem Herbstsemester 2022 zeigt sich das Portfolio der Studieng\u00e4nge an der PH Graub\u00fcnden in erweiterter (Sekundarstufe I f\u00fcr Personen mit einem Fachbachelor, Sekundarstufe I und Maturit\u00e4tsschulen f\u00fcr Personen [&hellip;]<\/p>\n","protected":false},"author":1,"featured_media":1398,"parent":0,"menu_order":0,"comment_status":"closed","ping_status":"closed","template":"elementor_header_footer","meta":{"_acf_changed":false,"footnotes":""},"class_list":["post-378","page","type-page","status-publish","has-post-thumbnail","hentry"],"acf":[],"_links":{"self":[{"href":"https:\/\/jahresberichte.phgr.ch\/2022\/wp-json\/wp\/v2\/pages\/378","targetHints":{"allow":["GET"]}}],"collection":[{"href":"https:\/\/jahresberichte.phgr.ch\/2022\/wp-json\/wp\/v2\/pages"}],"about":[{"href":"https:\/\/jahresberichte.phgr.ch\/2022\/wp-json\/wp\/v2\/types\/page"}],"author":[{"embeddable":true,"href":"https:\/\/jahresberichte.phgr.ch\/2022\/wp-json\/wp\/v2\/users\/1"}],"replies":[{"embeddable":true,"href":"https:\/\/jahresberichte.phgr.ch\/2022\/wp-json\/wp\/v2\/comments?post=378"}],"version-history":[{"count":15,"href":"https:\/\/jahresberichte.phgr.ch\/2022\/wp-json\/wp\/v2\/pages\/378\/revisions"}],"predecessor-version":[{"id":4625,"href":"https:\/\/jahresberichte.phgr.ch\/2022\/wp-json\/wp\/v2\/pages\/378\/revisions\/4625"}],"wp:featuredmedia":[{"embeddable":true,"href":"https:\/\/jahresberichte.phgr.ch\/2022\/wp-json\/wp\/v2\/media\/1398"}],"wp:attachment":[{"href":"https:\/\/jahresberichte.phgr.ch\/2022\/wp-json\/wp\/v2\/media?parent=378"}],"curies":[{"name":"wp","href":"https:\/\/api.w.org\/{rel}","templated":true}]}}