{"id":388,"date":"2023-01-13T14:41:45","date_gmt":"2023-01-13T13:41:45","guid":{"rendered":"https:\/\/jahresberichte.phgr.ch\/2022\/?page_id=388"},"modified":"2024-03-21T12:28:08","modified_gmt":"2024-03-21T11:28:08","slug":"ausbildung","status":"publish","type":"page","link":"https:\/\/jahresberichte.phgr.ch\/2022\/prorektorate\/ausbildung\/","title":{"rendered":"Ausbildung"},"content":{"rendered":"\t\t<div data-elementor-type=\"wp-page\" data-elementor-id=\"388\" class=\"elementor elementor-388\" data-elementor-post-type=\"page\">\n\t\t\t\t\t\t<section class=\"elementor-section elementor-top-section elementor-element elementor-element-48c66600 elementor-section-height-min-height elementor-section-boxed elementor-section-height-default elementor-section-items-middle\" data-id=\"48c66600\" data-element_type=\"section\" data-settings=\"{&quot;jet_parallax_layout_list&quot;:[],&quot;background_background&quot;:&quot;classic&quot;}\">\n\t\t\t\t\t\t<div class=\"elementor-container elementor-column-gap-default\">\n\t\t\t\t\t<div class=\"elementor-column elementor-col-100 elementor-top-column elementor-element elementor-element-41004e49\" data-id=\"41004e49\" data-element_type=\"column\">\n\t\t\t<div class=\"elementor-widget-wrap elementor-element-populated\">\n\t\t\t\t\t\t<div class=\"elementor-element elementor-element-3fcef5e6 elementor-widget elementor-widget-heading\" data-id=\"3fcef5e6\" data-element_type=\"widget\" data-widget_type=\"heading.default\">\n\t\t\t\t<div class=\"elementor-widget-container\">\n\t\t\t\t\t<h3 class=\"elementor-heading-title elementor-size-default\">Prorektorat<\/h3>\t\t\t\t<\/div>\n\t\t\t\t<\/div>\n\t\t\t\t<div class=\"elementor-element elementor-element-5096607a elementor-widget elementor-widget-heading\" data-id=\"5096607a\" data-element_type=\"widget\" id=\"title-underline\" data-widget_type=\"heading.default\">\n\t\t\t\t<div class=\"elementor-widget-container\">\n\t\t\t\t\t<h2 class=\"elementor-heading-title elementor-size-default\">Ausbildung<\/h2>\t\t\t\t<\/div>\n\t\t\t\t<\/div>\n\t\t\t\t<div class=\"elementor-element elementor-element-414deaeb elementor-widget elementor-widget-heading\" data-id=\"414deaeb\" data-element_type=\"widget\" data-widget_type=\"heading.default\">\n\t\t\t\t<div class=\"elementor-widget-container\">\n\t\t\t\t\t<h3 class=\"elementor-heading-title elementor-size-default\">\u00abIch kann freilich nicht sagen, ob es besser werden wird, wenn es anders wird; aber so viel kann ich sagen: Es muss anders werden, wenn es gut werden soll.\u00bb \n<br>\u2013 Georg Christoph Lichtenberg<\/h3>\t\t\t\t<\/div>\n\t\t\t\t<\/div>\n\t\t\t\t\t<\/div>\n\t\t<\/div>\n\t\t\t\t\t<\/div>\n\t\t<\/section>\n\t\t\t\t<section class=\"elementor-section elementor-top-section elementor-element elementor-element-1fa961bc elementor-section-full_width elementor-section-height-min-height elementor-section-height-default elementor-section-items-middle\" data-id=\"1fa961bc\" data-element_type=\"section\" data-settings=\"{&quot;jet_parallax_layout_list&quot;:[],&quot;background_background&quot;:&quot;classic&quot;}\">\n\t\t\t\t\t\t<div class=\"elementor-container elementor-column-gap-default\">\n\t\t\t\t\t<div class=\"elementor-column elementor-col-100 elementor-top-column elementor-element elementor-element-2cb290be\" data-id=\"2cb290be\" data-element_type=\"column\">\n\t\t\t<div class=\"elementor-widget-wrap elementor-element-populated\">\n\t\t\t\t\t\t<div class=\"elementor-element elementor-element-b7df005 elementor-widget elementor-widget-spacer\" data-id=\"b7df005\" data-element_type=\"widget\" data-widget_type=\"spacer.default\">\n\t\t\t\t<div class=\"elementor-widget-container\">\n\t\t\t\t\t\t\t<div class=\"elementor-spacer\">\n\t\t\t<div class=\"elementor-spacer-inner\"><\/div>\n\t\t<\/div>\n\t\t\t\t\t\t<\/div>\n\t\t\t\t<\/div>\n\t\t\t\t\t<\/div>\n\t\t<\/div>\n\t\t\t\t\t<\/div>\n\t\t<\/section>\n\t\t\t\t<section class=\"elementor-section elementor-top-section elementor-element elementor-element-7d694575 elementor-section-boxed elementor-section-height-default elementor-section-height-default\" data-id=\"7d694575\" data-element_type=\"section\" data-settings=\"{&quot;jet_parallax_layout_list&quot;:[]}\">\n\t\t\t\t\t\t<div class=\"elementor-container elementor-column-gap-default\">\n\t\t\t\t\t<div class=\"elementor-column elementor-col-100 elementor-top-column elementor-element elementor-element-56028395\" data-id=\"56028395\" data-element_type=\"column\">\n\t\t\t<div class=\"elementor-widget-wrap elementor-element-populated\">\n\t\t\t\t\t\t<div class=\"elementor-element elementor-element-7e8aa61c elementor-widget elementor-widget-heading\" data-id=\"7e8aa61c\" data-element_type=\"widget\" data-widget_type=\"heading.default\">\n\t\t\t\t<div class=\"elementor-widget-container\">\n\t\t\t\t\t<h3 class=\"elementor-heading-title elementor-size-default\">Das Jahr der grossen Ver\u00e4nderungen<\/h3>\t\t\t\t<\/div>\n\t\t\t\t<\/div>\n\t\t\t\t<div class=\"elementor-element elementor-element-393738c8 elementor-widget elementor-widget-text-editor\" data-id=\"393738c8\" data-element_type=\"widget\" data-widget_type=\"text-editor.default\">\n\t\t\t\t<div class=\"elementor-widget-container\">\n\t\t\t\t\t\t\t\t\t<p>Vor einem Jahr noch fokussierte sich die Ausbildung der PH Graub\u00fcnden im Wesentlichen auf die beiden Studieng\u00e4nge f\u00fcr k\u00fcnftige Kindergarten- und f\u00fcr k\u00fcnftige Primar-Lehrpersonen. Vor einem Jahr noch bildeten die Grundausbildung und die berufspraktische Ausbildung zwei getrennte Abteilungen. Und vor einem Jahr noch f\u00fchrte der Leiter der Grundausbildung alle der rund 50 Dozierenden direkt \u2013 zumindest auf dem Papier.<\/p><p>Diese Ausgangslage machte das Jahr 2022 zum Jahr der grossen Ver\u00e4nderungen:<\/p><ul><li>Im Januar fusionierten die berufspraktische Ausbildung und die Grundausbildung. Das neu geschaffene Prorektorat Ausbildung f\u00f6rderte die Zusammenarbeit dieser beiden Ausbildungsteile, nahm die ehemaligen Ressort-Leitungen als Studiengangs-Leitungen in die Verantwortung und verlegte die den einzelnen Studiengang \u00fcbergreifende Planung in den Prorektoratsstab.<\/li><li>Im Februar begannen die vier Bereichsleitungen ihre Arbeit. Diese wirken bei der Rekrutierung der neuen Dozierenden mit, unterst\u00fctzen bei der Personaleinsatzplanung und f\u00fchren die Mitarbeitendengespr\u00e4che. Sie gehen auf Unterrichtsbesuch, unterst\u00fctzen und tragen zur Qualit\u00e4tsoptimierung bei. Sie koordinieren ihren jeweiligen Bereich und entwickeln ihn zusammen mit dem Team weiter.<\/li><li>Im September starteten die neuen Studieng\u00e4nge. Der Studiengang \u00abKindergarten und Primarschule (1. bis 2. Klasse)\u00bb l\u00f6st den Kindergarten-Studiengang ab. Der Studiengang \u00abPrimarschule (1. bis 6. Klasse)\u00bb findet neu zus\u00e4tzlich in einer auf vier Jahre ausgelegten Teilzeit-Variante statt. Und die <span style=\"color: #c7d200;\"><a style=\"color: #c7d200;\" href=\"\/2022\/fokusthema\/neues-masterstudium-sekundarstufe\/\">neuen Studieng\u00e4nge \u00abSek I\u00bb f\u00fcr Personen mit Fachbachelor und \u00abSek I und Maturit\u00e4tsschulen\u00bb f\u00fcr Personen mit Fachmaster<\/a><\/span> erg\u00e4nzen das Portfolio an Studieng\u00e4ngen, insbesondere um dem Bedarf an Lehrpersonen f\u00fcr die Sekundarstufe gerecht zu werden.<\/li><\/ul><p>Die strukturellen \u00c4nderungen f\u00fchren selbstredend zu kulturellen Ver\u00e4nderungen: Die Studierenden in den Teilzeit- und den Sek-Studieng\u00e4ngen sind vielfach bereits seit Jahren berufst\u00e4tig, erh\u00f6hen den Altersdurchschnitt und ver\u00e4ndern die Anspr\u00fcche an die zeitliche Flexibilit\u00e4t und die Ausgestaltung des Unterrichts. Die drei Bereichsleiterinnen und der Bereichsleiter waren die letzten Jahre selber Dozierende, \u00fcbernehmen und gestalten eine neue Rolle und pr\u00e4gen auch dank ihrer fachlichen und pers\u00f6nlichen N\u00e4he zu den Dozierenden die Weiterentwicklung der Hochschule in wesentlichen Belangen.<\/p><p>Ob die Attraktivit\u00e4t der neuen Studieng\u00e4nge, die Qualit\u00e4t der Ausbildung, die Pr\u00e4senz an den abgebenden Schulen, der neue Kommunikationsauftritt oder exogene Faktoren dazu gef\u00fchrt haben, dass die PH Graub\u00fcnden einen neuen Rekord mit erstmals \u00fcber 200 Anmeldungen verzeichnete, l\u00e4sst sich nicht abschliessend beantworten.<\/p><p>Noch ist es zu fr\u00fch zu sagen, ob es besser geworden ist; aber so viel k\u00f6nnen wir sagen: Einiges ist getan, damit es darauf aufbauend gut werden kann.<\/p>\t\t\t\t\t\t\t\t<\/div>\n\t\t\t\t<\/div>\n\t\t\t\t\t<\/div>\n\t\t<\/div>\n\t\t\t\t\t<\/div>\n\t\t<\/section>\n\t\t\t\t<section class=\"elementor-section elementor-top-section elementor-element elementor-element-fbda39d elementor-section-boxed elementor-section-height-default elementor-section-height-default\" data-id=\"fbda39d\" data-element_type=\"section\" data-settings=\"{&quot;jet_parallax_layout_list&quot;:[]}\">\n\t\t\t\t\t\t<div class=\"elementor-container elementor-column-gap-default\">\n\t\t\t\t\t<div class=\"elementor-column elementor-col-100 elementor-top-column elementor-element elementor-element-5097d7a\" data-id=\"5097d7a\" data-element_type=\"column\">\n\t\t\t<div class=\"elementor-widget-wrap elementor-element-populated\">\n\t\t\t\t\t\t<div class=\"elementor-element elementor-element-e7a11b3 elementor-widget elementor-widget-image\" data-id=\"e7a11b3\" data-element_type=\"widget\" data-widget_type=\"image.default\">\n\t\t\t\t<div class=\"elementor-widget-container\">\n\t\t\t\t\t\t\t\t\t\t\t\t\t\t\t<img fetchpriority=\"high\" decoding=\"async\" width=\"2160\" height=\"1102\" src=\"https:\/\/jahresberichte.phgr.ch\/2022\/wp-content\/uploads\/sites\/2\/2023\/02\/phgr-prorektorat-2022-ausbildung-zitat-1.jpg\" class=\"attachment-large size-large wp-image-2630\" alt=\"\" srcset=\"https:\/\/jahresberichte.phgr.ch\/2022\/wp-content\/uploads\/sites\/2\/2023\/02\/phgr-prorektorat-2022-ausbildung-zitat-1.jpg 2160w, https:\/\/jahresberichte.phgr.ch\/2022\/wp-content\/uploads\/sites\/2\/2023\/02\/phgr-prorektorat-2022-ausbildung-zitat-1-768x392.jpg 768w, https:\/\/jahresberichte.phgr.ch\/2022\/wp-content\/uploads\/sites\/2\/2023\/02\/phgr-prorektorat-2022-ausbildung-zitat-1-1536x784.jpg 1536w, https:\/\/jahresberichte.phgr.ch\/2022\/wp-content\/uploads\/sites\/2\/2023\/02\/phgr-prorektorat-2022-ausbildung-zitat-1-2048x1045.jpg 2048w\" sizes=\"(max-width: 2160px) 100vw, 2160px\" \/>\t\t\t\t\t\t\t\t\t\t\t\t\t\t\t<\/div>\n\t\t\t\t<\/div>\n\t\t\t\t\t<\/div>\n\t\t<\/div>\n\t\t\t\t\t<\/div>\n\t\t<\/section>\n\t\t\t\t<section class=\"elementor-section elementor-top-section elementor-element elementor-element-2332307 elementor-section-boxed elementor-section-height-default elementor-section-height-default\" data-id=\"2332307\" data-element_type=\"section\" data-settings=\"{&quot;jet_parallax_layout_list&quot;:[]}\">\n\t\t\t\t\t\t<div class=\"elementor-container elementor-column-gap-default\">\n\t\t\t\t\t<div class=\"elementor-column elementor-col-100 elementor-top-column elementor-element elementor-element-fbb0ff7\" data-id=\"fbb0ff7\" data-element_type=\"column\">\n\t\t\t<div class=\"elementor-widget-wrap elementor-element-populated\">\n\t\t\t\t\t\t<div class=\"elementor-element elementor-element-aa62942 elementor-widget elementor-widget-heading\" data-id=\"aa62942\" data-element_type=\"widget\" id=\"subtitle-underline\" data-widget_type=\"heading.default\">\n\t\t\t\t<div class=\"elementor-widget-container\">\n\t\t\t\t\t<h3 class=\"elementor-heading-title elementor-size-default\">Berufspraxis<\/h3>\t\t\t\t<\/div>\n\t\t\t\t<\/div>\n\t\t\t\t<div class=\"elementor-element elementor-element-78184ea elementor-widget elementor-widget-text-editor\" data-id=\"78184ea\" data-element_type=\"widget\" data-widget_type=\"text-editor.default\">\n\t\t\t\t<div class=\"elementor-widget-container\">\n\t\t\t\t\t\t\t\t\t<p>\u00abIch gratuliere euch fu\u0308r die tolle Vorarbeit mit den Studierenden. Wir sind sehr zufrieden und wu\u0308rden sie gerne behalten.\u00bb Dies ist das Feedback einer Praxislehrperson nach dem berufspraktischen Semester 2022. R\u00fcckmeldungen wie diese best\u00e4rken uns in unserer Arbeit. Dabei ist uns wichtig, dass sich die Studierenden im Praktikum &#8211; auf der Basis einer soliden Vorbereitung &#8211; ganz auf die Kinder und ihr Lernen einlassen, dieses f\u00f6rdern und sich am Praktikumsort bew\u00e4hren k\u00f6nnen.<\/p><p>Dieses Ziel unterst\u00fctzt auch das neu eingef\u00fchrte Mentoratskonzept der PH Graub\u00fcnden.<\/p><p><strong>Neu<\/strong> erhalten alle Studierenden im ersten Studienjahr sowohl Einblick in den Kindergarten als auch in die Primarschule. Dazu ist das erste Praktikum, das im ersten Semester jeweils am Mittwoch stattfindet, in zwei Phasen aufgeteilt. In der ersten Phase arbeiten die Studierenden mit Kindern in einer Kindergartenklasse, in der anderen Phase in einer Klasse des 2. Zyklus, also in einer 3., 4., 5. oder 6. Klasse. So k\u00f6nnen sich die Studierenden ein erstes Bild des Lernens von Kindern im 1. Zyklus und 2. Zyklus machen und entscheiden, ob der urspr\u00fcnglich gew\u00e4hlte Studiengang passend ist. Anschliessend k\u00f6nnen sie bei Bedarf den Studiengang wechseln.<\/p><p><strong>Neu<\/strong> ist das Vorgehen f\u00fcr die Abkl\u00e4rung der Berufseignung im ersten Studienjahr. Eine Mentorin\/ein Mentor \u00fcbernimmt eine Lerngruppe mit ca. 20 Studierenden und begleitet diese durch die beiden Module der Berufspraxis des ersten Ausbildungsjahres. Eine wichtige Aufgabe der Mentor:innen ist dabei, den Studierenden die Komplexit\u00e4t des Berufs der Lehrperson erlebbar und bewusst zu machen und die individuelle Berufseignung zu thematisieren. Dazu steht das neue Instrument \u00abEignungskriterien f\u00fcr den Lehrberuf\u00bb zur Verf\u00fcgung und unterst\u00fctzt dabei, die drei Kriterien \u00abSozial- und Beziehungskompetenz\u00bb, \u00abSelbstkompetenz\u00bb und \u00abOrganisationskompetenz\u00bb sowie die verschiedenen zugeordneten Kompetenzen differenziert wahrzunehmen. Die Studierenden nehmen anhand dieses Instruments Selbsteinsch\u00e4tzungen vor und erhalten nach dem ersten Semester eine Fremdbeurteilung. Am Ende des ersten Studienjahres ist die Abkl\u00e4rung der Berufseignung abgeschlossen.<\/p><p><strong>Neu<\/strong> unterst\u00fctzt ein Praxisdozent oder eine Praxisdozentin die Mentor:innen bei ihren Aufgaben. Die Praxisdozierenden sind Lehrpersonen, die in der Regel an einer Kooperationsschule der PH Graub\u00fcnden t\u00e4tig sind und zusammen mit Mentorinnen ein Team bilden. Gemeinsam gestalten sie Veranstaltungen zur Vorbereitung und Reflexion der Praktika. Die Studierenden erhalten also bei ihren Unterrichtsplanungen und -auswertungen Begleitung und Beratung aus verschiedenen Perspektiven. So kann die erw\u00fcnschte Verbindung von Theoriewissen und den Anspr\u00fcchen an kompetentes praktisches Handeln massgeblich unterst\u00fctzt werden. Indem die Praxisdozierenden \u2013 in enger Kooperation mit den Mentor:innen \u2013 mit den Studierenden sowohl in der Kooperationsschule wie auch an der PH Graub\u00fcnden arbeiten, stellen sie eine wichtige Scharnierstelle zwischen beiden Lernorten dar.<\/p><p>Neben der Einf\u00fchrung dieser Neuerungen war im vergangenen Jahr die Organisation der Praktikumspl\u00e4tze eine grosse Herausforderung. Wir bem\u00fchen uns, Praktikumspl\u00e4tze in der N\u00e4he des Wohnorts der Studierenden zu finden. Die Gr\u00f6sse des Einzugsgebietes unserer Studierenden und die Dreisprachigkeit unserer Hochschule machen diese Aufgabe spannend, aber oft auch schwierig. Bisher gelang es insbesondere dank des grossen Netzwerkes und der guten Zusammenarbeit mit den Schulleitungen unserer Kooperationsschulen.<\/p><p>Die Zusammenarbeit wird auch von den Praxislehrpersonen sehr gesch\u00e4tzt. Dies zeigt sich unter anderem an den hohen Teilnehmendenzahlen anl\u00e4sslich der regelm\u00e4ssigen Treffen zwischen Praxislehrpersonen und den Verantwortlichen der Berufspraxis an der PH Graub\u00fcnden. Wir danken den Praxislehrpersonen f\u00fcr ihre engagierte Arbeit mit den Studierenden.<\/p>\t\t\t\t\t\t\t\t<\/div>\n\t\t\t\t<\/div>\n\t\t\t\t\t<\/div>\n\t\t<\/div>\n\t\t\t\t\t<\/div>\n\t\t<\/section>\n\t\t\t\t<section class=\"elementor-section elementor-top-section elementor-element elementor-element-4083b058 elementor-section-boxed elementor-section-height-default elementor-section-height-default\" data-id=\"4083b058\" data-element_type=\"section\" data-settings=\"{&quot;jet_parallax_layout_list&quot;:[]}\">\n\t\t\t\t\t\t<div class=\"elementor-container elementor-column-gap-default\">\n\t\t\t\t\t<div class=\"elementor-column elementor-col-100 elementor-top-column elementor-element elementor-element-4ea1bbe7\" data-id=\"4ea1bbe7\" data-element_type=\"column\">\n\t\t\t<div class=\"elementor-widget-wrap elementor-element-populated\">\n\t\t\t\t\t\t<div class=\"elementor-element elementor-element-829fe32 elementor-widget elementor-widget-template\" data-id=\"829fe32\" data-element_type=\"widget\" data-widget_type=\"template.default\">\n\t\t\t\t<div class=\"elementor-widget-container\">\n\t\t\t\t\t\t\t<div class=\"elementor-template\">\n\t\t\t\t\t<div data-elementor-type=\"section\" data-elementor-id=\"405\" class=\"elementor elementor-405\" data-elementor-post-type=\"elementor_library\">\n\t\t\t\t\t<section class=\"elementor-section elementor-top-section elementor-element elementor-element-4b57afed elementor-section-boxed elementor-section-height-default elementor-section-height-default\" data-id=\"4b57afed\" data-element_type=\"section\" data-settings=\"{&quot;jet_parallax_layout_list&quot;:[{&quot;_id&quot;:&quot;d9c892f&quot;,&quot;jet_parallax_layout_image&quot;:{&quot;url&quot;:&quot;&quot;,&quot;id&quot;:&quot;&quot;,&quot;size&quot;:&quot;&quot;},&quot;jet_parallax_layout_image_tablet&quot;:{&quot;url&quot;:&quot;&quot;,&quot;id&quot;:&quot;&quot;,&quot;size&quot;:&quot;&quot;},&quot;jet_parallax_layout_image_mobile&quot;:{&quot;url&quot;:&quot;&quot;,&quot;id&quot;:&quot;&quot;,&quot;size&quot;:&quot;&quot;},&quot;jet_parallax_layout_speed&quot;:{&quot;unit&quot;:&quot;%&quot;,&quot;size&quot;:50,&quot;sizes&quot;:[]},&quot;jet_parallax_layout_type&quot;:&quot;scroll&quot;,&quot;jet_parallax_layout_direction&quot;:null,&quot;jet_parallax_layout_fx_direction&quot;:null,&quot;jet_parallax_layout_z_index&quot;:&quot;&quot;,&quot;jet_parallax_layout_bg_x&quot;:50,&quot;jet_parallax_layout_bg_x_tablet&quot;:&quot;&quot;,&quot;jet_parallax_layout_bg_x_mobile&quot;:&quot;&quot;,&quot;jet_parallax_layout_bg_y&quot;:50,&quot;jet_parallax_layout_bg_y_tablet&quot;:&quot;&quot;,&quot;jet_parallax_layout_bg_y_mobile&quot;:&quot;&quot;,&quot;jet_parallax_layout_bg_size&quot;:&quot;auto&quot;,&quot;jet_parallax_layout_bg_size_tablet&quot;:&quot;&quot;,&quot;jet_parallax_layout_bg_size_mobile&quot;:&quot;&quot;,&quot;jet_parallax_layout_animation_prop&quot;:&quot;transform&quot;,&quot;jet_parallax_layout_on&quot;:[&quot;desktop&quot;,&quot;tablet&quot;]}]}\">\n\t\t\t\t\t\t<div class=\"elementor-container elementor-column-gap-default\">\n\t\t\t\t\t<div class=\"elementor-column elementor-col-100 elementor-top-column elementor-element elementor-element-1ac5f5d7\" data-id=\"1ac5f5d7\" data-element_type=\"column\">\n\t\t\t<div class=\"elementor-widget-wrap elementor-element-populated\">\n\t\t\t\t\t\t<div class=\"elementor-element elementor-element-3f22510f elementor-widget elementor-widget-spacer\" data-id=\"3f22510f\" data-element_type=\"widget\" data-widget_type=\"spacer.default\">\n\t\t\t\t<div class=\"elementor-widget-container\">\n\t\t\t\t\t\t\t<div class=\"elementor-spacer\">\n\t\t\t<div class=\"elementor-spacer-inner\"><\/div>\n\t\t<\/div>\n\t\t\t\t\t\t<\/div>\n\t\t\t\t<\/div>\n\t\t\t\t<div class=\"elementor-element elementor-element-18099056 elementor-widget elementor-widget-heading\" data-id=\"18099056\" data-element_type=\"widget\" data-widget_type=\"heading.default\">\n\t\t\t\t<div class=\"elementor-widget-container\">\n\t\t\t\t\t<p class=\"elementor-heading-title elementor-size-default\">Weitere Themen, die Sie interessieren k\u00f6nnten<\/p>\t\t\t\t<\/div>\n\t\t\t\t<\/div>\n\t\t\t\t<div class=\"elementor-element elementor-element-4de2d066 raven-hover-scale-up elementor-widget elementor-widget-raven-posts\" data-id=\"4de2d066\" data-element_type=\"widget\" data-settings=\"{&quot;classic_columns&quot;:&quot;4&quot;,&quot;query_posts_per_page&quot;:4,&quot;_skin&quot;:&quot;classic&quot;,&quot;classic_layout&quot;:&quot;grid&quot;,&quot;classic_columns_tablet&quot;:&quot;2&quot;,&quot;classic_columns_mobile&quot;:&quot;1&quot;,&quot;query_offset&quot;:0}\" data-widget_type=\"raven-posts.classic\">\n\t\t\t\t<div class=\"elementor-widget-container\">\n\t\t\t\t\t\t\t<div class=\"raven-posts raven-grid raven-grid-4 raven-grid-mobile-1 raven-grid-tablet-2\" data-post-id=\"405\" data-archive-query=\"\" data-lang=\"\">\n\t\t\t\t<div class=\"raven-grid-item raven-post-item post-2773 page type-page status-publish has-post-thumbnail hentry\">\n\t\t\t<div class=\"raven-post elementor-animation-grow\">\n\t\t\t\t\t\t<div class=\"raven-post-image-wrap\">\n\t\t\t<a class=\"raven-post-image raven-image-fit\" href=\"https:\/\/jahresberichte.phgr.ch\/2022\/rm\/tema-central\/pedagogia-curativa-da-scola-svilup-e-flexibilisaziun-da-la-purschida-da-studi\/\"><img decoding=\"async\" width=\"1000\" height=\"1000\" src=\"https:\/\/jahresberichte.phgr.ch\/2022\/wp-content\/uploads\/sites\/2\/2023\/01\/phgr-weitere-themen-heilpaedagogik.jpg\" class=\"attachment-large size-large wp-image-1396\" alt=\"\" srcset=\"https:\/\/jahresberichte.phgr.ch\/2022\/wp-content\/uploads\/sites\/2\/2023\/01\/phgr-weitere-themen-heilpaedagogik.jpg 1000w, https:\/\/jahresberichte.phgr.ch\/2022\/wp-content\/uploads\/sites\/2\/2023\/01\/phgr-weitere-themen-heilpaedagogik-768x768.jpg 768w, https:\/\/jahresberichte.phgr.ch\/2022\/wp-content\/uploads\/sites\/2\/2023\/01\/phgr-weitere-themen-heilpaedagogik-500x500.jpg 500w\" sizes=\"(max-width: 1000px) 100vw, 1000px\" \/> <span class=\"raven-post-image-overlay\"><\/span><\/a>\t\t<\/div>\n\t\t\t\t\t\t<div class=\"raven-post-content\">\n\t\t\t\t\t<h3 class=\"raven-post-title\"><a class=\"raven-post-title-link\" href=\"https:\/\/jahresberichte.phgr.ch\/2022\/rm\/tema-central\/pedagogia-curativa-da-scola-svilup-e-flexibilisaziun-da-la-purschida-da-studi\/\">Pedagogia curativa da scola: svilup e flexibilisaziun da la purschida da studi<\/a><\/h3>\t\t\t\t<\/div>\n\t\t\t<\/div>\n\t\t<\/div>\n\t\t\t\t<div class=\"raven-grid-item raven-post-item post-613 page type-page status-publish has-post-thumbnail hentry\">\n\t\t\t<div class=\"raven-post elementor-animation-grow\">\n\t\t\t\t\t\t<div class=\"raven-post-image-wrap\">\n\t\t\t<a class=\"raven-post-image raven-image-fit\" href=\"https:\/\/jahresberichte.phgr.ch\/2022\/fokusthema\/neues-masterstudium-sekundarstufe\/\"><img decoding=\"async\" width=\"1000\" height=\"1000\" src=\"https:\/\/jahresberichte.phgr.ch\/2022\/wp-content\/uploads\/sites\/2\/2023\/01\/phgr-weitere-themen-masterstudiengang-sekundarstufe.jpg\" class=\"attachment-large size-large wp-image-1397\" alt=\"\" srcset=\"https:\/\/jahresberichte.phgr.ch\/2022\/wp-content\/uploads\/sites\/2\/2023\/01\/phgr-weitere-themen-masterstudiengang-sekundarstufe.jpg 1000w, https:\/\/jahresberichte.phgr.ch\/2022\/wp-content\/uploads\/sites\/2\/2023\/01\/phgr-weitere-themen-masterstudiengang-sekundarstufe-768x768.jpg 768w, https:\/\/jahresberichte.phgr.ch\/2022\/wp-content\/uploads\/sites\/2\/2023\/01\/phgr-weitere-themen-masterstudiengang-sekundarstufe-500x500.jpg 500w\" sizes=\"(max-width: 1000px) 100vw, 1000px\" \/> <span class=\"raven-post-image-overlay\"><\/span><\/a>\t\t<\/div>\n\t\t\t\t\t\t<div class=\"raven-post-content\">\n\t\t\t\t\t<h3 class=\"raven-post-title\"><a class=\"raven-post-title-link\" href=\"https:\/\/jahresberichte.phgr.ch\/2022\/fokusthema\/neues-masterstudium-sekundarstufe\/\">Neues Masterstudium Sekundarstufe<\/a><\/h3>\t\t\t\t<\/div>\n\t\t\t<\/div>\n\t\t<\/div>\n\t\t\t\t<div class=\"raven-grid-item raven-post-item post-2767 page type-page status-publish has-post-thumbnail hentry\">\n\t\t\t<div class=\"raven-post elementor-animation-grow\">\n\t\t\t\t\t\t<div class=\"raven-post-image-wrap\">\n\t\t\t<a class=\"raven-post-image raven-image-fit\" href=\"https:\/\/jahresberichte.phgr.ch\/2022\/rm\/tema-central\/lantschada-dal-studi-da-master-stgalim-secundar\/\"><img decoding=\"async\" width=\"1000\" height=\"1000\" src=\"https:\/\/jahresberichte.phgr.ch\/2022\/wp-content\/uploads\/sites\/2\/2023\/01\/phgr-weitere-themen-masterstudiengang-sekundarstufe.jpg\" class=\"attachment-large size-large wp-image-1397\" alt=\"\" srcset=\"https:\/\/jahresberichte.phgr.ch\/2022\/wp-content\/uploads\/sites\/2\/2023\/01\/phgr-weitere-themen-masterstudiengang-sekundarstufe.jpg 1000w, https:\/\/jahresberichte.phgr.ch\/2022\/wp-content\/uploads\/sites\/2\/2023\/01\/phgr-weitere-themen-masterstudiengang-sekundarstufe-768x768.jpg 768w, https:\/\/jahresberichte.phgr.ch\/2022\/wp-content\/uploads\/sites\/2\/2023\/01\/phgr-weitere-themen-masterstudiengang-sekundarstufe-500x500.jpg 500w\" sizes=\"(max-width: 1000px) 100vw, 1000px\" \/> <span class=\"raven-post-image-overlay\"><\/span><\/a>\t\t<\/div>\n\t\t\t\t\t\t<div class=\"raven-post-content\">\n\t\t\t\t\t<h3 class=\"raven-post-title\"><a class=\"raven-post-title-link\" href=\"https:\/\/jahresberichte.phgr.ch\/2022\/rm\/tema-central\/lantschada-dal-studi-da-master-stgalim-secundar\/\">Lantschada dal studi da master stgalim secundar<\/a><\/h3>\t\t\t\t<\/div>\n\t\t\t<\/div>\n\t\t<\/div>\n\t\t\t\t<div class=\"raven-grid-item raven-post-item post-394 page type-page status-publish has-post-thumbnail hentry\">\n\t\t\t<div class=\"raven-post elementor-animation-grow\">\n\t\t\t\t\t\t<div class=\"raven-post-image-wrap\">\n\t\t\t<a class=\"raven-post-image raven-image-fit\" href=\"https:\/\/jahresberichte.phgr.ch\/2022\/prorektorate\/verwaltung\/\"><img loading=\"lazy\" decoding=\"async\" width=\"1000\" height=\"1000\" src=\"https:\/\/jahresberichte.phgr.ch\/2022\/wp-content\/uploads\/sites\/2\/2023\/01\/phgr-weitere-themen-verwaltung.jpg\" class=\"attachment-large size-large wp-image-1410\" alt=\"\" srcset=\"https:\/\/jahresberichte.phgr.ch\/2022\/wp-content\/uploads\/sites\/2\/2023\/01\/phgr-weitere-themen-verwaltung.jpg 1000w, https:\/\/jahresberichte.phgr.ch\/2022\/wp-content\/uploads\/sites\/2\/2023\/01\/phgr-weitere-themen-verwaltung-768x768.jpg 768w, https:\/\/jahresberichte.phgr.ch\/2022\/wp-content\/uploads\/sites\/2\/2023\/01\/phgr-weitere-themen-verwaltung-500x500.jpg 500w\" sizes=\"(max-width: 1000px) 100vw, 1000px\" \/> <span class=\"raven-post-image-overlay\"><\/span><\/a>\t\t<\/div>\n\t\t\t\t\t\t<div class=\"raven-post-content\">\n\t\t\t\t\t<h3 class=\"raven-post-title\"><a class=\"raven-post-title-link\" href=\"https:\/\/jahresberichte.phgr.ch\/2022\/prorektorate\/verwaltung\/\">Verwaltung<\/a><\/h3>\t\t\t\t<\/div>\n\t\t\t<\/div>\n\t\t<\/div>\n\t\t\t\t<\/div>\n\t\t\t\t\t\t<\/div>\n\t\t\t\t<\/div>\n\t\t\t\t<div class=\"elementor-element elementor-element-56f8d48 elementor-widget elementor-widget-spacer\" data-id=\"56f8d48\" data-element_type=\"widget\" data-widget_type=\"spacer.default\">\n\t\t\t\t<div class=\"elementor-widget-container\">\n\t\t\t\t\t\t\t<div class=\"elementor-spacer\">\n\t\t\t<div class=\"elementor-spacer-inner\"><\/div>\n\t\t<\/div>\n\t\t\t\t\t\t<\/div>\n\t\t\t\t<\/div>\n\t\t\t\t\t<\/div>\n\t\t<\/div>\n\t\t\t\t\t<\/div>\n\t\t<\/section>\n\t\t\t\t<\/div>\n\t\t\t\t<\/div>\n\t\t\t\t\t\t<\/div>\n\t\t\t\t<\/div>\n\t\t\t\t\t<\/div>\n\t\t<\/div>\n\t\t\t\t\t<\/div>\n\t\t<\/section>\n\t\t\t\t<\/div>\n\t\t","protected":false},"excerpt":{"rendered":"<p>Prorektorat Ausbildung \u00abIch kann freilich nicht sagen, ob es besser werden wird, wenn es anders wird; aber so viel kann ich sagen: Es muss anders werden, wenn es gut werden soll.\u00bb \u2013 Georg Christoph Lichtenberg Das Jahr der grossen Ver\u00e4nderungen Vor einem Jahr noch fokussierte sich die Ausbildung der PH Graub\u00fcnden im Wesentlichen auf die [&hellip;]<\/p>\n","protected":false},"author":1,"featured_media":1399,"parent":386,"menu_order":0,"comment_status":"closed","ping_status":"closed","template":"elementor_header_footer","meta":{"_acf_changed":false,"footnotes":""},"class_list":["post-388","page","type-page","status-publish","has-post-thumbnail","hentry"],"acf":[],"_links":{"self":[{"href":"https:\/\/jahresberichte.phgr.ch\/2022\/wp-json\/wp\/v2\/pages\/388","targetHints":{"allow":["GET"]}}],"collection":[{"href":"https:\/\/jahresberichte.phgr.ch\/2022\/wp-json\/wp\/v2\/pages"}],"about":[{"href":"https:\/\/jahresberichte.phgr.ch\/2022\/wp-json\/wp\/v2\/types\/page"}],"author":[{"embeddable":true,"href":"https:\/\/jahresberichte.phgr.ch\/2022\/wp-json\/wp\/v2\/users\/1"}],"replies":[{"embeddable":true,"href":"https:\/\/jahresberichte.phgr.ch\/2022\/wp-json\/wp\/v2\/comments?post=388"}],"version-history":[{"count":9,"href":"https:\/\/jahresberichte.phgr.ch\/2022\/wp-json\/wp\/v2\/pages\/388\/revisions"}],"predecessor-version":[{"id":4570,"href":"https:\/\/jahresberichte.phgr.ch\/2022\/wp-json\/wp\/v2\/pages\/388\/revisions\/4570"}],"up":[{"embeddable":true,"href":"https:\/\/jahresberichte.phgr.ch\/2022\/wp-json\/wp\/v2\/pages\/386"}],"wp:featuredmedia":[{"embeddable":true,"href":"https:\/\/jahresberichte.phgr.ch\/2022\/wp-json\/wp\/v2\/media\/1399"}],"wp:attachment":[{"href":"https:\/\/jahresberichte.phgr.ch\/2022\/wp-json\/wp\/v2\/media?parent=388"}],"curies":[{"name":"wp","href":"https:\/\/api.w.org\/{rel}","templated":true}]}}