{"id":394,"date":"2023-01-13T14:45:06","date_gmt":"2023-01-13T13:45:06","guid":{"rendered":"https:\/\/jahresberichte.phgr.ch\/2022\/?page_id=394"},"modified":"2023-03-21T15:22:00","modified_gmt":"2023-03-21T14:22:00","slug":"verwaltung","status":"publish","type":"page","link":"https:\/\/jahresberichte.phgr.ch\/2022\/prorektorate\/verwaltung\/","title":{"rendered":"Verwaltung"},"content":{"rendered":"\t\t<div data-elementor-type=\"wp-page\" data-elementor-id=\"394\" class=\"elementor elementor-394\" data-elementor-post-type=\"page\">\n\t\t\t\t\t\t<section class=\"elementor-section elementor-top-section elementor-element elementor-element-cb60196 elementor-section-height-min-height elementor-section-boxed elementor-section-height-default elementor-section-items-middle\" data-id=\"cb60196\" data-element_type=\"section\" data-settings=\"{&quot;jet_parallax_layout_list&quot;:[],&quot;background_background&quot;:&quot;classic&quot;}\">\n\t\t\t\t\t\t<div class=\"elementor-container elementor-column-gap-default\">\n\t\t\t\t\t<div class=\"elementor-column elementor-col-100 elementor-top-column elementor-element elementor-element-3f9b5a1e\" data-id=\"3f9b5a1e\" data-element_type=\"column\">\n\t\t\t<div class=\"elementor-widget-wrap elementor-element-populated\">\n\t\t\t\t\t\t<div class=\"elementor-element elementor-element-3aab1dec elementor-hidden-desktop elementor-hidden-tablet elementor-hidden-mobile elementor-widget elementor-widget-heading\" data-id=\"3aab1dec\" data-element_type=\"widget\" data-widget_type=\"heading.default\">\n\t\t\t\t<div class=\"elementor-widget-container\">\n\t\t\t\t\t<h3 class=\"elementor-heading-title elementor-size-default\">Prorektorate<\/h3>\t\t\t\t<\/div>\n\t\t\t\t<\/div>\n\t\t\t\t<div class=\"elementor-element elementor-element-501069f7 elementor-widget elementor-widget-heading\" data-id=\"501069f7\" data-element_type=\"widget\" id=\"title-underline\" data-widget_type=\"heading.default\">\n\t\t\t\t<div class=\"elementor-widget-container\">\n\t\t\t\t\t<h2 class=\"elementor-heading-title elementor-size-default\">Verwaltung<\/h2>\t\t\t\t<\/div>\n\t\t\t\t<\/div>\n\t\t\t\t<div class=\"elementor-element elementor-element-6005f5c elementor-widget elementor-widget-heading\" data-id=\"6005f5c\" data-element_type=\"widget\" data-widget_type=\"heading.default\">\n\t\t\t\t<div class=\"elementor-widget-container\">\n\t\t\t\t\t<h3 class=\"elementor-heading-title elementor-size-default\">Die Initiativen der Verwaltung zielen darauf ab, die PH Graub\u00fcnden zu einem attraktiven Studien- und Arbeitsort zu machen.<\/h3>\t\t\t\t<\/div>\n\t\t\t\t<\/div>\n\t\t\t\t\t<\/div>\n\t\t<\/div>\n\t\t\t\t\t<\/div>\n\t\t<\/section>\n\t\t\t\t<section class=\"elementor-section elementor-top-section elementor-element elementor-element-42e6d49c elementor-section-full_width elementor-section-height-min-height elementor-section-height-default elementor-section-items-middle\" data-id=\"42e6d49c\" data-element_type=\"section\" data-settings=\"{&quot;jet_parallax_layout_list&quot;:[],&quot;background_background&quot;:&quot;classic&quot;}\">\n\t\t\t\t\t\t<div class=\"elementor-container elementor-column-gap-default\">\n\t\t\t\t\t<div class=\"elementor-column elementor-col-100 elementor-top-column elementor-element elementor-element-1efa124b\" data-id=\"1efa124b\" data-element_type=\"column\">\n\t\t\t<div class=\"elementor-widget-wrap elementor-element-populated\">\n\t\t\t\t\t\t<div class=\"elementor-element elementor-element-768352d7 elementor-widget elementor-widget-spacer\" data-id=\"768352d7\" data-element_type=\"widget\" data-widget_type=\"spacer.default\">\n\t\t\t\t<div class=\"elementor-widget-container\">\n\t\t\t\t\t\t\t<div class=\"elementor-spacer\">\n\t\t\t<div class=\"elementor-spacer-inner\"><\/div>\n\t\t<\/div>\n\t\t\t\t\t\t<\/div>\n\t\t\t\t<\/div>\n\t\t\t\t\t<\/div>\n\t\t<\/div>\n\t\t\t\t\t<\/div>\n\t\t<\/section>\n\t\t\t\t<section class=\"elementor-section elementor-top-section elementor-element elementor-element-26399b48 elementor-section-boxed elementor-section-height-default elementor-section-height-default\" data-id=\"26399b48\" data-element_type=\"section\" data-settings=\"{&quot;jet_parallax_layout_list&quot;:[]}\">\n\t\t\t\t\t\t<div class=\"elementor-container elementor-column-gap-default\">\n\t\t\t\t\t<div class=\"elementor-column elementor-col-100 elementor-top-column elementor-element elementor-element-517bea05\" data-id=\"517bea05\" data-element_type=\"column\">\n\t\t\t<div class=\"elementor-widget-wrap elementor-element-populated\">\n\t\t\t\t\t\t<div class=\"elementor-element elementor-element-44fa5c2 elementor-widget elementor-widget-text-editor\" data-id=\"44fa5c2\" data-element_type=\"widget\" data-widget_type=\"text-editor.default\">\n\t\t\t\t<div class=\"elementor-widget-container\">\n\t\t\t\t\t\t\t\t\t<p>W\u00e4hrend zu Jahresbeginn die Umsetzung der vom Hochschulrat beschlossenen Strukturanpassung abgeschlossen und so ein wichtiger Meilenstein f\u00fcr die PH Graub\u00fcnden der Zukunft erreicht werden konnte, durften gleichzeitig die Planungsarbeiten f\u00fcr den Ausbau der Sektoren Personal und Finanzen aufgenommen werden, mit dem Ziel, diese Bereiche ab 2023 bzw. 2024 vollst\u00e4ndig an der PH Graub\u00fcnden bewirtschaften zu k\u00f6nnen. Als besondere Herausforderung stellte sich die Gewinnung der daf\u00fcr ben\u00f6tigten Mitarbeitenden heraus. In Verwaltungsaufgaben akzentuiert sich der Wettbewerb um Fachkr\u00e4fte. Die am 1. Januar 2023 in Kraft tretende Teilrevision des Personalgesetzes kann einen Beitrag zur Erh\u00f6hung der Wettbewerbsf\u00e4higkeit der PH Graub\u00fcnden als selbstst\u00e4ndige \u00f6ffentlich-rechtliche Arbeitgeberin leisten. Die angestrebte vollst\u00e4ndige Bewirtschaftung des Personals durch die PH Graub\u00fcnden wird zudem einen Beitrag zur noch besseren Betreuung der Mitarbeiterinnen und Mitarbeiter leisten.<\/p><p>Mit dem Nutzungs- und Betriebskonzept konnte ein weiterer Meilenstein f\u00fcr die PH Graub\u00fcnden der Zukunft erreicht werden. Gemeinsam mit Studierenden, mit Dozierenden aller Fachbereiche, mit Vertreterinnen und Vertretern aus den Prorektoraten Ausbildung, Weiterbildung sowie Forschung und Entwicklung als auch mit Mitarbeiterinnen und Mitarbeitern aus der Verwaltung wurden in einem breit abgest\u00fctzten Prozess die Bed\u00fcrfnisse an eine moderne und f\u00fcr den Lehr- und Lernprozess f\u00f6rderliche Infrastruktur aufgenommen. Die Auseinandersetzung mit dem eigenen Arbeitsplatz der Zukunft hat spannende Diskussionen angestossen, welche uns in diesem Prozess weiter begleiten werden. Dabei hat sich gezeigt, dass die Denkanst\u00f6sse nicht an der Schwelle des Seminarraums bzw. an der B\u00fcrot\u00fcre enden, sondern den gesamten Campus als Lehr-, Lern- und Arbeitsort betrachten.<\/p>\t\t\t\t\t\t\t\t<\/div>\n\t\t\t\t<\/div>\n\t\t\t\t\t<\/div>\n\t\t<\/div>\n\t\t\t\t\t<\/div>\n\t\t<\/section>\n\t\t\t\t<section class=\"elementor-section elementor-top-section elementor-element elementor-element-df5d97c elementor-section-boxed elementor-section-height-default elementor-section-height-default\" data-id=\"df5d97c\" data-element_type=\"section\" data-settings=\"{&quot;jet_parallax_layout_list&quot;:[]}\">\n\t\t\t\t\t\t<div class=\"elementor-container elementor-column-gap-default\">\n\t\t\t\t\t<div class=\"elementor-column elementor-col-100 elementor-top-column elementor-element elementor-element-98fc9e1\" data-id=\"98fc9e1\" data-element_type=\"column\">\n\t\t\t<div class=\"elementor-widget-wrap elementor-element-populated\">\n\t\t\t\t\t\t<div class=\"elementor-element elementor-element-8e84467 elementor-widget elementor-widget-heading\" data-id=\"8e84467\" data-element_type=\"widget\" id=\"subtitle-underline\" data-widget_type=\"heading.default\">\n\t\t\t\t<div class=\"elementor-widget-container\">\n\t\t\t\t\t<h3 class=\"elementor-heading-title elementor-size-default\">\u00abMia\u00bb<\/h3>\t\t\t\t<\/div>\n\t\t\t\t<\/div>\n\t\t\t\t<div class=\"elementor-element elementor-element-ebc9a06 elementor-widget elementor-widget-heading\" data-id=\"ebc9a06\" data-element_type=\"widget\" data-widget_type=\"heading.default\">\n\t\t\t\t<div class=\"elementor-widget-container\">\n\t\t\t\t\t<h3 class=\"elementor-heading-title elementor-size-default\">Massgeschneiderte Informationen auf einer zentralen Plattform<\/h3>\t\t\t\t<\/div>\n\t\t\t\t<\/div>\n\t\t\t\t<div class=\"elementor-element elementor-element-47ec13c elementor-widget elementor-widget-text-editor\" data-id=\"47ec13c\" data-element_type=\"widget\" data-widget_type=\"text-editor.default\">\n\t\t\t\t<div class=\"elementor-widget-container\">\n\t\t\t\t\t\t\t\t\t<p>Was in den Jahren 2017\/18 als Lernendenprojekt in der Informatik begann, konnte in diesem Jahr als zentrale Plattform f\u00fcr Studierende ausgerollt werden. Die Entwicklung der Plattform erfolgte in enger Zusammenarbeit zwischen dem Prorektorat Ausbildung, den Studierenden und der Informatik der PH Graub\u00fcnden. Studierende und Dozierende erhalten so Zugriff auf f\u00fcr sie massgeschneiderte Informationen. Mit dem f\u00fcr das 1. Quartal 2023 vorgesehenen Update werden Hochschulangeh\u00f6rige Unterrichtsr\u00e4ume reservieren, Dozierende ihre Lehrveranstaltungen verwalten und Kursleitende Kursantr\u00e4ge einreichen k\u00f6nnen. Integration der Bibliothekskarte, die M\u00f6glichkeit, M\u00e4ngel und Defekte direkt melden zu k\u00f6nnen oder Luftqualit\u00e4t und Raumtemperatur zwecks gezielten L\u00fcftens einsehen zu k\u00f6nnen, sind nur einige der geplanten weiteren Schritte.<\/p>\t\t\t\t\t\t\t\t<\/div>\n\t\t\t\t<\/div>\n\t\t\t\t\t<\/div>\n\t\t<\/div>\n\t\t\t\t\t<\/div>\n\t\t<\/section>\n\t\t\t\t<section class=\"elementor-section elementor-top-section elementor-element elementor-element-7dfcc746 elementor-section-boxed elementor-section-height-default elementor-section-height-default\" data-id=\"7dfcc746\" data-element_type=\"section\" data-settings=\"{&quot;jet_parallax_layout_list&quot;:[],&quot;background_background&quot;:&quot;classic&quot;}\">\n\t\t\t\t\t\t<div class=\"elementor-container elementor-column-gap-default\">\n\t\t\t\t\t<div class=\"elementor-column elementor-col-100 elementor-top-column elementor-element elementor-element-3ce08798\" data-id=\"3ce08798\" data-element_type=\"column\">\n\t\t\t<div class=\"elementor-widget-wrap elementor-element-populated\">\n\t\t\t\t\t\t<div class=\"elementor-element elementor-element-29ba413f elementor-widget elementor-widget-text-editor\" data-id=\"29ba413f\" data-element_type=\"widget\" data-widget_type=\"text-editor.default\">\n\t\t\t\t<div class=\"elementor-widget-container\">\n\t\t\t\t\t\t\t\t\t<p><span style=\"color: #ffffff;\">Der Name Mia \u2013 Romanisch und Italienisch f\u00fcr mein, meine \u2013 wurde bewusst so gew\u00e4hlt, um einerseits die Mehrsprachigkeit der PH Graub\u00fcnden zu unterstreichen und gleichzeitig die Funktionen der Plattform wie \u00abMein Studium\u00bb, \u00abMein Stundenplan\u00bb, \u00abMeine Kontaktdaten\u00bb etc. zusammenzufassen.<\/span><\/p>\t\t\t\t\t\t\t\t<\/div>\n\t\t\t\t<\/div>\n\t\t\t\t\t<\/div>\n\t\t<\/div>\n\t\t\t\t\t<\/div>\n\t\t<\/section>\n\t\t\t\t<section class=\"elementor-section elementor-top-section elementor-element elementor-element-7c3c49f elementor-section-boxed elementor-section-height-default elementor-section-height-default\" data-id=\"7c3c49f\" data-element_type=\"section\" data-settings=\"{&quot;jet_parallax_layout_list&quot;:[]}\">\n\t\t\t\t\t\t<div class=\"elementor-container elementor-column-gap-default\">\n\t\t\t\t\t<div class=\"elementor-column elementor-col-100 elementor-top-column elementor-element elementor-element-00be7cf\" data-id=\"00be7cf\" data-element_type=\"column\">\n\t\t\t<div class=\"elementor-widget-wrap elementor-element-populated\">\n\t\t\t\t\t\t<div class=\"elementor-element elementor-element-d512ee7 elementor-widget elementor-widget-text-editor\" data-id=\"d512ee7\" data-element_type=\"widget\" data-widget_type=\"text-editor.default\">\n\t\t\t\t<div class=\"elementor-widget-container\">\n\t\t\t\t\t\t\t\t\t<p>R\u00fcckblickend stand das Jahr 2022 aus Sicht der Verwaltung im Zeichen des strategischen Ziels \u00abDie PH Graub\u00fcnden der Zukunft gestalten\u00bb. Es konnten wichtige Meilensteine erreicht und notwendige Grundlagen geschaffen werden, immer mit dem Ziel vor Augen, die PH Graub\u00fcnden zu einem noch attraktiveren Studien- und Arbeitsort zu machen.<\/p>\t\t\t\t\t\t\t\t<\/div>\n\t\t\t\t<\/div>\n\t\t\t\t\t<\/div>\n\t\t<\/div>\n\t\t\t\t\t<\/div>\n\t\t<\/section>\n\t\t\t\t<section class=\"elementor-section elementor-top-section elementor-element elementor-element-542d23d4 elementor-section-boxed elementor-section-height-default elementor-section-height-default\" data-id=\"542d23d4\" data-element_type=\"section\" data-settings=\"{&quot;jet_parallax_layout_list&quot;:[]}\">\n\t\t\t\t\t\t<div class=\"elementor-container elementor-column-gap-default\">\n\t\t\t\t\t<div class=\"elementor-column elementor-col-100 elementor-top-column elementor-element elementor-element-5271f30d\" data-id=\"5271f30d\" data-element_type=\"column\">\n\t\t\t<div class=\"elementor-widget-wrap elementor-element-populated\">\n\t\t\t\t\t\t<div class=\"elementor-element elementor-element-17abf5ef elementor-widget elementor-widget-template\" data-id=\"17abf5ef\" data-element_type=\"widget\" data-widget_type=\"template.default\">\n\t\t\t\t<div class=\"elementor-widget-container\">\n\t\t\t\t\t\t\t<div class=\"elementor-template\">\n\t\t\t\t\t<div data-elementor-type=\"section\" data-elementor-id=\"405\" class=\"elementor elementor-405\" data-elementor-post-type=\"elementor_library\">\n\t\t\t\t\t<section class=\"elementor-section elementor-top-section elementor-element elementor-element-4b57afed elementor-section-boxed elementor-section-height-default elementor-section-height-default\" data-id=\"4b57afed\" data-element_type=\"section\" data-settings=\"{&quot;jet_parallax_layout_list&quot;:[{&quot;_id&quot;:&quot;d9c892f&quot;,&quot;jet_parallax_layout_image&quot;:{&quot;url&quot;:&quot;&quot;,&quot;id&quot;:&quot;&quot;,&quot;size&quot;:&quot;&quot;},&quot;jet_parallax_layout_image_tablet&quot;:{&quot;url&quot;:&quot;&quot;,&quot;id&quot;:&quot;&quot;,&quot;size&quot;:&quot;&quot;},&quot;jet_parallax_layout_image_mobile&quot;:{&quot;url&quot;:&quot;&quot;,&quot;id&quot;:&quot;&quot;,&quot;size&quot;:&quot;&quot;},&quot;jet_parallax_layout_speed&quot;:{&quot;unit&quot;:&quot;%&quot;,&quot;size&quot;:50,&quot;sizes&quot;:[]},&quot;jet_parallax_layout_type&quot;:&quot;scroll&quot;,&quot;jet_parallax_layout_direction&quot;:null,&quot;jet_parallax_layout_fx_direction&quot;:null,&quot;jet_parallax_layout_z_index&quot;:&quot;&quot;,&quot;jet_parallax_layout_bg_x&quot;:50,&quot;jet_parallax_layout_bg_x_tablet&quot;:&quot;&quot;,&quot;jet_parallax_layout_bg_x_mobile&quot;:&quot;&quot;,&quot;jet_parallax_layout_bg_y&quot;:50,&quot;jet_parallax_layout_bg_y_tablet&quot;:&quot;&quot;,&quot;jet_parallax_layout_bg_y_mobile&quot;:&quot;&quot;,&quot;jet_parallax_layout_bg_size&quot;:&quot;auto&quot;,&quot;jet_parallax_layout_bg_size_tablet&quot;:&quot;&quot;,&quot;jet_parallax_layout_bg_size_mobile&quot;:&quot;&quot;,&quot;jet_parallax_layout_animation_prop&quot;:&quot;transform&quot;,&quot;jet_parallax_layout_on&quot;:[&quot;desktop&quot;,&quot;tablet&quot;]}]}\">\n\t\t\t\t\t\t<div class=\"elementor-container elementor-column-gap-default\">\n\t\t\t\t\t<div class=\"elementor-column elementor-col-100 elementor-top-column elementor-element elementor-element-1ac5f5d7\" data-id=\"1ac5f5d7\" data-element_type=\"column\">\n\t\t\t<div class=\"elementor-widget-wrap elementor-element-populated\">\n\t\t\t\t\t\t<div class=\"elementor-element elementor-element-3f22510f elementor-widget elementor-widget-spacer\" data-id=\"3f22510f\" data-element_type=\"widget\" data-widget_type=\"spacer.default\">\n\t\t\t\t<div class=\"elementor-widget-container\">\n\t\t\t\t\t\t\t<div class=\"elementor-spacer\">\n\t\t\t<div class=\"elementor-spacer-inner\"><\/div>\n\t\t<\/div>\n\t\t\t\t\t\t<\/div>\n\t\t\t\t<\/div>\n\t\t\t\t<div class=\"elementor-element elementor-element-18099056 elementor-widget elementor-widget-heading\" data-id=\"18099056\" data-element_type=\"widget\" data-widget_type=\"heading.default\">\n\t\t\t\t<div class=\"elementor-widget-container\">\n\t\t\t\t\t<p class=\"elementor-heading-title elementor-size-default\">Weitere Themen, die Sie interessieren k\u00f6nnten<\/p>\t\t\t\t<\/div>\n\t\t\t\t<\/div>\n\t\t\t\t<div class=\"elementor-element elementor-element-4de2d066 raven-hover-scale-up elementor-widget elementor-widget-raven-posts\" data-id=\"4de2d066\" data-element_type=\"widget\" data-settings=\"{&quot;classic_columns&quot;:&quot;4&quot;,&quot;query_posts_per_page&quot;:4,&quot;_skin&quot;:&quot;classic&quot;,&quot;classic_layout&quot;:&quot;grid&quot;,&quot;classic_columns_tablet&quot;:&quot;2&quot;,&quot;classic_columns_mobile&quot;:&quot;1&quot;,&quot;query_offset&quot;:0}\" data-widget_type=\"raven-posts.classic\">\n\t\t\t\t<div class=\"elementor-widget-container\">\n\t\t\t\t\t\t\t<div class=\"raven-posts raven-grid raven-grid-4 raven-grid-mobile-1 raven-grid-tablet-2\" data-post-id=\"405\" data-archive-query=\"\" data-lang=\"\">\n\t\t\t\t<div class=\"raven-grid-item raven-post-item post-1124 page type-page status-publish has-post-thumbnail hentry\">\n\t\t\t<div class=\"raven-post elementor-animation-grow\">\n\t\t\t\t\t\t<div class=\"raven-post-image-wrap\">\n\t\t\t<a class=\"raven-post-image raven-image-fit\" href=\"https:\/\/jahresberichte.phgr.ch\/2022\/geschaeftsjahr-2022\/\"><img fetchpriority=\"high\" decoding=\"async\" width=\"1000\" height=\"1000\" src=\"https:\/\/jahresberichte.phgr.ch\/2022\/wp-content\/uploads\/sites\/2\/2023\/02\/phgr-weitere-themen-geschaeftsjahr-2022.jpg\" class=\"attachment-large size-large wp-image-2375\" alt=\"\" srcset=\"https:\/\/jahresberichte.phgr.ch\/2022\/wp-content\/uploads\/sites\/2\/2023\/02\/phgr-weitere-themen-geschaeftsjahr-2022.jpg 1000w, https:\/\/jahresberichte.phgr.ch\/2022\/wp-content\/uploads\/sites\/2\/2023\/02\/phgr-weitere-themen-geschaeftsjahr-2022-768x768.jpg 768w, https:\/\/jahresberichte.phgr.ch\/2022\/wp-content\/uploads\/sites\/2\/2023\/02\/phgr-weitere-themen-geschaeftsjahr-2022-500x500.jpg 500w\" sizes=\"(max-width: 1000px) 100vw, 1000px\" \/> <span class=\"raven-post-image-overlay\"><\/span><\/a>\t\t<\/div>\n\t\t\t\t\t\t<div class=\"raven-post-content\">\n\t\t\t\t\t<h3 class=\"raven-post-title\"><a class=\"raven-post-title-link\" href=\"https:\/\/jahresberichte.phgr.ch\/2022\/geschaeftsjahr-2022\/\">Gesch\u00e4ftsjahr 2022<\/a><\/h3>\t\t\t\t<\/div>\n\t\t\t<\/div>\n\t\t<\/div>\n\t\t\t\t<div class=\"raven-grid-item raven-post-item post-2974 page type-page status-publish has-post-thumbnail hentry\">\n\t\t\t<div class=\"raven-post elementor-animation-grow\">\n\t\t\t\t\t\t<div class=\"raven-post-image-wrap\">\n\t\t\t<a class=\"raven-post-image raven-image-fit\" href=\"https:\/\/jahresberichte.phgr.ch\/2022\/it\/prorettorati\/amministrazione\/\"><img decoding=\"async\" width=\"1000\" height=\"1000\" src=\"https:\/\/jahresberichte.phgr.ch\/2022\/wp-content\/uploads\/sites\/2\/2023\/01\/phgr-weitere-themen-verwaltung.jpg\" class=\"attachment-large size-large wp-image-1410\" alt=\"\" srcset=\"https:\/\/jahresberichte.phgr.ch\/2022\/wp-content\/uploads\/sites\/2\/2023\/01\/phgr-weitere-themen-verwaltung.jpg 1000w, https:\/\/jahresberichte.phgr.ch\/2022\/wp-content\/uploads\/sites\/2\/2023\/01\/phgr-weitere-themen-verwaltung-768x768.jpg 768w, https:\/\/jahresberichte.phgr.ch\/2022\/wp-content\/uploads\/sites\/2\/2023\/01\/phgr-weitere-themen-verwaltung-500x500.jpg 500w\" sizes=\"(max-width: 1000px) 100vw, 1000px\" \/> <span class=\"raven-post-image-overlay\"><\/span><\/a>\t\t<\/div>\n\t\t\t\t\t\t<div class=\"raven-post-content\">\n\t\t\t\t\t<h3 class=\"raven-post-title\"><a class=\"raven-post-title-link\" href=\"https:\/\/jahresberichte.phgr.ch\/2022\/it\/prorettorati\/amministrazione\/\">Amministrazione<\/a><\/h3>\t\t\t\t<\/div>\n\t\t\t<\/div>\n\t\t<\/div>\n\t\t\t\t<div class=\"raven-grid-item raven-post-item post-2967 page type-page status-publish has-post-thumbnail hentry\">\n\t\t\t<div class=\"raven-post elementor-animation-grow\">\n\t\t\t\t\t\t<div class=\"raven-post-image-wrap\">\n\t\t\t<a class=\"raven-post-image raven-image-fit\" href=\"https:\/\/jahresberichte.phgr.ch\/2022\/it\/prorettorati\/formazione\/\"><img decoding=\"async\" width=\"1000\" height=\"1000\" src=\"https:\/\/jahresberichte.phgr.ch\/2022\/wp-content\/uploads\/sites\/2\/2023\/01\/phgr-weitere-themen-prorektorat-ausbildung.jpg\" class=\"attachment-large size-large wp-image-1399\" alt=\"\" srcset=\"https:\/\/jahresberichte.phgr.ch\/2022\/wp-content\/uploads\/sites\/2\/2023\/01\/phgr-weitere-themen-prorektorat-ausbildung.jpg 1000w, https:\/\/jahresberichte.phgr.ch\/2022\/wp-content\/uploads\/sites\/2\/2023\/01\/phgr-weitere-themen-prorektorat-ausbildung-768x768.jpg 768w, https:\/\/jahresberichte.phgr.ch\/2022\/wp-content\/uploads\/sites\/2\/2023\/01\/phgr-weitere-themen-prorektorat-ausbildung-500x500.jpg 500w\" sizes=\"(max-width: 1000px) 100vw, 1000px\" \/> <span class=\"raven-post-image-overlay\"><\/span><\/a>\t\t<\/div>\n\t\t\t\t\t\t<div class=\"raven-post-content\">\n\t\t\t\t\t<h3 class=\"raven-post-title\"><a class=\"raven-post-title-link\" href=\"https:\/\/jahresberichte.phgr.ch\/2022\/it\/prorettorati\/formazione\/\">Formazione<\/a><\/h3>\t\t\t\t<\/div>\n\t\t\t<\/div>\n\t\t<\/div>\n\t\t\t\t<div class=\"raven-grid-item raven-post-item post-390 page type-page status-publish has-post-thumbnail hentry\">\n\t\t\t<div class=\"raven-post elementor-animation-grow\">\n\t\t\t\t\t\t<div class=\"raven-post-image-wrap\">\n\t\t\t<a class=\"raven-post-image raven-image-fit\" href=\"https:\/\/jahresberichte.phgr.ch\/2022\/prorektorate\/weiterbildung-und-dienstleistung\/\"><img loading=\"lazy\" decoding=\"async\" width=\"1000\" height=\"1000\" src=\"https:\/\/jahresberichte.phgr.ch\/2022\/wp-content\/uploads\/sites\/2\/2023\/01\/phgr-weitere-themen-prorektorat-weiterbildung-dienstleistung.jpg\" class=\"attachment-large size-large wp-image-1400\" alt=\"\" srcset=\"https:\/\/jahresberichte.phgr.ch\/2022\/wp-content\/uploads\/sites\/2\/2023\/01\/phgr-weitere-themen-prorektorat-weiterbildung-dienstleistung.jpg 1000w, https:\/\/jahresberichte.phgr.ch\/2022\/wp-content\/uploads\/sites\/2\/2023\/01\/phgr-weitere-themen-prorektorat-weiterbildung-dienstleistung-768x768.jpg 768w, https:\/\/jahresberichte.phgr.ch\/2022\/wp-content\/uploads\/sites\/2\/2023\/01\/phgr-weitere-themen-prorektorat-weiterbildung-dienstleistung-500x500.jpg 500w\" sizes=\"(max-width: 1000px) 100vw, 1000px\" \/> <span class=\"raven-post-image-overlay\"><\/span><\/a>\t\t<\/div>\n\t\t\t\t\t\t<div class=\"raven-post-content\">\n\t\t\t\t\t<h3 class=\"raven-post-title\"><a class=\"raven-post-title-link\" href=\"https:\/\/jahresberichte.phgr.ch\/2022\/prorektorate\/weiterbildung-und-dienstleistung\/\">Weiterbildung und Dienstleistung<\/a><\/h3>\t\t\t\t<\/div>\n\t\t\t<\/div>\n\t\t<\/div>\n\t\t\t\t<\/div>\n\t\t\t\t\t\t<\/div>\n\t\t\t\t<\/div>\n\t\t\t\t<div class=\"elementor-element elementor-element-56f8d48 elementor-widget elementor-widget-spacer\" data-id=\"56f8d48\" data-element_type=\"widget\" data-widget_type=\"spacer.default\">\n\t\t\t\t<div class=\"elementor-widget-container\">\n\t\t\t\t\t\t\t<div class=\"elementor-spacer\">\n\t\t\t<div class=\"elementor-spacer-inner\"><\/div>\n\t\t<\/div>\n\t\t\t\t\t\t<\/div>\n\t\t\t\t<\/div>\n\t\t\t\t\t<\/div>\n\t\t<\/div>\n\t\t\t\t\t<\/div>\n\t\t<\/section>\n\t\t\t\t<\/div>\n\t\t\t\t<\/div>\n\t\t\t\t\t\t<\/div>\n\t\t\t\t<\/div>\n\t\t\t\t\t<\/div>\n\t\t<\/div>\n\t\t\t\t\t<\/div>\n\t\t<\/section>\n\t\t\t\t<\/div>\n\t\t","protected":false},"excerpt":{"rendered":"<p>Prorektorate Verwaltung Die Initiativen der Verwaltung zielen darauf ab, die PH Graub\u00fcnden zu einem attraktiven Studien- und Arbeitsort zu machen. W\u00e4hrend zu Jahresbeginn die Umsetzung der vom Hochschulrat beschlossenen Strukturanpassung abgeschlossen und so ein wichtiger Meilenstein f\u00fcr die PH Graub\u00fcnden der Zukunft erreicht werden konnte, durften gleichzeitig die Planungsarbeiten f\u00fcr den Ausbau der Sektoren Personal [&hellip;]<\/p>\n","protected":false},"author":1,"featured_media":1410,"parent":386,"menu_order":0,"comment_status":"closed","ping_status":"closed","template":"elementor_header_footer","meta":{"_acf_changed":false,"footnotes":""},"class_list":["post-394","page","type-page","status-publish","has-post-thumbnail","hentry"],"acf":[],"_links":{"self":[{"href":"https:\/\/jahresberichte.phgr.ch\/2022\/wp-json\/wp\/v2\/pages\/394","targetHints":{"allow":["GET"]}}],"collection":[{"href":"https:\/\/jahresberichte.phgr.ch\/2022\/wp-json\/wp\/v2\/pages"}],"about":[{"href":"https:\/\/jahresberichte.phgr.ch\/2022\/wp-json\/wp\/v2\/types\/page"}],"author":[{"embeddable":true,"href":"https:\/\/jahresberichte.phgr.ch\/2022\/wp-json\/wp\/v2\/users\/1"}],"replies":[{"embeddable":true,"href":"https:\/\/jahresberichte.phgr.ch\/2022\/wp-json\/wp\/v2\/comments?post=394"}],"version-history":[{"count":3,"href":"https:\/\/jahresberichte.phgr.ch\/2022\/wp-json\/wp\/v2\/pages\/394\/revisions"}],"predecessor-version":[{"id":4138,"href":"https:\/\/jahresberichte.phgr.ch\/2022\/wp-json\/wp\/v2\/pages\/394\/revisions\/4138"}],"up":[{"embeddable":true,"href":"https:\/\/jahresberichte.phgr.ch\/2022\/wp-json\/wp\/v2\/pages\/386"}],"wp:featuredmedia":[{"embeddable":true,"href":"https:\/\/jahresberichte.phgr.ch\/2022\/wp-json\/wp\/v2\/media\/1410"}],"wp:attachment":[{"href":"https:\/\/jahresberichte.phgr.ch\/2022\/wp-json\/wp\/v2\/media?parent=394"}],"curies":[{"name":"wp","href":"https:\/\/api.w.org\/{rel}","templated":true}]}}