{"id":388,"date":"2023-01-13T14:41:45","date_gmt":"2023-01-13T13:41:45","guid":{"rendered":"https:\/\/jahresberichte.phgr.ch\/2023\/?page_id=388"},"modified":"2025-01-28T08:28:42","modified_gmt":"2025-01-28T07:28:42","slug":"ausbildung","status":"publish","type":"page","link":"https:\/\/jahresberichte.phgr.ch\/2023\/prorektorate\/ausbildung\/","title":{"rendered":"Ausbildung"},"content":{"rendered":"\t\t<div data-elementor-type=\"wp-page\" data-elementor-id=\"388\" class=\"elementor elementor-388\" data-elementor-post-type=\"page\">\n\t\t\t\t\t\t<section class=\"elementor-section elementor-top-section elementor-element elementor-element-48c66600 elementor-section-height-min-height elementor-section-boxed elementor-section-height-default elementor-section-items-middle\" data-id=\"48c66600\" data-element_type=\"section\" data-settings=\"{&quot;jet_parallax_layout_list&quot;:[],&quot;background_background&quot;:&quot;classic&quot;}\">\n\t\t\t\t\t\t<div class=\"elementor-container elementor-column-gap-default\">\n\t\t\t\t\t<div class=\"elementor-column elementor-col-100 elementor-top-column elementor-element elementor-element-41004e49\" data-id=\"41004e49\" data-element_type=\"column\">\n\t\t\t<div class=\"elementor-widget-wrap elementor-element-populated\">\n\t\t\t\t\t\t<div class=\"elementor-element elementor-element-3fcef5e6 elementor-widget elementor-widget-heading\" data-id=\"3fcef5e6\" data-element_type=\"widget\" data-widget_type=\"heading.default\">\n\t\t\t\t<div class=\"elementor-widget-container\">\n\t\t\t\t\t<h3 class=\"elementor-heading-title elementor-size-default\">Prorektorat<\/h3>\t\t\t\t<\/div>\n\t\t\t\t<\/div>\n\t\t\t\t<div class=\"elementor-element elementor-element-5096607a elementor-widget elementor-widget-heading\" data-id=\"5096607a\" data-element_type=\"widget\" id=\"title-underline\" data-widget_type=\"heading.default\">\n\t\t\t\t<div class=\"elementor-widget-container\">\n\t\t\t\t\t<h2 class=\"elementor-heading-title elementor-size-default\">Ausbildung<\/h2>\t\t\t\t<\/div>\n\t\t\t\t<\/div>\n\t\t\t\t<div class=\"elementor-element elementor-element-414deaeb elementor-widget elementor-widget-heading\" data-id=\"414deaeb\" data-element_type=\"widget\" data-widget_type=\"heading.default\">\n\t\t\t\t<div class=\"elementor-widget-container\">\n\t\t\t\t\t<h3 class=\"elementor-heading-title elementor-size-default\">\u00abEs gibt auch f\u00fcr Gesch\u00e4fte trotz allen Wohlergehens eine geheimnisvolle Grenze des Wachstums wie f\u00fcr alles Organische.\u00bb\n<br>\u2013 Robert Musil<\/h3>\t\t\t\t<\/div>\n\t\t\t\t<\/div>\n\t\t\t\t\t<\/div>\n\t\t<\/div>\n\t\t\t\t\t<\/div>\n\t\t<\/section>\n\t\t\t\t<section class=\"elementor-section elementor-top-section elementor-element elementor-element-1fa961bc elementor-section-full_width elementor-section-height-min-height elementor-section-height-default elementor-section-items-middle\" data-id=\"1fa961bc\" data-element_type=\"section\" data-settings=\"{&quot;jet_parallax_layout_list&quot;:[],&quot;background_background&quot;:&quot;classic&quot;}\">\n\t\t\t\t\t\t<div class=\"elementor-container elementor-column-gap-default\">\n\t\t\t\t\t<div class=\"elementor-column elementor-col-100 elementor-top-column elementor-element elementor-element-2cb290be\" data-id=\"2cb290be\" data-element_type=\"column\">\n\t\t\t<div class=\"elementor-widget-wrap elementor-element-populated\">\n\t\t\t\t\t\t<div class=\"elementor-element elementor-element-b7df005 elementor-widget elementor-widget-spacer\" data-id=\"b7df005\" data-element_type=\"widget\" data-widget_type=\"spacer.default\">\n\t\t\t\t<div class=\"elementor-widget-container\">\n\t\t\t\t\t\t\t<div class=\"elementor-spacer\">\n\t\t\t<div class=\"elementor-spacer-inner\"><\/div>\n\t\t<\/div>\n\t\t\t\t\t\t<\/div>\n\t\t\t\t<\/div>\n\t\t\t\t\t<\/div>\n\t\t<\/div>\n\t\t\t\t\t<\/div>\n\t\t<\/section>\n\t\t\t\t<section class=\"elementor-section elementor-top-section elementor-element elementor-element-7d694575 elementor-section-boxed elementor-section-height-default elementor-section-height-default\" data-id=\"7d694575\" data-element_type=\"section\" data-settings=\"{&quot;jet_parallax_layout_list&quot;:[]}\">\n\t\t\t\t\t\t<div class=\"elementor-container elementor-column-gap-default\">\n\t\t\t\t\t<div class=\"elementor-column elementor-col-100 elementor-top-column elementor-element elementor-element-56028395\" data-id=\"56028395\" data-element_type=\"column\">\n\t\t\t<div class=\"elementor-widget-wrap elementor-element-populated\">\n\t\t\t\t\t\t<div class=\"elementor-element elementor-element-7e8aa61c elementor-widget elementor-widget-heading\" data-id=\"7e8aa61c\" data-element_type=\"widget\" data-widget_type=\"heading.default\">\n\t\t\t\t<div class=\"elementor-widget-container\">\n\t\t\t\t\t<h3 class=\"elementor-heading-title elementor-size-default\">Wachstum im richtigen Moment<\/h3>\t\t\t\t<\/div>\n\t\t\t\t<\/div>\n\t\t\t\t<div class=\"elementor-element elementor-element-393738c8 elementor-widget elementor-widget-text-editor\" data-id=\"393738c8\" data-element_type=\"widget\" data-widget_type=\"text-editor.default\">\n\t\t\t\t<div class=\"elementor-widget-container\">\n\t\t\t\t\t\t\t\t\t<p>Das Jahr 2023 stand im Zeichen des Wachstums. Mit 197 Studierenden haben im Herbst mehr Studierende als je zuvor ihre Ausbildung an der PH Graub\u00fcnden begonnen. Damit h\u00e4lt der Anstieg an neuen Studierenden weiter an. Mit insgesamt 516 Studierenden hat die PH Graub\u00fcnden erstmals die 500er-Grenze \u00fcberschritten. Damit ist die Anzahl Studierende innert weniger Jahre um gut 50% angewachsen. Nicht eingerechnet sind in diesen Zahlen die 14 an der PH St. Gallen eingeschriebenen Studierenden des Studiengangs Sek I f\u00fcr Primarlehrpersonen sowie die 24 an der Hochschule f\u00fcr Heilp\u00e4dagogik (HfH) in Z\u00fcrich eingeschriebenen Personen im Studiengang Schulische Heilp\u00e4dagogik (SHP). Beide Studieng\u00e4nge werden vollst\u00e4ndig oder zu grossen Teilen in Chur durchgef\u00fchrt.<\/p>\t\t\t\t\t\t\t\t<\/div>\n\t\t\t\t<\/div>\n\t\t\t\t<div class=\"elementor-element elementor-element-36c9705 elementor-widget elementor-widget-heading\" data-id=\"36c9705\" data-element_type=\"widget\" data-widget_type=\"heading.default\">\n\t\t\t\t<div class=\"elementor-widget-container\">\n\t\t\t\t\t<h3 class=\"elementor-heading-title elementor-size-default\">Neue Studieng\u00e4nge erkl\u00e4ren einen Teil des Wachstums<\/h3>\t\t\t\t<\/div>\n\t\t\t\t<\/div>\n\t\t\t\t<div class=\"elementor-element elementor-element-2fdaadc elementor-widget elementor-widget-text-editor\" data-id=\"2fdaadc\" data-element_type=\"widget\" data-widget_type=\"text-editor.default\">\n\t\t\t\t<div class=\"elementor-widget-container\">\n\t\t\t\t\t\t\t\t\t<p>Rund die H\u00e4lfte des Wachstums ist auf die im 2022 eingef\u00fchrten neuen Studieng\u00e4nge zur\u00fcckzuf\u00fchren:<\/p><ul><li>Der neue Studiengang Kindergarten und Primarschule (1. und 2. Klasse) ersetzt den Bachelor-Studiengang Kindergarten und ist aufgrund der umfassenderen Lehrbef\u00e4higung attraktiver. Der Zuwachs gegen\u00fcber dem Studiengang Kindergarten ist insbesondere bei den italienischsprachigen Studierenden beachtlich. Die Konferenz der kantonalen Erziehungsdirektorinnen und -direktoren (EDK) hat im Juli diesen neuen Studiengang gesamtschweizerisch anerkannt.<\/li><li>Der Master-Studiengang Sek I f\u00fcr Personen mit Fachbachelor und der Kombi-Studiengang Sek I und Maturit\u00e4tsschulen f\u00fcr Personen mit Fachmaster erweitert das Angebot der PH Graub\u00fcnden. Die beiden Studieng\u00e4nge sind aufgrund ihrer Innovationskraft auch bei anderen Hochschulen auf grosses Echo gestossen. Die Studierenden erarbeiten die f\u00fcr den Unterrichtsalltag relevanten Kompetenzen selbstgesteuert und werden dabei von den Dozierenden individuell und in Gruppen kritisch begleitet. Die Anerkennung dieser beiden Studieng\u00e4nge hat die Regierung bei der EDK beantragt.<\/li><\/ul><p>Die andere H\u00e4lfte des Wachstums l\u00e4sst sich nicht eindeutig erkl\u00e4ren. Aus unseren Befragungen zeigt sich, dass die angehenden Lehrpersonen einen Beruf mit Sinnhaftigkeit aus\u00fcben und dabei Verantwortung \u00fcbernehmen wollen. Die PH Graub\u00fcnden hat in den letzten Jahren zudem durch die erneuerte Homepage, den Social Media Auftritt und eine aufgefrischte Plakatkampagne ihre Sichtbarkeit erh\u00f6ht.<\/p><p>Auch die Erneuerung der bisherigen Studieng\u00e4nge d\u00fcrfte ihren Teil zum Wachstum beigetragen haben. Der Aufbau des Studiums ist nachvollziehbarer geworden: Neu erkl\u00e4rt ein Studienkonzept die fremdsprachlichen, berufspraktischen und andere Meilensteine des Studiums. Neu beschr\u00e4nken sich die rechtlichen Rahmenbedingungen auf zwei Dokumente. Neu kennen die Studierenden bereits bei Studienbeginn die k\u00fcnftigen Jahrespl\u00e4ne. Solche Verbesserungen erm\u00f6glichen es den Studierenden, sich weniger mit Organisatorischem auseinanderzusetzen und sich st\u00e4rker auf den Erwerb der Kompetenzen zu fokussieren.<\/p><p>Eindeutig ist, dass das Wachstum aufgrund der angespannten Personallage an der Volksschule willkommen ist.<\/p>\t\t\t\t\t\t\t\t<\/div>\n\t\t\t\t<\/div>\n\t\t\t\t<div class=\"elementor-element elementor-element-ee1dda1 elementor-widget elementor-widget-heading\" data-id=\"ee1dda1\" data-element_type=\"widget\" data-widget_type=\"heading.default\">\n\t\t\t\t<div class=\"elementor-widget-container\">\n\t\t\t\t\t<h3 class=\"elementor-heading-title elementor-size-default\">132 neue Lehrdiplome<\/h3>\t\t\t\t<\/div>\n\t\t\t\t<\/div>\n\t\t\t\t<div class=\"elementor-element elementor-element-ea24e16 elementor-widget elementor-widget-text-editor\" data-id=\"ea24e16\" data-element_type=\"widget\" data-widget_type=\"text-editor.default\">\n\t\t\t\t<div class=\"elementor-widget-container\">\n\t\t\t\t\t\t\t\t\t<p>Im 2023 haben insgesamt 114 Absolventinnen und Absolventen ein <a href=\"\/zahlen-und-fakten#lehrdiplome\" rel=\"noopener\">Lehrdiplom<\/a> f\u00fcr den Kindergarten oder die Primarschule erhalten:<\/p><ul><li>87 deutschsprachige Diplome<\/li><li>6 italienischsprachige Diplome<\/li><li>4 deutsch- und italienischsprachige Diplome<\/li><li>17 deutsch- und romanischsprachige Diplome<\/li><\/ul><p class=\"p1\">Dar\u00fcber hinaus haben 18 Primarlehrpersonen, die an der PH St. Gallen eingeschrieben waren, ein Lehrdiplom f\u00fcr die Sekundarstufe I erhalten.<\/p>\t\t\t\t\t\t\t\t<\/div>\n\t\t\t\t<\/div>\n\t\t\t\t<div class=\"elementor-element elementor-element-7717c2b elementor-widget elementor-widget-heading\" data-id=\"7717c2b\" data-element_type=\"widget\" data-widget_type=\"heading.default\">\n\t\t\t\t<div class=\"elementor-widget-container\">\n\t\t\t\t\t<h3 class=\"elementor-heading-title elementor-size-default\">620 Praktikumspl\u00e4tze<\/h3>\t\t\t\t<\/div>\n\t\t\t\t<\/div>\n\t\t\t\t<div class=\"elementor-element elementor-element-b9d1bc7 elementor-widget elementor-widget-text-editor\" data-id=\"b9d1bc7\" data-element_type=\"widget\" data-widget_type=\"text-editor.default\">\n\t\t\t\t<div class=\"elementor-widget-container\">\n\t\t\t\t\t\t\t\t\tDas Wachstum bringt insbesondere f\u00fcr die Berufspraxis Herausforderungen. Mit 620&nbsp;Praktikumspl\u00e4tzen war der Bedarf im Berichtsjahr h\u00f6her als je zuvor.\t\t\t\t\t\t\t\t<\/div>\n\t\t\t\t<\/div>\n\t\t\t\t<div class=\"elementor-element elementor-element-ff4defe elementor-widget elementor-widget-heading\" data-id=\"ff4defe\" data-element_type=\"widget\" data-widget_type=\"heading.default\">\n\t\t\t\t<div class=\"elementor-widget-container\">\n\t\t\t\t\t<h3 class=\"elementor-heading-title elementor-size-default\">Innovative Berufspraxis<\/h3>\t\t\t\t<\/div>\n\t\t\t\t<\/div>\n\t\t\t\t<div class=\"elementor-element elementor-element-9c740c3 elementor-widget elementor-widget-text-editor\" data-id=\"9c740c3\" data-element_type=\"widget\" data-widget_type=\"text-editor.default\">\n\t\t\t\t<div class=\"elementor-widget-container\">\n\t\t\t\t\t\t\t\t\t<p>Die Berufspraxis hat dar\u00fcber hinaus wichtige Neuerungen eingef\u00fchrt. Neu absolvieren alle Bachelor-Studierenden im ersten Studienjahr einen Praktikumsteil sowohl in der Primarschule als auch im Kindergarten. Dadurch erhalten sie einen Einblick in die unterschiedlichen Kulturen und Entwicklungsstufen. Auf der Basis dieser Erfahrungen k\u00f6nnen sie den zu Studienbeginn gew\u00e4hlten Studiengang wechseln.<\/p><p>Neu ist die \u00dcberpr\u00fcfung der beruflichen Eignung anspruchsvoller. Die Studierenden m\u00fcssen die Kriterien Sozial- und Beziehungskompetenz, Selbstkompetenz und Organisationskompetenz ohne Ausnahme erf\u00fcllen. Die \u00dcberpr\u00fcfung der beruflichen Eignung ist bereits nach einem Jahr abgeschlossen.<\/p><p>Neu sind erfahrene Lehrpersonen als sogenannte Praxisdozierende in der Vor- und Nachbereitung der Praktika involviert. Die theoretische und die praktische Perspektive erg\u00e4nzen sich dadurch wechselseitig. Erfahrungen und R\u00fcckmeldungen des ersten Durchgangs sind entsprechend positiv.<\/p><p>Neu arbeitet die PH Graub\u00fcnden bei den Praktika verst\u00e4rkt mit Schweizer Schulen im Ausland zusammen. Studierende k\u00f6nnen statt im Kanton Graub\u00fcnden und umliegenden Kantonen ein Praktikum in Italien, Spanien oder S\u00fcdamerika absolvieren.<\/p>\t\t\t\t\t\t\t\t<\/div>\n\t\t\t\t<\/div>\n\t\t\t\t<div class=\"elementor-element elementor-element-b1140c7 elementor-widget elementor-widget-heading\" data-id=\"b1140c7\" data-element_type=\"widget\" data-widget_type=\"heading.default\">\n\t\t\t\t<div class=\"elementor-widget-container\">\n\t\t\t\t\t<h3 class=\"elementor-heading-title elementor-size-default\">Wachstum bedarf Anpassungen<\/h3>\t\t\t\t<\/div>\n\t\t\t\t<\/div>\n\t\t\t\t<div class=\"elementor-element elementor-element-5ad4c35 elementor-widget elementor-widget-text-editor\" data-id=\"5ad4c35\" data-element_type=\"widget\" data-widget_type=\"text-editor.default\">\n\t\t\t\t<div class=\"elementor-widget-container\">\n\t\t\t\t\t\t\t\t\tDas Wachstum ist \u00fcber die Praktikumspl\u00e4tze hinaus mit finanziellen, personellen und infrastrukturellen Herausforderungen verbunden. Die PH&nbsp;Graub\u00fcnden hat daher Sparmassnahmen beschlossen, einen Nachtragskredit beantragt, f\u00fcnf neue hauptamtliche Dozierende angestellt und am Postplatz neue R\u00e4ume zugemietet, die gleichzeitig auch innovative Lernformen erm\u00f6glichen.\t\t\t\t\t\t\t\t<\/div>\n\t\t\t\t<\/div>\n\t\t\t\t<div class=\"elementor-element elementor-element-66c6111 elementor-widget elementor-widget-heading\" data-id=\"66c6111\" data-element_type=\"widget\" data-widget_type=\"heading.default\">\n\t\t\t\t<div class=\"elementor-widget-container\">\n\t\t\t\t\t<h3 class=\"elementor-heading-title elementor-size-default\">Neue Struktur steigert Qualit\u00e4t<\/h3>\t\t\t\t<\/div>\n\t\t\t\t<\/div>\n\t\t\t\t<div class=\"elementor-element elementor-element-9f87e05 elementor-widget elementor-widget-text-editor\" data-id=\"9f87e05\" data-element_type=\"widget\" data-widget_type=\"text-editor.default\">\n\t\t\t\t<div class=\"elementor-widget-container\">\n\t\t\t\t\t\t\t\t\t<p>Das Prorektorat Ausbildung hat im Berichtsjahr die im 2022 eingef\u00fchrte neue Aufbauorganisation konsolidiert.<\/p><p>Die vier dem Prorektor Ausbildung unterstellten Bereichsleitenden f\u00fchren die Dozierenden, planen die Pensen und entwickeln ihre Bereiche qualitativ weiter. Diese neue Struktur bew\u00e4hrt sich insbesondere, weil die Bereichsleitenden parallel dazu unterrichten und durch ihre fachliche und pers\u00f6nliche N\u00e4he die Bed\u00fcrfnisse und Herausforderungen der Dozierenden gut kennen. Im Berichtsjahr konnten sie insbesondere die Planung der Pensen und die Abstimmung zwischen den einzelnen Prorektoraten verbessern.<\/p><p>Seit der Umsetzung der neuen Aufbauorganisation ist ausserdem der Prorektoratsstab f\u00fcr die Planung der Bachelor- und Master-Studieng\u00e4nge sowie deren Abstimmung mit der Informatik zust\u00e4ndig. Seit dem Berichtsjahr haben die Studierenden \u00fcber die hochschulinterne Plattform mia Zugang zu allen pers\u00f6nlichen Daten. Die Studierenden k\u00f6nnen \u00fcber die Plattform beispielsweise Immatrikulationsbest\u00e4tigungen und Notenausz\u00fcge herunterladen, R\u00e4ume reservieren, Geb\u00fchren bezahlen und ihren pers\u00f6nlichen Stundenplan einsehen.<\/p>\t\t\t\t\t\t\t\t<\/div>\n\t\t\t\t<\/div>\n\t\t\t\t<div class=\"elementor-element elementor-element-7d1e965 elementor-widget elementor-widget-heading\" data-id=\"7d1e965\" data-element_type=\"widget\" data-widget_type=\"heading.default\">\n\t\t\t\t<div class=\"elementor-widget-container\">\n\t\t\t\t\t<h3 class=\"elementor-heading-title elementor-size-default\">Qualit\u00e4t und Lehr-\/Lernverst\u00e4ndnis<\/h3>\t\t\t\t<\/div>\n\t\t\t\t<\/div>\n\t\t\t\t<div class=\"elementor-element elementor-element-2ded3bf elementor-widget elementor-widget-text-editor\" data-id=\"2ded3bf\" data-element_type=\"widget\" data-widget_type=\"text-editor.default\">\n\t\t\t\t<div class=\"elementor-widget-container\">\n\t\t\t\t\t\t\t\t\t<p>Innovative Lehr- und Lernformen stehen denn auch im Fokus der kommenden Jahre. Um Theorie und Praxis optimal zu verflechten, die Aktivierung der Studierenden zu f\u00f6rdern und ihrer Heterogenit\u00e4t gerecht zu werden, will die PH Graub\u00fcnden das zugrundeliegende Lehr- und Lernverst\u00e4ndnis des Bachelorstudiums gezielt weiterentwickeln.<\/p>\t\t\t\t\t\t\t\t<\/div>\n\t\t\t\t<\/div>\n\t\t\t\t\t<\/div>\n\t\t<\/div>\n\t\t\t\t\t<\/div>\n\t\t<\/section>\n\t\t<div class=\"elementor-element elementor-element-6e2bb8b e-flex e-con-boxed e-con e-parent\" data-id=\"6e2bb8b\" data-element_type=\"container\" data-settings=\"{&quot;background_background&quot;:&quot;classic&quot;,&quot;jet_parallax_layout_list&quot;:[]}\">\n\t\t\t\t\t<div class=\"e-con-inner\">\n\t\t<div class=\"elementor-element elementor-element-e8b18cc e-con-full e-flex e-con e-child\" data-id=\"e8b18cc\" data-element_type=\"container\" data-settings=\"{&quot;jet_parallax_layout_list&quot;:[]}\">\n\t\t\t\t<div class=\"elementor-element elementor-element-a94b065 elementor-widget elementor-widget-image\" data-id=\"a94b065\" data-element_type=\"widget\" data-widget_type=\"image.default\">\n\t\t\t\t<div class=\"elementor-widget-container\">\n\t\t\t\t\t\t\t\t\t\t\t\t\t\t\t<img decoding=\"async\" width=\"102\" height=\"106\" src=\"https:\/\/jahresberichte.phgr.ch\/2023\/wp-content\/uploads\/sites\/3\/2024\/01\/phgr-jahresbericht-2023-20-jahre-stoerer.svg\" class=\"attachment-large size-large wp-image-5025\" alt=\"\" \/>\t\t\t\t\t\t\t\t\t\t\t\t\t\t\t<\/div>\n\t\t\t\t<\/div>\n\t\t\t\t<\/div>\n\t\t<div class=\"elementor-element elementor-element-5365342 e-con-full e-flex e-con e-child\" data-id=\"5365342\" data-element_type=\"container\" data-settings=\"{&quot;jet_parallax_layout_list&quot;:[]}\">\n\t\t<div class=\"elementor-element elementor-element-b2d5189 e-con-full e-flex e-con e-child\" data-id=\"b2d5189\" data-element_type=\"container\" data-settings=\"{&quot;jet_parallax_layout_list&quot;:[]}\">\n\t\t\t\t<div class=\"elementor-element elementor-element-85fe26c elementor-widget elementor-widget-image\" data-id=\"85fe26c\" data-element_type=\"widget\" data-widget_type=\"image.default\">\n\t\t\t\t<div class=\"elementor-widget-container\">\n\t\t\t\t\t\t\t\t\t\t\t\t\t\t\t<img fetchpriority=\"high\" decoding=\"async\" width=\"600\" height=\"600\" src=\"https:\/\/jahresberichte.phgr.ch\/2023\/wp-content\/uploads\/sites\/3\/2024\/03\/testimonial-Laura-Lutz-1.png\" class=\"attachment-full size-full wp-image-7450\" alt=\"\" srcset=\"https:\/\/jahresberichte.phgr.ch\/2023\/wp-content\/uploads\/sites\/3\/2024\/03\/testimonial-Laura-Lutz-1.png 600w, https:\/\/jahresberichte.phgr.ch\/2023\/wp-content\/uploads\/sites\/3\/2024\/03\/testimonial-Laura-Lutz-1-500x500.png 500w\" sizes=\"(max-width: 600px) 100vw, 600px\" \/>\t\t\t\t\t\t\t\t\t\t\t\t\t\t\t<\/div>\n\t\t\t\t<\/div>\n\t\t\t\t<\/div>\n\t\t<div class=\"elementor-element elementor-element-ada8373 e-flex e-con-boxed e-con e-child\" data-id=\"ada8373\" data-element_type=\"container\" data-settings=\"{&quot;jet_parallax_layout_list&quot;:[]}\">\n\t\t\t\t\t<div class=\"e-con-inner\">\n\t\t<div class=\"elementor-element elementor-element-339c943 e-flex e-con-boxed e-con e-child\" data-id=\"339c943\" data-element_type=\"container\" data-settings=\"{&quot;background_background&quot;:&quot;classic&quot;,&quot;jet_parallax_layout_list&quot;:[]}\">\n\t\t\t\t\t<div class=\"e-con-inner\">\n\t\t\t\t\t<\/div>\n\t\t\t\t<\/div>\n\t\t<div class=\"elementor-element elementor-element-de7ab88 e-flex e-con-boxed e-con e-child\" data-id=\"de7ab88\" data-element_type=\"container\" data-settings=\"{&quot;background_background&quot;:&quot;classic&quot;,&quot;jet_parallax_layout_list&quot;:[]}\">\n\t\t\t\t\t<div class=\"e-con-inner\">\n\t\t\t\t<div class=\"elementor-element elementor-element-840dd4d elementor-widget elementor-widget-heading\" data-id=\"840dd4d\" data-element_type=\"widget\" data-widget_type=\"heading.default\">\n\t\t\t\t<div class=\"elementor-widget-container\">\n\t\t\t\t\t<h3 class=\"elementor-heading-title elementor-size-default\">Die PH Graub\u00fcnden ist f\u00fcr mich\u2026 \n<br>...der Ort, an dem das Fundament f\u00fcr die Bildung unserer Zukunft gelegt wird. \n<br>\u2026der Ort, an dem auf vielf\u00e4ltige, kreative und fortschrittliche Weise die Bildungslandschaft Graub\u00fcndens mitgestaltet wird.<\/h3>\t\t\t\t<\/div>\n\t\t\t\t<\/div>\n\t\t\t\t<div class=\"elementor-element elementor-element-94cb739 elementor-widget elementor-widget-heading\" data-id=\"94cb739\" data-element_type=\"widget\" data-widget_type=\"heading.default\">\n\t\t\t\t<div class=\"elementor-widget-container\">\n\t\t\t\t\t<h4 class=\"elementor-heading-title elementor-size-default\">\u2013 Laura Lutz, ehem. Pr\u00e4sidentin Lehrpersonen Graub\u00fcnden (LEGR)<\/h4>\t\t\t\t<\/div>\n\t\t\t\t<\/div>\n\t\t\t\t\t<\/div>\n\t\t\t\t<\/div>\n\t\t<div class=\"elementor-element elementor-element-8e4ebf3 e-flex e-con-boxed e-con e-child\" data-id=\"8e4ebf3\" data-element_type=\"container\" data-settings=\"{&quot;background_background&quot;:&quot;classic&quot;,&quot;jet_parallax_layout_list&quot;:[]}\">\n\t\t\t\t\t<div class=\"e-con-inner\">\n\t\t\t\t\t<\/div>\n\t\t\t\t<\/div>\n\t\t\t\t\t<\/div>\n\t\t\t\t<\/div>\n\t\t\t\t<\/div>\n\t\t\t\t\t<\/div>\n\t\t\t\t<\/div>\n\t\t\t\t<section class=\"elementor-section elementor-top-section elementor-element elementor-element-4083b058 elementor-section-boxed elementor-section-height-default elementor-section-height-default\" data-id=\"4083b058\" data-element_type=\"section\" data-settings=\"{&quot;jet_parallax_layout_list&quot;:[]}\">\n\t\t\t\t\t\t<div class=\"elementor-container elementor-column-gap-default\">\n\t\t\t\t\t<div class=\"elementor-column elementor-col-100 elementor-top-column elementor-element elementor-element-4ea1bbe7\" data-id=\"4ea1bbe7\" data-element_type=\"column\">\n\t\t\t<div class=\"elementor-widget-wrap elementor-element-populated\">\n\t\t\t\t\t\t<div class=\"elementor-element elementor-element-829fe32 elementor-widget elementor-widget-template\" data-id=\"829fe32\" data-element_type=\"widget\" data-widget_type=\"template.default\">\n\t\t\t\t<div class=\"elementor-widget-container\">\n\t\t\t\t\t\t\t<div class=\"elementor-template\">\n\t\t\t\t\t<div data-elementor-type=\"section\" data-elementor-id=\"405\" class=\"elementor elementor-405\" data-elementor-post-type=\"elementor_library\">\n\t\t\t<div class=\"elementor-element elementor-element-651a29f e-flex e-con-boxed e-con e-parent\" data-id=\"651a29f\" data-element_type=\"container\" data-settings=\"{&quot;jet_parallax_layout_list&quot;:[{&quot;_id&quot;:&quot;d9c892f&quot;,&quot;jet_parallax_layout_image&quot;:{&quot;url&quot;:&quot;&quot;,&quot;id&quot;:&quot;&quot;,&quot;size&quot;:&quot;&quot;},&quot;jet_parallax_layout_image_tablet&quot;:{&quot;url&quot;:&quot;&quot;,&quot;id&quot;:&quot;&quot;,&quot;size&quot;:&quot;&quot;},&quot;jet_parallax_layout_image_mobile&quot;:{&quot;url&quot;:&quot;&quot;,&quot;id&quot;:&quot;&quot;,&quot;size&quot;:&quot;&quot;},&quot;jet_parallax_layout_speed&quot;:{&quot;unit&quot;:&quot;%&quot;,&quot;size&quot;:50,&quot;sizes&quot;:[]},&quot;jet_parallax_layout_type&quot;:&quot;scroll&quot;,&quot;jet_parallax_layout_direction&quot;:null,&quot;jet_parallax_layout_fx_direction&quot;:null,&quot;jet_parallax_layout_z_index&quot;:&quot;&quot;,&quot;jet_parallax_layout_bg_x&quot;:50,&quot;jet_parallax_layout_bg_x_tablet&quot;:&quot;&quot;,&quot;jet_parallax_layout_bg_x_mobile&quot;:&quot;&quot;,&quot;jet_parallax_layout_bg_y&quot;:50,&quot;jet_parallax_layout_bg_y_tablet&quot;:&quot;&quot;,&quot;jet_parallax_layout_bg_y_mobile&quot;:&quot;&quot;,&quot;jet_parallax_layout_bg_size&quot;:&quot;auto&quot;,&quot;jet_parallax_layout_bg_size_tablet&quot;:&quot;&quot;,&quot;jet_parallax_layout_bg_size_mobile&quot;:&quot;&quot;,&quot;jet_parallax_layout_animation_prop&quot;:&quot;transform&quot;,&quot;jet_parallax_layout_on&quot;:[&quot;desktop&quot;,&quot;tablet&quot;]}]}\">\n\t\t\t\t\t<div class=\"e-con-inner\">\n\t\t<div class=\"elementor-element elementor-element-5db93a6 e-con-full e-flex e-con e-child\" data-id=\"5db93a6\" data-element_type=\"container\" data-settings=\"{&quot;jet_parallax_layout_list&quot;:[]}\">\n\t\t\t\t<div class=\"elementor-element elementor-element-7ca3a28 elementor-widget elementor-widget-spacer\" data-id=\"7ca3a28\" data-element_type=\"widget\" data-widget_type=\"spacer.default\">\n\t\t\t\t<div class=\"elementor-widget-container\">\n\t\t\t\t\t\t\t<div class=\"elementor-spacer\">\n\t\t\t<div class=\"elementor-spacer-inner\"><\/div>\n\t\t<\/div>\n\t\t\t\t\t\t<\/div>\n\t\t\t\t<\/div>\n\t\t\t\t<div class=\"elementor-element elementor-element-d676a1e elementor-widget elementor-widget-heading\" data-id=\"d676a1e\" data-element_type=\"widget\" data-widget_type=\"heading.default\">\n\t\t\t\t<div class=\"elementor-widget-container\">\n\t\t\t\t\t<p class=\"elementor-heading-title elementor-size-default\">Weitere Themen, die Sie interessieren k\u00f6nnten<\/p>\t\t\t\t<\/div>\n\t\t\t\t<\/div>\n\t\t\t\t<div class=\"elementor-element elementor-element-f2c188b raven-hover-scale-up elementor-widget elementor-widget-raven-posts\" data-id=\"f2c188b\" data-element_type=\"widget\" data-settings=\"{&quot;classic_columns&quot;:&quot;4&quot;,&quot;query_posts_per_page&quot;:4,&quot;_skin&quot;:&quot;classic&quot;,&quot;classic_layout&quot;:&quot;grid&quot;,&quot;classic_columns_tablet&quot;:&quot;2&quot;,&quot;classic_columns_mobile&quot;:&quot;1&quot;,&quot;query_offset&quot;:0}\" data-widget_type=\"raven-posts.classic\">\n\t\t\t\t<div class=\"elementor-widget-container\">\n\t\t\t\t\t\t\t<div class=\"raven-posts raven-grid raven-grid-4 raven-grid-mobile-1 raven-grid-tablet-2\" data-post-id=\"405\" data-archive-query=\"\" data-lang=\"\">\n\t\t\t\t<div class=\"raven-grid-item raven-post-item post-5564 page type-page status-publish has-post-thumbnail hentry\">\n\t\t\t<div class=\"raven-post elementor-animation-grow\">\n\t\t\t\t\t\t<div class=\"raven-post-image-wrap\">\n\t\t\t<a class=\"raven-post-image raven-image-fit\" href=\"https:\/\/jahresberichte.phgr.ch\/2023\/it\/prorettorati\/amministrazione\/\"><img decoding=\"async\" width=\"1000\" height=\"1000\" src=\"https:\/\/jahresberichte.phgr.ch\/2023\/wp-content\/uploads\/sites\/3\/2024\/01\/phgr-jahresbericht-2023-weitere-themen-prorektorate-verwaltung.jpg\" class=\"attachment-large size-large wp-image-4969\" alt=\"\" srcset=\"https:\/\/jahresberichte.phgr.ch\/2023\/wp-content\/uploads\/sites\/3\/2024\/01\/phgr-jahresbericht-2023-weitere-themen-prorektorate-verwaltung.jpg 1000w, https:\/\/jahresberichte.phgr.ch\/2023\/wp-content\/uploads\/sites\/3\/2024\/01\/phgr-jahresbericht-2023-weitere-themen-prorektorate-verwaltung-768x768.jpg 768w, https:\/\/jahresberichte.phgr.ch\/2023\/wp-content\/uploads\/sites\/3\/2024\/01\/phgr-jahresbericht-2023-weitere-themen-prorektorate-verwaltung-500x500.jpg 500w\" sizes=\"(max-width: 1000px) 100vw, 1000px\" \/> <span class=\"raven-post-image-overlay\"><\/span><\/a>\t\t<\/div>\n\t\t\t\t\t\t<div class=\"raven-post-content\">\n\t\t\t\t\t<h3 class=\"raven-post-title\"><a class=\"raven-post-title-link\" href=\"https:\/\/jahresberichte.phgr.ch\/2023\/it\/prorettorati\/amministrazione\/\">Amministrazione<\/a><\/h3>\t\t\t\t<\/div>\n\t\t\t<\/div>\n\t\t<\/div>\n\t\t\t\t<div class=\"raven-grid-item raven-post-item post-5538 page type-page status-publish has-post-thumbnail hentry\">\n\t\t\t<div class=\"raven-post elementor-animation-grow\">\n\t\t\t\t\t\t<div class=\"raven-post-image-wrap\">\n\t\t\t<a class=\"raven-post-image raven-image-fit\" href=\"https:\/\/jahresberichte.phgr.ch\/2023\/it\/prorettorati\/formazione-continua-e-servizi\/\"><img loading=\"lazy\" decoding=\"async\" width=\"1000\" height=\"1000\" src=\"https:\/\/jahresberichte.phgr.ch\/2023\/wp-content\/uploads\/sites\/3\/2024\/01\/phgr-jahresbericht-2023-weitere-themen-prorektorate-weiterbildung-dienstleistung-2.jpg\" class=\"attachment-large size-large wp-image-5233\" alt=\"\" srcset=\"https:\/\/jahresberichte.phgr.ch\/2023\/wp-content\/uploads\/sites\/3\/2024\/01\/phgr-jahresbericht-2023-weitere-themen-prorektorate-weiterbildung-dienstleistung-2.jpg 1000w, https:\/\/jahresberichte.phgr.ch\/2023\/wp-content\/uploads\/sites\/3\/2024\/01\/phgr-jahresbericht-2023-weitere-themen-prorektorate-weiterbildung-dienstleistung-2-768x768.jpg 768w, https:\/\/jahresberichte.phgr.ch\/2023\/wp-content\/uploads\/sites\/3\/2024\/01\/phgr-jahresbericht-2023-weitere-themen-prorektorate-weiterbildung-dienstleistung-2-500x500.jpg 500w\" sizes=\"(max-width: 1000px) 100vw, 1000px\" \/> <span class=\"raven-post-image-overlay\"><\/span><\/a>\t\t<\/div>\n\t\t\t\t\t\t<div class=\"raven-post-content\">\n\t\t\t\t\t<h3 class=\"raven-post-title\"><a class=\"raven-post-title-link\" href=\"https:\/\/jahresberichte.phgr.ch\/2023\/it\/prorettorati\/formazione-continua-e-servizi\/\">Formazione continua e servizi<\/a><\/h3>\t\t\t\t<\/div>\n\t\t\t<\/div>\n\t\t<\/div>\n\t\t\t\t<div class=\"raven-grid-item raven-post-item post-5505 page type-page status-publish has-post-thumbnail hentry\">\n\t\t\t<div class=\"raven-post elementor-animation-grow\">\n\t\t\t\t\t\t<div class=\"raven-post-image-wrap\">\n\t\t\t<a class=\"raven-post-image raven-image-fit\" href=\"https:\/\/jahresberichte.phgr.ch\/2023\/rm\/prorectorats\/\"><img loading=\"lazy\" decoding=\"async\" width=\"1000\" height=\"1000\" src=\"https:\/\/jahresberichte.phgr.ch\/2023\/wp-content\/uploads\/sites\/3\/2024\/01\/phgr-jahresbericht-2023-weitere-themen-prorektorate.jpg\" class=\"attachment-large size-large wp-image-4971\" alt=\"\" srcset=\"https:\/\/jahresberichte.phgr.ch\/2023\/wp-content\/uploads\/sites\/3\/2024\/01\/phgr-jahresbericht-2023-weitere-themen-prorektorate.jpg 1000w, https:\/\/jahresberichte.phgr.ch\/2023\/wp-content\/uploads\/sites\/3\/2024\/01\/phgr-jahresbericht-2023-weitere-themen-prorektorate-768x768.jpg 768w, https:\/\/jahresberichte.phgr.ch\/2023\/wp-content\/uploads\/sites\/3\/2024\/01\/phgr-jahresbericht-2023-weitere-themen-prorektorate-500x500.jpg 500w\" sizes=\"(max-width: 1000px) 100vw, 1000px\" \/> <span class=\"raven-post-image-overlay\"><\/span><\/a>\t\t<\/div>\n\t\t\t\t\t\t<div class=\"raven-post-content\">\n\t\t\t\t\t<h3 class=\"raven-post-title\"><a class=\"raven-post-title-link\" href=\"https:\/\/jahresberichte.phgr.ch\/2023\/rm\/prorectorats\/\">Prorectorats<\/a><\/h3>\t\t\t\t<\/div>\n\t\t\t<\/div>\n\t\t<\/div>\n\t\t\t\t<div class=\"raven-grid-item raven-post-item post-5580 page type-page status-publish has-post-thumbnail hentry\">\n\t\t\t<div class=\"raven-post elementor-animation-grow\">\n\t\t\t\t\t\t<div class=\"raven-post-image-wrap\">\n\t\t\t<a class=\"raven-post-image raven-image-fit\" href=\"https:\/\/jahresberichte.phgr.ch\/2023\/rm\/tema-central\/\"><img loading=\"lazy\" decoding=\"async\" width=\"1000\" height=\"1000\" src=\"https:\/\/jahresberichte.phgr.ch\/2023\/wp-content\/uploads\/sites\/3\/2024\/01\/phgr-jahresbericht-2023-weitere-themen-fokusthema.jpg\" class=\"attachment-large size-large wp-image-4966\" alt=\"\" srcset=\"https:\/\/jahresberichte.phgr.ch\/2023\/wp-content\/uploads\/sites\/3\/2024\/01\/phgr-jahresbericht-2023-weitere-themen-fokusthema.jpg 1000w, https:\/\/jahresberichte.phgr.ch\/2023\/wp-content\/uploads\/sites\/3\/2024\/01\/phgr-jahresbericht-2023-weitere-themen-fokusthema-768x768.jpg 768w, https:\/\/jahresberichte.phgr.ch\/2023\/wp-content\/uploads\/sites\/3\/2024\/01\/phgr-jahresbericht-2023-weitere-themen-fokusthema-500x500.jpg 500w\" sizes=\"(max-width: 1000px) 100vw, 1000px\" \/> <span class=\"raven-post-image-overlay\"><\/span><\/a>\t\t<\/div>\n\t\t\t\t\t\t<div class=\"raven-post-content\">\n\t\t\t\t\t<h3 class=\"raven-post-title\"><a class=\"raven-post-title-link\" href=\"https:\/\/jahresberichte.phgr.ch\/2023\/rm\/tema-central\/\">Tema central<\/a><\/h3>\t\t\t\t<\/div>\n\t\t\t<\/div>\n\t\t<\/div>\n\t\t\t\t<\/div>\n\t\t\t\t\t\t<\/div>\n\t\t\t\t<\/div>\n\t\t\t\t<div class=\"elementor-element elementor-element-86f3b34 elementor-widget elementor-widget-spacer\" data-id=\"86f3b34\" data-element_type=\"widget\" data-widget_type=\"spacer.default\">\n\t\t\t\t<div class=\"elementor-widget-container\">\n\t\t\t\t\t\t\t<div class=\"elementor-spacer\">\n\t\t\t<div class=\"elementor-spacer-inner\"><\/div>\n\t\t<\/div>\n\t\t\t\t\t\t<\/div>\n\t\t\t\t<\/div>\n\t\t\t\t<\/div>\n\t\t\t\t\t<\/div>\n\t\t\t\t<\/div>\n\t\t\t\t<\/div>\n\t\t\t\t<\/div>\n\t\t\t\t\t\t<\/div>\n\t\t\t\t<\/div>\n\t\t\t\t\t<\/div>\n\t\t<\/div>\n\t\t\t\t\t<\/div>\n\t\t<\/section>\n\t\t\t\t<\/div>\n\t\t","protected":false},"excerpt":{"rendered":"<p>Prorektorat Ausbildung \u00abEs gibt auch f\u00fcr Gesch\u00e4fte trotz allen Wohlergehens eine geheimnisvolle Grenze des Wachstums wie f\u00fcr alles Organische.\u00bb \u2013 Robert Musil Wachstum im richtigen Moment Das Jahr 2023 stand im Zeichen des Wachstums. Mit 197 Studierenden haben im Herbst mehr Studierende als je zuvor ihre Ausbildung an der PH Graub\u00fcnden begonnen. Damit h\u00e4lt der [&hellip;]<\/p>\n","protected":false},"author":1,"featured_media":4967,"parent":386,"menu_order":0,"comment_status":"closed","ping_status":"closed","template":"elementor_header_footer","meta":{"_acf_changed":false,"footnotes":""},"class_list":["post-388","page","type-page","status-publish","has-post-thumbnail","hentry"],"acf":[],"_links":{"self":[{"href":"https:\/\/jahresberichte.phgr.ch\/2023\/wp-json\/wp\/v2\/pages\/388","targetHints":{"allow":["GET"]}}],"collection":[{"href":"https:\/\/jahresberichte.phgr.ch\/2023\/wp-json\/wp\/v2\/pages"}],"about":[{"href":"https:\/\/jahresberichte.phgr.ch\/2023\/wp-json\/wp\/v2\/types\/page"}],"author":[{"embeddable":true,"href":"https:\/\/jahresberichte.phgr.ch\/2023\/wp-json\/wp\/v2\/users\/1"}],"replies":[{"embeddable":true,"href":"https:\/\/jahresberichte.phgr.ch\/2023\/wp-json\/wp\/v2\/comments?post=388"}],"version-history":[{"count":90,"href":"https:\/\/jahresberichte.phgr.ch\/2023\/wp-json\/wp\/v2\/pages\/388\/revisions"}],"predecessor-version":[{"id":8117,"href":"https:\/\/jahresberichte.phgr.ch\/2023\/wp-json\/wp\/v2\/pages\/388\/revisions\/8117"}],"up":[{"embeddable":true,"href":"https:\/\/jahresberichte.phgr.ch\/2023\/wp-json\/wp\/v2\/pages\/386"}],"wp:featuredmedia":[{"embeddable":true,"href":"https:\/\/jahresberichte.phgr.ch\/2023\/wp-json\/wp\/v2\/media\/4967"}],"wp:attachment":[{"href":"https:\/\/jahresberichte.phgr.ch\/2023\/wp-json\/wp\/v2\/media?parent=388"}],"curies":[{"name":"wp","href":"https:\/\/api.w.org\/{rel}","templated":true}]}}