{"id":5486,"date":"2024-02-21T15:21:25","date_gmt":"2024-02-21T14:21:25","guid":{"rendered":"https:\/\/jahresberichte.phgr.ch\/2023\/?page_id=5486"},"modified":"2024-04-03T13:35:46","modified_gmt":"2024-04-03T11:35:46","slug":"onn-da-gestiun-2023","status":"publish","type":"page","link":"https:\/\/jahresberichte.phgr.ch\/2023\/rm\/onn-da-gestiun-2023\/","title":{"rendered":"Onn da gestiun 2023"},"content":{"rendered":"\t\t<div data-elementor-type=\"wp-page\" data-elementor-id=\"5486\" class=\"elementor elementor-5486\" data-elementor-post-type=\"page\">\n\t\t\t\t\t\t<section class=\"elementor-section elementor-top-section elementor-element elementor-element-af39496 elementor-section-height-min-height elementor-section-boxed elementor-section-height-default elementor-section-items-middle\" data-id=\"af39496\" data-element_type=\"section\" data-settings=\"{&quot;jet_parallax_layout_list&quot;:[],&quot;background_background&quot;:&quot;classic&quot;}\">\n\t\t\t\t\t\t<div class=\"elementor-container elementor-column-gap-default\">\n\t\t\t\t\t<div class=\"elementor-column elementor-col-100 elementor-top-column elementor-element elementor-element-b98e0c4\" data-id=\"b98e0c4\" data-element_type=\"column\">\n\t\t\t<div class=\"elementor-widget-wrap elementor-element-populated\">\n\t\t\t\t\t\t<div class=\"elementor-element elementor-element-d35eb38 elementor-widget elementor-widget-heading\" data-id=\"d35eb38\" data-element_type=\"widget\" data-widget_type=\"heading.default\">\n\t\t\t\t<div class=\"elementor-widget-container\">\n\t\t\t\t\t<h3 class=\"elementor-heading-title elementor-size-default\">Onn da gestiun 2023<\/h3>\t\t\t\t<\/div>\n\t\t\t\t<\/div>\n\t\t\t\t<div class=\"elementor-element elementor-element-afb71b8 elementor-widget elementor-widget-heading\" data-id=\"afb71b8\" data-element_type=\"widget\" id=\"title-underline\" data-widget_type=\"heading.default\">\n\t\t\t\t<div class=\"elementor-widget-container\">\n\t\t\t\t\t<h2 class=\"elementor-heading-title elementor-size-default\">PREFAZIUN<\/h2>\t\t\t\t<\/div>\n\t\t\t\t<\/div>\n\t\t\t\t<div class=\"elementor-element elementor-element-4dd40e6 elementor-widget elementor-widget-heading\" data-id=\"4dd40e6\" data-element_type=\"widget\" data-widget_type=\"heading.default\">\n\t\t\t\t<div class=\"elementor-widget-container\">\n\t\t\t\t\t<h3 class=\"elementor-heading-title elementor-size-default\">Il president dal cussegl da la scola auta dr. Hans Peter M\u00e4rchy ed il rectur prof. dr. Gian-Paolo Curcio guardan enavos sin l\u2019onn da gestiun pass\u00e0 e guardan sin il svilup futur. <\/h3>\t\t\t\t<\/div>\n\t\t\t\t<\/div>\n\t\t\t\t\t<\/div>\n\t\t<\/div>\n\t\t\t\t\t<\/div>\n\t\t<\/section>\n\t\t\t\t<section class=\"elementor-section elementor-top-section elementor-element elementor-element-3172974 elementor-section-full_width elementor-section-height-min-height elementor-section-height-default elementor-section-items-middle\" data-id=\"3172974\" data-element_type=\"section\" data-settings=\"{&quot;jet_parallax_layout_list&quot;:[],&quot;background_background&quot;:&quot;classic&quot;}\">\n\t\t\t\t\t\t<div class=\"elementor-container elementor-column-gap-default\">\n\t\t\t\t\t<div class=\"elementor-column elementor-col-100 elementor-top-column elementor-element elementor-element-f1f7d83\" data-id=\"f1f7d83\" data-element_type=\"column\">\n\t\t\t<div class=\"elementor-widget-wrap elementor-element-populated\">\n\t\t\t\t\t\t<div class=\"elementor-element elementor-element-f7904c6 elementor-widget elementor-widget-spacer\" data-id=\"f7904c6\" data-element_type=\"widget\" data-widget_type=\"spacer.default\">\n\t\t\t\t<div class=\"elementor-widget-container\">\n\t\t\t\t\t\t\t<div class=\"elementor-spacer\">\n\t\t\t<div class=\"elementor-spacer-inner\"><\/div>\n\t\t<\/div>\n\t\t\t\t\t\t<\/div>\n\t\t\t\t<\/div>\n\t\t\t\t\t<\/div>\n\t\t<\/div>\n\t\t\t\t\t<\/div>\n\t\t<\/section>\n\t\t\t\t<section class=\"elementor-section elementor-top-section elementor-element elementor-element-3125faf elementor-section-boxed elementor-section-height-default elementor-section-height-default\" data-id=\"3125faf\" data-element_type=\"section\" data-settings=\"{&quot;jet_parallax_layout_list&quot;:[]}\">\n\t\t\t\t\t\t<div class=\"elementor-container elementor-column-gap-default\">\n\t\t\t\t\t<div class=\"elementor-column elementor-col-100 elementor-top-column elementor-element elementor-element-abdcd25\" data-id=\"abdcd25\" data-element_type=\"column\">\n\t\t\t<div class=\"elementor-widget-wrap elementor-element-populated\">\n\t\t\t\t\t\t<div class=\"elementor-element elementor-element-f8fb565 elementor-widget elementor-widget-text-editor\" data-id=\"f8fb565\" data-element_type=\"widget\" data-widget_type=\"text-editor.default\">\n\t\t\t\t<div class=\"elementor-widget-container\">\n\t\t\t\t\t\t\t\t\t<p>Da differents puntgs da vista guardan il president dal cussegl da la Scola auta da pedagogia dal Grischun dr. Hans Peter M\u00e4rchy ed il rectur prof. dr. Gian-Paolo Curcio sin in onn da giubileum 2023 plain eveniments, sfidas e success. A medem temp \u00e8 la SAP dal Grischun confruntada ils proxims onns cun sfidas multifaras, per las qualas l&#8217;instituziun per la furmaziun da scolastas e scolasts en il chantun Grischun vegn a sviluppar soluziuns adequatas ed innovativas \u2013 e quai cun resguardar sias gruppas da pretensiun.<\/p>\t\t\t\t\t\t\t\t<\/div>\n\t\t\t\t<\/div>\n\t\t\t\t<div class=\"elementor-element elementor-element-7ce255c elementor-widget elementor-widget-heading\" data-id=\"7ce255c\" data-element_type=\"widget\" data-widget_type=\"heading.default\">\n\t\t\t\t<div class=\"elementor-widget-container\">\n\t\t\t\t\t<h3 class=\"elementor-heading-title elementor-size-default\">20 onns SAP dal Grischun \u2013 in sguard enavos <\/h3>\t\t\t\t<\/div>\n\t\t\t\t<\/div>\n\t\t\t\t<div class=\"elementor-element elementor-element-8523d3c elementor-widget elementor-widget-text-editor\" data-id=\"8523d3c\" data-element_type=\"widget\" data-widget_type=\"text-editor.default\">\n\t\t\t\t<div class=\"elementor-widget-container\">\n\t\t\t\t\t\t\t\t\t<p>20 onns scolas autas da pedagogia en Svizra signifitgescha da sviluppar ed etablir in nov tip da scola auta en la cuntrada da furmaziun. La refurma da la terziarisaziun da la furmaziun da scolastas e scolasts, preparada durant ils onns 1990 e realisada suenter la midada dal millenni e la fundaziun da las scolas autas da pedagogia en Svizra \u00e8n il cumenzament d&#8217;ina istorgia da success. Quai che vala per la Svizra en general, vala medemamain per il chantun Grischun.<\/p><p>Ils 20 d&#8217;october 2003 ha la SAP dal Grischun cumenz\u00e0 il manaschi da studi cun totalmain 59 studentas e students. Igl \u00e8 st\u00e0 in eveniment impurtant. Perquai \u00e8 el era vegn\u00ec tschern\u00ec sco tema central dal rapport annual 2023. Dapli infurmaziuns chattais Vus <a style=\"color: #c7d200;\" href=\"https:\/\/jahresberichte.phgr.ch\/2023\/rm\/tema-central\/\" target=\"_blank\" rel=\"noopener\">qua<\/a><span style=\"font-family: -apple-system, BlinkMacSystemFont, 'Segoe UI', Roboto, 'Helvetica Neue', Arial, sans-serif, 'Apple Color Emoji', 'Segoe UI Emoji', 'Segoe UI Symbol'; font-size: 1rem;\">.<\/span><\/p><p>Terms impurtants en vista a la terziarisaziun externa e formala \u00e8n spezialmain la fundaziun da la SAP dal Grischun sco tala, la modularisaziun dals studis da bachelor e da master, l&#8217;emprima renconuschientscha e l\u2019ulteriura reconuschientscha dals diploms tras la conferenza da las directuras e dals directurs chantunals da l&#8217;educaziun publica (CDEP), la midada en in institut autonom da dretg public, l&#8217;avertura da l&#8217;edifizi d&#8217;engrondiment cun ils auditoris e cun la biblioteca, l&#8217;accreditaziun instituziunala sco scola auta sco era la creaziun da l&#8217;emprima professura. Scolas autas na sa cumponan per\u00f2 betg be da betun, palpiri e structuras, mabain d&#8217;ina cultura specifica. Per consequenza gieva quai durant ils ultims 20 onns surtut era per stabilir ina cultura universitara per l&#8217;unica scola auta trilingua da la Svizra. Quest process po vegnir tax\u00e0 sco terziarisaziun interna. A la SAP dal Grischun sa mussa questa terziarisaziun interna en spezial a maun dal svilup tematic e da l&#8217;extensiun dals studis da bachelor e da master, dal transfer d&#8217;enconuschientschas tranter la perscrutaziun e l&#8217;instrucziun sco era tranter l&#8217;instrucziun e la pratica. Ella sa mussa plinavant cun la participaziun activa al discurs scientific naziunal e per part er internaziunal sco era cun ina promoziun sistematica da la generaziun giuvna che s&#8217;orientescha als basegns da la scola auta. Cuntrari a la terziarisaziun externa, n\u2019\u00e8 la terziarisaziun interna dentant anc terminada. Quai \u00e8 d\u2019attribuir als svilups anc pendents da las structuras organisatoricas ed operativas, als accents necessaris dal cuntegn da la strategia sco er a l&#8217;autonomia da la scola auta che sto anc vegnir extendida.<\/p>\t\t\t\t\t\t\t\t<\/div>\n\t\t\t\t<\/div>\n\t\t\t\t<div class=\"elementor-element elementor-element-267ec07 elementor-widget elementor-widget-heading\" data-id=\"267ec07\" data-element_type=\"widget\" data-widget_type=\"heading.default\">\n\t\t\t\t<div class=\"elementor-widget-container\">\n\t\t\t\t\t<h3 class=\"elementor-heading-title elementor-size-default\">La SAP dal Grischun l\u2019onn 2023<\/h3>\t\t\t\t<\/div>\n\t\t\t\t<\/div>\n\t\t\t\t<div class=\"elementor-element elementor-element-74db0c5 elementor-widget elementor-widget-text-editor\" data-id=\"74db0c5\" data-element_type=\"widget\" data-widget_type=\"text-editor.default\">\n\t\t\t\t<div class=\"elementor-widget-container\">\n\t\t\t\t\t\t\t\t\t<p>Oz \u00e8 la SAP dal Grischun accreditada instituziunalmain, porscha studis da bachelor per persunas d&#8217;instrucziun da la scolina e da la scola primara sco era studis da master per persunas d&#8217;instrucziun dal stgalim secundar I e per scolas da maturitad. Sias scolaziuns \u00e8n renconuschidas, sias purschidas da furmaziun supplementara resguardan ils basegns multifars en las scolas, ses resultats da perscrutaziun chattan attenziun naziunala ed internaziunala. La SAP dal Grischun nizzegia la midada digitala e sa sviluppa cuntinuadamain vinavant sco scola auta moderna. Oz scolescha la SAP dal Grischun a Cuira 516 studentas e students \u2013 e quai en tudestg, rumantsch e talian. En questa cifra n&#8217;\u00e8n betg inclus las studentas ed ils students dals studis da cooperaziun cun la SAP da Son Gagl (14) e cun la scola auta da pedagogia curativa (24) a Cuira. Avant ventg onns n\u2019avess nagin pens\u00e0 ad in tal svilup. Co pon ins declerar quest creschament?<\/p>\t\t\t\t\t\t\t\t<\/div>\n\t\t\t\t<\/div>\n\t\t\t\t<div class=\"elementor-element elementor-element-ff7ca44 elementor-widget elementor-widget-heading\" data-id=\"ff7ca44\" data-element_type=\"widget\" data-widget_type=\"heading.default\">\n\t\t\t\t<div class=\"elementor-widget-container\">\n\t\t\t\t\t<h3 class=\"elementor-heading-title elementor-size-default\">Professiun attractiva ed ina purschida interessanta a la SAP dal Grischun<\/h3>\t\t\t\t<\/div>\n\t\t\t\t<\/div>\n\t\t\t\t<div class=\"elementor-element elementor-element-b354442 elementor-widget elementor-widget-text-editor\" data-id=\"b354442\" data-element_type=\"widget\" data-widget_type=\"text-editor.default\">\n\t\t\t\t<div class=\"elementor-widget-container\">\n\t\t\t\t\t\t\t\t\t<p>Nus vivain oz en in mund ch\u2019\u00e8 marc\u00e0 da midadas permanentas. Megatrends sco la globalisaziun, l\u2019urbanisaziun, la midada dal clima u la digitalisaziun \u00e8n ina gronda sfida per l&#8217;entira societad. Ils svilups socials, politics ed economics actuals vegnan percepids pli e pli sco volatils, malsegirs, cumplexs ed ambigs. En quest uschenumn\u00e0 mund da VUCA (volatility, uncertainty, complexity, ambiguity) vulan umans giuvens surpigliar dapli responsabladad, els tschertgan in senn en lur far ed els vulan contribuir cun lur agir a favur da la societad actuala e futura. La professiun da persuna d&#8217;instrucziun als porscha questa pussaivladad. Las persunas d&#8217;instrucziun caracteriseschan cun lur lavur la societad da damaun, perquai ch&#8217;instruir \u00e8 dapli che mo intermediar savida. Las persunas d&#8217;instrucziun insceneschan pussaivladads d&#8217;emprender, en las qualas vegn promov\u00ec il svilup da las cumpetenzas dal rom e transversalas, vegnan intermediadas normas e valurs ed uschia sustegnida la furmaziun da la persunalitad dals giuvenils. Natiralmain \u00e8si savens er uschia che chaussas bler pli simplas dattan la decisiun per eleger la SAP dal Grischun sco lieu da studi, sco per exempel la purschida da studi amplifitgada ed extendida, la cultura famigliara che sa mussa en spezial a maun da las portas avertas e da las vias curtas, la plurilinguitad vivida sco era la pussaivladad d&#8217;acquistar in diplom biling. Forsa \u00e8si er il Grischun sco chantun da muntogna cun sias scolas da pliras classas en las differentas valladas che pledentan las persunas d&#8217;instrucziun futuras e che las avran ina perspectiva professiunala.<\/p>\t\t\t\t\t\t\t\t<\/div>\n\t\t\t\t<\/div>\n\t\t\t\t<div class=\"elementor-element elementor-element-9f677c2 elementor-widget elementor-widget-heading\" data-id=\"9f677c2\" data-element_type=\"widget\" data-widget_type=\"heading.default\">\n\t\t\t\t<div class=\"elementor-widget-container\">\n\t\t\t\t\t<h3 class=\"elementor-heading-title elementor-size-default\">Sfidas per ils proxims onns \u2013 la furmaziun da las scolastas e dals scolasts dal futur<\/h3>\t\t\t\t<\/div>\n\t\t\t\t<\/div>\n\t\t\t\t<div class=\"elementor-element elementor-element-f705d46 elementor-widget elementor-widget-text-editor\" data-id=\"f705d46\" data-element_type=\"widget\" data-widget_type=\"text-editor.default\">\n\t\t\t\t<div class=\"elementor-widget-container\">\n\t\t\t\t\t\t\t\t\t<p>Il svilup da la SAP dal Grischun \u00e8 fitg legraivel. Per las sfidas che stattan en connex cun la creschientscha dal dumber da las studentas e dals students, sco per exempel il persunal necessari per l&#8217;instrucziun, la perscrutaziun, ils servetschs e l&#8217;administraziun, l&#8217;infrastructura necessaria u la finanziaziun supplementara inevitabla \u00e8n vegnidas chattadas en il fratemp bunas soluziuns, per part era limitadas temporalmain.<br \/>Quant enavant che las adattaziuns planisadas da la proxima revisiun parziala da la Lescha davart las scolas autas e la perscrutaziun (LSAP) influenzeschan las fatschentas da la SAP dal Grischun e sche las adattaziuns en mira davart la repartiziun da las cumpetenzas vegnan a cuntanscher l&#8217;effect giavisch\u00e0 areguard in augment da l&#8217;autonomia, vegn dentant a sa mussar. Spezialmain il portfolio dals studis che vegn pursch\u00ec actualmain en il sectur da la furmaziun da las scolastas e dals scolasts na permetta per entant betg in ulteriur augment raschunaivel. Era sche la SAP dal Grischun sviluppass, purschess ed etabliss purschidas da studi supplementaras en il futur, stuessan ils meds finanzials necessaris per quest intent vegnir approvads da la regenza e dal cussegl grond. Cun las midadas planisadas avess il cussegl da la scola auta bain cumpetenzas pli vastas, per la realisaziun correspundenta na survegniss el dentant nagins instruments.<span style=\"color: var( --e-global-color-text ); letter-spacing: 0.3px;\">\u00a0<\/span>Ina infrastructura adequata gioga pli e pli ina rolla impurtanta per las scolas autas. <span style=\"color: var( --e-global-color-text ); letter-spacing: 0.3px;\">En quest senn \u00e8si\u00a0 raschunaivel da far conscienziusamain las analisas che ston vegnir fatgas en connex cun la proxima sanaziun da l&#8217;infrastructura actuala ed er d\u2019avair a medem temp il curaschi da metter en dumonda chaussas existentas sco era da considerar ed examinar novas opziuns.<br \/><\/span>Or da vista interna vai ils proxims onns persuenter da sviluppar consequentamain la terziarisaziun interna e da focussar \u2013 ultra da las structuras da rama (p.ex. metodas e furmas socialas) \u2013 pli e pli las structuras profundas (process d&#8217;instruir e d&#8217;emprender). En lur publicaziun \u00abGrundlagen f\u00fcr einen wirksamen Unterricht\u00bb han Trautwein, Sliwka und Dehmel rend\u00ec attent l&#8217;onn 2018 che las dimensiuns da basa da las structuras profundas (activaziun cognitiva, sustegn constructiv e manar ina classa) influenzeschian decisivamain la qualitad e l&#8217;efficacitad da l&#8217;instrucziun. En quest connex vai era vinavant per las suandantas e sumegliantas dumondas:<\/p><ul><li>Co pon ins animar las scolaras ed ils scolars da chapir activamain ils cuntegns e da sviluppar las cumpetenzas en mira?<\/li><li>Co e sut tge cundiziuns pon las persunas d&#8217;instrucziun sustegnair lur scolaras e lur scolars, sch&#8217;i dat problems da chapientscha e dumondas?<\/li><li>Co po vegnir concepida e dirigida l&#8217;instrucziun, per che las scolaras ed ils scolars chapeschian e cuntanschian las finamiras da l&#8217;instrucziun, ch&#8217;i dettia usch\u00e8 paucs disturbis sco pussaivel, che tuts \u00e8n participads a l&#8217;emprender e per ch\u2019il temp d&#8217;instrucziun possia uschia vegnir nizzegi\u00e0 a moda effectiva?<\/li><\/ul><p>Respostas a questas dumondas \u00e8n da chattar cun s\u2019occupar da las teorias e dals concepts correspundents. Plinavant sa mussan ellas en las enconuschientschas empiricas, en la chapientscha areguard las caracteristicas da qualitad d\u2019ina buna instrucziun sco era en in sustegn effizient da las scolaras e dals scolars e finalmain en la pratica dal mintgadi.<br \/>Ils proxims onns ed ils onns che suondan vai pia per ina consolidaziun da las purschidas, in ulteriur svilup dals cuntegns e per ina focussaziun sin ils process d&#8217;emprender, d\u2019instruir e da svilup.<\/p>\t\t\t\t\t\t\t\t<\/div>\n\t\t\t\t<\/div>\n\t\t\t\t<div class=\"elementor-element elementor-element-2b79505 elementor-widget elementor-widget-heading\" data-id=\"2b79505\" data-element_type=\"widget\" data-widget_type=\"heading.default\">\n\t\t\t\t<div class=\"elementor-widget-container\">\n\t\t\t\t\t<h3 class=\"elementor-heading-title elementor-size-default\">Engraziament<\/h3>\t\t\t\t<\/div>\n\t\t\t\t<\/div>\n\t\t\t\t<div class=\"elementor-element elementor-element-4ba217f elementor-widget elementor-widget-text-editor\" data-id=\"4ba217f\" data-element_type=\"widget\" data-widget_type=\"text-editor.default\">\n\t\t\t\t<div class=\"elementor-widget-container\">\n\t\t\t\t\t\t\t\t\t<p>Decisiv per il success da la SAP dal Grischun \u00e8 che las commembras ed ils commembers da la scola auta da la SAP dal Grischun han dumagn\u00e0 cun success las sfidas quotidianas, quai che merita in engraziament. La scola auta ha medemamain survegn\u00ec sustegn da differentas gruppas participadas. En spezial vulain nus engraziar cordialmain a las commembras ed als commembers dal cussegl grond sco era a las commembras ed ils commembers da la regenza cun las collavuraturas ed ils collavuraturs dals uffizis appartegnents. Durant il 2023 han els contribu\u00ec essenzialmain a sviluppar soluziuns solidas.<\/p>\t\t\t\t\t\t\t\t<\/div>\n\t\t\t\t<\/div>\n\t\t\t\t\t<\/div>\n\t\t<\/div>\n\t\t\t\t\t<\/div>\n\t\t<\/section>\n\t\t\t\t<section class=\"elementor-section elementor-top-section elementor-element elementor-element-143adcf elementor-section-boxed elementor-section-height-default elementor-section-height-default\" data-id=\"143adcf\" data-element_type=\"section\" data-settings=\"{&quot;jet_parallax_layout_list&quot;:[]}\">\n\t\t\t\t\t\t<div class=\"elementor-container elementor-column-gap-default\">\n\t\t\t\t\t<div class=\"elementor-column elementor-col-100 elementor-top-column elementor-element elementor-element-eb76d28\" data-id=\"eb76d28\" data-element_type=\"column\">\n\t\t\t<div class=\"elementor-widget-wrap elementor-element-populated\">\n\t\t\t\t\t\t<div class=\"elementor-element elementor-element-52c1075 elementor-widget elementor-widget-template\" data-id=\"52c1075\" data-element_type=\"widget\" data-widget_type=\"template.default\">\n\t\t\t\t<div class=\"elementor-widget-container\">\n\t\t\t\t\t\t\t<div class=\"elementor-template\">\n\t\t\t\t\t<div data-elementor-type=\"section\" data-elementor-id=\"2723\" class=\"elementor elementor-2723\" data-elementor-post-type=\"elementor_library\">\n\t\t\t<div class=\"elementor-element elementor-element-5c0a71c e-flex e-con-boxed e-con e-parent\" data-id=\"5c0a71c\" data-element_type=\"container\" data-settings=\"{&quot;jet_parallax_layout_list&quot;:[{&quot;_id&quot;:&quot;d9c892f&quot;,&quot;jet_parallax_layout_image&quot;:{&quot;url&quot;:&quot;&quot;,&quot;id&quot;:&quot;&quot;,&quot;size&quot;:&quot;&quot;},&quot;jet_parallax_layout_image_tablet&quot;:{&quot;url&quot;:&quot;&quot;,&quot;id&quot;:&quot;&quot;,&quot;size&quot;:&quot;&quot;},&quot;jet_parallax_layout_image_mobile&quot;:{&quot;url&quot;:&quot;&quot;,&quot;id&quot;:&quot;&quot;,&quot;size&quot;:&quot;&quot;},&quot;jet_parallax_layout_speed&quot;:{&quot;unit&quot;:&quot;%&quot;,&quot;size&quot;:50,&quot;sizes&quot;:[]},&quot;jet_parallax_layout_type&quot;:&quot;scroll&quot;,&quot;jet_parallax_layout_direction&quot;:null,&quot;jet_parallax_layout_fx_direction&quot;:null,&quot;jet_parallax_layout_z_index&quot;:&quot;&quot;,&quot;jet_parallax_layout_bg_x&quot;:50,&quot;jet_parallax_layout_bg_x_tablet&quot;:&quot;&quot;,&quot;jet_parallax_layout_bg_x_mobile&quot;:&quot;&quot;,&quot;jet_parallax_layout_bg_y&quot;:50,&quot;jet_parallax_layout_bg_y_tablet&quot;:&quot;&quot;,&quot;jet_parallax_layout_bg_y_mobile&quot;:&quot;&quot;,&quot;jet_parallax_layout_bg_size&quot;:&quot;auto&quot;,&quot;jet_parallax_layout_bg_size_tablet&quot;:&quot;&quot;,&quot;jet_parallax_layout_bg_size_mobile&quot;:&quot;&quot;,&quot;jet_parallax_layout_animation_prop&quot;:&quot;transform&quot;,&quot;jet_parallax_layout_on&quot;:[&quot;desktop&quot;,&quot;tablet&quot;]}]}\">\n\t\t\t\t\t<div class=\"e-con-inner\">\n\t\t<div class=\"elementor-element elementor-element-ab3ba14 e-con-full e-flex e-con e-child\" data-id=\"ab3ba14\" data-element_type=\"container\" data-settings=\"{&quot;jet_parallax_layout_list&quot;:[]}\">\n\t\t\t\t<div class=\"elementor-element elementor-element-92a140c elementor-widget elementor-widget-spacer\" data-id=\"92a140c\" data-element_type=\"widget\" data-widget_type=\"spacer.default\">\n\t\t\t\t<div class=\"elementor-widget-container\">\n\t\t\t\t\t\t\t<div class=\"elementor-spacer\">\n\t\t\t<div class=\"elementor-spacer-inner\"><\/div>\n\t\t<\/div>\n\t\t\t\t\t\t<\/div>\n\t\t\t\t<\/div>\n\t\t\t\t<div class=\"elementor-element elementor-element-9b89014 elementor-widget elementor-widget-heading\" data-id=\"9b89014\" data-element_type=\"widget\" data-widget_type=\"heading.default\">\n\t\t\t\t<div class=\"elementor-widget-container\">\n\t\t\t\t\t<p class=\"elementor-heading-title elementor-size-default\">Ulteriurs temas che pudessan interessar Vus<\/p>\t\t\t\t<\/div>\n\t\t\t\t<\/div>\n\t\t\t\t<div class=\"elementor-element elementor-element-d0de3db raven-hover-scale-up elementor-widget elementor-widget-raven-posts\" data-id=\"d0de3db\" data-element_type=\"widget\" data-settings=\"{&quot;classic_columns&quot;:&quot;4&quot;,&quot;query_posts_per_page&quot;:4,&quot;_skin&quot;:&quot;classic&quot;,&quot;classic_layout&quot;:&quot;grid&quot;,&quot;classic_columns_tablet&quot;:&quot;2&quot;,&quot;classic_columns_mobile&quot;:&quot;1&quot;,&quot;query_offset&quot;:0}\" data-widget_type=\"raven-posts.classic\">\n\t\t\t\t<div class=\"elementor-widget-container\">\n\t\t\t\t\t\t\t<div class=\"raven-posts raven-grid raven-grid-4 raven-grid-mobile-1 raven-grid-tablet-2\" data-post-id=\"2723\" data-archive-query=\"\" data-lang=\"\">\n\t\t\t\t<div class=\"raven-grid-item raven-post-item post-378 page type-page status-publish has-post-thumbnail hentry\">\n\t\t\t<div class=\"raven-post elementor-animation-grow\">\n\t\t\t\t\t\t<div class=\"raven-post-image-wrap\">\n\t\t\t<a class=\"raven-post-image raven-image-fit\" href=\"https:\/\/jahresberichte.phgr.ch\/2023\/fokusthema\/\"><img fetchpriority=\"high\" decoding=\"async\" width=\"1000\" height=\"1000\" src=\"https:\/\/jahresberichte.phgr.ch\/2023\/wp-content\/uploads\/sites\/3\/2024\/01\/phgr-jahresbericht-2023-weitere-themen-fokusthema.jpg\" class=\"attachment-large size-large wp-image-4966\" alt=\"\" srcset=\"https:\/\/jahresberichte.phgr.ch\/2023\/wp-content\/uploads\/sites\/3\/2024\/01\/phgr-jahresbericht-2023-weitere-themen-fokusthema.jpg 1000w, https:\/\/jahresberichte.phgr.ch\/2023\/wp-content\/uploads\/sites\/3\/2024\/01\/phgr-jahresbericht-2023-weitere-themen-fokusthema-768x768.jpg 768w, https:\/\/jahresberichte.phgr.ch\/2023\/wp-content\/uploads\/sites\/3\/2024\/01\/phgr-jahresbericht-2023-weitere-themen-fokusthema-500x500.jpg 500w\" sizes=\"(max-width: 1000px) 100vw, 1000px\" \/> <span class=\"raven-post-image-overlay\"><\/span><\/a>\t\t<\/div>\n\t\t\t\t\t\t<div class=\"raven-post-content\">\n\t\t\t\t\t<h3 class=\"raven-post-title\"><a class=\"raven-post-title-link\" href=\"https:\/\/jahresberichte.phgr.ch\/2023\/fokusthema\/\">Fokusthema<\/a><\/h3>\t\t\t\t<\/div>\n\t\t\t<\/div>\n\t\t<\/div>\n\t\t\t\t<div class=\"raven-grid-item raven-post-item post-5530 page type-page status-publish has-post-thumbnail hentry\">\n\t\t\t<div class=\"raven-post elementor-animation-grow\">\n\t\t\t\t\t\t<div class=\"raven-post-image-wrap\">\n\t\t\t<a class=\"raven-post-image raven-image-fit\" href=\"https:\/\/jahresberichte.phgr.ch\/2023\/rm\/prorectorats\/furmaziun-cuntinuada-e-servetsch\/\"><img decoding=\"async\" width=\"1000\" height=\"1000\" src=\"https:\/\/jahresberichte.phgr.ch\/2023\/wp-content\/uploads\/sites\/3\/2024\/01\/phgr-jahresbericht-2023-weitere-themen-prorektorate-weiterbildung-dienstleistung-2.jpg\" class=\"attachment-large size-large wp-image-5233\" alt=\"\" srcset=\"https:\/\/jahresberichte.phgr.ch\/2023\/wp-content\/uploads\/sites\/3\/2024\/01\/phgr-jahresbericht-2023-weitere-themen-prorektorate-weiterbildung-dienstleistung-2.jpg 1000w, https:\/\/jahresberichte.phgr.ch\/2023\/wp-content\/uploads\/sites\/3\/2024\/01\/phgr-jahresbericht-2023-weitere-themen-prorektorate-weiterbildung-dienstleistung-2-768x768.jpg 768w, https:\/\/jahresberichte.phgr.ch\/2023\/wp-content\/uploads\/sites\/3\/2024\/01\/phgr-jahresbericht-2023-weitere-themen-prorektorate-weiterbildung-dienstleistung-2-500x500.jpg 500w\" sizes=\"(max-width: 1000px) 100vw, 1000px\" \/> <span class=\"raven-post-image-overlay\"><\/span><\/a>\t\t<\/div>\n\t\t\t\t\t\t<div class=\"raven-post-content\">\n\t\t\t\t\t<h3 class=\"raven-post-title\"><a class=\"raven-post-title-link\" href=\"https:\/\/jahresberichte.phgr.ch\/2023\/rm\/prorectorats\/furmaziun-cuntinuada-e-servetsch\/\">Furmaziun cuntinuada e servetsch<\/a><\/h3>\t\t\t\t<\/div>\n\t\t\t<\/div>\n\t\t<\/div>\n\t\t\t\t<div class=\"raven-grid-item raven-post-item post-5720 page type-page status-publish has-post-thumbnail hentry\">\n\t\t\t<div class=\"raven-post elementor-animation-grow\">\n\t\t\t\t\t\t<div class=\"raven-post-image-wrap\">\n\t\t\t<a class=\"raven-post-image raven-image-fit\" href=\"https:\/\/jahresberichte.phgr.ch\/2023\/rm\/cifras-e-fatgs\/\"><img decoding=\"async\" width=\"1000\" height=\"1000\" src=\"https:\/\/jahresberichte.phgr.ch\/2023\/wp-content\/uploads\/sites\/3\/2024\/01\/phgr-jahresbericht-2023-weitere-themen-zahlen-fakten.jpg\" class=\"attachment-large size-large wp-image-4974\" alt=\"\" srcset=\"https:\/\/jahresberichte.phgr.ch\/2023\/wp-content\/uploads\/sites\/3\/2024\/01\/phgr-jahresbericht-2023-weitere-themen-zahlen-fakten.jpg 1000w, https:\/\/jahresberichte.phgr.ch\/2023\/wp-content\/uploads\/sites\/3\/2024\/01\/phgr-jahresbericht-2023-weitere-themen-zahlen-fakten-768x768.jpg 768w, https:\/\/jahresberichte.phgr.ch\/2023\/wp-content\/uploads\/sites\/3\/2024\/01\/phgr-jahresbericht-2023-weitere-themen-zahlen-fakten-500x500.jpg 500w\" sizes=\"(max-width: 1000px) 100vw, 1000px\" \/> <span class=\"raven-post-image-overlay\"><\/span><\/a>\t\t<\/div>\n\t\t\t\t\t\t<div class=\"raven-post-content\">\n\t\t\t\t\t<h3 class=\"raven-post-title\"><a class=\"raven-post-title-link\" href=\"https:\/\/jahresberichte.phgr.ch\/2023\/rm\/cifras-e-fatgs\/\">Cifras e fatgs<\/a><\/h3>\t\t\t\t<\/div>\n\t\t\t<\/div>\n\t\t<\/div>\n\t\t\t\t<div class=\"raven-grid-item raven-post-item post-5524 page type-page status-publish has-post-thumbnail hentry\">\n\t\t\t<div class=\"raven-post elementor-animation-grow\">\n\t\t\t\t\t\t<div class=\"raven-post-image-wrap\">\n\t\t\t<a class=\"raven-post-image raven-image-fit\" href=\"https:\/\/jahresberichte.phgr.ch\/2023\/it\/prorettorati\/formazione\/\"><img loading=\"lazy\" decoding=\"async\" width=\"1000\" height=\"1000\" src=\"https:\/\/jahresberichte.phgr.ch\/2023\/wp-content\/uploads\/sites\/3\/2024\/01\/phgr-jahresbericht-2023-weitere-themen-prorektorate-ausbildung.jpg\" class=\"attachment-large size-large wp-image-4967\" alt=\"\" srcset=\"https:\/\/jahresberichte.phgr.ch\/2023\/wp-content\/uploads\/sites\/3\/2024\/01\/phgr-jahresbericht-2023-weitere-themen-prorektorate-ausbildung.jpg 1000w, https:\/\/jahresberichte.phgr.ch\/2023\/wp-content\/uploads\/sites\/3\/2024\/01\/phgr-jahresbericht-2023-weitere-themen-prorektorate-ausbildung-768x768.jpg 768w, https:\/\/jahresberichte.phgr.ch\/2023\/wp-content\/uploads\/sites\/3\/2024\/01\/phgr-jahresbericht-2023-weitere-themen-prorektorate-ausbildung-500x500.jpg 500w\" sizes=\"(max-width: 1000px) 100vw, 1000px\" \/> <span class=\"raven-post-image-overlay\"><\/span><\/a>\t\t<\/div>\n\t\t\t\t\t\t<div class=\"raven-post-content\">\n\t\t\t\t\t<h3 class=\"raven-post-title\"><a class=\"raven-post-title-link\" href=\"https:\/\/jahresberichte.phgr.ch\/2023\/it\/prorettorati\/formazione\/\">Formazione<\/a><\/h3>\t\t\t\t<\/div>\n\t\t\t<\/div>\n\t\t<\/div>\n\t\t\t\t<\/div>\n\t\t\t\t\t\t<\/div>\n\t\t\t\t<\/div>\n\t\t\t\t<div class=\"elementor-element elementor-element-7bb5406 elementor-widget elementor-widget-spacer\" data-id=\"7bb5406\" data-element_type=\"widget\" data-widget_type=\"spacer.default\">\n\t\t\t\t<div class=\"elementor-widget-container\">\n\t\t\t\t\t\t\t<div class=\"elementor-spacer\">\n\t\t\t<div class=\"elementor-spacer-inner\"><\/div>\n\t\t<\/div>\n\t\t\t\t\t\t<\/div>\n\t\t\t\t<\/div>\n\t\t\t\t<\/div>\n\t\t\t\t\t<\/div>\n\t\t\t\t<\/div>\n\t\t\t\t<\/div>\n\t\t\t\t<\/div>\n\t\t\t\t\t\t<\/div>\n\t\t\t\t<\/div>\n\t\t\t\t\t<\/div>\n\t\t<\/div>\n\t\t\t\t\t<\/div>\n\t\t<\/section>\n\t\t\t\t<\/div>\n\t\t","protected":false},"excerpt":{"rendered":"<p>Onn da gestiun 2023 PREFAZIUN Il president dal cussegl da la scola auta dr. Hans Peter M\u00e4rchy ed il rectur prof. dr. Gian-Paolo Curcio guardan enavos sin l\u2019onn da gestiun pass\u00e0 e guardan sin il svilup futur. Da differents puntgs da vista guardan il president dal cussegl da la Scola auta da pedagogia dal Grischun [&hellip;]<\/p>\n","protected":false},"author":1,"featured_media":4973,"parent":0,"menu_order":0,"comment_status":"closed","ping_status":"closed","template":"elementor_header_footer","meta":{"_acf_changed":false,"footnotes":""},"class_list":["post-5486","page","type-page","status-publish","has-post-thumbnail","hentry"],"acf":[],"_links":{"self":[{"href":"https:\/\/jahresberichte.phgr.ch\/2023\/wp-json\/wp\/v2\/pages\/5486","targetHints":{"allow":["GET"]}}],"collection":[{"href":"https:\/\/jahresberichte.phgr.ch\/2023\/wp-json\/wp\/v2\/pages"}],"about":[{"href":"https:\/\/jahresberichte.phgr.ch\/2023\/wp-json\/wp\/v2\/types\/page"}],"author":[{"embeddable":true,"href":"https:\/\/jahresberichte.phgr.ch\/2023\/wp-json\/wp\/v2\/users\/1"}],"replies":[{"embeddable":true,"href":"https:\/\/jahresberichte.phgr.ch\/2023\/wp-json\/wp\/v2\/comments?post=5486"}],"version-history":[{"count":33,"href":"https:\/\/jahresberichte.phgr.ch\/2023\/wp-json\/wp\/v2\/pages\/5486\/revisions"}],"predecessor-version":[{"id":8056,"href":"https:\/\/jahresberichte.phgr.ch\/2023\/wp-json\/wp\/v2\/pages\/5486\/revisions\/8056"}],"wp:featuredmedia":[{"embeddable":true,"href":"https:\/\/jahresberichte.phgr.ch\/2023\/wp-json\/wp\/v2\/media\/4973"}],"wp:attachment":[{"href":"https:\/\/jahresberichte.phgr.ch\/2023\/wp-json\/wp\/v2\/media?parent=5486"}],"curies":[{"name":"wp","href":"https:\/\/api.w.org\/{rel}","templated":true}]}}