{"id":5524,"date":"2024-02-21T16:47:51","date_gmt":"2024-02-21T15:47:51","guid":{"rendered":"https:\/\/jahresberichte.phgr.ch\/2023\/?page_id=5524"},"modified":"2024-03-21T13:38:14","modified_gmt":"2024-03-21T12:38:14","slug":"formazione","status":"publish","type":"page","link":"https:\/\/jahresberichte.phgr.ch\/2023\/it\/prorettorati\/formazione\/","title":{"rendered":"Formazione"},"content":{"rendered":"\t\t<div data-elementor-type=\"wp-page\" data-elementor-id=\"5524\" class=\"elementor elementor-5524\" data-elementor-post-type=\"page\">\n\t\t\t\t\t\t<section class=\"elementor-section elementor-top-section elementor-element elementor-element-48c66600 elementor-section-height-min-height elementor-section-boxed elementor-section-height-default elementor-section-items-middle\" data-id=\"48c66600\" data-element_type=\"section\" data-settings=\"{&quot;jet_parallax_layout_list&quot;:[],&quot;background_background&quot;:&quot;classic&quot;}\">\n\t\t\t\t\t\t<div class=\"elementor-container elementor-column-gap-default\">\n\t\t\t\t\t<div class=\"elementor-column elementor-col-100 elementor-top-column elementor-element elementor-element-41004e49\" data-id=\"41004e49\" data-element_type=\"column\">\n\t\t\t<div class=\"elementor-widget-wrap elementor-element-populated\">\n\t\t\t\t\t\t<div class=\"elementor-element elementor-element-3fcef5e6 elementor-widget elementor-widget-heading\" data-id=\"3fcef5e6\" data-element_type=\"widget\" data-widget_type=\"heading.default\">\n\t\t\t\t<div class=\"elementor-widget-container\">\n\t\t\t\t\t<h3 class=\"elementor-heading-title elementor-size-default\">Prorettorato<\/h3>\t\t\t\t<\/div>\n\t\t\t\t<\/div>\n\t\t\t\t<div class=\"elementor-element elementor-element-5096607a elementor-widget elementor-widget-heading\" data-id=\"5096607a\" data-element_type=\"widget\" id=\"title-underline\" data-widget_type=\"heading.default\">\n\t\t\t\t<div class=\"elementor-widget-container\">\n\t\t\t\t\t<h2 class=\"elementor-heading-title elementor-size-default\">Formazione<\/h2>\t\t\t\t<\/div>\n\t\t\t\t<\/div>\n\t\t\t\t<div class=\"elementor-element elementor-element-414deaeb elementor-widget elementor-widget-heading\" data-id=\"414deaeb\" data-element_type=\"widget\" data-widget_type=\"heading.default\">\n\t\t\t\t<div class=\"elementor-widget-container\">\n\t\t\t\t\t<h3 class=\"elementor-heading-title elementor-size-default\">\u00abNonostante la prosperit\u00e0, esiste un misterioso limite alla crescita anche per le imprese, come per tutto ci\u00f2 che \u00e8 organico.\u00bb\n<br>\u2013 Robert Musil<\/h3>\t\t\t\t<\/div>\n\t\t\t\t<\/div>\n\t\t\t\t\t<\/div>\n\t\t<\/div>\n\t\t\t\t\t<\/div>\n\t\t<\/section>\n\t\t\t\t<section class=\"elementor-section elementor-top-section elementor-element elementor-element-1fa961bc elementor-section-full_width elementor-section-height-min-height elementor-section-height-default elementor-section-items-middle\" data-id=\"1fa961bc\" data-element_type=\"section\" data-settings=\"{&quot;jet_parallax_layout_list&quot;:[],&quot;background_background&quot;:&quot;classic&quot;}\">\n\t\t\t\t\t\t<div class=\"elementor-container elementor-column-gap-default\">\n\t\t\t\t\t<div class=\"elementor-column elementor-col-100 elementor-top-column elementor-element elementor-element-2cb290be\" data-id=\"2cb290be\" data-element_type=\"column\">\n\t\t\t<div class=\"elementor-widget-wrap elementor-element-populated\">\n\t\t\t\t\t\t<div class=\"elementor-element elementor-element-b7df005 elementor-widget elementor-widget-spacer\" data-id=\"b7df005\" data-element_type=\"widget\" data-widget_type=\"spacer.default\">\n\t\t\t\t<div class=\"elementor-widget-container\">\n\t\t\t\t\t\t\t<div class=\"elementor-spacer\">\n\t\t\t<div class=\"elementor-spacer-inner\"><\/div>\n\t\t<\/div>\n\t\t\t\t\t\t<\/div>\n\t\t\t\t<\/div>\n\t\t\t\t\t<\/div>\n\t\t<\/div>\n\t\t\t\t\t<\/div>\n\t\t<\/section>\n\t\t\t\t<section class=\"elementor-section elementor-top-section elementor-element elementor-element-7d694575 elementor-section-boxed elementor-section-height-default elementor-section-height-default\" data-id=\"7d694575\" data-element_type=\"section\" data-settings=\"{&quot;jet_parallax_layout_list&quot;:[]}\">\n\t\t\t\t\t\t<div class=\"elementor-container elementor-column-gap-default\">\n\t\t\t\t\t<div class=\"elementor-column elementor-col-100 elementor-top-column elementor-element elementor-element-56028395\" data-id=\"56028395\" data-element_type=\"column\">\n\t\t\t<div class=\"elementor-widget-wrap elementor-element-populated\">\n\t\t\t\t\t\t<div class=\"elementor-element elementor-element-7e8aa61c elementor-widget elementor-widget-heading\" data-id=\"7e8aa61c\" data-element_type=\"widget\" data-widget_type=\"heading.default\">\n\t\t\t\t<div class=\"elementor-widget-container\">\n\t\t\t\t\t<h3 class=\"elementor-heading-title elementor-size-default\">Crescita al momento giusto<\/h3>\t\t\t\t<\/div>\n\t\t\t\t<\/div>\n\t\t\t\t<div class=\"elementor-element elementor-element-393738c8 elementor-widget elementor-widget-text-editor\" data-id=\"393738c8\" data-element_type=\"widget\" data-widget_type=\"text-editor.default\">\n\t\t\t\t<div class=\"elementor-widget-container\">\n\t\t\t\t\t\t\t\t\t<p>L&#8217;anno 2023 \u00e8 stato caratterizzato dalla crescita. Con 197 iscrizioni, in autunno l&#8217;ASP Grigioni ha aperto il nuovo ciclo di studio con un numero di studentesse e studenti mai visto prima. Con un totale di 516 studentesse e studenti, l&#8217;ASP Grigioni ha superato per la prima volta la soglia dei 500. Ci\u00f2 significa che il numero di iscrizioni \u00e8 aumentato di un buon 50% in pochi anni. Queste cifre non comprendono le 14 persone iscritte all&#8217;ASP di San Gallo per il ciclo di studio Sec I per insegnanti di scuola elementare e le 24 persone iscritte alla Scuola universitaria intercantonale di pedagogia curativa (HfH) di Zurigo nel ciclo di studio pedagogia curativa (SHP). Entrambi i corsi si svolgono interamente o in gran parte a Coira.<\/p>\t\t\t\t\t\t\t\t<\/div>\n\t\t\t\t<\/div>\n\t\t\t\t<div class=\"elementor-element elementor-element-36c9705 elementor-widget elementor-widget-heading\" data-id=\"36c9705\" data-element_type=\"widget\" data-widget_type=\"heading.default\">\n\t\t\t\t<div class=\"elementor-widget-container\">\n\t\t\t\t\t<h3 class=\"elementor-heading-title elementor-size-default\">I nuovi cicli di studio spiegano in parte la crescita<\/h3>\t\t\t\t<\/div>\n\t\t\t\t<\/div>\n\t\t\t\t<div class=\"elementor-element elementor-element-2fdaadc elementor-widget elementor-widget-text-editor\" data-id=\"2fdaadc\" data-element_type=\"widget\" data-widget_type=\"text-editor.default\">\n\t\t\t\t<div class=\"elementor-widget-container\">\n\t\t\t\t\t\t\t\t\t<p>Circa la met\u00e0 della crescita \u00e8 dovuta ai nuovi cicli di studio introdotti nel 2022:<\/p><ul><li>il nuovo ciclo di studio Scuola dell&#8217;infanzia e Scuola elementare (1<sup>a<\/sup> e 2<sup>a<\/sup> classe) sostituisce il ciclo di studio bachelor Scuola dell&#8217;infanzia ed \u00e8 pi\u00f9 attraente grazie all&#8217;abilitazione all&#8217;insegnamento pi\u00f9 completa. Particolarmente significativo \u00e8 l&#8217;aumento del numero di studentesse e studenti di lingua italiana rispetto al ciclo di studio Scuola dell&#8217;infanzia. A luglio, la Conferenza delle direttrici e dei direttori cantonali della pubblica educazione (CDPE) ha riconosciuto questo nuovo ciclo di studio in tutta la Svizzera.<\/li><li>il ciclo di studio master Sec I per persone con bachelor specialistico e il ciclo di studio combinato Sec I e scuole di maturit\u00e0 per persone con master specialistico ampliano l&#8217;offerta formativa dell&#8217;ASP Grigioni. Grazie alla loro forza innovativa i due cicli di studio hanno riscosso grande interesse anche da parte di altre scuole universitarie. Le studentesse e gli studenti sviluppano le competenze rilevanti per l&#8217;insegnamento quotidiano in modo autonomo e nel farlo sono accompagnati in maniera critica dalle e dai docenti sia individualmente che in gruppo. Il riconoscimento di questi due cicli di studio \u00e8 stato richiesto dal Governo alla CDPE.<\/li><\/ul><p>L&#8217;altra met\u00e0 della crescita non pu\u00f2 essere spiegata chiaramente. Tuttavia, le nostre indagini dimostrano che le e i futuri insegnanti desiderano svolgere una professione significativa e assumersi delle responsabilit\u00e0. Negli ultimi anni, l\u2019ASP Grigioni ha anche aumentato la propria visibilit\u00e0 attraverso un sito web rinnovato, una presenza sui social media e una campagna di affissioni pubblicitarie aggiornata. Anche il rinnovo dei cicli di studio ha probabilmente contribuito alla crescita. La struttura dello studio \u00e8 diventata pi\u00f9 comprensibile: un concetto di studio spiega ora le questioni legate alle lingue straniere, alla pratica professionale e altri capisaldi del programma di laurea. Il quadro normativo \u00e8 ora limitato a due documenti. Le studentesse e gli studenti conoscono i loro futuri piani annuali all&#8217;inizio degli studi. Questi miglioramenti consentono loro di occuparsi meno di questioni organizzative e di concentrarsi maggiormente sull&#8217;acquisizione delle competenze.<\/p><p>\u00c8 chiaro che tale crescita \u00e8 benvenuta a causa della situazione di scarsit\u00e0 di personale nelle scuole dell&#8217;obbligo.<\/p>\t\t\t\t\t\t\t\t<\/div>\n\t\t\t\t<\/div>\n\t\t\t\t<div class=\"elementor-element elementor-element-ee1dda1 elementor-widget elementor-widget-heading\" data-id=\"ee1dda1\" data-element_type=\"widget\" data-widget_type=\"heading.default\">\n\t\t\t\t<div class=\"elementor-widget-container\">\n\t\t\t\t\t<h3 class=\"elementor-heading-title elementor-size-default\">132 nuovi diplomi di insegnamento<\/h3>\t\t\t\t<\/div>\n\t\t\t\t<\/div>\n\t\t\t\t<div class=\"elementor-element elementor-element-ea24e16 elementor-widget elementor-widget-text-editor\" data-id=\"ea24e16\" data-element_type=\"widget\" data-widget_type=\"text-editor.default\">\n\t\t\t\t<div class=\"elementor-widget-container\">\n\t\t\t\t\t\t\t\t\t<p>Nel 2023, un totale di 114 persone ha ottenuto un <a href=\"\/it\/numeri-e-fatti#diplomi\" rel=\"noopener\">diploma di insegnamento<\/a>\u00a0per la scuola dell\u2019infanzia o elementare:<\/p><ul><li>87 diplomi in lingua tedesca<\/li><li>6 diplomi per la lingua italiana<\/li><li>4 diplomi per la lingua italiana e tedesca<\/li><li>17 diplomi per la lingua tedesca e romancia<\/li><\/ul><p>Inoltre, 18 insegnanti di scuola elementare iscritti all&#8217;ASP di San Gallo hanno ottenuto un diploma di insegnamento per il livello secondario I.<\/p>\t\t\t\t\t\t\t\t<\/div>\n\t\t\t\t<\/div>\n\t\t\t\t<div class=\"elementor-element elementor-element-7717c2b elementor-widget elementor-widget-heading\" data-id=\"7717c2b\" data-element_type=\"widget\" data-widget_type=\"heading.default\">\n\t\t\t\t<div class=\"elementor-widget-container\">\n\t\t\t\t\t<h3 class=\"elementor-heading-title elementor-size-default\">620 posti di tirocinio<\/h3>\t\t\t\t<\/div>\n\t\t\t\t<\/div>\n\t\t\t\t<div class=\"elementor-element elementor-element-b9d1bc7 elementor-widget elementor-widget-text-editor\" data-id=\"b9d1bc7\" data-element_type=\"widget\" data-widget_type=\"text-editor.default\">\n\t\t\t\t<div class=\"elementor-widget-container\">\n\t\t\t\t\t\t\t\t\t<p>Questa crescita pone sfide particolari per i tirocini professionali. Con 620 posti di tirocinio, la domanda nell&#8217;anno in esame \u00e8 stata pi\u00f9 alta che mai.<\/p>\t\t\t\t\t\t\t\t<\/div>\n\t\t\t\t<\/div>\n\t\t\t\t<div class=\"elementor-element elementor-element-ff4defe elementor-widget elementor-widget-heading\" data-id=\"ff4defe\" data-element_type=\"widget\" data-widget_type=\"heading.default\">\n\t\t\t\t<div class=\"elementor-widget-container\">\n\t\t\t\t\t<h3 class=\"elementor-heading-title elementor-size-default\">Pratica professionale innovativa<\/h3>\t\t\t\t<\/div>\n\t\t\t\t<\/div>\n\t\t\t\t<div class=\"elementor-element elementor-element-9c740c3 elementor-widget elementor-widget-text-editor\" data-id=\"9c740c3\" data-element_type=\"widget\" data-widget_type=\"text-editor.default\">\n\t\t\t\t<div class=\"elementor-widget-container\">\n\t\t\t\t\t\t\t\t\t<p>Anche la pratica professionale ha introdotto importanti innovazioni.<\/p><p>Tutte le studentesse e tutti gli studenti del ciclo di studio bachelor Scuola elementare svolgono ora nel primo anno di formazione una parte del tirocinio sia in una scuola dell\u2019infanzia che in una scuola elementare. Questo fornisce loro una panoramica delle diverse culture e fasi di sviluppo. Sulla base di questa esperienza potranno cambiare il ciclo di studio scelto all&#8217;inizio della formazione.<\/p><p>La verifica dell\u2019idoneit\u00e0 professionale \u00e8 ora pi\u00f9 impegnativa. Studentesse e studenti devono soddisfare i criteri relativi alla competenza sociale e relazionale, alla competenza personale e alla competenza organizzativa senza eccezioni. La valutazione dell&#8217;idoneit\u00e0 professionale viene ora completata dopo un solo anno.<\/p><p>Le e gli insegnanti esperti sono ora coinvolti nella preparazione e nel successivo monitoraggio dei tirocini come cosiddetti docenti di pratica. Le prospettive teoriche e pratiche si completano a vicenda. Le esperienze e i feedback del primo turno sono altrettanto positivi.<\/p><p>Inoltre, l\u2019ASP Grigioni collabora oggi pi\u00f9 strettamente con le scuole svizzere all\u2019estero per quanto riguarda i tirocini. Le studentesse e gli studenti possono svolgere un tirocinio in Italia, Spagna o Sud America invece che nel Cantone dei Grigioni e nei cantoni limitrofi.<\/p>\t\t\t\t\t\t\t\t<\/div>\n\t\t\t\t<\/div>\n\t\t\t\t<div class=\"elementor-element elementor-element-b1140c7 elementor-widget elementor-widget-heading\" data-id=\"b1140c7\" data-element_type=\"widget\" data-widget_type=\"heading.default\">\n\t\t\t\t<div class=\"elementor-widget-container\">\n\t\t\t\t\t<h3 class=\"elementor-heading-title elementor-size-default\">La crescita richiede adeguamenti<\/h3>\t\t\t\t<\/div>\n\t\t\t\t<\/div>\n\t\t\t\t<div class=\"elementor-element elementor-element-5ad4c35 elementor-widget elementor-widget-text-editor\" data-id=\"5ad4c35\" data-element_type=\"widget\" data-widget_type=\"text-editor.default\">\n\t\t\t\t<div class=\"elementor-widget-container\">\n\t\t\t\t\t\t\t\t\t<p>Oltre ai posti di tirocinio, la crescita \u00e8 associata a sfide finanziarie, di personale e infrastrutturali. Per questo motivo, l\u2019ASP Grigioni ha deciso di ridurre i costi, ha chiesto un credito supplementare, ha assunto cinque nuovi docenti a tempo pieno e ha affittato nuovi locali a Postplatz, che consentono anche forme di apprendimento innovative.<\/p>\t\t\t\t\t\t\t\t<\/div>\n\t\t\t\t<\/div>\n\t\t\t\t<div class=\"elementor-element elementor-element-66c6111 elementor-widget elementor-widget-heading\" data-id=\"66c6111\" data-element_type=\"widget\" data-widget_type=\"heading.default\">\n\t\t\t\t<div class=\"elementor-widget-container\">\n\t\t\t\t\t<h3 class=\"elementor-heading-title elementor-size-default\">La nuova struttura aumenta la qualit\u00e0<\/h3>\t\t\t\t<\/div>\n\t\t\t\t<\/div>\n\t\t\t\t<div class=\"elementor-element elementor-element-9f87e05 elementor-widget elementor-widget-text-editor\" data-id=\"9f87e05\" data-element_type=\"widget\" data-widget_type=\"text-editor.default\">\n\t\t\t\t<div class=\"elementor-widget-container\">\n\t\t\t\t\t\t\t\t\t<p>Nell&#8217;anno in esame, il prorettorato Formazione ha consolidato la nuova struttura organizzativa introdotta nel 2022.<\/p><p>Le persone responsabili dei quattro settori che fanno capo al prorettore per la Formazione gestiscono le e i docenti, pianificano le percentuali di lavoro e sviluppano ulteriormente la qualit\u00e0 delle loro aree. Questa nuova struttura si sta rivelando particolarmente efficace perch\u00e9 le e i responsabili insegnano parallelamente e conoscono molto bene le esigenze e le sfide delle e dei docenti grazie alla loro vicinanza professionale e personale. Nell&#8217;anno in esame sono stati in grado di migliorare la pianificazione delle percentuali di lavoro e il coordinamento tra i singoli prorettorati.<\/p><p>Dall&#8217;implementazione della nuova struttura organizzativa, il team del prorettorato \u00e8 anche responsabile della progettazione dei cicli di studio bachelor e master e del loro coordinamento con l&#8217;informatica. Dall&#8217;anno in esame, le studentesse e gli studenti hanno accesso a tutti i propri dati personali attraverso la piattaforma interna della scuola universitaria mia. Ad esempio, possono utilizzare la piattaforma per scaricare i certificati di immatricolazione e gli attestati dei voti, prenotare le aule, pagare le tasse e visualizzare il loro orario scolastico personale.<\/p>\t\t\t\t\t\t\t\t<\/div>\n\t\t\t\t<\/div>\n\t\t\t\t<div class=\"elementor-element elementor-element-7d1e965 elementor-widget elementor-widget-heading\" data-id=\"7d1e965\" data-element_type=\"widget\" data-widget_type=\"heading.default\">\n\t\t\t\t<div class=\"elementor-widget-container\">\n\t\t\t\t\t<h3 class=\"elementor-heading-title elementor-size-default\">Qualit\u00e0 e concezione dell'insegnamento\/apprendimento<\/h3>\t\t\t\t<\/div>\n\t\t\t\t<\/div>\n\t\t\t\t<div class=\"elementor-element elementor-element-2ded3bf elementor-widget elementor-widget-text-editor\" data-id=\"2ded3bf\" data-element_type=\"widget\" data-widget_type=\"text-editor.default\">\n\t\t\t\t<div class=\"elementor-widget-container\">\n\t\t\t\t\t\t\t\t\t<p>Anche le forme innovative di insegnamento e apprendimento saranno al centro dell&#8217;attenzione nei prossimi anni. Per intrecciare in modo ottimale teoria e pratica, promuovere l&#8217;attivazione delle studentesse e degli studenti e rispettare la loro eterogeneit\u00e0, l&#8217;ASP Grigioni intende sviluppare ulteriormente e in modo mirato il concetto di insegnamento e apprendimento alla base del ciclo di studio bachelor.<\/p>\t\t\t\t\t\t\t\t<\/div>\n\t\t\t\t<\/div>\n\t\t\t\t\t<\/div>\n\t\t<\/div>\n\t\t\t\t\t<\/div>\n\t\t<\/section>\n\t\t<div class=\"elementor-element elementor-element-6e2bb8b e-flex e-con-boxed e-con e-parent\" data-id=\"6e2bb8b\" data-element_type=\"container\" data-settings=\"{&quot;background_background&quot;:&quot;classic&quot;,&quot;jet_parallax_layout_list&quot;:[]}\">\n\t\t\t\t\t<div class=\"e-con-inner\">\n\t\t<div class=\"elementor-element elementor-element-e8b18cc e-con-full e-flex e-con e-child\" data-id=\"e8b18cc\" data-element_type=\"container\" data-settings=\"{&quot;jet_parallax_layout_list&quot;:[]}\">\n\t\t\t\t<div class=\"elementor-element elementor-element-a94b065 elementor-widget elementor-widget-image\" data-id=\"a94b065\" data-element_type=\"widget\" data-widget_type=\"image.default\">\n\t\t\t\t<div class=\"elementor-widget-container\">\n\t\t\t\t\t\t\t\t\t\t\t\t\t\t\t<img decoding=\"async\" width=\"102\" height=\"106\" src=\"https:\/\/jahresberichte.phgr.ch\/2023\/wp-content\/uploads\/sites\/3\/2024\/01\/phgr-jahresbericht-2023-20-jahre-stoerer.svg\" class=\"attachment-large size-large wp-image-5025\" alt=\"\" \/>\t\t\t\t\t\t\t\t\t\t\t\t\t\t\t<\/div>\n\t\t\t\t<\/div>\n\t\t\t\t<\/div>\n\t\t<div class=\"elementor-element elementor-element-5365342 e-con-full e-flex e-con e-child\" data-id=\"5365342\" data-element_type=\"container\" data-settings=\"{&quot;jet_parallax_layout_list&quot;:[]}\">\n\t\t<div class=\"elementor-element elementor-element-b2d5189 e-con-full e-flex e-con e-child\" data-id=\"b2d5189\" data-element_type=\"container\" data-settings=\"{&quot;jet_parallax_layout_list&quot;:[]}\">\n\t\t\t\t<div class=\"elementor-element elementor-element-85fe26c elementor-widget elementor-widget-image\" data-id=\"85fe26c\" data-element_type=\"widget\" data-widget_type=\"image.default\">\n\t\t\t\t<div class=\"elementor-widget-container\">\n\t\t\t\t\t\t\t\t\t\t\t\t\t\t\t<img fetchpriority=\"high\" decoding=\"async\" width=\"600\" height=\"600\" src=\"https:\/\/jahresberichte.phgr.ch\/2023\/wp-content\/uploads\/sites\/3\/2024\/03\/testimonial-Laura-Lutz-1.png\" class=\"attachment-large size-large wp-image-7450\" alt=\"\" srcset=\"https:\/\/jahresberichte.phgr.ch\/2023\/wp-content\/uploads\/sites\/3\/2024\/03\/testimonial-Laura-Lutz-1.png 600w, https:\/\/jahresberichte.phgr.ch\/2023\/wp-content\/uploads\/sites\/3\/2024\/03\/testimonial-Laura-Lutz-1-500x500.png 500w\" sizes=\"(max-width: 600px) 100vw, 600px\" \/>\t\t\t\t\t\t\t\t\t\t\t\t\t\t\t<\/div>\n\t\t\t\t<\/div>\n\t\t\t\t<\/div>\n\t\t<div class=\"elementor-element elementor-element-ada8373 e-flex e-con-boxed e-con e-child\" data-id=\"ada8373\" data-element_type=\"container\" data-settings=\"{&quot;jet_parallax_layout_list&quot;:[]}\">\n\t\t\t\t\t<div class=\"e-con-inner\">\n\t\t<div class=\"elementor-element elementor-element-339c943 e-flex e-con-boxed e-con e-child\" data-id=\"339c943\" data-element_type=\"container\" data-settings=\"{&quot;background_background&quot;:&quot;classic&quot;,&quot;jet_parallax_layout_list&quot;:[]}\">\n\t\t\t\t\t<div class=\"e-con-inner\">\n\t\t\t\t\t<\/div>\n\t\t\t\t<\/div>\n\t\t<div class=\"elementor-element elementor-element-de7ab88 e-flex e-con-boxed e-con e-child\" data-id=\"de7ab88\" data-element_type=\"container\" data-settings=\"{&quot;background_background&quot;:&quot;classic&quot;,&quot;jet_parallax_layout_list&quot;:[]}\">\n\t\t\t\t\t<div class=\"e-con-inner\">\n\t\t\t\t<div class=\"elementor-element elementor-element-840dd4d elementor-widget elementor-widget-heading\" data-id=\"840dd4d\" data-element_type=\"widget\" data-widget_type=\"heading.default\">\n\t\t\t\t<div class=\"elementor-widget-container\">\n\t\t\t\t\t<h3 class=\"elementor-heading-title elementor-size-default\">Per me l'ASP Grigioni rappresenta...<br>\n...il luogo in cui si gettano le basi per la formazione del nostro futuro.<br>\n...il luogo nel quale il panorama educativo dei Grigioni viene plasmato in modo vario, creativo e progressista.<\/h3>\t\t\t\t<\/div>\n\t\t\t\t<\/div>\n\t\t\t\t<div class=\"elementor-element elementor-element-94cb739 elementor-widget elementor-widget-heading\" data-id=\"94cb739\" data-element_type=\"widget\" data-widget_type=\"heading.default\">\n\t\t\t\t<div class=\"elementor-widget-container\">\n\t\t\t\t\t<h4 class=\"elementor-heading-title elementor-size-default\">\u2013 Laura Lutz, presidente associazione insegnanti Grigioni (LEGR)<\/h4>\t\t\t\t<\/div>\n\t\t\t\t<\/div>\n\t\t\t\t\t<\/div>\n\t\t\t\t<\/div>\n\t\t<div class=\"elementor-element elementor-element-8e4ebf3 e-flex e-con-boxed e-con e-child\" data-id=\"8e4ebf3\" data-element_type=\"container\" data-settings=\"{&quot;background_background&quot;:&quot;classic&quot;,&quot;jet_parallax_layout_list&quot;:[]}\">\n\t\t\t\t\t<div class=\"e-con-inner\">\n\t\t\t\t\t<\/div>\n\t\t\t\t<\/div>\n\t\t\t\t\t<\/div>\n\t\t\t\t<\/div>\n\t\t\t\t<\/div>\n\t\t\t\t\t<\/div>\n\t\t\t\t<\/div>\n\t\t\t\t<section class=\"elementor-section elementor-top-section elementor-element elementor-element-4083b058 elementor-section-boxed elementor-section-height-default elementor-section-height-default\" data-id=\"4083b058\" data-element_type=\"section\" data-settings=\"{&quot;jet_parallax_layout_list&quot;:[]}\">\n\t\t\t\t\t\t<div class=\"elementor-container elementor-column-gap-default\">\n\t\t\t\t\t<div class=\"elementor-column elementor-col-100 elementor-top-column elementor-element elementor-element-4ea1bbe7\" data-id=\"4ea1bbe7\" data-element_type=\"column\">\n\t\t\t<div class=\"elementor-widget-wrap elementor-element-populated\">\n\t\t\t\t\t\t<div class=\"elementor-element elementor-element-829fe32 elementor-widget elementor-widget-template\" data-id=\"829fe32\" data-element_type=\"widget\" data-widget_type=\"template.default\">\n\t\t\t\t<div class=\"elementor-widget-container\">\n\t\t\t\t\t\t\t<div class=\"elementor-template\">\n\t\t\t\t\t<div data-elementor-type=\"section\" data-elementor-id=\"3075\" class=\"elementor elementor-3075\" data-elementor-post-type=\"elementor_library\">\n\t\t\t<div class=\"elementor-element elementor-element-73eac0c e-flex e-con-boxed e-con e-parent\" data-id=\"73eac0c\" data-element_type=\"container\" data-settings=\"{&quot;jet_parallax_layout_list&quot;:[{&quot;_id&quot;:&quot;d9c892f&quot;,&quot;jet_parallax_layout_image&quot;:{&quot;url&quot;:&quot;&quot;,&quot;id&quot;:&quot;&quot;,&quot;size&quot;:&quot;&quot;},&quot;jet_parallax_layout_image_tablet&quot;:{&quot;url&quot;:&quot;&quot;,&quot;id&quot;:&quot;&quot;,&quot;size&quot;:&quot;&quot;},&quot;jet_parallax_layout_image_mobile&quot;:{&quot;url&quot;:&quot;&quot;,&quot;id&quot;:&quot;&quot;,&quot;size&quot;:&quot;&quot;},&quot;jet_parallax_layout_speed&quot;:{&quot;unit&quot;:&quot;%&quot;,&quot;size&quot;:50,&quot;sizes&quot;:[]},&quot;jet_parallax_layout_type&quot;:&quot;scroll&quot;,&quot;jet_parallax_layout_direction&quot;:null,&quot;jet_parallax_layout_fx_direction&quot;:null,&quot;jet_parallax_layout_z_index&quot;:&quot;&quot;,&quot;jet_parallax_layout_bg_x&quot;:50,&quot;jet_parallax_layout_bg_x_tablet&quot;:&quot;&quot;,&quot;jet_parallax_layout_bg_x_mobile&quot;:&quot;&quot;,&quot;jet_parallax_layout_bg_y&quot;:50,&quot;jet_parallax_layout_bg_y_tablet&quot;:&quot;&quot;,&quot;jet_parallax_layout_bg_y_mobile&quot;:&quot;&quot;,&quot;jet_parallax_layout_bg_size&quot;:&quot;auto&quot;,&quot;jet_parallax_layout_bg_size_tablet&quot;:&quot;&quot;,&quot;jet_parallax_layout_bg_size_mobile&quot;:&quot;&quot;,&quot;jet_parallax_layout_animation_prop&quot;:&quot;transform&quot;,&quot;jet_parallax_layout_on&quot;:[&quot;desktop&quot;,&quot;tablet&quot;]}]}\">\n\t\t\t\t\t<div class=\"e-con-inner\">\n\t\t<div class=\"elementor-element elementor-element-3c4e947 e-con-full e-flex e-con e-child\" data-id=\"3c4e947\" data-element_type=\"container\" data-settings=\"{&quot;jet_parallax_layout_list&quot;:[]}\">\n\t\t\t\t<div class=\"elementor-element elementor-element-34579af elementor-widget elementor-widget-spacer\" data-id=\"34579af\" data-element_type=\"widget\" data-widget_type=\"spacer.default\">\n\t\t\t\t<div class=\"elementor-widget-container\">\n\t\t\t\t\t\t\t<div class=\"elementor-spacer\">\n\t\t\t<div class=\"elementor-spacer-inner\"><\/div>\n\t\t<\/div>\n\t\t\t\t\t\t<\/div>\n\t\t\t\t<\/div>\n\t\t\t\t<div class=\"elementor-element elementor-element-40cffc9 elementor-widget elementor-widget-heading\" data-id=\"40cffc9\" data-element_type=\"widget\" data-widget_type=\"heading.default\">\n\t\t\t\t<div class=\"elementor-widget-container\">\n\t\t\t\t\t<p class=\"elementor-heading-title elementor-size-default\">Altri argomenti che potrebbero interessarvi<\/p>\t\t\t\t<\/div>\n\t\t\t\t<\/div>\n\t\t\t\t<div class=\"elementor-element elementor-element-6852d52 raven-hover-scale-up elementor-widget elementor-widget-raven-posts\" data-id=\"6852d52\" data-element_type=\"widget\" data-settings=\"{&quot;classic_columns&quot;:&quot;4&quot;,&quot;query_posts_per_page&quot;:4,&quot;_skin&quot;:&quot;classic&quot;,&quot;classic_layout&quot;:&quot;grid&quot;,&quot;classic_columns_tablet&quot;:&quot;2&quot;,&quot;classic_columns_mobile&quot;:&quot;1&quot;,&quot;query_offset&quot;:0}\" data-widget_type=\"raven-posts.classic\">\n\t\t\t\t<div class=\"elementor-widget-container\">\n\t\t\t\t\t\t\t<div class=\"raven-posts raven-grid raven-grid-4 raven-grid-mobile-1 raven-grid-tablet-2\" data-post-id=\"3075\" data-archive-query=\"\" data-lang=\"\">\n\t\t\t\t<div class=\"raven-grid-item raven-post-item post-5776 page type-page status-publish has-post-thumbnail hentry\">\n\t\t\t<div class=\"raven-post elementor-animation-grow\">\n\t\t\t\t\t\t<div class=\"raven-post-image-wrap\">\n\t\t\t<a class=\"raven-post-image raven-image-fit\" href=\"https:\/\/jahresberichte.phgr.ch\/2023\/ereignisse-des-jahres\/\"><img decoding=\"async\" width=\"1000\" height=\"1000\" src=\"https:\/\/jahresberichte.phgr.ch\/2023\/wp-content\/uploads\/sites\/3\/2024\/02\/phgr-jahresbericht-2023-weitere-themen-ereignisse-des-jahres.jpg\" class=\"attachment-large size-large wp-image-5376\" alt=\"\" srcset=\"https:\/\/jahresberichte.phgr.ch\/2023\/wp-content\/uploads\/sites\/3\/2024\/02\/phgr-jahresbericht-2023-weitere-themen-ereignisse-des-jahres.jpg 1000w, https:\/\/jahresberichte.phgr.ch\/2023\/wp-content\/uploads\/sites\/3\/2024\/02\/phgr-jahresbericht-2023-weitere-themen-ereignisse-des-jahres-768x768.jpg 768w, https:\/\/jahresberichte.phgr.ch\/2023\/wp-content\/uploads\/sites\/3\/2024\/02\/phgr-jahresbericht-2023-weitere-themen-ereignisse-des-jahres-500x500.jpg 500w\" sizes=\"(max-width: 1000px) 100vw, 1000px\" \/> <span class=\"raven-post-image-overlay\"><\/span><\/a>\t\t<\/div>\n\t\t\t\t\t\t<div class=\"raven-post-content\">\n\t\t\t\t\t<h3 class=\"raven-post-title\"><a class=\"raven-post-title-link\" href=\"https:\/\/jahresberichte.phgr.ch\/2023\/ereignisse-des-jahres\/\">Ereignisse des Jahres<\/a><\/h3>\t\t\t\t<\/div>\n\t\t\t<\/div>\n\t\t<\/div>\n\t\t\t\t<div class=\"raven-grid-item raven-post-item post-5546 page type-page status-publish has-post-thumbnail hentry\">\n\t\t\t<div class=\"raven-post elementor-animation-grow\">\n\t\t\t\t\t\t<div class=\"raven-post-image-wrap\">\n\t\t\t<a class=\"raven-post-image raven-image-fit\" href=\"https:\/\/jahresberichte.phgr.ch\/2023\/rm\/prorectorats\/perscrutaziun-e-svilup\/\"><img loading=\"lazy\" decoding=\"async\" width=\"1000\" height=\"1000\" src=\"https:\/\/jahresberichte.phgr.ch\/2023\/wp-content\/uploads\/sites\/3\/2024\/01\/phgr-jahresbericht-2023-weitere-themen-prorektorate-forschung-entwicklung.jpg\" class=\"attachment-large size-large wp-image-4968\" alt=\"\" srcset=\"https:\/\/jahresberichte.phgr.ch\/2023\/wp-content\/uploads\/sites\/3\/2024\/01\/phgr-jahresbericht-2023-weitere-themen-prorektorate-forschung-entwicklung.jpg 1000w, https:\/\/jahresberichte.phgr.ch\/2023\/wp-content\/uploads\/sites\/3\/2024\/01\/phgr-jahresbericht-2023-weitere-themen-prorektorate-forschung-entwicklung-768x768.jpg 768w, https:\/\/jahresberichte.phgr.ch\/2023\/wp-content\/uploads\/sites\/3\/2024\/01\/phgr-jahresbericht-2023-weitere-themen-prorektorate-forschung-entwicklung-500x500.jpg 500w\" sizes=\"(max-width: 1000px) 100vw, 1000px\" \/> <span class=\"raven-post-image-overlay\"><\/span><\/a>\t\t<\/div>\n\t\t\t\t\t\t<div class=\"raven-post-content\">\n\t\t\t\t\t<h3 class=\"raven-post-title\"><a class=\"raven-post-title-link\" href=\"https:\/\/jahresberichte.phgr.ch\/2023\/rm\/prorectorats\/perscrutaziun-e-svilup\/\">Perscrutaziun e svilup<\/a><\/h3>\t\t\t\t<\/div>\n\t\t\t<\/div>\n\t\t<\/div>\n\t\t\t\t<div class=\"raven-grid-item raven-post-item post-378 page type-page status-publish has-post-thumbnail hentry\">\n\t\t\t<div class=\"raven-post elementor-animation-grow\">\n\t\t\t\t\t\t<div class=\"raven-post-image-wrap\">\n\t\t\t<a class=\"raven-post-image raven-image-fit\" href=\"https:\/\/jahresberichte.phgr.ch\/2023\/fokusthema\/\"><img loading=\"lazy\" decoding=\"async\" width=\"1000\" height=\"1000\" src=\"https:\/\/jahresberichte.phgr.ch\/2023\/wp-content\/uploads\/sites\/3\/2024\/01\/phgr-jahresbericht-2023-weitere-themen-fokusthema.jpg\" class=\"attachment-large size-large wp-image-4966\" alt=\"\" srcset=\"https:\/\/jahresberichte.phgr.ch\/2023\/wp-content\/uploads\/sites\/3\/2024\/01\/phgr-jahresbericht-2023-weitere-themen-fokusthema.jpg 1000w, https:\/\/jahresberichte.phgr.ch\/2023\/wp-content\/uploads\/sites\/3\/2024\/01\/phgr-jahresbericht-2023-weitere-themen-fokusthema-768x768.jpg 768w, https:\/\/jahresberichte.phgr.ch\/2023\/wp-content\/uploads\/sites\/3\/2024\/01\/phgr-jahresbericht-2023-weitere-themen-fokusthema-500x500.jpg 500w\" sizes=\"(max-width: 1000px) 100vw, 1000px\" \/> <span class=\"raven-post-image-overlay\"><\/span><\/a>\t\t<\/div>\n\t\t\t\t\t\t<div class=\"raven-post-content\">\n\t\t\t\t\t<h3 class=\"raven-post-title\"><a class=\"raven-post-title-link\" href=\"https:\/\/jahresberichte.phgr.ch\/2023\/fokusthema\/\">Fokusthema<\/a><\/h3>\t\t\t\t<\/div>\n\t\t\t<\/div>\n\t\t<\/div>\n\t\t\t\t<div class=\"raven-grid-item raven-post-item post-5505 page type-page status-publish has-post-thumbnail hentry\">\n\t\t\t<div class=\"raven-post elementor-animation-grow\">\n\t\t\t\t\t\t<div class=\"raven-post-image-wrap\">\n\t\t\t<a class=\"raven-post-image raven-image-fit\" href=\"https:\/\/jahresberichte.phgr.ch\/2023\/rm\/prorectorats\/\"><img loading=\"lazy\" decoding=\"async\" width=\"1000\" height=\"1000\" src=\"https:\/\/jahresberichte.phgr.ch\/2023\/wp-content\/uploads\/sites\/3\/2024\/01\/phgr-jahresbericht-2023-weitere-themen-prorektorate.jpg\" class=\"attachment-large size-large wp-image-4971\" alt=\"\" srcset=\"https:\/\/jahresberichte.phgr.ch\/2023\/wp-content\/uploads\/sites\/3\/2024\/01\/phgr-jahresbericht-2023-weitere-themen-prorektorate.jpg 1000w, https:\/\/jahresberichte.phgr.ch\/2023\/wp-content\/uploads\/sites\/3\/2024\/01\/phgr-jahresbericht-2023-weitere-themen-prorektorate-768x768.jpg 768w, https:\/\/jahresberichte.phgr.ch\/2023\/wp-content\/uploads\/sites\/3\/2024\/01\/phgr-jahresbericht-2023-weitere-themen-prorektorate-500x500.jpg 500w\" sizes=\"(max-width: 1000px) 100vw, 1000px\" \/> <span class=\"raven-post-image-overlay\"><\/span><\/a>\t\t<\/div>\n\t\t\t\t\t\t<div class=\"raven-post-content\">\n\t\t\t\t\t<h3 class=\"raven-post-title\"><a class=\"raven-post-title-link\" href=\"https:\/\/jahresberichte.phgr.ch\/2023\/rm\/prorectorats\/\">Prorectorats<\/a><\/h3>\t\t\t\t<\/div>\n\t\t\t<\/div>\n\t\t<\/div>\n\t\t\t\t<\/div>\n\t\t\t\t\t\t<\/div>\n\t\t\t\t<\/div>\n\t\t\t\t<div class=\"elementor-element elementor-element-5de9c66 elementor-widget elementor-widget-spacer\" data-id=\"5de9c66\" data-element_type=\"widget\" data-widget_type=\"spacer.default\">\n\t\t\t\t<div class=\"elementor-widget-container\">\n\t\t\t\t\t\t\t<div class=\"elementor-spacer\">\n\t\t\t<div class=\"elementor-spacer-inner\"><\/div>\n\t\t<\/div>\n\t\t\t\t\t\t<\/div>\n\t\t\t\t<\/div>\n\t\t\t\t<\/div>\n\t\t\t\t\t<\/div>\n\t\t\t\t<\/div>\n\t\t\t\t<\/div>\n\t\t\t\t<\/div>\n\t\t\t\t\t\t<\/div>\n\t\t\t\t<\/div>\n\t\t\t\t\t<\/div>\n\t\t<\/div>\n\t\t\t\t\t<\/div>\n\t\t<\/section>\n\t\t\t\t<\/div>\n\t\t","protected":false},"excerpt":{"rendered":"<p>Prorettorato Formazione \u00abNonostante la prosperit\u00e0, esiste un misterioso limite alla crescita anche per le imprese, come per tutto ci\u00f2 che \u00e8 organico.\u00bb \u2013 Robert Musil Crescita al momento giusto L&#8217;anno 2023 \u00e8 stato caratterizzato dalla crescita. Con 197 iscrizioni, in autunno l&#8217;ASP Grigioni ha aperto il nuovo ciclo di studio con un numero di studentesse [&hellip;]<\/p>\n","protected":false},"author":1,"featured_media":4967,"parent":5513,"menu_order":0,"comment_status":"closed","ping_status":"closed","template":"elementor_header_footer","meta":{"_acf_changed":false,"footnotes":""},"class_list":["post-5524","page","type-page","status-publish","has-post-thumbnail","hentry"],"acf":[],"_links":{"self":[{"href":"https:\/\/jahresberichte.phgr.ch\/2023\/wp-json\/wp\/v2\/pages\/5524","targetHints":{"allow":["GET"]}}],"collection":[{"href":"https:\/\/jahresberichte.phgr.ch\/2023\/wp-json\/wp\/v2\/pages"}],"about":[{"href":"https:\/\/jahresberichte.phgr.ch\/2023\/wp-json\/wp\/v2\/types\/page"}],"author":[{"embeddable":true,"href":"https:\/\/jahresberichte.phgr.ch\/2023\/wp-json\/wp\/v2\/users\/1"}],"replies":[{"embeddable":true,"href":"https:\/\/jahresberichte.phgr.ch\/2023\/wp-json\/wp\/v2\/comments?post=5524"}],"version-history":[{"count":21,"href":"https:\/\/jahresberichte.phgr.ch\/2023\/wp-json\/wp\/v2\/pages\/5524\/revisions"}],"predecessor-version":[{"id":7905,"href":"https:\/\/jahresberichte.phgr.ch\/2023\/wp-json\/wp\/v2\/pages\/5524\/revisions\/7905"}],"up":[{"embeddable":true,"href":"https:\/\/jahresberichte.phgr.ch\/2023\/wp-json\/wp\/v2\/pages\/5513"}],"wp:featuredmedia":[{"embeddable":true,"href":"https:\/\/jahresberichte.phgr.ch\/2023\/wp-json\/wp\/v2\/media\/4967"}],"wp:attachment":[{"href":"https:\/\/jahresberichte.phgr.ch\/2023\/wp-json\/wp\/v2\/media?parent=5524"}],"curies":[{"name":"wp","href":"https:\/\/api.w.org\/{rel}","templated":true}]}}