{"id":5580,"date":"2024-02-22T10:13:02","date_gmt":"2024-02-22T09:13:02","guid":{"rendered":"https:\/\/jahresberichte.phgr.ch\/2023\/?page_id=5580"},"modified":"2024-03-28T11:15:13","modified_gmt":"2024-03-28T10:15:13","slug":"tema-central","status":"publish","type":"page","link":"https:\/\/jahresberichte.phgr.ch\/2023\/rm\/tema-central\/","title":{"rendered":"Tema central"},"content":{"rendered":"\t\t<div data-elementor-type=\"wp-page\" data-elementor-id=\"5580\" class=\"elementor elementor-5580\" data-elementor-post-type=\"page\">\n\t\t\t\t\t\t<section class=\"elementor-section elementor-top-section elementor-element elementor-element-af39496 elementor-section-height-min-height elementor-section-boxed elementor-section-height-default elementor-section-items-middle\" data-id=\"af39496\" data-element_type=\"section\" data-settings=\"{&quot;jet_parallax_layout_list&quot;:[],&quot;background_background&quot;:&quot;classic&quot;}\">\n\t\t\t\t\t\t<div class=\"elementor-container elementor-column-gap-default\">\n\t\t\t\t\t<div class=\"elementor-column elementor-col-100 elementor-top-column elementor-element elementor-element-b98e0c4\" data-id=\"b98e0c4\" data-element_type=\"column\">\n\t\t\t<div class=\"elementor-widget-wrap elementor-element-populated\">\n\t\t\t\t\t\t<div class=\"elementor-element elementor-element-d35eb38 elementor-widget elementor-widget-heading\" data-id=\"d35eb38\" data-element_type=\"widget\" data-widget_type=\"heading.default\">\n\t\t\t\t<div class=\"elementor-widget-container\">\n\t\t\t\t\t<h3 class=\"elementor-heading-title elementor-size-default\">En il focus<\/h3>\t\t\t\t<\/div>\n\t\t\t\t<\/div>\n\t\t\t\t<div class=\"elementor-element elementor-element-afb71b8 elementor-widget elementor-widget-heading\" data-id=\"afb71b8\" data-element_type=\"widget\" id=\"title-underline\" data-widget_type=\"heading.default\">\n\t\t\t\t<div class=\"elementor-widget-container\">\n\t\t\t\t\t<h2 class=\"elementor-heading-title elementor-size-default\">20 onns sap dal grischun<\/h2>\t\t\t\t<\/div>\n\t\t\t\t<\/div>\n\t\t\t\t<div class=\"elementor-element elementor-element-4dd40e6 elementor-widget elementor-widget-heading\" data-id=\"4dd40e6\" data-element_type=\"widget\" data-widget_type=\"heading.default\">\n\t\t\t\t<div class=\"elementor-widget-container\">\n\t\t\t\t\t<h3 class=\"elementor-heading-title elementor-size-default\">La Scola auta da pedagogia dal Grischun festivescha ses giubileum<br>da 20 onns.<\/h3>\t\t\t\t<\/div>\n\t\t\t\t<\/div>\n\t\t\t\t\t<\/div>\n\t\t<\/div>\n\t\t\t\t\t<\/div>\n\t\t<\/section>\n\t\t\t\t<section class=\"elementor-section elementor-top-section elementor-element elementor-element-4b21e30 elementor-section-full_width elementor-section-height-min-height elementor-section-height-default elementor-section-items-middle\" data-id=\"4b21e30\" data-element_type=\"section\" data-settings=\"{&quot;jet_parallax_layout_list&quot;:[],&quot;background_background&quot;:&quot;classic&quot;}\">\n\t\t\t\t\t\t<div class=\"elementor-container elementor-column-gap-default\">\n\t\t\t\t\t<div class=\"elementor-column elementor-col-100 elementor-top-column elementor-element elementor-element-a3d8673\" data-id=\"a3d8673\" data-element_type=\"column\">\n\t\t\t<div class=\"elementor-widget-wrap elementor-element-populated\">\n\t\t\t\t\t\t<div class=\"elementor-element elementor-element-5f28868 elementor-widget elementor-widget-spacer\" data-id=\"5f28868\" data-element_type=\"widget\" data-widget_type=\"spacer.default\">\n\t\t\t\t<div class=\"elementor-widget-container\">\n\t\t\t\t\t\t\t<div class=\"elementor-spacer\">\n\t\t\t<div class=\"elementor-spacer-inner\"><\/div>\n\t\t<\/div>\n\t\t\t\t\t\t<\/div>\n\t\t\t\t<\/div>\n\t\t\t\t\t<\/div>\n\t\t<\/div>\n\t\t\t\t\t<\/div>\n\t\t<\/section>\n\t\t\t\t<section class=\"elementor-section elementor-top-section elementor-element elementor-element-f04b1b3 elementor-section-boxed elementor-section-height-default elementor-section-height-default\" data-id=\"f04b1b3\" data-element_type=\"section\" data-settings=\"{&quot;jet_parallax_layout_list&quot;:[]}\">\n\t\t\t\t\t\t<div class=\"elementor-container elementor-column-gap-default\">\n\t\t\t\t\t<div class=\"elementor-column elementor-col-100 elementor-top-column elementor-element elementor-element-62cbfd8\" data-id=\"62cbfd8\" data-element_type=\"column\">\n\t\t\t<div class=\"elementor-widget-wrap elementor-element-populated\">\n\t\t\t\t\t\t<div class=\"elementor-element elementor-element-9c9dd37 elementor-widget elementor-widget-text-editor\" data-id=\"9c9dd37\" data-element_type=\"widget\" data-widget_type=\"text-editor.default\">\n\t\t\t\t<div class=\"elementor-widget-container\">\n\t\t\t\t\t\t\t\t\t<p>Dapi sia fundaziun ha la SAP dal Grischun promov\u00ec e furm\u00e0 en moda singulara l&#8217;instrucziun e la lavur da las scolastas e dals scolasts en il chantun Grischun. L&#8217;emprender, l&#8217;instruir ed il svilup stattan gia dapi adina en il center da sia activitad.<\/p>\t\t\t\t\t\t\t\t<\/div>\n\t\t\t\t<\/div>\n\t\t\t\t<div class=\"elementor-element elementor-element-4d777db elementor-widget elementor-widget-heading\" data-id=\"4d777db\" data-element_type=\"widget\" data-widget_type=\"heading.default\">\n\t\t\t\t<div class=\"elementor-widget-container\">\n\t\t\t\t\t<h3 class=\"elementor-heading-title elementor-size-default\">Co tut ha cumenz\u00e0<\/h3>\t\t\t\t<\/div>\n\t\t\t\t<\/div>\n\t\t\t\t<div class=\"elementor-element elementor-element-458522d elementor-widget elementor-widget-text-editor\" data-id=\"458522d\" data-element_type=\"widget\" data-widget_type=\"text-editor.default\">\n\t\t\t\t<div class=\"elementor-widget-container\">\n\t\t\t\t\t\t\t\t\t<p>Ils 20 d&#8217;october 2003 ha la Scola auta professiunala da pedagogia cumenz\u00e0 ses manaschi da studi cun 59 novas studentas e novs students. Igl \u00e8 st\u00e0 in eveniment impurtant. Pertge fin a quest mument vegniva scolada la gronda part da las persunas d&#8217;instrucziun a l&#8217;uschenumn\u00e0 seminari da scolastas e scolasts. Da porscher la furmaziun da scolastas e scolasts en il Grischun sin il stgalim terziar e suandar uschia il svilup naziunal per terziarisar la furmaziun da las persunas d&#8217;instrucziun, \u00e8 st\u00e0 in pass impurtant ch&#8217;\u00e8 st\u00e0 colli\u00e0 cun ulteriurs process da refurma en il sectur da furmaziun. La basa per il svilup d\u2019ina scola auta da pedagogia en il chantun Grischun \u00e8 stada ina votaziun chantunala dal pievel da l&#8217;onn 1998. En quella votaziun han las votantas ed ils votants grischuns approv\u00e0 la lescha davart la scola auta professiunala da pedagogia.<\/p>\t\t\t\t\t\t\t\t<\/div>\n\t\t\t\t<\/div>\n\t\t\t\t<div class=\"elementor-element elementor-element-b5cbe1e elementor-widget elementor-widget-heading\" data-id=\"b5cbe1e\" data-element_type=\"widget\" data-widget_type=\"heading.default\">\n\t\t\t\t<div class=\"elementor-widget-container\">\n\t\t\t\t\t<h3 class=\"elementor-heading-title elementor-size-default\">La SAP dal Grischun oz<\/h3>\t\t\t\t<\/div>\n\t\t\t\t<\/div>\n\t\t\t\t<div class=\"elementor-element elementor-element-c8b8e3e elementor-widget elementor-widget-text-editor\" data-id=\"c8b8e3e\" data-element_type=\"widget\" data-widget_type=\"text-editor.default\">\n\t\t\t\t<div class=\"elementor-widget-container\">\n\t\t\t\t\t\t\t\t\t<p>Quai ch&#8217;ha cumenz\u00e0 avant 20 onns cun la transiziun las differentas instituziuns da scolaziun da scolastas e scolasts sco era dal seminari da scolastas e scolasts a la Scola auta professiunala da pedagogia dal Grischun, \u00e8 sa svilupp\u00e0 ad ina scola auta moderna. La SAP dal Grischun dal preschent \u00e8 accreditada instituziunalmain, ses studis \u00e8n renconuschids, sias purschidas da furmaziun supplementara resguardan ils basegns multifars da las scolas, ses resultats da perscrutaziun chattan attenziun naziunala ed internaziunala, ella tira a niz la transfurmaziun digitala e sa sviluppa cuntinuadamain vinavant sco scola auta moderna. Oz scolescha la SAP dal Grischun a Cuira passa <a style=\"color: #c7d200;\" href=\"\/rm\/cifras-e-fatgs\/\" rel=\"noopener\">500 studentas e students<\/a>\u00a0\u2013 en tudestg, rumantsch e talian. Uschia \u00e8 ella l&#8217;unica scola auta trilingua en la cuntrada da furmaziun da la Svizra.<\/p>\t\t\t\t\t\t\t\t<\/div>\n\t\t\t\t<\/div>\n\t\t\t\t<div class=\"elementor-element elementor-element-51d2132 elementor-widget elementor-widget-heading\" data-id=\"51d2132\" data-element_type=\"widget\" data-widget_type=\"heading.default\">\n\t\t\t\t<div class=\"elementor-widget-container\">\n\t\t\t\t\t<h3 class=\"elementor-heading-title elementor-size-default\">Il motto da giubileum \u00abIna furmaziun d'auta qualitad per tuts\u00bb<\/h3>\t\t\t\t<\/div>\n\t\t\t\t<\/div>\n\t\t\t\t<div class=\"elementor-element elementor-element-637779e elementor-widget elementor-widget-text-editor\" data-id=\"637779e\" data-element_type=\"widget\" data-widget_type=\"text-editor.default\">\n\t\t\t\t<div class=\"elementor-widget-container\">\n\t\t\t\t\t\t\t\t\t<p>Il giubileum da 20 onns \u00e8 st\u00e0 sut il motto \u00abIna furmaziun d&#8217;auta qualitad per tuts\u00bb. Prof. dr. Gian-Paolo Curcio, rectur da la SAP dal Grischun, punctuescha: \u00abLa furmaziun ed il perfecziunament da las persunas d&#8217;instrucziun \u00e8n d&#8217;ina gronda relevanza sociala. Cun lur lavur caracteriseschan ellas la societad da damaun. Instruir \u00e8 dapli ch\u2019intermediar savida. Las persunas d&#8217;instrucziun creeschan pussaivladads d&#8217;emprender (opportunities to learn), en las qualas vegn promov\u00ec il svilup da cumpetenzas specificas e transversalas, vegnan intermediadas normas e valurs ed uschia vegn sustegnida la furmaziun da la persunalitad dals umans giuvens. En quest senn contribueschan las persunas d&#8217;instrucziun considerablamain da pudair porscher e cuntanscher la <a href=\"https:\/\/phgr.ch\/rm\/sub\/administraziun\/responsabladad-da-la-scola-auta\" target=\"_blank\" rel=\"noopener\">finamira <\/a>da las Naziuns unidas \u00abIna furmaziun dad auta qualitad per tuts\u00bb (Sustainable Development Goal SDG).\u00bb<\/p>\t\t\t\t\t\t\t\t<\/div>\n\t\t\t\t<\/div>\n\t\t\t\t\t<\/div>\n\t\t<\/div>\n\t\t\t\t\t<\/div>\n\t\t<\/section>\n\t\t\t\t<section class=\"elementor-section elementor-top-section elementor-element elementor-element-6ca3631 elementor-section-boxed elementor-section-height-default elementor-section-height-default\" data-id=\"6ca3631\" data-element_type=\"section\" id=\"act-festiv\" data-settings=\"{&quot;jet_parallax_layout_list&quot;:[]}\">\n\t\t\t\t\t\t<div class=\"elementor-container elementor-column-gap-default\">\n\t\t\t\t\t<div class=\"elementor-column elementor-col-100 elementor-top-column elementor-element elementor-element-bc9b66a\" data-id=\"bc9b66a\" data-element_type=\"column\">\n\t\t\t<div class=\"elementor-widget-wrap elementor-element-populated\">\n\t\t\t\t\t\t<div class=\"elementor-element elementor-element-5efa8dc elementor-widget elementor-widget-heading\" data-id=\"5efa8dc\" data-element_type=\"widget\" id=\"subtitle-underline\" data-widget_type=\"heading.default\">\n\t\t\t\t<div class=\"elementor-widget-container\">\n\t\t\t\t\t<h3 class=\"elementor-heading-title elementor-size-default\">Ils puncts culminants dal giubileum <\/h3>\t\t\t\t<\/div>\n\t\t\t\t<\/div>\n\t\t\t\t<div class=\"elementor-element elementor-element-8aa2059 elementor-widget elementor-widget-text-editor\" data-id=\"8aa2059\" data-element_type=\"widget\" data-widget_type=\"text-editor.default\">\n\t\t\t\t<div class=\"elementor-widget-container\">\n\t\t\t\t\t\t\t\t\t<p>Il giubileum da 20 onns \u00e8 vegn\u00ec festiv\u00e0 cun in act festiv e cun differentas activitads.<\/p>\t\t\t\t\t\t\t\t<\/div>\n\t\t\t\t<\/div>\n\t\t\t\t\t<\/div>\n\t\t<\/div>\n\t\t\t\t\t<\/div>\n\t\t<\/section>\n\t\t\t\t<section class=\"elementor-section elementor-top-section elementor-element elementor-element-8ede75e elementor-section-boxed elementor-section-height-default elementor-section-height-default\" data-id=\"8ede75e\" data-element_type=\"section\" data-settings=\"{&quot;jet_parallax_layout_list&quot;:[]}\">\n\t\t\t\t\t\t<div class=\"elementor-container elementor-column-gap-default\">\n\t\t\t\t\t<div class=\"elementor-column elementor-col-100 elementor-top-column elementor-element elementor-element-426a91d\" data-id=\"426a91d\" data-element_type=\"column\">\n\t\t\t<div class=\"elementor-widget-wrap elementor-element-populated\">\n\t\t\t\t\t\t<div class=\"elementor-element elementor-element-cd29beb elementor-widget elementor-widget-heading\" data-id=\"cd29beb\" data-element_type=\"widget\" id=\"subtitle-underline\" data-widget_type=\"heading.default\">\n\t\t\t\t<div class=\"elementor-widget-container\">\n\t\t\t\t\t<h3 class=\"elementor-heading-title elementor-size-default\">Act festiv<\/h3>\t\t\t\t<\/div>\n\t\t\t\t<\/div>\n\t\t\t\t<div class=\"elementor-element elementor-element-0ceed59 elementor-widget elementor-widget-text-editor\" data-id=\"0ceed59\" data-element_type=\"widget\" data-widget_type=\"text-editor.default\">\n\t\t\t\t<div class=\"elementor-widget-container\">\n\t\t\t\t\t\t\t\t\t<p>Il cumenzament da settember ha la Scola auta da pedagogia dal Grischun festiv\u00e0 l&#8217;eveniment spezial cun 260 giasts envidads. \u00abIgl \u00e8 st\u00e0 in engraziament a tut quellas e quels che han accumpagn\u00e0 la SAP dal Grischun durant ils ultims 20 onns: anteriuras collavuraturas e collavuraturs, collavuraturas e collavuraturs dad oz sco era represchentantas e represchentants da la furmaziun, da la politica, da la scienza e da l&#8217;economia\u00bb, uschia il rectur prof. dr. Gian-Paolo Curcio. La festa da giubileum ha d\u00e0 la chaschun da guardar cuminaivlamain enavos sin il pass\u00e0 plain eveniments da la Scola auta da pedagogia e da dar a medem temp in sguard en il futur. Il pled festiv ha tegn\u00ec il cusseglier guvernativ grischun dr. Jon Domenic Parolini.<\/p>\t\t\t\t\t\t\t\t<\/div>\n\t\t\t\t<\/div>\n\t\t\t\t<div class=\"elementor-element elementor-element-79de87e elementor-widget elementor-widget-raven-button\" data-id=\"79de87e\" data-element_type=\"widget\" data-settings=\"{&quot;turn_to_popup_action_button&quot;:&quot;no&quot;}\" data-widget_type=\"raven-button.default\">\n\t\t\t\t<div class=\"elementor-widget-container\">\n\t\t\t\t\t\t\t<div class=\"raven-widget-wrapper\">\n\t\t\t<a class=\"raven-button raven-button-widget-normal-effect-none  raven-button-text-align-left raven-button-link elementor-animation-none\" href=\"https:\/\/phgr.ch\/rm\/sub\/rectorat\/festa-sap\" target=\"_blank\">\t\t\t\t<div class=\"raven-button-overlay\" ><\/div>\n\t\t\t\t<span class=\"raven-button-content\">\n\t\t\t\t\t\n\t\t\t\t\t<div class=\"button-text-container\">\n\t\t\t\t\t\t\t\t\t\t\t\t<div class=\"raven-button-texts-wrapper\">\n\t\t\t\t\t\t\t<div class=\"button-text\">\n\t\t\t\t\t\t\t\t<span class=\"raven-button-text\">\n\t\t\t\t\t\t\t\t\tDapli infurmaziuns\t\t\t\t\t\t\t\t<\/span>\n\t\t\t\t\t\t\t<\/div>\n\t\t\t\t\t\t\t\t\t\t\t\t\t<\/div>\n\t\t\t\t\t\t\t\t\t<span class=\"raven-button-icon raven-button-icon-position-right\">\n\t\t\t\t<svg xmlns=\"http:\/\/www.w3.org\/2000\/svg\" id=\"a\" width=\"17.39\" height=\"12.4\" viewBox=\"0 0 17.39 12.4\"><polygon class=\"b\" points=\"11.31 0 9.89 1.4 13.64 5.23 0 5.23 0 7.23 13.58 7.23 9.89 11 11.31 12.4 17.39 6.2 11.31 0\"><\/polygon><\/svg>\t\t\t<\/span>\n\t\t\t\t\t\t\t<\/div>\n\t\t\t\t\t\n\t\t\t\t\t\t\t\t\t<\/span>\n\t\t\t<\/a>\t\t<\/div>\n\t\t\t\t\t\t<\/div>\n\t\t\t\t<\/div>\n\t\t\t\t<div class=\"elementor-element elementor-element-fb4eb51 elementor-arrows-position-inside elementor-pagination-position-outside elementor-widget elementor-widget-image-carousel\" data-id=\"fb4eb51\" data-element_type=\"widget\" data-settings=\"{&quot;slides_to_show&quot;:&quot;1&quot;,&quot;navigation&quot;:&quot;both&quot;,&quot;autoplay&quot;:&quot;yes&quot;,&quot;pause_on_hover&quot;:&quot;yes&quot;,&quot;pause_on_interaction&quot;:&quot;yes&quot;,&quot;autoplay_speed&quot;:5000,&quot;infinite&quot;:&quot;yes&quot;,&quot;effect&quot;:&quot;slide&quot;,&quot;speed&quot;:500}\" data-widget_type=\"image-carousel.default\">\n\t\t\t\t<div class=\"elementor-widget-container\">\n\t\t\t\t\t\t\t<div class=\"elementor-image-carousel-wrapper swiper\" role=\"region\" aria-roledescription=\"carousel\" aria-label=\"Bild Karussell\" dir=\"ltr\">\n\t\t\t<div class=\"elementor-image-carousel swiper-wrapper\" aria-live=\"off\">\n\t\t\t\t\t\t\t\t<div class=\"swiper-slide\" role=\"group\" aria-roledescription=\"slide\" aria-label=\"1 von 13\"><figure class=\"swiper-slide-inner\"><img decoding=\"async\" class=\"swiper-slide-image\" src=\"https:\/\/jahresberichte.phgr.ch\/2023\/wp-content\/uploads\/sites\/3\/2024\/01\/phgr-jahresbericht-2023-fokusthema-festakt-01-1.jpeg\" alt=\"phgr-jahresbericht-2023-fokusthema-festakt-01\" \/><\/figure><\/div><div class=\"swiper-slide\" role=\"group\" aria-roledescription=\"slide\" aria-label=\"2 von 13\"><figure class=\"swiper-slide-inner\"><img decoding=\"async\" class=\"swiper-slide-image\" src=\"https:\/\/jahresberichte.phgr.ch\/2023\/wp-content\/uploads\/sites\/3\/2024\/01\/phgr-jahresbericht-2023-fokusthema-festakt-01.jpg\" alt=\"phgr-jahresbericht-2023-fokusthema-festakt-01\" \/><\/figure><\/div><div class=\"swiper-slide\" role=\"group\" aria-roledescription=\"slide\" aria-label=\"3 von 13\"><figure class=\"swiper-slide-inner\"><img decoding=\"async\" class=\"swiper-slide-image\" src=\"https:\/\/jahresberichte.phgr.ch\/2023\/wp-content\/uploads\/sites\/3\/2024\/01\/phgr-jahresbericht-2023-fokusthema-festakt-02.jpg\" alt=\"phgr-jahresbericht-2023-fokusthema-festakt-02\" \/><\/figure><\/div><div class=\"swiper-slide\" role=\"group\" aria-roledescription=\"slide\" aria-label=\"4 von 13\"><figure class=\"swiper-slide-inner\"><img decoding=\"async\" class=\"swiper-slide-image\" src=\"https:\/\/jahresberichte.phgr.ch\/2023\/wp-content\/uploads\/sites\/3\/2024\/01\/phgr-jahresbericht-2023-fokusthema-festakt-03.jpg\" alt=\"phgr-jahresbericht-2023-fokusthema-festakt-03\" \/><\/figure><\/div><div class=\"swiper-slide\" role=\"group\" aria-roledescription=\"slide\" aria-label=\"5 von 13\"><figure class=\"swiper-slide-inner\"><img decoding=\"async\" class=\"swiper-slide-image\" src=\"https:\/\/jahresberichte.phgr.ch\/2023\/wp-content\/uploads\/sites\/3\/2024\/01\/phgr-jahresbericht-2023-fokusthema-festakt-04.jpg\" alt=\"phgr-jahresbericht-2023-fokusthema-festakt-04\" \/><\/figure><\/div><div class=\"swiper-slide\" role=\"group\" aria-roledescription=\"slide\" aria-label=\"6 von 13\"><figure class=\"swiper-slide-inner\"><img decoding=\"async\" class=\"swiper-slide-image\" src=\"https:\/\/jahresberichte.phgr.ch\/2023\/wp-content\/uploads\/sites\/3\/2024\/01\/phgr-jahresbericht-2023-fokusthema-festakt-05.jpg\" alt=\"phgr-jahresbericht-2023-fokusthema-festakt-05\" \/><\/figure><\/div><div class=\"swiper-slide\" role=\"group\" aria-roledescription=\"slide\" aria-label=\"7 von 13\"><figure class=\"swiper-slide-inner\"><img decoding=\"async\" class=\"swiper-slide-image\" src=\"https:\/\/jahresberichte.phgr.ch\/2023\/wp-content\/uploads\/sites\/3\/2024\/01\/phgr-jahresbericht-2023-fokusthema-festakt-06.jpg\" alt=\"phgr-jahresbericht-2023-fokusthema-festakt-06\" \/><\/figure><\/div><div class=\"swiper-slide\" role=\"group\" aria-roledescription=\"slide\" aria-label=\"8 von 13\"><figure class=\"swiper-slide-inner\"><img decoding=\"async\" class=\"swiper-slide-image\" src=\"https:\/\/jahresberichte.phgr.ch\/2023\/wp-content\/uploads\/sites\/3\/2024\/01\/phgr-jahresbericht-2023-fokusthema-festakt-07.jpg\" alt=\"phgr-jahresbericht-2023-fokusthema-festakt-07\" \/><\/figure><\/div><div class=\"swiper-slide\" role=\"group\" aria-roledescription=\"slide\" aria-label=\"9 von 13\"><figure class=\"swiper-slide-inner\"><img decoding=\"async\" class=\"swiper-slide-image\" src=\"https:\/\/jahresberichte.phgr.ch\/2023\/wp-content\/uploads\/sites\/3\/2024\/01\/phgr-jahresbericht-2023-fokusthema-festakt-08.jpg\" alt=\"phgr-jahresbericht-2023-fokusthema-festakt-08\" \/><\/figure><\/div><div class=\"swiper-slide\" role=\"group\" aria-roledescription=\"slide\" aria-label=\"10 von 13\"><figure class=\"swiper-slide-inner\"><img decoding=\"async\" class=\"swiper-slide-image\" src=\"https:\/\/jahresberichte.phgr.ch\/2023\/wp-content\/uploads\/sites\/3\/2024\/01\/phgr-jahresbericht-2023-fokusthema-festakt-09.jpg\" alt=\"phgr-jahresbericht-2023-fokusthema-festakt-09\" \/><\/figure><\/div><div class=\"swiper-slide\" role=\"group\" aria-roledescription=\"slide\" aria-label=\"11 von 13\"><figure class=\"swiper-slide-inner\"><img decoding=\"async\" class=\"swiper-slide-image\" src=\"https:\/\/jahresberichte.phgr.ch\/2023\/wp-content\/uploads\/sites\/3\/2024\/01\/phgr-jahresbericht-2023-fokusthema-festakt-10.jpg\" alt=\"phgr-jahresbericht-2023-fokusthema-festakt-10\" \/><\/figure><\/div><div class=\"swiper-slide\" role=\"group\" aria-roledescription=\"slide\" aria-label=\"12 von 13\"><figure class=\"swiper-slide-inner\"><img decoding=\"async\" class=\"swiper-slide-image\" src=\"https:\/\/jahresberichte.phgr.ch\/2023\/wp-content\/uploads\/sites\/3\/2024\/01\/phgr-jahresbericht-2023-fokusthema-festakt-11.jpg\" alt=\"phgr-jahresbericht-2023-fokusthema-festakt-11\" \/><\/figure><\/div><div class=\"swiper-slide\" role=\"group\" aria-roledescription=\"slide\" aria-label=\"13 von 13\"><figure class=\"swiper-slide-inner\"><img decoding=\"async\" class=\"swiper-slide-image\" src=\"https:\/\/jahresberichte.phgr.ch\/2023\/wp-content\/uploads\/sites\/3\/2024\/01\/phgr-jahresbericht-2023-fokusthema-festakt-12.jpg\" alt=\"phgr-jahresbericht-2023-fokusthema-festakt-12\" \/><\/figure><\/div>\t\t\t<\/div>\n\t\t\t\t\t\t\t\t\t\t\t\t<div class=\"elementor-swiper-button elementor-swiper-button-prev\" role=\"button\" tabindex=\"0\">\n\t\t\t\t\t\t<i aria-hidden=\"true\" class=\"eicon-chevron-left\"><\/i>\t\t\t\t\t<\/div>\n\t\t\t\t\t<div class=\"elementor-swiper-button elementor-swiper-button-next\" role=\"button\" tabindex=\"0\">\n\t\t\t\t\t\t<i aria-hidden=\"true\" class=\"eicon-chevron-right\"><\/i>\t\t\t\t\t<\/div>\n\t\t\t\t\n\t\t\t\t\t\t\t\t\t<div class=\"swiper-pagination\"><\/div>\n\t\t\t\t\t\t\t\t\t<\/div>\n\t\t\t\t\t\t<\/div>\n\t\t\t\t<\/div>\n\t\t\t\t\t<\/div>\n\t\t<\/div>\n\t\t\t\t\t<\/div>\n\t\t<\/section>\n\t\t\t\t<section class=\"elementor-section elementor-top-section elementor-element elementor-element-98839bf elementor-section-boxed elementor-section-height-default elementor-section-height-default\" data-id=\"98839bf\" data-element_type=\"section\" id=\"publicaziun-festiva\" data-settings=\"{&quot;jet_parallax_layout_list&quot;:[]}\">\n\t\t\t\t\t\t<div class=\"elementor-container elementor-column-gap-default\">\n\t\t\t\t\t<div class=\"elementor-column elementor-col-100 elementor-top-column elementor-element elementor-element-d3372f1\" data-id=\"d3372f1\" data-element_type=\"column\">\n\t\t\t<div class=\"elementor-widget-wrap elementor-element-populated\">\n\t\t\t\t\t\t<div class=\"elementor-element elementor-element-f70924a elementor-widget elementor-widget-heading\" data-id=\"f70924a\" data-element_type=\"widget\" id=\"subtitle-underline\" data-widget_type=\"heading.default\">\n\t\t\t\t<div class=\"elementor-widget-container\">\n\t\t\t\t\t<h3 class=\"elementor-heading-title elementor-size-default\">Publicaziun festiva<\/h3>\t\t\t\t<\/div>\n\t\t\t\t<\/div>\n\t\t\t\t<div class=\"elementor-element elementor-element-c195cb1 elementor-widget elementor-widget-text-editor\" data-id=\"c195cb1\" data-element_type=\"widget\" data-widget_type=\"text-editor.default\">\n\t\t\t\t<div class=\"elementor-widget-container\">\n\t\t\t\t\t\t\t\t\t<p>A chaschun da las festivitads \u00e8 vegnida preschentada la publicaziun festiva \u00abIna furmaziun d&#8217;auta qualitad per tuts\u00bb cun contribuziuns da texts da perditgas dal temp sco era da persunas dal fatg. Ellas laschan viver il pass\u00e0 tras lur raquints e lur regurdanzas persunalas e dattan invista en ils fatgs da la politica da furmaziun dals ultims 20 onns e lur influenza sin la scola auta da pedagogia. Il prim exemplar \u00e8 vegn\u00ec surd\u00e0 da prof. dr. Gian-Paolo Curcio al cusseglier guvernativ grischun Jon Domenic Parolini en occasiun da la festa da giubileum.<\/p>\t\t\t\t\t\t\t\t<\/div>\n\t\t\t\t<\/div>\n\t\t\t\t<div class=\"elementor-element elementor-element-c256593 elementor-widget elementor-widget-raven-button\" data-id=\"c256593\" data-element_type=\"widget\" data-settings=\"{&quot;turn_to_popup_action_button&quot;:&quot;no&quot;}\" data-widget_type=\"raven-button.default\">\n\t\t\t\t<div class=\"elementor-widget-container\">\n\t\t\t\t\t\t\t<div class=\"raven-widget-wrapper\">\n\t\t\t<a class=\"raven-button raven-button-widget-normal-effect-none  raven-button-text-align-left raven-button-link elementor-animation-none\" href=\"https:\/\/phgr.ch\/rm\/sub\/rectorat\/publicaziun-festiva-20-onns\" target=\"_blank\">\t\t\t\t<div class=\"raven-button-overlay\" ><\/div>\n\t\t\t\t<span class=\"raven-button-content\">\n\t\t\t\t\t\n\t\t\t\t\t<div class=\"button-text-container\">\n\t\t\t\t\t\t\t\t\t\t\t\t<div class=\"raven-button-texts-wrapper\">\n\t\t\t\t\t\t\t<div class=\"button-text\">\n\t\t\t\t\t\t\t\t<span class=\"raven-button-text\">\n\t\t\t\t\t\t\t\t\tDapli infurmaziuns\t\t\t\t\t\t\t\t<\/span>\n\t\t\t\t\t\t\t<\/div>\n\t\t\t\t\t\t\t\t\t\t\t\t\t<\/div>\n\t\t\t\t\t\t\t\t\t<span class=\"raven-button-icon raven-button-icon-position-right\">\n\t\t\t\t<svg xmlns=\"http:\/\/www.w3.org\/2000\/svg\" id=\"a\" width=\"17.39\" height=\"12.4\" viewBox=\"0 0 17.39 12.4\"><polygon class=\"b\" points=\"11.31 0 9.89 1.4 13.64 5.23 0 5.23 0 7.23 13.58 7.23 9.89 11 11.31 12.4 17.39 6.2 11.31 0\"><\/polygon><\/svg>\t\t\t<\/span>\n\t\t\t\t\t\t\t<\/div>\n\t\t\t\t\t\n\t\t\t\t\t\t\t\t\t<\/span>\n\t\t\t<\/a>\t\t<\/div>\n\t\t\t\t\t\t<\/div>\n\t\t\t\t<\/div>\n\t\t\t\t<div class=\"elementor-element elementor-element-abcd1b5 elementor-arrows-position-inside elementor-pagination-position-outside elementor-widget elementor-widget-image-carousel\" data-id=\"abcd1b5\" data-element_type=\"widget\" data-settings=\"{&quot;slides_to_show&quot;:&quot;1&quot;,&quot;navigation&quot;:&quot;both&quot;,&quot;autoplay&quot;:&quot;yes&quot;,&quot;pause_on_hover&quot;:&quot;yes&quot;,&quot;pause_on_interaction&quot;:&quot;yes&quot;,&quot;autoplay_speed&quot;:5000,&quot;infinite&quot;:&quot;yes&quot;,&quot;effect&quot;:&quot;slide&quot;,&quot;speed&quot;:500}\" data-widget_type=\"image-carousel.default\">\n\t\t\t\t<div class=\"elementor-widget-container\">\n\t\t\t\t\t\t\t<div class=\"elementor-image-carousel-wrapper swiper\" role=\"region\" aria-roledescription=\"carousel\" aria-label=\"Bild Karussell\" dir=\"ltr\">\n\t\t\t<div class=\"elementor-image-carousel swiper-wrapper\" aria-live=\"off\">\n\t\t\t\t\t\t\t\t<div class=\"swiper-slide\" role=\"group\" aria-roledescription=\"slide\" aria-label=\"1 von 5\"><figure class=\"swiper-slide-inner\"><img decoding=\"async\" class=\"swiper-slide-image\" src=\"https:\/\/jahresberichte.phgr.ch\/2023\/wp-content\/uploads\/sites\/3\/2024\/01\/phgr-jahresbericht-2023-fokusthema-festschrift-01.jpg\" alt=\"phgr-jahresbericht-2023-fokusthema-festschrift-01\" \/><\/figure><\/div><div class=\"swiper-slide\" role=\"group\" aria-roledescription=\"slide\" aria-label=\"2 von 5\"><figure class=\"swiper-slide-inner\"><img decoding=\"async\" class=\"swiper-slide-image\" src=\"https:\/\/jahresberichte.phgr.ch\/2023\/wp-content\/uploads\/sites\/3\/2024\/01\/phgr-jahresbericht-2023-fokusthema-festschrift-02.jpg\" alt=\"phgr-jahresbericht-2023-fokusthema-festschrift-02\" \/><\/figure><\/div><div class=\"swiper-slide\" role=\"group\" aria-roledescription=\"slide\" aria-label=\"3 von 5\"><figure class=\"swiper-slide-inner\"><img decoding=\"async\" class=\"swiper-slide-image\" src=\"https:\/\/jahresberichte.phgr.ch\/2023\/wp-content\/uploads\/sites\/3\/2024\/01\/phgr-jahresbericht-2023-fokusthema-festschrift-03.jpg\" alt=\"phgr-jahresbericht-2023-fokusthema-festschrift-03\" \/><\/figure><\/div><div class=\"swiper-slide\" role=\"group\" aria-roledescription=\"slide\" aria-label=\"4 von 5\"><figure class=\"swiper-slide-inner\"><img decoding=\"async\" class=\"swiper-slide-image\" src=\"https:\/\/jahresberichte.phgr.ch\/2023\/wp-content\/uploads\/sites\/3\/2024\/01\/phgr-jahresbericht-2023-fokusthema-festschrift-04.jpg\" alt=\"phgr-jahresbericht-2023-fokusthema-festschrift-04\" \/><\/figure><\/div><div class=\"swiper-slide\" role=\"group\" aria-roledescription=\"slide\" aria-label=\"5 von 5\"><figure class=\"swiper-slide-inner\"><img decoding=\"async\" class=\"swiper-slide-image\" src=\"https:\/\/jahresberichte.phgr.ch\/2023\/wp-content\/uploads\/sites\/3\/2024\/01\/phgr-jahresbericht-2023-fokusthema-festschrift-05.jpg\" alt=\"phgr-jahresbericht-2023-fokusthema-festschrift-05\" \/><\/figure><\/div>\t\t\t<\/div>\n\t\t\t\t\t\t\t\t\t\t\t\t<div class=\"elementor-swiper-button elementor-swiper-button-prev\" role=\"button\" tabindex=\"0\">\n\t\t\t\t\t\t<i aria-hidden=\"true\" class=\"eicon-chevron-left\"><\/i>\t\t\t\t\t<\/div>\n\t\t\t\t\t<div class=\"elementor-swiper-button elementor-swiper-button-next\" role=\"button\" tabindex=\"0\">\n\t\t\t\t\t\t<i aria-hidden=\"true\" class=\"eicon-chevron-right\"><\/i>\t\t\t\t\t<\/div>\n\t\t\t\t\n\t\t\t\t\t\t\t\t\t<div class=\"swiper-pagination\"><\/div>\n\t\t\t\t\t\t\t\t\t<\/div>\n\t\t\t\t\t\t<\/div>\n\t\t\t\t<\/div>\n\t\t\t\t\t<\/div>\n\t\t<\/div>\n\t\t\t\t\t<\/div>\n\t\t<\/section>\n\t\t\t\t<section class=\"elementor-section elementor-top-section elementor-element elementor-element-0688d5d elementor-section-boxed elementor-section-height-default elementor-section-height-default\" data-id=\"0688d5d\" data-element_type=\"section\" id=\"agid-per-far-pensums-da-chasa\" data-settings=\"{&quot;jet_parallax_layout_list&quot;:[]}\">\n\t\t\t\t\t\t<div class=\"elementor-container elementor-column-gap-default\">\n\t\t\t\t\t<div class=\"elementor-column elementor-col-100 elementor-top-column elementor-element elementor-element-fa45acc\" data-id=\"fa45acc\" data-element_type=\"column\">\n\t\t\t<div class=\"elementor-widget-wrap elementor-element-populated\">\n\t\t\t\t\t\t<div class=\"elementor-element elementor-element-b86ff85 elementor-widget elementor-widget-heading\" data-id=\"b86ff85\" data-element_type=\"widget\" id=\"subtitle-underline\" data-widget_type=\"heading.default\">\n\t\t\t\t<div class=\"elementor-widget-container\">\n\t\t\t\t\t<h3 class=\"elementor-heading-title elementor-size-default\">Agid per far pensums da chasa per 20 scolaras e scolars<\/h3>\t\t\t\t<\/div>\n\t\t\t\t<\/div>\n\t\t\t\t<div class=\"elementor-element elementor-element-cb34d56 elementor-widget elementor-widget-text-editor\" data-id=\"cb34d56\" data-element_type=\"widget\" data-widget_type=\"text-editor.default\">\n\t\t\t\t<div class=\"elementor-widget-container\">\n\t\t\t\t\t\t\t\t\t<p>La SAP dal Grischun ha festiv\u00e0 l&#8217;onn da giubileum cun in\u2019acziun d\u2019agid per far ils pensums per 20 scolaras e scolars dal Grischun ed ha uschia engrazi\u00e0 a la populaziun. Per quest intent han pud\u00ec vegnir intermediads durant in semester 20 studentas e students da la SAP dal Grischun. Las scolaras ed ils scolars che han pud\u00ec profitar da la purschida \u00e8n vegnids eruids cun trair la sort durant la festa d&#8217;advent 2022.<\/p>\t\t\t\t\t\t\t\t<\/div>\n\t\t\t\t<\/div>\n\t\t\t\t<div class=\"elementor-element elementor-element-7e41c86 elementor-widget elementor-widget-raven-button\" data-id=\"7e41c86\" data-element_type=\"widget\" data-settings=\"{&quot;turn_to_popup_action_button&quot;:&quot;no&quot;}\" data-widget_type=\"raven-button.default\">\n\t\t\t\t<div class=\"elementor-widget-container\">\n\t\t\t\t\t\t\t<div class=\"raven-widget-wrapper\">\n\t\t\t<a class=\"raven-button raven-button-widget-normal-effect-none  raven-button-text-align-left raven-button-link elementor-animation-none\" href=\"https:\/\/phgr.ch\/rm\/sub\/rectorat\/acziun-da-giubileum\" target=\"_blank\">\t\t\t\t<div class=\"raven-button-overlay\" ><\/div>\n\t\t\t\t<span class=\"raven-button-content\">\n\t\t\t\t\t\n\t\t\t\t\t<div class=\"button-text-container\">\n\t\t\t\t\t\t\t\t\t\t\t\t<div class=\"raven-button-texts-wrapper\">\n\t\t\t\t\t\t\t<div class=\"button-text\">\n\t\t\t\t\t\t\t\t<span class=\"raven-button-text\">\n\t\t\t\t\t\t\t\t\tDapli infurmaziuns\t\t\t\t\t\t\t\t<\/span>\n\t\t\t\t\t\t\t<\/div>\n\t\t\t\t\t\t\t\t\t\t\t\t\t<\/div>\n\t\t\t\t\t\t\t\t\t<span class=\"raven-button-icon raven-button-icon-position-right\">\n\t\t\t\t<svg xmlns=\"http:\/\/www.w3.org\/2000\/svg\" id=\"a\" width=\"17.39\" height=\"12.4\" viewBox=\"0 0 17.39 12.4\"><polygon class=\"b\" points=\"11.31 0 9.89 1.4 13.64 5.23 0 5.23 0 7.23 13.58 7.23 9.89 11 11.31 12.4 17.39 6.2 11.31 0\"><\/polygon><\/svg>\t\t\t<\/span>\n\t\t\t\t\t\t\t<\/div>\n\t\t\t\t\t\n\t\t\t\t\t\t\t\t\t<\/span>\n\t\t\t<\/a>\t\t<\/div>\n\t\t\t\t\t\t<\/div>\n\t\t\t\t<\/div>\n\t\t\t\t<div class=\"elementor-element elementor-element-c5bebdc elementor-widget elementor-widget-image\" data-id=\"c5bebdc\" data-element_type=\"widget\" data-widget_type=\"image.default\">\n\t\t\t\t<div class=\"elementor-widget-container\">\n\t\t\t\t\t\t\t\t\t\t\t\t\t\t\t<img fetchpriority=\"high\" decoding=\"async\" width=\"1460\" height=\"832\" src=\"https:\/\/jahresberichte.phgr.ch\/2023\/wp-content\/uploads\/sites\/3\/2024\/01\/phgr-jahresbericht-2023-fokusthema-hausaufgabenhilfe.jpeg\" class=\"attachment-large size-large wp-image-4507\" alt=\"\" srcset=\"https:\/\/jahresberichte.phgr.ch\/2023\/wp-content\/uploads\/sites\/3\/2024\/01\/phgr-jahresbericht-2023-fokusthema-hausaufgabenhilfe.jpeg 1460w, https:\/\/jahresberichte.phgr.ch\/2023\/wp-content\/uploads\/sites\/3\/2024\/01\/phgr-jahresbericht-2023-fokusthema-hausaufgabenhilfe-768x438.jpeg 768w\" sizes=\"(max-width: 1460px) 100vw, 1460px\" \/>\t\t\t\t\t\t\t\t\t\t\t\t\t\t\t<\/div>\n\t\t\t\t<\/div>\n\t\t\t\t\t<\/div>\n\t\t<\/div>\n\t\t\t\t\t<\/div>\n\t\t<\/section>\n\t\t<div class=\"elementor-element elementor-element-f78c5a8 e-flex e-con-boxed e-con e-parent\" data-id=\"f78c5a8\" data-element_type=\"container\" id=\"testimonials\" data-settings=\"{&quot;jet_parallax_layout_list&quot;:[]}\">\n\t\t\t\t\t<div class=\"e-con-inner\">\n\t\t<div class=\"elementor-element elementor-element-07a4be1 e-con-full e-flex e-con e-child\" data-id=\"07a4be1\" data-element_type=\"container\" data-settings=\"{&quot;jet_parallax_layout_list&quot;:[]}\">\n\t\t\t\t<div class=\"elementor-element elementor-element-bac89e3 elementor-widget elementor-widget-heading\" data-id=\"bac89e3\" data-element_type=\"widget\" data-widget_type=\"heading.default\">\n\t\t\t\t<div class=\"elementor-widget-container\">\n\t\t\t\t\t<h3 class=\"elementor-heading-title elementor-size-default\">La SAP dal Grischun \u00e8 per mai\u2026<\/h3>\t\t\t\t<\/div>\n\t\t\t\t<\/div>\n\t\t\t\t<div class=\"elementor-element elementor-element-c4bbca0 elementor-widget elementor-widget-text-editor\" data-id=\"c4bbca0\" data-element_type=\"widget\" data-widget_type=\"text-editor.default\">\n\t\t\t\t<div class=\"elementor-widget-container\">\n\t\t\t\t\t\t\t\t\t<p>En connex cun il giubileum da 20 onns publitgain nus en quest rapport annual decleraziuns da persunalitads, cun las qualas nus avain regularmain in barat e che han gid\u00e0 a crear noss\u2019instituziun cun lur engaschament e lur lavur da maniera unica. Ellas han tuttas cumplett\u00e0 la frasa \u00abLa SAP dal Grischun \u00e8 per mai&#8230;\u00bb cun in parairi persunal.<\/p>\t\t\t\t\t\t\t\t<\/div>\n\t\t\t\t<\/div>\n\t\t\t\t<div class=\"elementor-element elementor-element-5c1d34d raven-testimonial--layout-image_left raven-testimonial--align-left elementor-hidden-mobile elementor-hidden-desktop elementor-hidden-tablet raven-testimonial--skin-default raven-arrows-yes raven-pagination-type-bullets elementor-widget elementor-widget-raven-testimonial-carousel\" data-id=\"5c1d34d\" data-element_type=\"widget\" data-settings=\"{&quot;autoplay_speed&quot;:6000,&quot;slides_per_view&quot;:{&quot;unit&quot;:&quot;px&quot;,&quot;size&quot;:1,&quot;sizes&quot;:[]},&quot;slides_per_view_tablet&quot;:{&quot;unit&quot;:&quot;px&quot;,&quot;size&quot;:1,&quot;sizes&quot;:[]},&quot;slides_per_view_mobile&quot;:{&quot;unit&quot;:&quot;px&quot;,&quot;size&quot;:1,&quot;sizes&quot;:[]},&quot;show_arrows&quot;:&quot;yes&quot;,&quot;pagination&quot;:&quot;bullets&quot;,&quot;speed&quot;:500,&quot;autoplay&quot;:&quot;yes&quot;,&quot;loop&quot;:&quot;yes&quot;,&quot;pause_on_hover&quot;:&quot;yes&quot;,&quot;pause_on_interaction&quot;:&quot;yes&quot;,&quot;space_between&quot;:{&quot;unit&quot;:&quot;px&quot;,&quot;size&quot;:10,&quot;sizes&quot;:[]},&quot;space_between_tablet&quot;:{&quot;unit&quot;:&quot;px&quot;,&quot;size&quot;:10,&quot;sizes&quot;:[]},&quot;space_between_mobile&quot;:{&quot;unit&quot;:&quot;px&quot;,&quot;size&quot;:10,&quot;sizes&quot;:[]},&quot;pagination_gap&quot;:{&quot;unit&quot;:&quot;px&quot;,&quot;size&quot;:&quot;&quot;,&quot;sizes&quot;:[]},&quot;pagination_gap_tablet&quot;:{&quot;unit&quot;:&quot;px&quot;,&quot;size&quot;:&quot;&quot;,&quot;sizes&quot;:[]},&quot;pagination_gap_mobile&quot;:{&quot;unit&quot;:&quot;px&quot;,&quot;size&quot;:&quot;&quot;,&quot;sizes&quot;:[]}}\" data-widget_type=\"raven-testimonial-carousel.default\">\n\t\t\t\t<div class=\"elementor-widget-container\">\n\t\t\t\t\t\t\t<div class=\"raven-swiper\">\n\t\t\t<div class=\"raven-main-swiper swiper\">\n\t\t\t\t<div class=\"swiper-wrapper\">\n\t\t\t\t\t\t\t\t\t\t\t<div class=\"swiper-slide\">\n\t\t\t\t\t\t\t\t\t<div class=\"raven-testimonial\">\n\t\t\t\t\t\t\t<div class=\"raven-testimonial__content\">\n\t\t\t\t\t<div class=\"raven-testimonial__text raven-testimonial-content-text\">\n\t\t\t\t\t\t \u00abDie neue Zielgruppenorientierung der Studieng\u00e4nge wird die Auswahl an qualifiziertem und motiviertem Personal in allen Sprachregionen verbessern \u2013 ein wichtiger Beitrag f\u00fcr die Qualit\u00e4tssicherung auf der Sek I-Stufe, die unseren Oberstufensch\u00fclerinnen und -sch\u00fclern mit Sicherheit zugutekommen wird.\u00bb \t\t\t\t\t<\/div>\n\t\t\t\t\t<cite class=\"raven-testimonial__cite\"><span class=\"raven-testimonial__name\">Silvio Dietrich, Pr\u00e4sident des Verbandes  Schulleiterinnen und Schulleiter Graub\u00fcnden<\/span><\/cite>\t\t\t\t<\/div>\n\t\t\t\t\t\t<div class=\"raven-testimonial__footer raven-testimonial-content-text-footer\">\n\t\t\t\t\t\t\t\t\t<div class=\"raven-testimonial__image\">\n\t\t\t\t\t\t<img decoding=\"async\" src=\"https:\/\/jahresberichte.phgr.ch\/2023\/wp-content\/uploads\/sites\/3\/2024\/01\/testimonial-bild-platzhalter.png\" alt=\"Silvio Dietrich, Pr\u00e4sident des Verbandes  Schulleiterinnen und Schulleiter Graub\u00fcnden\">\n\t\t\t\t\t\t\t\t\t\t\t<\/div>\n\t\t\t\t\t\t\t\t\t\t\t<\/div>\n\t\t<\/div>\n\t\t\t\t\t\t\t\t<\/div>\n\t\t\t\t\t\t\t\t\t\t\t<div class=\"swiper-slide\">\n\t\t\t\t\t\t\t\t\t<div class=\"raven-testimonial\">\n\t\t\t\t\t\t\t<div class=\"raven-testimonial__content\">\n\t\t\t\t\t<div class=\"raven-testimonial__text raven-testimonial-content-text\">\n\t\t\t\t\t\t \u00abDie neue Zielgruppenorientierung der Studieng\u00e4nge wird die Auswahl an qualifiziertem und motiviertem Personal in allen Sprachregionen verbessern \u2013 ein wichtiger Beitrag f\u00fcr die Qualit\u00e4tssicherung auf der Sek I-Stufe, die unseren Oberstufensch\u00fclerinnen und -sch\u00fclern mit Sicherheit zugutekommen wird.\u00bb \t\t\t\t\t<\/div>\n\t\t\t\t\t<cite class=\"raven-testimonial__cite\"><span class=\"raven-testimonial__name\">Silvio Dietrich, Pr\u00e4sident des Verbandes  Schulleiterinnen und Schulleiter Graub\u00fcnden<\/span><\/cite>\t\t\t\t<\/div>\n\t\t\t\t\t\t<div class=\"raven-testimonial__footer raven-testimonial-content-text-footer\">\n\t\t\t\t\t\t\t\t\t<div class=\"raven-testimonial__image\">\n\t\t\t\t\t\t<img decoding=\"async\" src=\"https:\/\/jahresberichte.phgr.ch\/2023\/wp-content\/uploads\/sites\/3\/2024\/01\/testimonial-bild-platzhalter.png\" alt=\"Silvio Dietrich, Pr\u00e4sident des Verbandes  Schulleiterinnen und Schulleiter Graub\u00fcnden\">\n\t\t\t\t\t\t\t\t\t\t\t<\/div>\n\t\t\t\t\t\t\t\t\t\t\t<\/div>\n\t\t<\/div>\n\t\t\t\t\t\t\t\t<\/div>\n\t\t\t\t\t\t\t\t\t\t\t<div class=\"swiper-slide\">\n\t\t\t\t\t\t\t\t\t<div class=\"raven-testimonial\">\n\t\t\t\t\t\t\t<div class=\"raven-testimonial__content\">\n\t\t\t\t\t<div class=\"raven-testimonial__text raven-testimonial-content-text\">\n\t\t\t\t\t\t \u00abDie neue Zielgruppenorientierung der Studieng\u00e4nge wird die Auswahl an qualifiziertem und motiviertem Personal in allen Sprachregionen verbessern \u2013 ein wichtiger Beitrag f\u00fcr die Qualit\u00e4tssicherung auf der Sek I-Stufe, die unseren Oberstufensch\u00fclerinnen und -sch\u00fclern mit Sicherheit zugutekommen wird.\u00bb \t\t\t\t\t<\/div>\n\t\t\t\t\t<cite class=\"raven-testimonial__cite\"><span class=\"raven-testimonial__name\">Silvio Dietrich, Pr\u00e4sident des Verbandes  Schulleiterinnen und Schulleiter Graub\u00fcnden<\/span><\/cite>\t\t\t\t<\/div>\n\t\t\t\t\t\t<div class=\"raven-testimonial__footer raven-testimonial-content-text-footer\">\n\t\t\t\t\t\t\t\t\t<div class=\"raven-testimonial__image\">\n\t\t\t\t\t\t<img decoding=\"async\" src=\"https:\/\/jahresberichte.phgr.ch\/2023\/wp-content\/uploads\/sites\/3\/2024\/01\/testimonial-bild-platzhalter.png\" alt=\"Silvio Dietrich, Pr\u00e4sident des Verbandes  Schulleiterinnen und Schulleiter Graub\u00fcnden\">\n\t\t\t\t\t\t\t\t\t\t\t<\/div>\n\t\t\t\t\t\t\t\t\t\t\t<\/div>\n\t\t<\/div>\n\t\t\t\t\t\t\t\t<\/div>\n\t\t\t\t\t\t\t\t\t<\/div>\n\t\t\t\t\t\t\t\t\t\t\t\t\t\t\t<div class=\"swiper-pagination\"><\/div>\n\t\t\t\t\t\t\t\t\t\t\t\t\t\t\t\t<div class=\"navigation-arrow-prev--position-left navigation-arrow-prev--position-top elementor-swiper-button elementor-swiper-button-prev\">\n\t\t\t\t\t\t\t<i aria-hidden=\"true\" class=\"fas fa-angle-left\"><\/i>\t\t\t\t\t\t\t<span class=\"elementor-screen-only\">Previous<\/span>\n\t\t\t\t\t\t<\/div>\n\t\t\t\t\t\t<div class=\"navigation-arrow-next--position-right navigation-arrow-next--position-top elementor-swiper-button elementor-swiper-button-next\">\n\t\t\t\t\t\t\t<i aria-hidden=\"true\" class=\"fas fa-angle-right\"><\/i>\t\t\t\t\t\t\t<span class=\"elementor-screen-only\">Next<\/span>\n\t\t\t\t\t\t<\/div>\n\t\t\t\t\t\t\t\t\t\t\t\t<\/div>\n\t\t<\/div>\n\t\t\t\t\t\t<\/div>\n\t\t\t\t<\/div>\n\t\t\t\t<div class=\"elementor-element elementor-element-b43c565 raven-testimonial--layout-image_above raven-testimonial--align-left raven-testimonial--mobile-align-center elementor-hidden-desktop elementor-hidden-tablet elementor-hidden-mobile raven-testimonial--skin-default raven-arrows-yes raven-pagination-type-bullets elementor-widget elementor-widget-raven-testimonial-carousel\" data-id=\"b43c565\" data-element_type=\"widget\" data-settings=\"{&quot;autoplay_speed&quot;:6000,&quot;slides_per_view&quot;:{&quot;unit&quot;:&quot;px&quot;,&quot;size&quot;:1,&quot;sizes&quot;:[]},&quot;slides_per_view_tablet&quot;:{&quot;unit&quot;:&quot;px&quot;,&quot;size&quot;:1,&quot;sizes&quot;:[]},&quot;slides_per_view_mobile&quot;:{&quot;unit&quot;:&quot;px&quot;,&quot;size&quot;:1,&quot;sizes&quot;:[]},&quot;show_arrows&quot;:&quot;yes&quot;,&quot;pagination&quot;:&quot;bullets&quot;,&quot;speed&quot;:500,&quot;autoplay&quot;:&quot;yes&quot;,&quot;loop&quot;:&quot;yes&quot;,&quot;pause_on_hover&quot;:&quot;yes&quot;,&quot;pause_on_interaction&quot;:&quot;yes&quot;,&quot;space_between&quot;:{&quot;unit&quot;:&quot;px&quot;,&quot;size&quot;:10,&quot;sizes&quot;:[]},&quot;space_between_tablet&quot;:{&quot;unit&quot;:&quot;px&quot;,&quot;size&quot;:10,&quot;sizes&quot;:[]},&quot;space_between_mobile&quot;:{&quot;unit&quot;:&quot;px&quot;,&quot;size&quot;:10,&quot;sizes&quot;:[]},&quot;pagination_gap&quot;:{&quot;unit&quot;:&quot;px&quot;,&quot;size&quot;:&quot;&quot;,&quot;sizes&quot;:[]},&quot;pagination_gap_tablet&quot;:{&quot;unit&quot;:&quot;px&quot;,&quot;size&quot;:&quot;&quot;,&quot;sizes&quot;:[]},&quot;pagination_gap_mobile&quot;:{&quot;unit&quot;:&quot;px&quot;,&quot;size&quot;:&quot;&quot;,&quot;sizes&quot;:[]}}\" data-widget_type=\"raven-testimonial-carousel.default\">\n\t\t\t\t<div class=\"elementor-widget-container\">\n\t\t\t\t\t\t\t<div class=\"raven-swiper\">\n\t\t\t<div class=\"raven-main-swiper swiper\">\n\t\t\t\t<div class=\"swiper-wrapper\">\n\t\t\t\t\t\t\t\t\t\t\t<div class=\"swiper-slide\">\n\t\t\t\t\t\t\t\t\t<div class=\"raven-testimonial\">\n\t\t\t\t\t\t\t<div class=\"raven-testimonial__content\">\n\t\t\t\t\t<div class=\"raven-testimonial__text raven-testimonial-content-text\">\n\t\t\t\t\t\t \u00abDie neue Zielgruppenorientierung der Studieng\u00e4nge wird die Auswahl an qualifiziertem und motiviertem Personal in allen Sprachregionen verbessern \u2013 ein wichtiger Beitrag f\u00fcr die Qualit\u00e4tssicherung auf der Sek I-Stufe, die unseren Oberstufensch\u00fclerinnen und -sch\u00fclern mit Sicherheit zugutekommen wird.\u00bb \t\t\t\t\t<\/div>\n\t\t\t\t\t<cite class=\"raven-testimonial__cite\"><span class=\"raven-testimonial__name\">Silvio Dietrich, Pr\u00e4sident des Verbandes  Schulleiterinnen und Schulleiter Graub\u00fcnden<\/span><\/cite>\t\t\t\t<\/div>\n\t\t\t\t\t\t<div class=\"raven-testimonial__footer raven-testimonial-content-text-footer\">\n\t\t\t\t\t\t\t\t\t<div class=\"raven-testimonial__image\">\n\t\t\t\t\t\t<img decoding=\"async\" src=\"https:\/\/jahresberichte.phgr.ch\/2023\/wp-content\/uploads\/sites\/3\/2024\/01\/testimonial-bild-platzhalter.png\" alt=\"Silvio Dietrich, Pr\u00e4sident des Verbandes  Schulleiterinnen und Schulleiter Graub\u00fcnden\">\n\t\t\t\t\t\t\t\t\t\t\t<\/div>\n\t\t\t\t\t\t\t\t\t\t\t<\/div>\n\t\t<\/div>\n\t\t\t\t\t\t\t\t<\/div>\n\t\t\t\t\t\t\t\t\t\t\t<div class=\"swiper-slide\">\n\t\t\t\t\t\t\t\t\t<div class=\"raven-testimonial\">\n\t\t\t\t\t\t\t<div class=\"raven-testimonial__content\">\n\t\t\t\t\t<div class=\"raven-testimonial__text raven-testimonial-content-text\">\n\t\t\t\t\t\t \u00abDie neue Zielgruppenorientierung der Studieng\u00e4nge wird die Auswahl an qualifiziertem und motiviertem Personal in allen Sprachregionen verbessern \u2013 ein wichtiger Beitrag f\u00fcr die Qualit\u00e4tssicherung auf der Sek I-Stufe, die unseren Oberstufensch\u00fclerinnen und -sch\u00fclern mit Sicherheit zugutekommen wird.\u00bb \t\t\t\t\t<\/div>\n\t\t\t\t\t<cite class=\"raven-testimonial__cite\"><span class=\"raven-testimonial__name\">Silvio Dietrich, Pr\u00e4sident des Verbandes  Schulleiterinnen und Schulleiter Graub\u00fcnden<\/span><\/cite>\t\t\t\t<\/div>\n\t\t\t\t\t\t<div class=\"raven-testimonial__footer raven-testimonial-content-text-footer\">\n\t\t\t\t\t\t\t\t\t<div class=\"raven-testimonial__image\">\n\t\t\t\t\t\t<img decoding=\"async\" src=\"https:\/\/jahresberichte.phgr.ch\/2023\/wp-content\/uploads\/sites\/3\/2024\/01\/testimonial-bild-platzhalter.png\" alt=\"Silvio Dietrich, Pr\u00e4sident des Verbandes  Schulleiterinnen und Schulleiter Graub\u00fcnden\">\n\t\t\t\t\t\t\t\t\t\t\t<\/div>\n\t\t\t\t\t\t\t\t\t\t\t<\/div>\n\t\t<\/div>\n\t\t\t\t\t\t\t\t<\/div>\n\t\t\t\t\t\t\t\t\t\t\t<div class=\"swiper-slide\">\n\t\t\t\t\t\t\t\t\t<div class=\"raven-testimonial\">\n\t\t\t\t\t\t\t<div class=\"raven-testimonial__content\">\n\t\t\t\t\t<div class=\"raven-testimonial__text raven-testimonial-content-text\">\n\t\t\t\t\t\t \u00abDie neue Zielgruppenorientierung der Studieng\u00e4nge wird die Auswahl an qualifiziertem und motiviertem Personal in allen Sprachregionen verbessern \u2013 ein wichtiger Beitrag f\u00fcr die Qualit\u00e4tssicherung auf der Sek I-Stufe, die unseren Oberstufensch\u00fclerinnen und -sch\u00fclern mit Sicherheit zugutekommen wird.\u00bb \t\t\t\t\t<\/div>\n\t\t\t\t\t<cite class=\"raven-testimonial__cite\"><span class=\"raven-testimonial__name\">Silvio Dietrich, Pr\u00e4sident des Verbandes  Schulleiterinnen und Schulleiter Graub\u00fcnden<\/span><\/cite>\t\t\t\t<\/div>\n\t\t\t\t\t\t<div class=\"raven-testimonial__footer raven-testimonial-content-text-footer\">\n\t\t\t\t\t\t\t\t\t<div class=\"raven-testimonial__image\">\n\t\t\t\t\t\t<img decoding=\"async\" src=\"https:\/\/jahresberichte.phgr.ch\/2023\/wp-content\/uploads\/sites\/3\/2024\/01\/testimonial-bild-platzhalter.png\" alt=\"Silvio Dietrich, Pr\u00e4sident des Verbandes  Schulleiterinnen und Schulleiter Graub\u00fcnden\">\n\t\t\t\t\t\t\t\t\t\t\t<\/div>\n\t\t\t\t\t\t\t\t\t\t\t<\/div>\n\t\t<\/div>\n\t\t\t\t\t\t\t\t<\/div>\n\t\t\t\t\t\t\t\t\t<\/div>\n\t\t\t\t\t\t\t\t\t\t\t\t\t\t\t<div class=\"swiper-pagination\"><\/div>\n\t\t\t\t\t\t\t\t\t\t\t\t\t\t\t\t<div class=\"navigation-arrow-prev--position-left navigation-arrow-prev--position-top elementor-swiper-button elementor-swiper-button-prev\">\n\t\t\t\t\t\t\t<i aria-hidden=\"true\" class=\"fas fa-angle-left\"><\/i>\t\t\t\t\t\t\t<span class=\"elementor-screen-only\">Previous<\/span>\n\t\t\t\t\t\t<\/div>\n\t\t\t\t\t\t<div class=\"navigation-arrow-next--position-right navigation-arrow-next--position-top elementor-swiper-button elementor-swiper-button-next\">\n\t\t\t\t\t\t\t<i aria-hidden=\"true\" class=\"fas fa-angle-right\"><\/i>\t\t\t\t\t\t\t<span class=\"elementor-screen-only\">Next<\/span>\n\t\t\t\t\t\t<\/div>\n\t\t\t\t\t\t\t\t\t\t\t\t<\/div>\n\t\t<\/div>\n\t\t\t\t\t\t<\/div>\n\t\t\t\t<\/div>\n\t\t\t\t<\/div>\n\t\t\t\t\t<\/div>\n\t\t\t\t<\/div>\n\t\t<div class=\"elementor-element elementor-element-58c9ab9 e-flex e-con-boxed e-con e-parent\" data-id=\"58c9ab9\" data-element_type=\"container\" data-settings=\"{&quot;background_background&quot;:&quot;classic&quot;,&quot;jet_parallax_layout_list&quot;:[]}\">\n\t\t\t\t\t<div class=\"e-con-inner\">\n\t\t<div class=\"elementor-element elementor-element-3cf8413 e-con-full e-flex e-con e-child\" data-id=\"3cf8413\" data-element_type=\"container\" data-settings=\"{&quot;jet_parallax_layout_list&quot;:[]}\">\n\t\t\t\t<div class=\"elementor-element elementor-element-44c48e4 elementor-widget elementor-widget-image\" data-id=\"44c48e4\" data-element_type=\"widget\" data-widget_type=\"image.default\">\n\t\t\t\t<div class=\"elementor-widget-container\">\n\t\t\t\t\t\t\t\t\t\t\t\t\t\t\t<img decoding=\"async\" width=\"102\" height=\"106\" src=\"https:\/\/jahresberichte.phgr.ch\/2023\/wp-content\/uploads\/sites\/3\/2024\/01\/phgr-jahresbericht-2023-20-jahre-stoerer.svg\" class=\"attachment-large size-large wp-image-5025\" alt=\"\" \/>\t\t\t\t\t\t\t\t\t\t\t\t\t\t\t<\/div>\n\t\t\t\t<\/div>\n\t\t\t\t<\/div>\n\t\t<div class=\"elementor-element elementor-element-0671f6f e-con-full e-flex e-con e-child\" data-id=\"0671f6f\" data-element_type=\"container\" data-settings=\"{&quot;jet_parallax_layout_list&quot;:[]}\">\n\t\t<div class=\"elementor-element elementor-element-a8fe8dd e-con-full e-flex e-con e-child\" data-id=\"a8fe8dd\" data-element_type=\"container\" data-settings=\"{&quot;jet_parallax_layout_list&quot;:[]}\">\n\t\t\t\t<div class=\"elementor-element elementor-element-3aadfd2 elementor-widget elementor-widget-image\" data-id=\"3aadfd2\" data-element_type=\"widget\" data-widget_type=\"image.default\">\n\t\t\t\t<div class=\"elementor-widget-container\">\n\t\t\t\t\t\t\t\t\t\t\t\t\t\t\t<img decoding=\"async\" width=\"600\" height=\"600\" src=\"https:\/\/jahresberichte.phgr.ch\/2023\/wp-content\/uploads\/sites\/3\/2024\/03\/testimonial-Domenic-Parolini.png\" class=\"attachment-large size-large wp-image-7455\" alt=\"\" srcset=\"https:\/\/jahresberichte.phgr.ch\/2023\/wp-content\/uploads\/sites\/3\/2024\/03\/testimonial-Domenic-Parolini.png 600w, https:\/\/jahresberichte.phgr.ch\/2023\/wp-content\/uploads\/sites\/3\/2024\/03\/testimonial-Domenic-Parolini-500x500.png 500w\" sizes=\"(max-width: 600px) 100vw, 600px\" \/>\t\t\t\t\t\t\t\t\t\t\t\t\t\t\t<\/div>\n\t\t\t\t<\/div>\n\t\t\t\t<\/div>\n\t\t<div class=\"elementor-element elementor-element-7e0db5d e-flex e-con-boxed e-con e-child\" data-id=\"7e0db5d\" data-element_type=\"container\" data-settings=\"{&quot;jet_parallax_layout_list&quot;:[]}\">\n\t\t\t\t\t<div class=\"e-con-inner\">\n\t\t<div class=\"elementor-element elementor-element-18016eb e-flex e-con-boxed e-con e-child\" data-id=\"18016eb\" data-element_type=\"container\" data-settings=\"{&quot;background_background&quot;:&quot;classic&quot;,&quot;jet_parallax_layout_list&quot;:[]}\">\n\t\t\t\t\t<div class=\"e-con-inner\">\n\t\t\t\t\t<\/div>\n\t\t\t\t<\/div>\n\t\t<div class=\"elementor-element elementor-element-8e9815d e-flex e-con-boxed e-con e-child\" data-id=\"8e9815d\" data-element_type=\"container\" data-settings=\"{&quot;background_background&quot;:&quot;classic&quot;,&quot;jet_parallax_layout_list&quot;:[]}\">\n\t\t\t\t\t<div class=\"e-con-inner\">\n\t\t\t\t<div class=\"elementor-element elementor-element-f9c8cad elementor-widget elementor-widget-heading\" data-id=\"f9c8cad\" data-element_type=\"widget\" data-widget_type=\"heading.default\">\n\t\t\t\t<div class=\"elementor-widget-container\">\n\t\t\t\t\t<h3 class=\"elementor-heading-title elementor-size-default\">Per mai \u00e8 la SAP dal Grischun ina instituziun da savida e da perscrutaziun ch\u2019\u00e8 relevanta per il chantun Grischun, ina promotura da cumpetenzas per la trilinguitad da noss chantun, la spina dorsala dal lieu da furmaziun Grischun.<\/h3>\t\t\t\t<\/div>\n\t\t\t\t<\/div>\n\t\t\t\t<div class=\"elementor-element elementor-element-139b9cc elementor-widget elementor-widget-heading\" data-id=\"139b9cc\" data-element_type=\"widget\" data-widget_type=\"heading.default\">\n\t\t\t\t<div class=\"elementor-widget-container\">\n\t\t\t\t\t<h4 class=\"elementor-heading-title elementor-size-default\">\u2013 Cusseglier guvernativ dr. Jon Domenic Parolini<\/h4>\t\t\t\t<\/div>\n\t\t\t\t<\/div>\n\t\t\t\t\t<\/div>\n\t\t\t\t<\/div>\n\t\t<div class=\"elementor-element elementor-element-b751dcb e-flex e-con-boxed e-con e-child\" data-id=\"b751dcb\" data-element_type=\"container\" data-settings=\"{&quot;background_background&quot;:&quot;classic&quot;,&quot;jet_parallax_layout_list&quot;:[]}\">\n\t\t\t\t\t<div class=\"e-con-inner\">\n\t\t\t\t\t<\/div>\n\t\t\t\t<\/div>\n\t\t\t\t\t<\/div>\n\t\t\t\t<\/div>\n\t\t\t\t<\/div>\n\t\t\t\t\t<\/div>\n\t\t\t\t<\/div>\n\t\t<div class=\"elementor-element elementor-element-bd867ba e-flex e-con-boxed e-con e-parent\" data-id=\"bd867ba\" data-element_type=\"container\" data-settings=\"{&quot;jet_parallax_layout_list&quot;:[]}\">\n\t\t\t\t\t<div class=\"e-con-inner\">\n\t\t<div class=\"elementor-element elementor-element-48dfaaa e-con-full e-flex e-con e-child\" data-id=\"48dfaaa\" data-element_type=\"container\" data-settings=\"{&quot;jet_parallax_layout_list&quot;:[]}\">\n\t\t\t\t<div class=\"elementor-element elementor-element-f97bd01 elementor-widget elementor-widget-heading\" data-id=\"f97bd01\" data-element_type=\"widget\" id=\"subtitle-underline\" data-widget_type=\"heading.default\">\n\t\t\t\t<div class=\"elementor-widget-container\">\n\t\t\t\t\t<h3 class=\"elementor-heading-title elementor-size-default\">#HOCHinteressant<\/h3>\t\t\t\t<\/div>\n\t\t\t\t<\/div>\n\t\t\t\t<div class=\"elementor-element elementor-element-4cdadff elementor-widget elementor-widget-text-editor\" data-id=\"4cdadff\" data-element_type=\"widget\" data-widget_type=\"text-editor.default\">\n\t\t\t\t<div class=\"elementor-widget-container\">\n\t\t\t\t\t\t\t\t\t<p>\u00abIna furmaziun d\u2019auta qualitad per tuts\u00bb: En connex cun noss motto da giubileum, avain nus publitg\u00e0 quest onn sin nossa pagina d\u2019internet e sin noss chanals da communicaziun istorgias interessantas dal mund da nossa scola auta da pedagogia. Ina survista.<\/p>\t\t\t\t\t\t\t\t<\/div>\n\t\t\t\t<\/div>\n\t\t\t\t<\/div>\n\t\t<div class=\"elementor-element elementor-element-4172fd1 e-grid e-con-boxed e-con e-child\" data-id=\"4172fd1\" data-element_type=\"container\" data-settings=\"{&quot;jet_parallax_layout_list&quot;:[]}\">\n\t\t\t\t\t<div class=\"e-con-inner\">\n\t\t<div class=\"elementor-element elementor-element-77bf48c e-flex e-con-boxed e-con e-child\" data-id=\"77bf48c\" data-element_type=\"container\" data-settings=\"{&quot;jet_parallax_layout_list&quot;:[]}\">\n\t\t\t\t\t<div class=\"e-con-inner\">\n\t\t<div class=\"elementor-element elementor-element-8cb0641 e-flex e-con-boxed e-con e-child\" data-id=\"8cb0641\" data-element_type=\"container\" data-settings=\"{&quot;background_background&quot;:&quot;classic&quot;,&quot;jet_parallax_layout_list&quot;:[]}\">\n\t\t\t\t\t<div class=\"e-con-inner\">\n\t\t\t\t\t<\/div>\n\t\t\t\t<\/div>\n\t\t\t\t<div class=\"elementor-element elementor-element-2b69767 elementor-widget elementor-widget-heading\" data-id=\"2b69767\" data-element_type=\"widget\" data-widget_type=\"heading.default\">\n\t\t\t\t<div class=\"elementor-widget-container\">\n\t\t\t\t\t<p class=\"elementor-heading-title elementor-size-default\">#HOCHalpin: \u00abLa finamira resta adina la finamira\u00bb.<\/p>\t\t\t\t<\/div>\n\t\t\t\t<\/div>\n\t\t\t\t<div class=\"elementor-element elementor-element-833c686 elementor-widget elementor-widget-text-editor\" data-id=\"833c686\" data-element_type=\"widget\" data-widget_type=\"text-editor.default\">\n\t\t\t\t<div class=\"elementor-widget-container\">\n\t\t\t\t\t\t\t\t\t<p>Hansi Kessler, guid da muntogna, alpinist extrem e docent da sport a la SAP dal Grischun, ha travers\u00e0 la paraid dal nord da l\u2019Eiger ed \u00e8 st\u00e0 al Mount Everest. In discurs davart la fascinaziun da l\u2019alpinissem, la confruntaziun cun la tema e la fortuna da surmuntar agens cunfins. (maletg da titel: Hansi Kessler sin il terz champ da glatsch da la paraid dal nord da l\u2019Eiger, fotograf: Robert B\u00f6sch)<\/p>\t\t\t\t\t\t\t\t<\/div>\n\t\t\t\t<\/div>\n\t\t\t\t<div class=\"elementor-element elementor-element-46ec797 elementor-widget elementor-widget-raven-button\" data-id=\"46ec797\" data-element_type=\"widget\" data-settings=\"{&quot;turn_to_popup_action_button&quot;:&quot;no&quot;}\" data-widget_type=\"raven-button.default\">\n\t\t\t\t<div class=\"elementor-widget-container\">\n\t\t\t\t\t\t\t<div class=\"raven-widget-wrapper\">\n\t\t\t<a class=\"raven-button raven-button-widget-normal-effect-none  raven-button-text-align-left raven-button-link elementor-animation-none\" href=\"https:\/\/phgr.ch\/rm\/sub\/rectorat\/autalpin\" target=\"_blank\">\t\t\t\t<div class=\"raven-button-overlay\" ><\/div>\n\t\t\t\t<span class=\"raven-button-content\">\n\t\t\t\t\t\n\t\t\t\t\t<div class=\"button-text-container\">\n\t\t\t\t\t\t\t\t\t\t\t\t<div class=\"raven-button-texts-wrapper\">\n\t\t\t\t\t\t\t<div class=\"button-text\">\n\t\t\t\t\t\t\t\t<span class=\"raven-button-text\">\n\t\t\t\t\t\t\t\t\tulteriuras infurmaziuns\t\t\t\t\t\t\t\t<\/span>\n\t\t\t\t\t\t\t<\/div>\n\t\t\t\t\t\t\t\t\t\t\t\t\t<\/div>\n\t\t\t\t\t\t\t\t\t<span class=\"raven-button-icon raven-button-icon-position-right\">\n\t\t\t\t<svg xmlns=\"http:\/\/www.w3.org\/2000\/svg\" id=\"a\" width=\"17.39\" height=\"12.4\" viewBox=\"0 0 17.39 12.4\"><polygon class=\"b\" points=\"11.31 0 9.89 1.4 13.64 5.23 0 5.23 0 7.23 13.58 7.23 9.89 11 11.31 12.4 17.39 6.2 11.31 0\"><\/polygon><\/svg>\t\t\t<\/span>\n\t\t\t\t\t\t\t<\/div>\n\t\t\t\t\t\n\t\t\t\t\t\t\t\t\t<\/span>\n\t\t\t<\/a>\t\t<\/div>\n\t\t\t\t\t\t<\/div>\n\t\t\t\t<\/div>\n\t\t\t\t\t<\/div>\n\t\t\t\t<\/div>\n\t\t<div class=\"elementor-element elementor-element-c2c5329 e-flex e-con-boxed e-con e-child\" data-id=\"c2c5329\" data-element_type=\"container\" data-settings=\"{&quot;jet_parallax_layout_list&quot;:[]}\">\n\t\t\t\t\t<div class=\"e-con-inner\">\n\t\t<div class=\"elementor-element elementor-element-f4436a9 e-flex e-con-boxed e-con e-child\" data-id=\"f4436a9\" data-element_type=\"container\" data-settings=\"{&quot;background_background&quot;:&quot;classic&quot;,&quot;jet_parallax_layout_list&quot;:[]}\">\n\t\t\t\t\t<div class=\"e-con-inner\">\n\t\t\t\t\t<\/div>\n\t\t\t\t<\/div>\n\t\t\t\t<div class=\"elementor-element elementor-element-19c0865 elementor-widget elementor-widget-heading\" data-id=\"19c0865\" data-element_type=\"widget\" data-widget_type=\"heading.default\">\n\t\t\t\t<div class=\"elementor-widget-container\">\n\t\t\t\t\t<p class=\"elementor-heading-title elementor-size-default\">#HOCHmusikalisch: Fitg musicalas e musicals \u00e8n paucs, musicalas e musicals perencunter tuts.<\/p>\t\t\t\t<\/div>\n\t\t\t\t<\/div>\n\t\t\t\t<div class=\"elementor-element elementor-element-44646d5 elementor-widget elementor-widget-text-editor\" data-id=\"44646d5\" data-element_type=\"widget\" data-widget_type=\"text-editor.default\">\n\t\t\t\t<div class=\"elementor-widget-container\">\n\t\t\t\t\t\t\t\t\t<p>\u00abSenza musica fiss la vita in errur\u00bb, uschia Friedrich Nietzsche. Musica \u00e8 omnipreschenta en il mintgadi. Ella \u00e8 in enritgiment, per\u00f2 er ina sfida, sch&#8217;ella vegn natiers en furma da canera e ramurs quotidianas. Savair far questa differenziaziun tutga tar las cumpetenzas che duain avair tant scolaras e scolars sco er (futuras) persunas d&#8217;instrucziun. In discurs davart musica \u2013 cun la docenta da musica Cornelia Meier e cun ils magisters instrumentals Christian Cantieni e Frieder Torp. Da Franca Caspani<\/p>\t\t\t\t\t\t\t\t<\/div>\n\t\t\t\t<\/div>\n\t\t\t\t<div class=\"elementor-element elementor-element-931ec99 elementor-widget elementor-widget-raven-button\" data-id=\"931ec99\" data-element_type=\"widget\" data-settings=\"{&quot;turn_to_popup_action_button&quot;:&quot;no&quot;}\" data-widget_type=\"raven-button.default\">\n\t\t\t\t<div class=\"elementor-widget-container\">\n\t\t\t\t\t\t\t<div class=\"raven-widget-wrapper\">\n\t\t\t<a class=\"raven-button raven-button-widget-normal-effect-none  raven-button-text-align-left raven-button-link elementor-animation-none\" href=\"https:\/\/phgr.ch\/rm\/sub\/rectorat\/fitgmusical\" target=\"_blank\">\t\t\t\t<div class=\"raven-button-overlay\" ><\/div>\n\t\t\t\t<span class=\"raven-button-content\">\n\t\t\t\t\t\n\t\t\t\t\t<div class=\"button-text-container\">\n\t\t\t\t\t\t\t\t\t\t\t\t<div class=\"raven-button-texts-wrapper\">\n\t\t\t\t\t\t\t<div class=\"button-text\">\n\t\t\t\t\t\t\t\t<span class=\"raven-button-text\">\n\t\t\t\t\t\t\t\t\tulteriuras infurmaziuns\t\t\t\t\t\t\t\t<\/span>\n\t\t\t\t\t\t\t<\/div>\n\t\t\t\t\t\t\t\t\t\t\t\t\t<\/div>\n\t\t\t\t\t\t\t\t\t<span class=\"raven-button-icon raven-button-icon-position-right\">\n\t\t\t\t<svg xmlns=\"http:\/\/www.w3.org\/2000\/svg\" id=\"a\" width=\"17.39\" height=\"12.4\" viewBox=\"0 0 17.39 12.4\"><polygon class=\"b\" points=\"11.31 0 9.89 1.4 13.64 5.23 0 5.23 0 7.23 13.58 7.23 9.89 11 11.31 12.4 17.39 6.2 11.31 0\"><\/polygon><\/svg>\t\t\t<\/span>\n\t\t\t\t\t\t\t<\/div>\n\t\t\t\t\t\n\t\t\t\t\t\t\t\t\t<\/span>\n\t\t\t<\/a>\t\t<\/div>\n\t\t\t\t\t\t<\/div>\n\t\t\t\t<\/div>\n\t\t\t\t\t<\/div>\n\t\t\t\t<\/div>\n\t\t<div class=\"elementor-element elementor-element-a038d67 e-flex e-con-boxed e-con e-child\" data-id=\"a038d67\" data-element_type=\"container\" data-settings=\"{&quot;jet_parallax_layout_list&quot;:[]}\">\n\t\t\t\t\t<div class=\"e-con-inner\">\n\t\t<div class=\"elementor-element elementor-element-14743ec e-flex e-con-boxed e-con e-child\" data-id=\"14743ec\" data-element_type=\"container\" data-settings=\"{&quot;background_background&quot;:&quot;classic&quot;,&quot;jet_parallax_layout_list&quot;:[]}\">\n\t\t\t\t\t<div class=\"e-con-inner\">\n\t\t\t\t\t<\/div>\n\t\t\t\t<\/div>\n\t\t\t\t<div class=\"elementor-element elementor-element-cc0f42f elementor-widget elementor-widget-heading\" data-id=\"cc0f42f\" data-element_type=\"widget\" data-widget_type=\"heading.default\">\n\t\t\t\t<div class=\"elementor-widget-container\">\n\t\t\t\t\t<p class=\"elementor-heading-title elementor-size-default\">#HOCHaktuell: \u00abNus duvrain scolastas e scolasts motivads ed entusiasmads ch\u2019intermedieschan che l'informatica signifitgescha lavur creativa\u00bb.<\/p>\t\t\t\t<\/div>\n\t\t\t\t<\/div>\n\t\t\t\t<div class=\"elementor-element elementor-element-f91efc4 elementor-widget elementor-widget-text-editor\" data-id=\"f91efc4\" data-element_type=\"widget\" data-widget_type=\"text-editor.default\">\n\t\t\t\t<div class=\"elementor-widget-container\">\n\t\t\t\t\t\t\t\t\t<p>Prof. Dr. Dennis Komm \u00e8 dapi l&#8217;onn 2022 professer extraordinari a la SPF da Turitg per algoritmus e didactica sco era manader da la scolaziun CAS Informatica e didactica d&#8217;informatica che vegn purschida cuminaivlamain da la SAP dal Grischun e da la SPF da Turitg. Ses interess da la perscrutaziun includan la projectaziun e l&#8217;analisa d&#8217;algoritmus sco era la scolaziun d&#8217;informatica. En l&#8217;intervista gughegia el da dar in sguard sin la scola da l&#8217;avegnir ed explitgescha strategias d&#8217;agir pussaivlas, co che scolas e persunas d&#8217;instrucziun pon sa preparar proactivamain per il mund da damaun.<\/p>\t\t\t\t\t\t\t\t<\/div>\n\t\t\t\t<\/div>\n\t\t\t\t<div class=\"elementor-element elementor-element-654e26a elementor-widget elementor-widget-raven-button\" data-id=\"654e26a\" data-element_type=\"widget\" data-settings=\"{&quot;turn_to_popup_action_button&quot;:&quot;no&quot;}\" data-widget_type=\"raven-button.default\">\n\t\t\t\t<div class=\"elementor-widget-container\">\n\t\t\t\t\t\t\t<div class=\"raven-widget-wrapper\">\n\t\t\t<a class=\"raven-button raven-button-widget-normal-effect-none  raven-button-text-align-left raven-button-link elementor-animation-none\" href=\"https:\/\/phgr.ch\/rm\/sub\/rectorat\/fitgactual-intervista-cun-dennis-komm\" target=\"_blank\">\t\t\t\t<div class=\"raven-button-overlay\" ><\/div>\n\t\t\t\t<span class=\"raven-button-content\">\n\t\t\t\t\t\n\t\t\t\t\t<div class=\"button-text-container\">\n\t\t\t\t\t\t\t\t\t\t\t\t<div class=\"raven-button-texts-wrapper\">\n\t\t\t\t\t\t\t<div class=\"button-text\">\n\t\t\t\t\t\t\t\t<span class=\"raven-button-text\">\n\t\t\t\t\t\t\t\t\tulteriuras infurmaziuns\t\t\t\t\t\t\t\t<\/span>\n\t\t\t\t\t\t\t<\/div>\n\t\t\t\t\t\t\t\t\t\t\t\t\t<\/div>\n\t\t\t\t\t\t\t\t\t<span class=\"raven-button-icon raven-button-icon-position-right\">\n\t\t\t\t<svg xmlns=\"http:\/\/www.w3.org\/2000\/svg\" id=\"a\" width=\"17.39\" height=\"12.4\" viewBox=\"0 0 17.39 12.4\"><polygon class=\"b\" points=\"11.31 0 9.89 1.4 13.64 5.23 0 5.23 0 7.23 13.58 7.23 9.89 11 11.31 12.4 17.39 6.2 11.31 0\"><\/polygon><\/svg>\t\t\t<\/span>\n\t\t\t\t\t\t\t<\/div>\n\t\t\t\t\t\n\t\t\t\t\t\t\t\t\t<\/span>\n\t\t\t<\/a>\t\t<\/div>\n\t\t\t\t\t\t<\/div>\n\t\t\t\t<\/div>\n\t\t\t\t\t<\/div>\n\t\t\t\t<\/div>\n\t\t<div class=\"elementor-element elementor-element-80709c7 e-flex e-con-boxed e-con e-child\" data-id=\"80709c7\" data-element_type=\"container\" data-settings=\"{&quot;jet_parallax_layout_list&quot;:[]}\">\n\t\t\t\t\t<div class=\"e-con-inner\">\n\t\t<div class=\"elementor-element elementor-element-9526e40 e-flex e-con-boxed e-con e-child\" data-id=\"9526e40\" data-element_type=\"container\" data-settings=\"{&quot;background_background&quot;:&quot;classic&quot;,&quot;jet_parallax_layout_list&quot;:[]}\">\n\t\t\t\t\t<div class=\"e-con-inner\">\n\t\t\t\t\t<\/div>\n\t\t\t\t<\/div>\n\t\t\t\t<div class=\"elementor-element elementor-element-4787c8a elementor-widget elementor-widget-heading\" data-id=\"4787c8a\" data-element_type=\"widget\" data-widget_type=\"heading.default\">\n\t\t\t\t<div class=\"elementor-widget-container\">\n\t\t\t\t\t<p class=\"elementor-heading-title elementor-size-default\">#HOCHgeflogen: Da l'aviun en la stanza da classa.<\/p>\t\t\t\t<\/div>\n\t\t\t\t<\/div>\n\t\t\t\t<div class=\"elementor-element elementor-element-62e29d6 elementor-widget elementor-widget-text-editor\" data-id=\"62e29d6\" data-element_type=\"widget\" data-widget_type=\"text-editor.default\">\n\t\t\t\t<div class=\"elementor-widget-container\">\n\t\t\t\t\t\t\t\t\t<p>Jenny Muggli e Tonio Wyler absolvan a la SAP dal Grischun il segund onn dal studi da bachelor Scola primara. Ils dus students raquintan tge che ha intim\u00e0 els da bandunar la professiun sco flight attendant e da daventar scolast:a.<\/p>\t\t\t\t\t\t\t\t<\/div>\n\t\t\t\t<\/div>\n\t\t\t\t<div class=\"elementor-element elementor-element-cb426dd elementor-widget elementor-widget-raven-button\" data-id=\"cb426dd\" data-element_type=\"widget\" data-settings=\"{&quot;turn_to_popup_action_button&quot;:&quot;no&quot;}\" data-widget_type=\"raven-button.default\">\n\t\t\t\t<div class=\"elementor-widget-container\">\n\t\t\t\t\t\t\t<div class=\"raven-widget-wrapper\">\n\t\t\t<a class=\"raven-button raven-button-widget-normal-effect-none  raven-button-text-align-left raven-button-link elementor-animation-none\" href=\"https:\/\/phgr.ch\/rm\/sub\/rectorat\/intervista-hochgeflogen\" target=\"_blank\">\t\t\t\t<div class=\"raven-button-overlay\" ><\/div>\n\t\t\t\t<span class=\"raven-button-content\">\n\t\t\t\t\t\n\t\t\t\t\t<div class=\"button-text-container\">\n\t\t\t\t\t\t\t\t\t\t\t\t<div class=\"raven-button-texts-wrapper\">\n\t\t\t\t\t\t\t<div class=\"button-text\">\n\t\t\t\t\t\t\t\t<span class=\"raven-button-text\">\n\t\t\t\t\t\t\t\t\tulteriuras infurmaziuns\t\t\t\t\t\t\t\t<\/span>\n\t\t\t\t\t\t\t<\/div>\n\t\t\t\t\t\t\t\t\t\t\t\t\t<\/div>\n\t\t\t\t\t\t\t\t\t<span class=\"raven-button-icon raven-button-icon-position-right\">\n\t\t\t\t<svg xmlns=\"http:\/\/www.w3.org\/2000\/svg\" id=\"a\" width=\"17.39\" height=\"12.4\" viewBox=\"0 0 17.39 12.4\"><polygon class=\"b\" points=\"11.31 0 9.89 1.4 13.64 5.23 0 5.23 0 7.23 13.58 7.23 9.89 11 11.31 12.4 17.39 6.2 11.31 0\"><\/polygon><\/svg>\t\t\t<\/span>\n\t\t\t\t\t\t\t<\/div>\n\t\t\t\t\t\n\t\t\t\t\t\t\t\t\t<\/span>\n\t\t\t<\/a>\t\t<\/div>\n\t\t\t\t\t\t<\/div>\n\t\t\t\t<\/div>\n\t\t\t\t\t<\/div>\n\t\t\t\t<\/div>\n\t\t<div class=\"elementor-element elementor-element-1ff00cb e-flex e-con-boxed e-con e-child\" data-id=\"1ff00cb\" data-element_type=\"container\" data-settings=\"{&quot;jet_parallax_layout_list&quot;:[]}\">\n\t\t\t\t\t<div class=\"e-con-inner\">\n\t\t<div class=\"elementor-element elementor-element-4a0251b e-flex e-con-boxed e-con e-child\" data-id=\"4a0251b\" data-element_type=\"container\" data-settings=\"{&quot;background_background&quot;:&quot;classic&quot;,&quot;jet_parallax_layout_list&quot;:[]}\">\n\t\t\t\t\t<div class=\"e-con-inner\">\n\t\t\t\t\t<\/div>\n\t\t\t\t<\/div>\n\t\t\t\t<div class=\"elementor-element elementor-element-a50837e elementor-widget elementor-widget-heading\" data-id=\"a50837e\" data-element_type=\"widget\" data-widget_type=\"heading.default\">\n\t\t\t\t<div class=\"elementor-widget-container\">\n\t\t\t\t\t<p class=\"elementor-heading-title elementor-size-default\">#HOCHkar\u00e4tig: Saira tematica davart l\u2019exposiziun \u2013 giasts da la politica, economia e furmaziun discuteschan davart la \u00abscola dal futur\u00bb.<\/p>\t\t\t\t<\/div>\n\t\t\t\t<\/div>\n\t\t\t\t<div class=\"elementor-element elementor-element-a4460e9 elementor-widget elementor-widget-text-editor\" data-id=\"a4460e9\" data-element_type=\"widget\" data-widget_type=\"text-editor.default\">\n\t\t\t\t<div class=\"elementor-widget-container\">\n\t\t\t\t\t\t\t\t\t<p class=\"p1\">In ferm sistem da furmaziun public \u00e8 ina da las pitgas fundamentalas da societads democraticas. Ma il sistem da furmaziun n&#8217;\u00e8 betg ina structura fixa. La dumonda urgenta \u00e8 perquai: En tge direcziun duai noss sistem da furmaziun sa sviluppar vinavant en l\u2019avegnir? Questa dumonda \u00e8 stada en il center da l&#8217;exposiziun ambulanta \u00abSchule. Experiment Zukunft\u00bb dal Museum da scola da Berna. Il favrer 2023 \u00e8n 170 represchentantas e represchentants da la politica, da l&#8217;economia e da la furmaziun sa confruntads cun questa dumonda en ina discussiun da diversas perspectivas.<\/p>\t\t\t\t\t\t\t\t<\/div>\n\t\t\t\t<\/div>\n\t\t\t\t<div class=\"elementor-element elementor-element-885e991 elementor-widget elementor-widget-raven-button\" data-id=\"885e991\" data-element_type=\"widget\" data-settings=\"{&quot;turn_to_popup_action_button&quot;:&quot;no&quot;}\" data-widget_type=\"raven-button.default\">\n\t\t\t\t<div class=\"elementor-widget-container\">\n\t\t\t\t\t\t\t<div class=\"raven-widget-wrapper\">\n\t\t\t<a class=\"raven-button raven-button-widget-normal-effect-none  raven-button-text-align-left raven-button-link elementor-animation-none\" href=\"https:\/\/phgr.ch\/rm\/sub\/rectorat\/da-pli-autaqualitad-scola-dal-futur-discussiun-da-podium\" target=\"_blank\">\t\t\t\t<div class=\"raven-button-overlay\" ><\/div>\n\t\t\t\t<span class=\"raven-button-content\">\n\t\t\t\t\t\n\t\t\t\t\t<div class=\"button-text-container\">\n\t\t\t\t\t\t\t\t\t\t\t\t<div class=\"raven-button-texts-wrapper\">\n\t\t\t\t\t\t\t<div class=\"button-text\">\n\t\t\t\t\t\t\t\t<span class=\"raven-button-text\">\n\t\t\t\t\t\t\t\t\tulteriuras infurmaziuns\t\t\t\t\t\t\t\t<\/span>\n\t\t\t\t\t\t\t<\/div>\n\t\t\t\t\t\t\t\t\t\t\t\t\t<\/div>\n\t\t\t\t\t\t\t\t\t<span class=\"raven-button-icon raven-button-icon-position-right\">\n\t\t\t\t<svg xmlns=\"http:\/\/www.w3.org\/2000\/svg\" id=\"a\" width=\"17.39\" height=\"12.4\" viewBox=\"0 0 17.39 12.4\"><polygon class=\"b\" points=\"11.31 0 9.89 1.4 13.64 5.23 0 5.23 0 7.23 13.58 7.23 9.89 11 11.31 12.4 17.39 6.2 11.31 0\"><\/polygon><\/svg>\t\t\t<\/span>\n\t\t\t\t\t\t\t<\/div>\n\t\t\t\t\t\n\t\t\t\t\t\t\t\t\t<\/span>\n\t\t\t<\/a>\t\t<\/div>\n\t\t\t\t\t\t<\/div>\n\t\t\t\t<\/div>\n\t\t\t\t\t<\/div>\n\t\t\t\t<\/div>\n\t\t<div class=\"elementor-element elementor-element-4e90c09 e-flex e-con-boxed e-con e-child\" data-id=\"4e90c09\" data-element_type=\"container\" data-settings=\"{&quot;jet_parallax_layout_list&quot;:[]}\">\n\t\t\t\t\t<div class=\"e-con-inner\">\n\t\t<div class=\"elementor-element elementor-element-d8b5cd4 e-flex e-con-boxed e-con e-child\" data-id=\"d8b5cd4\" data-element_type=\"container\" data-settings=\"{&quot;background_background&quot;:&quot;classic&quot;,&quot;jet_parallax_layout_list&quot;:[]}\">\n\t\t\t\t\t<div class=\"e-con-inner\">\n\t\t\t\t\t<\/div>\n\t\t\t\t<\/div>\n\t\t\t\t<div class=\"elementor-element elementor-element-d2ca6e8 elementor-widget elementor-widget-heading\" data-id=\"d2ca6e8\" data-element_type=\"widget\" data-widget_type=\"heading.default\">\n\t\t\t\t<div class=\"elementor-widget-container\">\n\t\t\t\t\t<p class=\"elementor-heading-title elementor-size-default\">#HOCHtalentiert: Tranter tribuna e stanza da scola.<\/p>\t\t\t\t<\/div>\n\t\t\t\t<\/div>\n\t\t\t\t<div class=\"elementor-element elementor-element-a1d6ab5 elementor-widget elementor-widget-text-editor\" data-id=\"a1d6ab5\" data-element_type=\"widget\" data-widget_type=\"text-editor.default\">\n\t\t\t\t<div class=\"elementor-widget-container\">\n\t\t\t\t\t\t\t\t\t<p>Il Grischun Ivo Orlik, era enconuschent sco rapper Giganto, ha publitg\u00e0 quatter albums da musica, ha d\u00e0 dapli che 100 concerts ed ha cuntantsch\u00ec il 5avel plaz da la parada da hits da la Svizra. Cun dapli che 1 milliun streams sin Spotify e youtube tutgan ses texts tar ils songs rumantschs cun il pli grond success. Uss \u00e8 el a la Scola auta da pedagogia dal Grischun e frequenta il studi sco scolast primar. Lilian Ladner ha fatg in\u2019intervista cun el.<\/p>\t\t\t\t\t\t\t\t<\/div>\n\t\t\t\t<\/div>\n\t\t\t\t<div class=\"elementor-element elementor-element-1e4c12d elementor-widget elementor-widget-raven-button\" data-id=\"1e4c12d\" data-element_type=\"widget\" data-settings=\"{&quot;turn_to_popup_action_button&quot;:&quot;no&quot;}\" data-widget_type=\"raven-button.default\">\n\t\t\t\t<div class=\"elementor-widget-container\">\n\t\t\t\t\t\t\t<div class=\"raven-widget-wrapper\">\n\t\t\t<a class=\"raven-button raven-button-widget-normal-effect-none  raven-button-text-align-left raven-button-link elementor-animation-none\" href=\"https:\/\/phgr.ch\/rm\/sub\/rectorat\/fitgtalenta-tranter-tribuna-e-stanza-da-scola\" target=\"_blank\">\t\t\t\t<div class=\"raven-button-overlay\" ><\/div>\n\t\t\t\t<span class=\"raven-button-content\">\n\t\t\t\t\t\n\t\t\t\t\t<div class=\"button-text-container\">\n\t\t\t\t\t\t\t\t\t\t\t\t<div class=\"raven-button-texts-wrapper\">\n\t\t\t\t\t\t\t<div class=\"button-text\">\n\t\t\t\t\t\t\t\t<span class=\"raven-button-text\">\n\t\t\t\t\t\t\t\t\tulteriuras infurmaziuns\t\t\t\t\t\t\t\t<\/span>\n\t\t\t\t\t\t\t<\/div>\n\t\t\t\t\t\t\t\t\t\t\t\t\t<\/div>\n\t\t\t\t\t\t\t\t\t<span class=\"raven-button-icon raven-button-icon-position-right\">\n\t\t\t\t<svg xmlns=\"http:\/\/www.w3.org\/2000\/svg\" id=\"a\" width=\"17.39\" height=\"12.4\" viewBox=\"0 0 17.39 12.4\"><polygon class=\"b\" points=\"11.31 0 9.89 1.4 13.64 5.23 0 5.23 0 7.23 13.58 7.23 9.89 11 11.31 12.4 17.39 6.2 11.31 0\"><\/polygon><\/svg>\t\t\t<\/span>\n\t\t\t\t\t\t\t<\/div>\n\t\t\t\t\t\n\t\t\t\t\t\t\t\t\t<\/span>\n\t\t\t<\/a>\t\t<\/div>\n\t\t\t\t\t\t<\/div>\n\t\t\t\t<\/div>\n\t\t\t\t\t<\/div>\n\t\t\t\t<\/div>\n\t\t<div class=\"elementor-element elementor-element-e4cde9e e-flex e-con-boxed e-con e-child\" data-id=\"e4cde9e\" data-element_type=\"container\" data-settings=\"{&quot;jet_parallax_layout_list&quot;:[]}\">\n\t\t\t\t\t<div class=\"e-con-inner\">\n\t\t<div class=\"elementor-element elementor-element-6bcd426 e-flex e-con-boxed e-con e-child\" data-id=\"6bcd426\" data-element_type=\"container\" data-settings=\"{&quot;background_background&quot;:&quot;classic&quot;,&quot;jet_parallax_layout_list&quot;:[]}\">\n\t\t\t\t\t<div class=\"e-con-inner\">\n\t\t\t\t\t<\/div>\n\t\t\t\t<\/div>\n\t\t\t\t<div class=\"elementor-element elementor-element-acee964 elementor-widget elementor-widget-heading\" data-id=\"acee964\" data-element_type=\"widget\" data-widget_type=\"heading.default\">\n\t\t\t\t<div class=\"elementor-widget-container\">\n\t\t\t\t\t<p class=\"elementor-heading-title elementor-size-default\">#HOCHschulverantwortung: Engasch\u00e0 per la persistenza \u2013 per oz e per damaun.<\/p>\t\t\t\t<\/div>\n\t\t\t\t<\/div>\n\t\t\t\t<div class=\"elementor-element elementor-element-a6a67ec elementor-widget elementor-widget-text-editor\" data-id=\"a6a67ec\" data-element_type=\"widget\" data-widget_type=\"text-editor.default\">\n\t\t\t\t<div class=\"elementor-widget-container\">\n\t\t\t\t\t\t\t\t\t<p>L\u2019engaschi persistent \u00e8 ina part impurtanta da la responsabladad da nossa scola auta. I va per dapli che da sviluppar vinavant il lieu da furmaziun. Era studentas e students sa stentan da promover la persistenza sin differents champs. Conscientamain: Pertge che sco persunas d&#8217;instrucziun influenzeschan ellas las generaziuns vegnintas e las sensibiliseschan per las sfidas socialas, ecologicas ed economicas dal futur.<\/p>\t\t\t\t\t\t\t\t<\/div>\n\t\t\t\t<\/div>\n\t\t\t\t<div class=\"elementor-element elementor-element-86d8331 elementor-widget elementor-widget-raven-button\" data-id=\"86d8331\" data-element_type=\"widget\" data-settings=\"{&quot;turn_to_popup_action_button&quot;:&quot;no&quot;}\" data-widget_type=\"raven-button.default\">\n\t\t\t\t<div class=\"elementor-widget-container\">\n\t\t\t\t\t\t\t<div class=\"raven-widget-wrapper\">\n\t\t\t<a class=\"raven-button raven-button-widget-normal-effect-none  raven-button-text-align-left raven-button-link elementor-animation-none\" href=\"https:\/\/phgr.ch\/rm\/sub\/rectorat\/hochschulverantwortung\" target=\"_blank\">\t\t\t\t<div class=\"raven-button-overlay\" ><\/div>\n\t\t\t\t<span class=\"raven-button-content\">\n\t\t\t\t\t\n\t\t\t\t\t<div class=\"button-text-container\">\n\t\t\t\t\t\t\t\t\t\t\t\t<div class=\"raven-button-texts-wrapper\">\n\t\t\t\t\t\t\t<div class=\"button-text\">\n\t\t\t\t\t\t\t\t<span class=\"raven-button-text\">\n\t\t\t\t\t\t\t\t\tulteriuras infurmaziuns\t\t\t\t\t\t\t\t<\/span>\n\t\t\t\t\t\t\t<\/div>\n\t\t\t\t\t\t\t\t\t\t\t\t\t<\/div>\n\t\t\t\t\t\t\t\t\t<span class=\"raven-button-icon raven-button-icon-position-right\">\n\t\t\t\t<svg xmlns=\"http:\/\/www.w3.org\/2000\/svg\" id=\"a\" width=\"17.39\" height=\"12.4\" viewBox=\"0 0 17.39 12.4\"><polygon class=\"b\" points=\"11.31 0 9.89 1.4 13.64 5.23 0 5.23 0 7.23 13.58 7.23 9.89 11 11.31 12.4 17.39 6.2 11.31 0\"><\/polygon><\/svg>\t\t\t<\/span>\n\t\t\t\t\t\t\t<\/div>\n\t\t\t\t\t\n\t\t\t\t\t\t\t\t\t<\/span>\n\t\t\t<\/a>\t\t<\/div>\n\t\t\t\t\t\t<\/div>\n\t\t\t\t<\/div>\n\t\t\t\t\t<\/div>\n\t\t\t\t<\/div>\n\t\t<div class=\"elementor-element elementor-element-0e07575 e-flex e-con-boxed e-con e-child\" data-id=\"0e07575\" data-element_type=\"container\" data-settings=\"{&quot;jet_parallax_layout_list&quot;:[]}\">\n\t\t\t\t\t<div class=\"e-con-inner\">\n\t\t<div class=\"elementor-element elementor-element-0a10ce2 e-flex e-con-boxed e-con e-child\" data-id=\"0a10ce2\" data-element_type=\"container\" data-settings=\"{&quot;background_background&quot;:&quot;classic&quot;,&quot;jet_parallax_layout_list&quot;:[]}\">\n\t\t\t\t\t<div class=\"e-con-inner\">\n\t\t\t\t\t<\/div>\n\t\t\t\t<\/div>\n\t\t\t\t<div class=\"elementor-element elementor-element-8545790 elementor-widget elementor-widget-heading\" data-id=\"8545790\" data-element_type=\"widget\" data-widget_type=\"heading.default\">\n\t\t\t\t<div class=\"elementor-widget-container\">\n\t\t\t\t\t<p class=\"elementor-heading-title elementor-size-default\">#HOCHschulstandort: Cuira, la survesaivla.<\/p>\t\t\t\t<\/div>\n\t\t\t\t<\/div>\n\t\t\t\t<div class=\"elementor-element elementor-element-252e835 elementor-widget elementor-widget-text-editor\" data-id=\"252e835\" data-element_type=\"widget\" data-widget_type=\"text-editor.default\">\n\t\t\t\t<div class=\"elementor-widget-container\">\n\t\t\t\t\t\t\t\t\t<p>Mintgina e mintgin ama Cuira en sia moda. Ina decleraziun d\u2019amur per la citad alpina e da studi. Da prof. dr. Vincenzo Todisco<\/p>\t\t\t\t\t\t\t\t<\/div>\n\t\t\t\t<\/div>\n\t\t\t\t<div class=\"elementor-element elementor-element-3ac6313 elementor-widget elementor-widget-raven-button\" data-id=\"3ac6313\" data-element_type=\"widget\" data-settings=\"{&quot;turn_to_popup_action_button&quot;:&quot;no&quot;}\" data-widget_type=\"raven-button.default\">\n\t\t\t\t<div class=\"elementor-widget-container\">\n\t\t\t\t\t\t\t<div class=\"raven-widget-wrapper\">\n\t\t\t<a class=\"raven-button raven-button-widget-normal-effect-none  raven-button-text-align-left raven-button-link elementor-animation-none\" href=\"https:\/\/phgr.ch\/rm\/sub\/rectorat\/hochschulstandort\" target=\"_blank\">\t\t\t\t<div class=\"raven-button-overlay\" ><\/div>\n\t\t\t\t<span class=\"raven-button-content\">\n\t\t\t\t\t\n\t\t\t\t\t<div class=\"button-text-container\">\n\t\t\t\t\t\t\t\t\t\t\t\t<div class=\"raven-button-texts-wrapper\">\n\t\t\t\t\t\t\t<div class=\"button-text\">\n\t\t\t\t\t\t\t\t<span class=\"raven-button-text\">\n\t\t\t\t\t\t\t\t\tulteriuras infurmaziuns\t\t\t\t\t\t\t\t<\/span>\n\t\t\t\t\t\t\t<\/div>\n\t\t\t\t\t\t\t\t\t\t\t\t\t<\/div>\n\t\t\t\t\t\t\t\t\t<span class=\"raven-button-icon raven-button-icon-position-right\">\n\t\t\t\t<svg xmlns=\"http:\/\/www.w3.org\/2000\/svg\" id=\"a\" width=\"17.39\" height=\"12.4\" viewBox=\"0 0 17.39 12.4\"><polygon class=\"b\" points=\"11.31 0 9.89 1.4 13.64 5.23 0 5.23 0 7.23 13.58 7.23 9.89 11 11.31 12.4 17.39 6.2 11.31 0\"><\/polygon><\/svg>\t\t\t<\/span>\n\t\t\t\t\t\t\t<\/div>\n\t\t\t\t\t\n\t\t\t\t\t\t\t\t\t<\/span>\n\t\t\t<\/a>\t\t<\/div>\n\t\t\t\t\t\t<\/div>\n\t\t\t\t<\/div>\n\t\t\t\t\t<\/div>\n\t\t\t\t<\/div>\n\t\t<div class=\"elementor-element elementor-element-581c957 e-flex e-con-boxed e-con e-child\" data-id=\"581c957\" data-element_type=\"container\" data-settings=\"{&quot;jet_parallax_layout_list&quot;:[]}\">\n\t\t\t\t\t<div class=\"e-con-inner\">\n\t\t<div class=\"elementor-element elementor-element-534772e e-flex e-con-boxed e-con e-child\" data-id=\"534772e\" data-element_type=\"container\" data-settings=\"{&quot;background_background&quot;:&quot;classic&quot;,&quot;jet_parallax_layout_list&quot;:[]}\">\n\t\t\t\t\t<div class=\"e-con-inner\">\n\t\t\t\t\t<\/div>\n\t\t\t\t<\/div>\n\t\t\t\t<div class=\"elementor-element elementor-element-f91fbfe elementor-widget elementor-widget-heading\" data-id=\"f91fbfe\" data-element_type=\"widget\" data-widget_type=\"heading.default\">\n\t\t\t\t<div class=\"elementor-widget-container\">\n\t\t\t\t\t<p class=\"elementor-heading-title elementor-size-default\">#KarriereHOCH: Fatg ina carriera exemplarica: Gianmarco Corsetto (37), manader da scola Churwalden.<\/p>\t\t\t\t<\/div>\n\t\t\t\t<\/div>\n\t\t\t\t<div class=\"elementor-element elementor-element-a700cc1 elementor-widget elementor-widget-text-editor\" data-id=\"a700cc1\" data-element_type=\"widget\" data-widget_type=\"text-editor.default\">\n\t\t\t\t<div class=\"elementor-widget-container\">\n\t\t\t\t\t\t\t\t\t<p>Il viadi professiunal impressiunant da Gianmarco Corsetto reflectescha, sper il svilup persunal, era la midada da la cuntrada da furmaziun en Svizra. Dal cumenzament sco miradur sur la lavur sco scolast fin al post sco manader da scola: la carriera da Corsetto na stat betg mo per ambiziuns individualas, mabain per las pussaivladads che sa porschan per las persunas d&#8217;instrucziun tras furmaziuns supplementaras e tras in svilup differenzi\u00e0 da la carriera.<\/p>\t\t\t\t\t\t\t\t<\/div>\n\t\t\t\t<\/div>\n\t\t\t\t<div class=\"elementor-element elementor-element-1f15ba8 elementor-widget elementor-widget-raven-button\" data-id=\"1f15ba8\" data-element_type=\"widget\" data-settings=\"{&quot;turn_to_popup_action_button&quot;:&quot;no&quot;}\" data-widget_type=\"raven-button.default\">\n\t\t\t\t<div class=\"elementor-widget-container\">\n\t\t\t\t\t\t\t<div class=\"raven-widget-wrapper\">\n\t\t\t<a class=\"raven-button raven-button-widget-normal-effect-none  raven-button-text-align-left raven-button-link elementor-animation-none\" href=\"https:\/\/phgr.ch\/rm\/sub\/rectorat\/karrierehoch\" target=\"_blank\">\t\t\t\t<div class=\"raven-button-overlay\" ><\/div>\n\t\t\t\t<span class=\"raven-button-content\">\n\t\t\t\t\t\n\t\t\t\t\t<div class=\"button-text-container\">\n\t\t\t\t\t\t\t\t\t\t\t\t<div class=\"raven-button-texts-wrapper\">\n\t\t\t\t\t\t\t<div class=\"button-text\">\n\t\t\t\t\t\t\t\t<span class=\"raven-button-text\">\n\t\t\t\t\t\t\t\t\tulteriuras infurmaziuns\t\t\t\t\t\t\t\t<\/span>\n\t\t\t\t\t\t\t<\/div>\n\t\t\t\t\t\t\t\t\t\t\t\t\t<\/div>\n\t\t\t\t\t\t\t\t\t<span class=\"raven-button-icon raven-button-icon-position-right\">\n\t\t\t\t<svg xmlns=\"http:\/\/www.w3.org\/2000\/svg\" id=\"a\" width=\"17.39\" height=\"12.4\" viewBox=\"0 0 17.39 12.4\"><polygon class=\"b\" points=\"11.31 0 9.89 1.4 13.64 5.23 0 5.23 0 7.23 13.58 7.23 9.89 11 11.31 12.4 17.39 6.2 11.31 0\"><\/polygon><\/svg>\t\t\t<\/span>\n\t\t\t\t\t\t\t<\/div>\n\t\t\t\t\t\n\t\t\t\t\t\t\t\t\t<\/span>\n\t\t\t<\/a>\t\t<\/div>\n\t\t\t\t\t\t<\/div>\n\t\t\t\t<\/div>\n\t\t\t\t\t<\/div>\n\t\t\t\t<\/div>\n\t\t\t\t\t<\/div>\n\t\t\t\t<\/div>\n\t\t\t\t\t<\/div>\n\t\t\t\t<\/div>\n\t\t<div class=\"elementor-element elementor-element-b10554d e-flex e-con-boxed e-con e-parent\" data-id=\"b10554d\" data-element_type=\"container\" data-settings=\"{&quot;jet_parallax_layout_list&quot;:[]}\">\n\t\t\t\t\t<div class=\"e-con-inner\">\n\t\t<div class=\"elementor-element elementor-element-cd278fe e-con-full e-flex e-con e-child\" data-id=\"cd278fe\" data-element_type=\"container\" data-settings=\"{&quot;jet_parallax_layout_list&quot;:[]}\">\n\t\t\t\t<div class=\"elementor-element elementor-element-8120cbf elementor-widget elementor-widget-template\" data-id=\"8120cbf\" data-element_type=\"widget\" data-widget_type=\"template.default\">\n\t\t\t\t<div class=\"elementor-widget-container\">\n\t\t\t\t\t\t\t<div class=\"elementor-template\">\n\t\t\t\t\t<div data-elementor-type=\"section\" data-elementor-id=\"2723\" class=\"elementor elementor-2723\" data-elementor-post-type=\"elementor_library\">\n\t\t\t<div class=\"elementor-element elementor-element-5c0a71c e-flex e-con-boxed e-con e-parent\" data-id=\"5c0a71c\" data-element_type=\"container\" data-settings=\"{&quot;jet_parallax_layout_list&quot;:[{&quot;_id&quot;:&quot;d9c892f&quot;,&quot;jet_parallax_layout_image&quot;:{&quot;url&quot;:&quot;&quot;,&quot;id&quot;:&quot;&quot;,&quot;size&quot;:&quot;&quot;},&quot;jet_parallax_layout_image_tablet&quot;:{&quot;url&quot;:&quot;&quot;,&quot;id&quot;:&quot;&quot;,&quot;size&quot;:&quot;&quot;},&quot;jet_parallax_layout_image_mobile&quot;:{&quot;url&quot;:&quot;&quot;,&quot;id&quot;:&quot;&quot;,&quot;size&quot;:&quot;&quot;},&quot;jet_parallax_layout_speed&quot;:{&quot;unit&quot;:&quot;%&quot;,&quot;size&quot;:50,&quot;sizes&quot;:[]},&quot;jet_parallax_layout_type&quot;:&quot;scroll&quot;,&quot;jet_parallax_layout_direction&quot;:null,&quot;jet_parallax_layout_fx_direction&quot;:null,&quot;jet_parallax_layout_z_index&quot;:&quot;&quot;,&quot;jet_parallax_layout_bg_x&quot;:50,&quot;jet_parallax_layout_bg_x_tablet&quot;:&quot;&quot;,&quot;jet_parallax_layout_bg_x_mobile&quot;:&quot;&quot;,&quot;jet_parallax_layout_bg_y&quot;:50,&quot;jet_parallax_layout_bg_y_tablet&quot;:&quot;&quot;,&quot;jet_parallax_layout_bg_y_mobile&quot;:&quot;&quot;,&quot;jet_parallax_layout_bg_size&quot;:&quot;auto&quot;,&quot;jet_parallax_layout_bg_size_tablet&quot;:&quot;&quot;,&quot;jet_parallax_layout_bg_size_mobile&quot;:&quot;&quot;,&quot;jet_parallax_layout_animation_prop&quot;:&quot;transform&quot;,&quot;jet_parallax_layout_on&quot;:[&quot;desktop&quot;,&quot;tablet&quot;]}]}\">\n\t\t\t\t\t<div class=\"e-con-inner\">\n\t\t<div class=\"elementor-element elementor-element-ab3ba14 e-con-full e-flex e-con e-child\" data-id=\"ab3ba14\" data-element_type=\"container\" data-settings=\"{&quot;jet_parallax_layout_list&quot;:[]}\">\n\t\t\t\t<div class=\"elementor-element elementor-element-92a140c elementor-widget elementor-widget-spacer\" data-id=\"92a140c\" data-element_type=\"widget\" data-widget_type=\"spacer.default\">\n\t\t\t\t<div class=\"elementor-widget-container\">\n\t\t\t\t\t\t\t<div class=\"elementor-spacer\">\n\t\t\t<div class=\"elementor-spacer-inner\"><\/div>\n\t\t<\/div>\n\t\t\t\t\t\t<\/div>\n\t\t\t\t<\/div>\n\t\t\t\t<div class=\"elementor-element elementor-element-9b89014 elementor-widget elementor-widget-heading\" data-id=\"9b89014\" data-element_type=\"widget\" data-widget_type=\"heading.default\">\n\t\t\t\t<div class=\"elementor-widget-container\">\n\t\t\t\t\t<p class=\"elementor-heading-title elementor-size-default\">Ulteriurs temas che pudessan interessar Vus<\/p>\t\t\t\t<\/div>\n\t\t\t\t<\/div>\n\t\t\t\t<div class=\"elementor-element elementor-element-d0de3db raven-hover-scale-up elementor-widget elementor-widget-raven-posts\" data-id=\"d0de3db\" data-element_type=\"widget\" data-settings=\"{&quot;classic_columns&quot;:&quot;4&quot;,&quot;query_posts_per_page&quot;:4,&quot;_skin&quot;:&quot;classic&quot;,&quot;classic_layout&quot;:&quot;grid&quot;,&quot;classic_columns_tablet&quot;:&quot;2&quot;,&quot;classic_columns_mobile&quot;:&quot;1&quot;,&quot;query_offset&quot;:0}\" data-widget_type=\"raven-posts.classic\">\n\t\t\t\t<div class=\"elementor-widget-container\">\n\t\t\t\t\t\t\t<div class=\"raven-posts raven-grid raven-grid-4 raven-grid-mobile-1 raven-grid-tablet-2\" data-post-id=\"2723\" data-archive-query=\"\" data-lang=\"\">\n\t\t\t\t<div class=\"raven-grid-item raven-post-item post-868 page type-page status-publish has-post-thumbnail hentry\">\n\t\t\t<div class=\"raven-post elementor-animation-grow\">\n\t\t\t\t\t\t<div class=\"raven-post-image-wrap\">\n\t\t\t<a class=\"raven-post-image raven-image-fit\" href=\"https:\/\/jahresberichte.phgr.ch\/2023\/ueber-uns\/\"><img loading=\"lazy\" decoding=\"async\" width=\"1000\" height=\"1000\" src=\"https:\/\/jahresberichte.phgr.ch\/2023\/wp-content\/uploads\/sites\/3\/2024\/01\/phgr-jahresbericht-2023-weitere-themen-ueber-uns.jpg\" class=\"attachment-large size-large wp-image-4972\" alt=\"\" srcset=\"https:\/\/jahresberichte.phgr.ch\/2023\/wp-content\/uploads\/sites\/3\/2024\/01\/phgr-jahresbericht-2023-weitere-themen-ueber-uns.jpg 1000w, https:\/\/jahresberichte.phgr.ch\/2023\/wp-content\/uploads\/sites\/3\/2024\/01\/phgr-jahresbericht-2023-weitere-themen-ueber-uns-768x768.jpg 768w, https:\/\/jahresberichte.phgr.ch\/2023\/wp-content\/uploads\/sites\/3\/2024\/01\/phgr-jahresbericht-2023-weitere-themen-ueber-uns-500x500.jpg 500w\" sizes=\"(max-width: 1000px) 100vw, 1000px\" \/> <span class=\"raven-post-image-overlay\"><\/span><\/a>\t\t<\/div>\n\t\t\t\t\t\t<div class=\"raven-post-content\">\n\t\t\t\t\t<h3 class=\"raven-post-title\"><a class=\"raven-post-title-link\" href=\"https:\/\/jahresberichte.phgr.ch\/2023\/ueber-uns\/\">\u00dcber uns<\/a><\/h3>\t\t\t\t<\/div>\n\t\t\t<\/div>\n\t\t<\/div>\n\t\t\t\t<div class=\"raven-grid-item raven-post-item post-386 page type-page status-publish has-post-thumbnail hentry\">\n\t\t\t<div class=\"raven-post elementor-animation-grow\">\n\t\t\t\t\t\t<div class=\"raven-post-image-wrap\">\n\t\t\t<a class=\"raven-post-image raven-image-fit\" href=\"https:\/\/jahresberichte.phgr.ch\/2023\/prorektorate\/\"><img loading=\"lazy\" decoding=\"async\" width=\"1000\" height=\"1000\" src=\"https:\/\/jahresberichte.phgr.ch\/2023\/wp-content\/uploads\/sites\/3\/2024\/01\/phgr-jahresbericht-2023-weitere-themen-prorektorate.jpg\" class=\"attachment-large size-large wp-image-4971\" alt=\"\" srcset=\"https:\/\/jahresberichte.phgr.ch\/2023\/wp-content\/uploads\/sites\/3\/2024\/01\/phgr-jahresbericht-2023-weitere-themen-prorektorate.jpg 1000w, https:\/\/jahresberichte.phgr.ch\/2023\/wp-content\/uploads\/sites\/3\/2024\/01\/phgr-jahresbericht-2023-weitere-themen-prorektorate-768x768.jpg 768w, https:\/\/jahresberichte.phgr.ch\/2023\/wp-content\/uploads\/sites\/3\/2024\/01\/phgr-jahresbericht-2023-weitere-themen-prorektorate-500x500.jpg 500w\" sizes=\"(max-width: 1000px) 100vw, 1000px\" \/> <span class=\"raven-post-image-overlay\"><\/span><\/a>\t\t<\/div>\n\t\t\t\t\t\t<div class=\"raven-post-content\">\n\t\t\t\t\t<h3 class=\"raven-post-title\"><a class=\"raven-post-title-link\" href=\"https:\/\/jahresberichte.phgr.ch\/2023\/prorektorate\/\">Prorektorate<\/a><\/h3>\t\t\t\t<\/div>\n\t\t\t<\/div>\n\t\t<\/div>\n\t\t\t\t<div class=\"raven-grid-item raven-post-item post-390 page type-page status-publish has-post-thumbnail hentry\">\n\t\t\t<div class=\"raven-post elementor-animation-grow\">\n\t\t\t\t\t\t<div class=\"raven-post-image-wrap\">\n\t\t\t<a class=\"raven-post-image raven-image-fit\" href=\"https:\/\/jahresberichte.phgr.ch\/2023\/prorektorate\/weiterbildung-und-dienstleistung\/\"><img loading=\"lazy\" decoding=\"async\" width=\"1000\" height=\"1000\" src=\"https:\/\/jahresberichte.phgr.ch\/2023\/wp-content\/uploads\/sites\/3\/2024\/01\/phgr-jahresbericht-2023-weitere-themen-prorektorate-weiterbildung-dienstleistung-2.jpg\" class=\"attachment-large size-large wp-image-5233\" alt=\"\" srcset=\"https:\/\/jahresberichte.phgr.ch\/2023\/wp-content\/uploads\/sites\/3\/2024\/01\/phgr-jahresbericht-2023-weitere-themen-prorektorate-weiterbildung-dienstleistung-2.jpg 1000w, https:\/\/jahresberichte.phgr.ch\/2023\/wp-content\/uploads\/sites\/3\/2024\/01\/phgr-jahresbericht-2023-weitere-themen-prorektorate-weiterbildung-dienstleistung-2-768x768.jpg 768w, https:\/\/jahresberichte.phgr.ch\/2023\/wp-content\/uploads\/sites\/3\/2024\/01\/phgr-jahresbericht-2023-weitere-themen-prorektorate-weiterbildung-dienstleistung-2-500x500.jpg 500w\" sizes=\"(max-width: 1000px) 100vw, 1000px\" \/> <span class=\"raven-post-image-overlay\"><\/span><\/a>\t\t<\/div>\n\t\t\t\t\t\t<div class=\"raven-post-content\">\n\t\t\t\t\t<h3 class=\"raven-post-title\"><a class=\"raven-post-title-link\" href=\"https:\/\/jahresberichte.phgr.ch\/2023\/prorektorate\/weiterbildung-und-dienstleistung\/\">Weiterbildung und Dienstleistung<\/a><\/h3>\t\t\t\t<\/div>\n\t\t\t<\/div>\n\t\t<\/div>\n\t\t\t\t<div class=\"raven-grid-item raven-post-item post-2231 page type-page status-publish has-post-thumbnail hentry\">\n\t\t\t<div class=\"raven-post elementor-animation-grow\">\n\t\t\t\t\t\t<div class=\"raven-post-image-wrap\">\n\t\t\t<a class=\"raven-post-image raven-image-fit\" href=\"https:\/\/jahresberichte.phgr.ch\/2023\/impressum\/\"><img loading=\"lazy\" decoding=\"async\" width=\"1000\" height=\"1000\" src=\"https:\/\/jahresberichte.phgr.ch\/2023\/wp-content\/uploads\/sites\/3\/2023\/01\/phgr-weitere-themen-neue-studiengaenge.jpg\" class=\"attachment-large size-large wp-image-1398\" alt=\"\" srcset=\"https:\/\/jahresberichte.phgr.ch\/2023\/wp-content\/uploads\/sites\/3\/2023\/01\/phgr-weitere-themen-neue-studiengaenge.jpg 1000w, https:\/\/jahresberichte.phgr.ch\/2023\/wp-content\/uploads\/sites\/3\/2023\/01\/phgr-weitere-themen-neue-studiengaenge-768x768.jpg 768w, https:\/\/jahresberichte.phgr.ch\/2023\/wp-content\/uploads\/sites\/3\/2023\/01\/phgr-weitere-themen-neue-studiengaenge-500x500.jpg 500w\" sizes=\"(max-width: 1000px) 100vw, 1000px\" \/> <span class=\"raven-post-image-overlay\"><\/span><\/a>\t\t<\/div>\n\t\t\t\t\t\t<div class=\"raven-post-content\">\n\t\t\t\t\t<h3 class=\"raven-post-title\"><a class=\"raven-post-title-link\" href=\"https:\/\/jahresberichte.phgr.ch\/2023\/impressum\/\">Impressum DE<\/a><\/h3>\t\t\t\t<\/div>\n\t\t\t<\/div>\n\t\t<\/div>\n\t\t\t\t<\/div>\n\t\t\t\t\t\t<\/div>\n\t\t\t\t<\/div>\n\t\t\t\t<div class=\"elementor-element elementor-element-7bb5406 elementor-widget elementor-widget-spacer\" data-id=\"7bb5406\" data-element_type=\"widget\" data-widget_type=\"spacer.default\">\n\t\t\t\t<div class=\"elementor-widget-container\">\n\t\t\t\t\t\t\t<div class=\"elementor-spacer\">\n\t\t\t<div class=\"elementor-spacer-inner\"><\/div>\n\t\t<\/div>\n\t\t\t\t\t\t<\/div>\n\t\t\t\t<\/div>\n\t\t\t\t<\/div>\n\t\t\t\t\t<\/div>\n\t\t\t\t<\/div>\n\t\t\t\t<\/div>\n\t\t\t\t<\/div>\n\t\t\t\t\t\t<\/div>\n\t\t\t\t<\/div>\n\t\t\t\t<\/div>\n\t\t\t\t\t<\/div>\n\t\t\t\t<\/div>\n\t\t\t\t<\/div>\n\t\t","protected":false},"excerpt":{"rendered":"<p>En il focus 20 onns sap dal grischun La Scola auta da pedagogia dal Grischun festivescha ses giubileumda 20 onns. Dapi sia fundaziun ha la SAP dal Grischun promov\u00ec e furm\u00e0 en moda singulara l&#8217;instrucziun e la lavur da las scolastas e dals scolasts en il chantun Grischun. L&#8217;emprender, l&#8217;instruir ed il svilup stattan gia [&hellip;]<\/p>\n","protected":false},"author":1,"featured_media":4966,"parent":0,"menu_order":0,"comment_status":"closed","ping_status":"closed","template":"elementor_header_footer","meta":{"_acf_changed":false,"footnotes":""},"class_list":["post-5580","page","type-page","status-publish","has-post-thumbnail","hentry"],"acf":[],"_links":{"self":[{"href":"https:\/\/jahresberichte.phgr.ch\/2023\/wp-json\/wp\/v2\/pages\/5580","targetHints":{"allow":["GET"]}}],"collection":[{"href":"https:\/\/jahresberichte.phgr.ch\/2023\/wp-json\/wp\/v2\/pages"}],"about":[{"href":"https:\/\/jahresberichte.phgr.ch\/2023\/wp-json\/wp\/v2\/types\/page"}],"author":[{"embeddable":true,"href":"https:\/\/jahresberichte.phgr.ch\/2023\/wp-json\/wp\/v2\/users\/1"}],"replies":[{"embeddable":true,"href":"https:\/\/jahresberichte.phgr.ch\/2023\/wp-json\/wp\/v2\/comments?post=5580"}],"version-history":[{"count":66,"href":"https:\/\/jahresberichte.phgr.ch\/2023\/wp-json\/wp\/v2\/pages\/5580\/revisions"}],"predecessor-version":[{"id":7959,"href":"https:\/\/jahresberichte.phgr.ch\/2023\/wp-json\/wp\/v2\/pages\/5580\/revisions\/7959"}],"wp:featuredmedia":[{"embeddable":true,"href":"https:\/\/jahresberichte.phgr.ch\/2023\/wp-json\/wp\/v2\/media\/4966"}],"wp:attachment":[{"href":"https:\/\/jahresberichte.phgr.ch\/2023\/wp-json\/wp\/v2\/media?parent=5580"}],"curies":[{"name":"wp","href":"https:\/\/api.w.org\/{rel}","templated":true}]}}