{"id":5588,"date":"2024-02-22T10:40:24","date_gmt":"2024-02-22T09:40:24","guid":{"rendered":"https:\/\/jahresberichte.phgr.ch\/2023\/?page_id=5588"},"modified":"2024-03-18T09:15:31","modified_gmt":"2024-03-18T08:15:31","slug":"chi-siamo","status":"publish","type":"page","link":"https:\/\/jahresberichte.phgr.ch\/2023\/it\/chi-siamo\/","title":{"rendered":"Chi siamo"},"content":{"rendered":"\t\t<div data-elementor-type=\"wp-page\" data-elementor-id=\"5588\" class=\"elementor elementor-5588\" data-elementor-post-type=\"page\">\n\t\t\t\t\t\t<section class=\"elementor-section elementor-top-section elementor-element elementor-element-2cb5ee6 elementor-section-height-min-height elementor-section-boxed elementor-section-height-default elementor-section-items-middle\" data-id=\"2cb5ee6\" data-element_type=\"section\" data-settings=\"{&quot;jet_parallax_layout_list&quot;:[],&quot;background_background&quot;:&quot;classic&quot;}\">\n\t\t\t\t\t\t<div class=\"elementor-container elementor-column-gap-default\">\n\t\t\t\t\t<div class=\"elementor-column elementor-col-100 elementor-top-column elementor-element elementor-element-5b012b4\" data-id=\"5b012b4\" data-element_type=\"column\">\n\t\t\t<div class=\"elementor-widget-wrap elementor-element-populated\">\n\t\t\t\t\t\t<div class=\"elementor-element elementor-element-e4f3552 elementor-hidden-desktop elementor-hidden-tablet elementor-hidden-mobile elementor-widget elementor-widget-heading\" data-id=\"e4f3552\" data-element_type=\"widget\" data-widget_type=\"heading.default\">\n\t\t\t\t<div class=\"elementor-widget-container\">\n\t\t\t\t\t<h3 class=\"elementor-heading-title elementor-size-default\">Focus<\/h3>\t\t\t\t<\/div>\n\t\t\t\t<\/div>\n\t\t\t\t<div class=\"elementor-element elementor-element-2147cc5 elementor-widget elementor-widget-heading\" data-id=\"2147cc5\" data-element_type=\"widget\" data-widget_type=\"heading.default\">\n\t\t\t\t<div class=\"elementor-widget-container\">\n\t\t\t\t\t<h3 class=\"elementor-heading-title elementor-size-default\">134 collaboratrici e collaboratori si impegnano per fornire una formazione di alta qualit\u00e0 e condizioni di studio eccellenti.<\/h3>\t\t\t\t<\/div>\n\t\t\t\t<\/div>\n\t\t\t\t\t<\/div>\n\t\t<\/div>\n\t\t\t\t\t<\/div>\n\t\t<\/section>\n\t\t\t\t<section class=\"elementor-section elementor-top-section elementor-element elementor-element-1ad505c elementor-section-full_width elementor-section-height-min-height elementor-section-height-default elementor-section-items-middle\" data-id=\"1ad505c\" data-element_type=\"section\" data-settings=\"{&quot;jet_parallax_layout_list&quot;:[],&quot;background_background&quot;:&quot;classic&quot;}\">\n\t\t\t\t\t\t<div class=\"elementor-container elementor-column-gap-default\">\n\t\t\t\t\t<div class=\"elementor-column elementor-col-100 elementor-top-column elementor-element elementor-element-a025f80\" data-id=\"a025f80\" data-element_type=\"column\">\n\t\t\t<div class=\"elementor-widget-wrap elementor-element-populated\">\n\t\t\t\t\t\t<div class=\"elementor-element elementor-element-afdc222 elementor-widget elementor-widget-spacer\" data-id=\"afdc222\" data-element_type=\"widget\" data-widget_type=\"spacer.default\">\n\t\t\t\t<div class=\"elementor-widget-container\">\n\t\t\t\t\t\t\t<div class=\"elementor-spacer\">\n\t\t\t<div class=\"elementor-spacer-inner\"><\/div>\n\t\t<\/div>\n\t\t\t\t\t\t<\/div>\n\t\t\t\t<\/div>\n\t\t\t\t\t<\/div>\n\t\t<\/div>\n\t\t\t\t\t<\/div>\n\t\t<\/section>\n\t\t\t\t<section class=\"elementor-section elementor-top-section elementor-element elementor-element-4758963 elementor-section-boxed elementor-section-height-default elementor-section-height-default\" data-id=\"4758963\" data-element_type=\"section\" data-settings=\"{&quot;jet_parallax_layout_list&quot;:[]}\">\n\t\t\t\t\t\t<div class=\"elementor-container elementor-column-gap-default\">\n\t\t\t\t\t<div class=\"elementor-column elementor-col-100 elementor-top-column elementor-element elementor-element-5cb0d14\" data-id=\"5cb0d14\" data-element_type=\"column\">\n\t\t\t<div class=\"elementor-widget-wrap elementor-element-populated\">\n\t\t\t\t\t\t<div class=\"elementor-element elementor-element-dfe9cd8 elementor-widget elementor-widget-heading\" data-id=\"dfe9cd8\" data-element_type=\"widget\" id=\"subtitle-underline\" data-widget_type=\"heading.default\">\n\t\t\t\t<div class=\"elementor-widget-container\">\n\t\t\t\t\t<h3 class=\"elementor-heading-title elementor-size-default\">Il nostro Consiglio direttivo<\/h3>\t\t\t\t<\/div>\n\t\t\t\t<\/div>\n\t\t\t\t<div class=\"elementor-element elementor-element-26713b4 elementor-widget elementor-widget-text-editor\" data-id=\"26713b4\" data-element_type=\"widget\" data-widget_type=\"text-editor.default\">\n\t\t\t\t<div class=\"elementor-widget-container\">\n\t\t\t\t\t\t\t\t\t<p>La composizione del Consiglio direttivo \u00e8 la seguente:<\/p>\t\t\t\t\t\t\t\t<\/div>\n\t\t\t\t<\/div>\n\t\t\t\t\t<\/div>\n\t\t<\/div>\n\t\t\t\t\t<\/div>\n\t\t<\/section>\n\t\t\t\t<section class=\"elementor-section elementor-top-section elementor-element elementor-element-7fe826c elementor-section-boxed elementor-section-height-default elementor-section-height-default\" data-id=\"7fe826c\" data-element_type=\"section\" data-settings=\"{&quot;jet_parallax_layout_list&quot;:[]}\">\n\t\t\t\t\t\t<div class=\"elementor-container elementor-column-gap-default\">\n\t\t\t\t\t<div class=\"elementor-column elementor-col-50 elementor-top-column elementor-element elementor-element-25be4ec\" data-id=\"25be4ec\" data-element_type=\"column\">\n\t\t\t<div class=\"elementor-widget-wrap elementor-element-populated\">\n\t\t\t\t\t\t<div class=\"elementor-element elementor-element-36cbdcd elementor-widget elementor-widget-image\" data-id=\"36cbdcd\" data-element_type=\"widget\" data-widget_type=\"image.default\">\n\t\t\t\t<div class=\"elementor-widget-container\">\n\t\t\t\t\t\t\t\t\t\t\t\t\t\t\t<img fetchpriority=\"high\" decoding=\"async\" width=\"512\" height=\"690\" src=\"https:\/\/jahresberichte.phgr.ch\/2023\/wp-content\/uploads\/sites\/3\/2024\/02\/phgr-hochschulrat-portrait-hans-peter-maerchy.jpg\" class=\"attachment-large size-large wp-image-5594\" alt=\"\" \/>\t\t\t\t\t\t\t\t\t\t\t\t\t\t\t<\/div>\n\t\t\t\t<\/div>\n\t\t\t\t\t<\/div>\n\t\t<\/div>\n\t\t\t\t<div class=\"elementor-column elementor-col-50 elementor-top-column elementor-element elementor-element-9f5d551\" data-id=\"9f5d551\" data-element_type=\"column\">\n\t\t\t<div class=\"elementor-widget-wrap elementor-element-populated\">\n\t\t\t\t\t\t<div class=\"elementor-element elementor-element-7238abb elementor-widget-divider--view-line elementor-widget elementor-widget-divider\" data-id=\"7238abb\" data-element_type=\"widget\" data-widget_type=\"divider.default\">\n\t\t\t\t<div class=\"elementor-widget-container\">\n\t\t\t\t\t\t\t<div class=\"elementor-divider\">\n\t\t\t<span class=\"elementor-divider-separator\">\n\t\t\t\t\t\t<\/span>\n\t\t<\/div>\n\t\t\t\t\t\t<\/div>\n\t\t\t\t<\/div>\n\t\t\t\t<div class=\"elementor-element elementor-element-6bc4650 elementor-widget elementor-widget-heading\" data-id=\"6bc4650\" data-element_type=\"widget\" data-widget_type=\"heading.default\">\n\t\t\t\t<div class=\"elementor-widget-container\">\n\t\t\t\t\t<h3 class=\"elementor-heading-title elementor-size-default\">Dr. Hans Peter M\u00e4rchy<\/h3>\t\t\t\t<\/div>\n\t\t\t\t<\/div>\n\t\t\t\t<div class=\"elementor-element elementor-element-7ccac2c elementor-widget elementor-widget-heading\" data-id=\"7ccac2c\" data-element_type=\"widget\" data-widget_type=\"heading.default\">\n\t\t\t\t<div class=\"elementor-widget-container\">\n\t\t\t\t\t<h3 class=\"elementor-heading-title elementor-size-default\">Presidente<\/h3>\t\t\t\t<\/div>\n\t\t\t\t<\/div>\n\t\t\t\t<div class=\"elementor-element elementor-element-31168e4 elementor-widget elementor-widget-jet-unfold\" data-id=\"31168e4\" data-element_type=\"widget\" data-settings=\"{&quot;mask_height&quot;:{&quot;unit&quot;:&quot;px&quot;,&quot;size&quot;:150,&quot;sizes&quot;:[]},&quot;unfold_easing&quot;:&quot;easeInOutSine&quot;,&quot;fold_duration&quot;:{&quot;unit&quot;:&quot;ms&quot;,&quot;size&quot;:500,&quot;sizes&quot;:[]},&quot;fold_easing&quot;:&quot;easeInOutSine&quot;,&quot;mask_height_tablet&quot;:{&quot;unit&quot;:&quot;px&quot;,&quot;size&quot;:100,&quot;sizes&quot;:[]},&quot;mask_height_mobile&quot;:{&quot;unit&quot;:&quot;px&quot;,&quot;size&quot;:150,&quot;sizes&quot;:[]},&quot;unfold_duration&quot;:{&quot;unit&quot;:&quot;ms&quot;,&quot;size&quot;:500,&quot;sizes&quot;:[]}}\" data-widget_type=\"jet-unfold.default\">\n\t\t\t\t<div class=\"elementor-widget-container\">\n\t\t\t\t\t\t\t<div class=\"jet-unfold \" data-settings=\"{&quot;height&quot;:{&quot;size&quot;:150,&quot;unit&quot;:&quot;px&quot;},&quot;separatorHeight&quot;:&quot;&quot;,&quot;unfoldDuration&quot;:{&quot;unit&quot;:&quot;ms&quot;,&quot;size&quot;:500,&quot;sizes&quot;:[]},&quot;foldDuration&quot;:{&quot;unit&quot;:&quot;ms&quot;,&quot;size&quot;:500,&quot;sizes&quot;:[]},&quot;unfoldEasing&quot;:&quot;easeInOutSine&quot;,&quot;foldEasing&quot;:&quot;easeInOutSine&quot;,&quot;foldScrolling&quot;:&quot;true&quot;,&quot;hideOutsideClick&quot;:&quot;false&quot;,&quot;autoHide&quot;:&quot;false&quot;,&quot;autoHideTime&quot;:&quot;&quot;,&quot;foldScrollOffset&quot;:{&quot;unit&quot;:&quot;px&quot;,&quot;size&quot;:0,&quot;sizes&quot;:[]}}\">\n\t\t\t<div class=\"jet-unfold__inner\">\n\t\t\t\t<div class=\"jet-unfold__mask\">\n\t\t\t\t\t<div class=\"jet-unfold__content\">\n\t\t\t\t\t\t<div class=\"jet-unfold__content-inner elementor-text-editor elementor-clearfix\"><p>Dopo aver completato la sua formazione all\u2019universit\u00e0 di Zurigo, il dr. Hans Peter M\u00e4rchy ha lavorato per diversi anni nel settore informatico presso la Banca nazionale svizzera e nel 1989 \u00e8 stato scelto come insegnante di matematica e informatica presso la Scuola cantonale grigione (SCG). Dal 1994 alla fine del 2005 ha guidato la SCG nel ruolo di rettore. Durante il suo rettorato, tra l\u2019altro, \u00e8 stato introdotto l\u2019esame di maturit\u00e0 professionale, \u00e8 stato riformato il ginnasio e le scuole universitarie svizzere sono state adeguate al sistema di Bologna. Ha guidato il progetto cantonale per l\u2019introduzione del regolamento sul riconoscimento della maturit\u00e0 e, in particolare, l\u2019integrazione del seminario minore nella formazione ginnasiale. Allo stesso tempo, il seminario (maggiore) \u00e8 stato trasferito presso l\u2019Alta scuola pedagogica dei Grigioni. Dal 2006 al 2020 ha diretto l\u2019Ufficio per la formazione medio-superiore (UFMS). In questo periodo, sotto la direzione dell\u2019UFMS, \u00e8 stata introdotta la Legge sulle scuole universitarie e sulla ricerca (LSUR) ed \u00e8 stata sviluppata la strategia cantonale in materia di scuole universitarie e di ricerca. Hans Peter M\u00e4rchy ha fatto parte di vari consigli di scuole universitarie per diversi anni. Dall\u2019estate 2022 \u00e8 presidente del Consiglio direttivo dell\u2019ASP Grigioni.<\/p><\/div>\n\t\t\t\t\t<\/div>\n\t\t\t\t\t<div class=\"jet-unfold__separator\"><\/div>\n\t\t\t\t<\/div>\n\t\t\t\t<div class=\"jet-unfold__trigger\"><div class=\"jet-unfold__button elementor-button elementor-size-md\" href=\"#\" data-unfold-text=\"mostra di pi\u00f9\" data-fold-text=\"mostra meno\" data-fold-icon=\"&lt;i aria-hidden=&quot;true&quot; class=&quot;fas fa-chevron-up&quot;&gt;&lt;\/i&gt;\" data-unfold-icon=\"&lt;i aria-hidden=&quot;true&quot; class=&quot;fas fa-chevron-down&quot;&gt;&lt;\/i&gt;\" tabindex=\"0\" role=\"button\"><span class=\"jet-unfold__button-icon jet-tricks-icon\"><i aria-hidden=\"true\" class=\"fas fa-chevron-down\"><\/i><\/span><span class=\"jet-unfold__button-text\">mostra di pi\u00f9<\/span><\/div>\t\t\t\t<\/div>\n\t\t\t<\/div>\n\t\t<\/div>\n\t\t\t\t\t\t<\/div>\n\t\t\t\t<\/div>\n\t\t\t\t<div class=\"elementor-element elementor-element-5d5f802 elementor-widget-divider--view-line elementor-widget elementor-widget-divider\" data-id=\"5d5f802\" data-element_type=\"widget\" data-widget_type=\"divider.default\">\n\t\t\t\t<div class=\"elementor-widget-container\">\n\t\t\t\t\t\t\t<div class=\"elementor-divider\">\n\t\t\t<span class=\"elementor-divider-separator\">\n\t\t\t\t\t\t<\/span>\n\t\t<\/div>\n\t\t\t\t\t\t<\/div>\n\t\t\t\t<\/div>\n\t\t\t\t\t<\/div>\n\t\t<\/div>\n\t\t\t\t\t<\/div>\n\t\t<\/section>\n\t\t\t\t<section class=\"elementor-section elementor-top-section elementor-element elementor-element-e76a001 elementor-reverse-mobile elementor-section-boxed elementor-section-height-default elementor-section-height-default\" data-id=\"e76a001\" data-element_type=\"section\" data-settings=\"{&quot;jet_parallax_layout_list&quot;:[]}\">\n\t\t\t\t\t\t<div class=\"elementor-container elementor-column-gap-default\">\n\t\t\t\t\t<div class=\"elementor-column elementor-col-50 elementor-top-column elementor-element elementor-element-7d8f4a5\" data-id=\"7d8f4a5\" data-element_type=\"column\">\n\t\t\t<div class=\"elementor-widget-wrap elementor-element-populated\">\n\t\t\t\t\t\t<div class=\"elementor-element elementor-element-99cc720 elementor-widget-divider--view-line elementor-widget elementor-widget-divider\" data-id=\"99cc720\" data-element_type=\"widget\" data-widget_type=\"divider.default\">\n\t\t\t\t<div class=\"elementor-widget-container\">\n\t\t\t\t\t\t\t<div class=\"elementor-divider\">\n\t\t\t<span class=\"elementor-divider-separator\">\n\t\t\t\t\t\t<\/span>\n\t\t<\/div>\n\t\t\t\t\t\t<\/div>\n\t\t\t\t<\/div>\n\t\t\t\t<div class=\"elementor-element elementor-element-c835d25 elementor-widget elementor-widget-heading\" data-id=\"c835d25\" data-element_type=\"widget\" data-widget_type=\"heading.default\">\n\t\t\t\t<div class=\"elementor-widget-container\">\n\t\t\t\t\t<h3 class=\"elementor-heading-title elementor-size-default\">Sandra Locher Benguerel<\/h3>\t\t\t\t<\/div>\n\t\t\t\t<\/div>\n\t\t\t\t<div class=\"elementor-element elementor-element-a44c3be elementor-widget elementor-widget-heading\" data-id=\"a44c3be\" data-element_type=\"widget\" data-widget_type=\"heading.default\">\n\t\t\t\t<div class=\"elementor-widget-container\">\n\t\t\t\t\t<h3 class=\"elementor-heading-title elementor-size-default\">Vicepresidente<\/h3>\t\t\t\t<\/div>\n\t\t\t\t<\/div>\n\t\t\t\t<div class=\"elementor-element elementor-element-70f89a3 elementor-widget elementor-widget-jet-unfold\" data-id=\"70f89a3\" data-element_type=\"widget\" data-settings=\"{&quot;mask_height&quot;:{&quot;unit&quot;:&quot;px&quot;,&quot;size&quot;:150,&quot;sizes&quot;:[]},&quot;unfold_easing&quot;:&quot;easeInOutSine&quot;,&quot;fold_duration&quot;:{&quot;unit&quot;:&quot;ms&quot;,&quot;size&quot;:500,&quot;sizes&quot;:[]},&quot;fold_easing&quot;:&quot;easeInOutSine&quot;,&quot;mask_height_tablet&quot;:{&quot;unit&quot;:&quot;px&quot;,&quot;size&quot;:100,&quot;sizes&quot;:[]},&quot;mask_height_mobile&quot;:{&quot;unit&quot;:&quot;px&quot;,&quot;size&quot;:150,&quot;sizes&quot;:[]},&quot;unfold_duration&quot;:{&quot;unit&quot;:&quot;ms&quot;,&quot;size&quot;:500,&quot;sizes&quot;:[]}}\" data-widget_type=\"jet-unfold.default\">\n\t\t\t\t<div class=\"elementor-widget-container\">\n\t\t\t\t\t\t\t<div class=\"jet-unfold \" data-settings=\"{&quot;height&quot;:{&quot;size&quot;:150,&quot;unit&quot;:&quot;px&quot;},&quot;separatorHeight&quot;:&quot;&quot;,&quot;unfoldDuration&quot;:{&quot;unit&quot;:&quot;ms&quot;,&quot;size&quot;:500,&quot;sizes&quot;:[]},&quot;foldDuration&quot;:{&quot;unit&quot;:&quot;ms&quot;,&quot;size&quot;:500,&quot;sizes&quot;:[]},&quot;unfoldEasing&quot;:&quot;easeInOutSine&quot;,&quot;foldEasing&quot;:&quot;easeInOutSine&quot;,&quot;foldScrolling&quot;:&quot;true&quot;,&quot;hideOutsideClick&quot;:&quot;false&quot;,&quot;autoHide&quot;:&quot;false&quot;,&quot;autoHideTime&quot;:&quot;&quot;,&quot;foldScrollOffset&quot;:{&quot;unit&quot;:&quot;px&quot;,&quot;size&quot;:0,&quot;sizes&quot;:[]}}\">\n\t\t\t<div class=\"jet-unfold__inner\">\n\t\t\t\t<div class=\"jet-unfold__mask\">\n\t\t\t\t\t<div class=\"jet-unfold__content\">\n\t\t\t\t\t\t<div class=\"jet-unfold__content-inner elementor-text-editor elementor-clearfix\">Sandra Locher Benguerel \u00e8 insegnante di scuola elementare e membro del comitato direttivo dell\u2019Associazione delle e degli insegnanti svizzera (LCH). Fino all\u2019autunno 2023 \u00e8 stata consigliera nazionale del Cantone dei Grigioni e membro della Commissione della scienza, dell\u2019educazione e della cultura del Consiglio nazionale. Da molti anni collabora con l\u2019ASP Grigioni in diverse funzioni. Come insegnante, beneficia regolarmente del variegato programma di formazione continua per sviluppare costantemente le sue capacit\u00e0 personali nell\u2019ambito dell\u2019insegnamento. Inoltre, in qualit\u00e0 di insegnante di tirocinio ha accompagnato studentesse e studenti e, in questa funzione, ha contribuito alla creazione delle unit\u00e0 di apprendimento atelier, che introducono studentesse e studenti alla pratica per la prima volta. Dal 2014 contribuisce a definire la direzione strategica dell\u2019ASP Grigioni come membro del Consiglio direttivo. Nel farlo, \u00e8 sempre affascinata dalla pluralit\u00e0 linguistica e dalle attuali questioni pedagogiche e sociali che hanno un impatto sulla formazione delle e degli insegnanti e supportano l\u2019ASP Grigioni nel raggiungimento della sua unicit\u00e0.<\/div>\n\t\t\t\t\t<\/div>\n\t\t\t\t\t<div class=\"jet-unfold__separator\"><\/div>\n\t\t\t\t<\/div>\n\t\t\t\t<div class=\"jet-unfold__trigger\"><div class=\"jet-unfold__button elementor-button elementor-size-md\" href=\"#\" data-unfold-text=\"mostra di pi\u00f9\" data-fold-text=\"mostra meno\" data-fold-icon=\"&lt;i aria-hidden=&quot;true&quot; class=&quot;fas fa-chevron-up&quot;&gt;&lt;\/i&gt;\" data-unfold-icon=\"&lt;i aria-hidden=&quot;true&quot; class=&quot;fas fa-chevron-down&quot;&gt;&lt;\/i&gt;\" tabindex=\"0\" role=\"button\"><span class=\"jet-unfold__button-icon jet-tricks-icon\"><i aria-hidden=\"true\" class=\"fas fa-chevron-down\"><\/i><\/span><span class=\"jet-unfold__button-text\">mostra di pi\u00f9<\/span><\/div>\t\t\t\t<\/div>\n\t\t\t<\/div>\n\t\t<\/div>\n\t\t\t\t\t\t<\/div>\n\t\t\t\t<\/div>\n\t\t\t\t<div class=\"elementor-element elementor-element-494f0b3 elementor-widget-divider--view-line elementor-widget elementor-widget-divider\" data-id=\"494f0b3\" data-element_type=\"widget\" data-widget_type=\"divider.default\">\n\t\t\t\t<div class=\"elementor-widget-container\">\n\t\t\t\t\t\t\t<div class=\"elementor-divider\">\n\t\t\t<span class=\"elementor-divider-separator\">\n\t\t\t\t\t\t<\/span>\n\t\t<\/div>\n\t\t\t\t\t\t<\/div>\n\t\t\t\t<\/div>\n\t\t\t\t\t<\/div>\n\t\t<\/div>\n\t\t\t\t<div class=\"elementor-column elementor-col-50 elementor-top-column elementor-element elementor-element-ff56c6c\" data-id=\"ff56c6c\" data-element_type=\"column\">\n\t\t\t<div class=\"elementor-widget-wrap elementor-element-populated\">\n\t\t\t\t\t\t<div class=\"elementor-element elementor-element-bfe6c49 elementor-widget elementor-widget-image\" data-id=\"bfe6c49\" data-element_type=\"widget\" data-widget_type=\"image.default\">\n\t\t\t\t<div class=\"elementor-widget-container\">\n\t\t\t\t\t\t\t\t\t\t\t\t\t\t\t<img decoding=\"async\" width=\"512\" height=\"690\" src=\"https:\/\/jahresberichte.phgr.ch\/2023\/wp-content\/uploads\/sites\/3\/2024\/02\/phgr-hochschulrat-portrait-sandra-locher-benguerel.jpg\" class=\"attachment-large size-large wp-image-5602\" alt=\"\" \/>\t\t\t\t\t\t\t\t\t\t\t\t\t\t\t<\/div>\n\t\t\t\t<\/div>\n\t\t\t\t\t<\/div>\n\t\t<\/div>\n\t\t\t\t\t<\/div>\n\t\t<\/section>\n\t\t\t\t<section class=\"elementor-section elementor-top-section elementor-element elementor-element-4af62b5 elementor-section-boxed elementor-section-height-default elementor-section-height-default\" data-id=\"4af62b5\" data-element_type=\"section\" data-settings=\"{&quot;jet_parallax_layout_list&quot;:[]}\">\n\t\t\t\t\t\t<div class=\"elementor-container elementor-column-gap-default\">\n\t\t\t\t\t<div class=\"elementor-column elementor-col-50 elementor-top-column elementor-element elementor-element-54f3708\" data-id=\"54f3708\" data-element_type=\"column\">\n\t\t\t<div class=\"elementor-widget-wrap elementor-element-populated\">\n\t\t\t\t\t\t<div class=\"elementor-element elementor-element-09bc042 elementor-widget elementor-widget-image\" data-id=\"09bc042\" data-element_type=\"widget\" data-widget_type=\"image.default\">\n\t\t\t\t<div class=\"elementor-widget-container\">\n\t\t\t\t\t\t\t\t\t\t\t\t\t\t\t<img decoding=\"async\" width=\"512\" height=\"690\" src=\"https:\/\/jahresberichte.phgr.ch\/2023\/wp-content\/uploads\/sites\/3\/2024\/02\/phgr-hochschulrat-portrait-walter-bircher.jpg\" class=\"attachment-large size-large wp-image-5604\" alt=\"\" \/>\t\t\t\t\t\t\t\t\t\t\t\t\t\t\t<\/div>\n\t\t\t\t<\/div>\n\t\t\t\t\t<\/div>\n\t\t<\/div>\n\t\t\t\t<div class=\"elementor-column elementor-col-50 elementor-top-column elementor-element elementor-element-fbb1374\" data-id=\"fbb1374\" data-element_type=\"column\">\n\t\t\t<div class=\"elementor-widget-wrap elementor-element-populated\">\n\t\t\t\t\t\t<div class=\"elementor-element elementor-element-27ac47a elementor-widget-divider--view-line elementor-widget elementor-widget-divider\" data-id=\"27ac47a\" data-element_type=\"widget\" data-widget_type=\"divider.default\">\n\t\t\t\t<div class=\"elementor-widget-container\">\n\t\t\t\t\t\t\t<div class=\"elementor-divider\">\n\t\t\t<span class=\"elementor-divider-separator\">\n\t\t\t\t\t\t<\/span>\n\t\t<\/div>\n\t\t\t\t\t\t<\/div>\n\t\t\t\t<\/div>\n\t\t\t\t<div class=\"elementor-element elementor-element-b64b0ed elementor-widget elementor-widget-heading\" data-id=\"b64b0ed\" data-element_type=\"widget\" data-widget_type=\"heading.default\">\n\t\t\t\t<div class=\"elementor-widget-container\">\n\t\t\t\t\t<h3 class=\"elementor-heading-title elementor-size-default\">Prof. dr. Walter Bircher<\/h3>\t\t\t\t<\/div>\n\t\t\t\t<\/div>\n\t\t\t\t<div class=\"elementor-element elementor-element-71af15c elementor-widget elementor-widget-heading\" data-id=\"71af15c\" data-element_type=\"widget\" data-widget_type=\"heading.default\">\n\t\t\t\t<div class=\"elementor-widget-container\">\n\t\t\t\t\t<h3 class=\"elementor-heading-title elementor-size-default\">Membro<\/h3>\t\t\t\t<\/div>\n\t\t\t\t<\/div>\n\t\t\t\t<div class=\"elementor-element elementor-element-81a3e08 elementor-widget elementor-widget-jet-unfold\" data-id=\"81a3e08\" data-element_type=\"widget\" data-settings=\"{&quot;mask_height&quot;:{&quot;unit&quot;:&quot;px&quot;,&quot;size&quot;:150,&quot;sizes&quot;:[]},&quot;unfold_easing&quot;:&quot;easeInOutSine&quot;,&quot;fold_duration&quot;:{&quot;unit&quot;:&quot;ms&quot;,&quot;size&quot;:500,&quot;sizes&quot;:[]},&quot;fold_easing&quot;:&quot;easeInOutSine&quot;,&quot;mask_height_tablet&quot;:{&quot;unit&quot;:&quot;px&quot;,&quot;size&quot;:100,&quot;sizes&quot;:[]},&quot;mask_height_mobile&quot;:{&quot;unit&quot;:&quot;px&quot;,&quot;size&quot;:150,&quot;sizes&quot;:[]},&quot;unfold_duration&quot;:{&quot;unit&quot;:&quot;ms&quot;,&quot;size&quot;:500,&quot;sizes&quot;:[]}}\" data-widget_type=\"jet-unfold.default\">\n\t\t\t\t<div class=\"elementor-widget-container\">\n\t\t\t\t\t\t\t<div class=\"jet-unfold \" data-settings=\"{&quot;height&quot;:{&quot;size&quot;:150,&quot;unit&quot;:&quot;px&quot;},&quot;separatorHeight&quot;:&quot;&quot;,&quot;unfoldDuration&quot;:{&quot;unit&quot;:&quot;ms&quot;,&quot;size&quot;:500,&quot;sizes&quot;:[]},&quot;foldDuration&quot;:{&quot;unit&quot;:&quot;ms&quot;,&quot;size&quot;:500,&quot;sizes&quot;:[]},&quot;unfoldEasing&quot;:&quot;easeInOutSine&quot;,&quot;foldEasing&quot;:&quot;easeInOutSine&quot;,&quot;foldScrolling&quot;:&quot;true&quot;,&quot;hideOutsideClick&quot;:&quot;false&quot;,&quot;autoHide&quot;:&quot;false&quot;,&quot;autoHideTime&quot;:&quot;&quot;,&quot;foldScrollOffset&quot;:{&quot;unit&quot;:&quot;px&quot;,&quot;size&quot;:0,&quot;sizes&quot;:[]}}\">\n\t\t\t<div class=\"jet-unfold__inner\">\n\t\t\t\t<div class=\"jet-unfold__mask\">\n\t\t\t\t\t<div class=\"jet-unfold__content\">\n\t\t\t\t\t\t<div class=\"jet-unfold__content-inner elementor-text-editor elementor-clearfix\"><p>Dopo aver completato la sua formazione presso la Scuola Magistrale in Argovia, Walter Bircher ha lavorato come insegnante di scuola elementare per due anni. Ha poi studiato scienze naturali all\u2019Universit\u00e0 e al Politecnico di Zurigo, dove ha conseguito il dottorato II (dr. phil.). Ha ricoperto diversi incarichi: docente di \u00abDidattica dell\u2019essere umano e dell\u2019ambiente\u00bb e successivamente vicedirettore della Scuola Magistrale del Cantone di Zurigo, direttore del seminario per insegnanti della scuola secondaria e di avviamento pratico del Cantone di Zurigo, cos\u00ec come prorettore Formazione e fino alla fine del 2015 rettore dell\u2019ASP di Zurigo. L\u2019ASP di Zurigo ha sempre mantenuto buoni rapporti con l\u2019ASP Grigioni. Insieme hanno realizzato il primo ciclo di studio \u00abSec I per insegnanti\u00bb del Cantone dei Grigioni.<\/p><p>Parallelamente alla professione, Walter Bircher ha completato un corso di perfezionamento in management presso l\u2019Universit\u00e0 di Zurigo. Walter Bircher \u00e8 stato membro del comitato della Conferenza svizzera dei rettori e delle rettrici delle alte scuole pedagogiche (COHEP) e della Camera delle alte scuole pedagogiche di swissuniversities. Dal 2022 \u00e8 membro del Consiglio direttivo dell\u2019ASP dei Grigioni.<\/p><\/div>\n\t\t\t\t\t<\/div>\n\t\t\t\t\t<div class=\"jet-unfold__separator\"><\/div>\n\t\t\t\t<\/div>\n\t\t\t\t<div class=\"jet-unfold__trigger\"><div class=\"jet-unfold__button elementor-button elementor-size-md\" href=\"#\" data-unfold-text=\"mostra di pi\u00f9\" data-fold-text=\"mostra meno\" data-fold-icon=\"&lt;i aria-hidden=&quot;true&quot; class=&quot;fas fa-chevron-up&quot;&gt;&lt;\/i&gt;\" data-unfold-icon=\"&lt;i aria-hidden=&quot;true&quot; class=&quot;fas fa-chevron-down&quot;&gt;&lt;\/i&gt;\" tabindex=\"0\" role=\"button\"><span class=\"jet-unfold__button-icon jet-tricks-icon\"><i aria-hidden=\"true\" class=\"fas fa-chevron-down\"><\/i><\/span><span class=\"jet-unfold__button-text\">mostra di pi\u00f9<\/span><\/div>\t\t\t\t<\/div>\n\t\t\t<\/div>\n\t\t<\/div>\n\t\t\t\t\t\t<\/div>\n\t\t\t\t<\/div>\n\t\t\t\t<div class=\"elementor-element elementor-element-003227e elementor-widget-divider--view-line elementor-widget elementor-widget-divider\" data-id=\"003227e\" data-element_type=\"widget\" data-widget_type=\"divider.default\">\n\t\t\t\t<div class=\"elementor-widget-container\">\n\t\t\t\t\t\t\t<div class=\"elementor-divider\">\n\t\t\t<span class=\"elementor-divider-separator\">\n\t\t\t\t\t\t<\/span>\n\t\t<\/div>\n\t\t\t\t\t\t<\/div>\n\t\t\t\t<\/div>\n\t\t\t\t\t<\/div>\n\t\t<\/div>\n\t\t\t\t\t<\/div>\n\t\t<\/section>\n\t\t\t\t<section class=\"elementor-section elementor-top-section elementor-element elementor-element-76aa5d4 elementor-reverse-mobile elementor-section-boxed elementor-section-height-default elementor-section-height-default\" data-id=\"76aa5d4\" data-element_type=\"section\" data-settings=\"{&quot;jet_parallax_layout_list&quot;:[]}\">\n\t\t\t\t\t\t<div class=\"elementor-container elementor-column-gap-default\">\n\t\t\t\t\t<div class=\"elementor-column elementor-col-50 elementor-top-column elementor-element elementor-element-d1732ee\" data-id=\"d1732ee\" data-element_type=\"column\">\n\t\t\t<div class=\"elementor-widget-wrap elementor-element-populated\">\n\t\t\t\t\t\t<div class=\"elementor-element elementor-element-0c8ee95 elementor-widget-divider--view-line elementor-widget elementor-widget-divider\" data-id=\"0c8ee95\" data-element_type=\"widget\" data-widget_type=\"divider.default\">\n\t\t\t\t<div class=\"elementor-widget-container\">\n\t\t\t\t\t\t\t<div class=\"elementor-divider\">\n\t\t\t<span class=\"elementor-divider-separator\">\n\t\t\t\t\t\t<\/span>\n\t\t<\/div>\n\t\t\t\t\t\t<\/div>\n\t\t\t\t<\/div>\n\t\t\t\t<div class=\"elementor-element elementor-element-c54d143 elementor-widget elementor-widget-heading\" data-id=\"c54d143\" data-element_type=\"widget\" data-widget_type=\"heading.default\">\n\t\t\t\t<div class=\"elementor-widget-container\">\n\t\t\t\t\t<h3 class=\"elementor-heading-title elementor-size-default\">Piera Furger<\/h3>\t\t\t\t<\/div>\n\t\t\t\t<\/div>\n\t\t\t\t<div class=\"elementor-element elementor-element-939de2b elementor-widget elementor-widget-heading\" data-id=\"939de2b\" data-element_type=\"widget\" data-widget_type=\"heading.default\">\n\t\t\t\t<div class=\"elementor-widget-container\">\n\t\t\t\t\t<h3 class=\"elementor-heading-title elementor-size-default\">Membro<\/h3>\t\t\t\t<\/div>\n\t\t\t\t<\/div>\n\t\t\t\t<div class=\"elementor-element elementor-element-8cfb55b elementor-widget elementor-widget-jet-unfold\" data-id=\"8cfb55b\" data-element_type=\"widget\" data-settings=\"{&quot;mask_height&quot;:{&quot;unit&quot;:&quot;px&quot;,&quot;size&quot;:150,&quot;sizes&quot;:[]},&quot;unfold_easing&quot;:&quot;easeInOutSine&quot;,&quot;fold_duration&quot;:{&quot;unit&quot;:&quot;ms&quot;,&quot;size&quot;:500,&quot;sizes&quot;:[]},&quot;fold_easing&quot;:&quot;easeInOutSine&quot;,&quot;mask_height_tablet&quot;:{&quot;unit&quot;:&quot;px&quot;,&quot;size&quot;:100,&quot;sizes&quot;:[]},&quot;mask_height_mobile&quot;:{&quot;unit&quot;:&quot;px&quot;,&quot;size&quot;:150,&quot;sizes&quot;:[]},&quot;unfold_duration&quot;:{&quot;unit&quot;:&quot;ms&quot;,&quot;size&quot;:500,&quot;sizes&quot;:[]}}\" data-widget_type=\"jet-unfold.default\">\n\t\t\t\t<div class=\"elementor-widget-container\">\n\t\t\t\t\t\t\t<div class=\"jet-unfold \" data-settings=\"{&quot;height&quot;:{&quot;size&quot;:150,&quot;unit&quot;:&quot;px&quot;},&quot;separatorHeight&quot;:&quot;&quot;,&quot;unfoldDuration&quot;:{&quot;unit&quot;:&quot;ms&quot;,&quot;size&quot;:500,&quot;sizes&quot;:[]},&quot;foldDuration&quot;:{&quot;unit&quot;:&quot;ms&quot;,&quot;size&quot;:500,&quot;sizes&quot;:[]},&quot;unfoldEasing&quot;:&quot;easeInOutSine&quot;,&quot;foldEasing&quot;:&quot;easeInOutSine&quot;,&quot;foldScrolling&quot;:&quot;true&quot;,&quot;hideOutsideClick&quot;:&quot;false&quot;,&quot;autoHide&quot;:&quot;false&quot;,&quot;autoHideTime&quot;:&quot;&quot;,&quot;foldScrollOffset&quot;:{&quot;unit&quot;:&quot;px&quot;,&quot;size&quot;:0,&quot;sizes&quot;:[]}}\">\n\t\t\t<div class=\"jet-unfold__inner\">\n\t\t\t\t<div class=\"jet-unfold__mask\">\n\t\t\t\t\t<div class=\"jet-unfold__content\">\n\t\t\t\t\t\t<div class=\"jet-unfold__content-inner elementor-text-editor elementor-clearfix\"><p>Piera Furger \u00e8 stata per 40 anni insegnante nel livello secondario e dal 2001 insegnante e direttrice della scuola secondaria e di avviamento pratico della sede di Mesocco. Dal 2012 fino al pensionamento nel 2022, \u00e8 stata responsabile per Mesocco nella Direzione regionale della Scuola Sec e Sap del Moesano. Durante la sua carriera professionale, \u00e8 stata strettamente legata all\u2019ASP Grigioni. Come insegnante, ha potuto beneficiare di una formazione continua che l\u2019ha incoraggiata a perseguire costantemente l\u2019innovazione e l\u2019ulteriore sviluppo dei concetti pedagogici. Per lei, l\u2019ASP \u00e8 sempre stato un importante luogo di incontro e di scambio con gli ispettori scolastici\/le ispettrici scolastiche e le colleghe e i colleghi del Grigioni di lingua italiana.<\/p><p>\u00c8 membro del Consiglio direttivo dell\u2019ASP dal 2018 e apprezza la collaborazione con gli altri membri, il rettorato e la direzione in favore dello sviluppo strategico dell\u2019istituzione. \u00abOgni volta che entro nell\u2019edificio, percepisco un\u2019atmosfera positiva e i valori del plurilinguismo\u00bb, afferma Piera Furger. Le piace citare un pensiero di Jean Piaget, che per lei si adatta bene allo spirito strategico che predomina all\u2019ASP Grigioni. \u00abL\u2019obiettivo principale dell\u2019educazione scolastica dovrebbe essere la creazione di uomini e donne capaci di fare cose nuove, non semplicemente di ripetere ci\u00f2 che hanno fatto le altre generazioni\u00bb.<\/p><\/div>\n\t\t\t\t\t<\/div>\n\t\t\t\t\t<div class=\"jet-unfold__separator\"><\/div>\n\t\t\t\t<\/div>\n\t\t\t\t<div class=\"jet-unfold__trigger\"><div class=\"jet-unfold__button elementor-button elementor-size-md\" href=\"#\" data-unfold-text=\"mostra di pi\u00f9\" data-fold-text=\"mostra meno\" data-fold-icon=\"&lt;i aria-hidden=&quot;true&quot; class=&quot;fas fa-chevron-up&quot;&gt;&lt;\/i&gt;\" data-unfold-icon=\"&lt;i aria-hidden=&quot;true&quot; class=&quot;fas fa-chevron-down&quot;&gt;&lt;\/i&gt;\" tabindex=\"0\" role=\"button\"><span class=\"jet-unfold__button-icon jet-tricks-icon\"><i aria-hidden=\"true\" class=\"fas fa-chevron-down\"><\/i><\/span><span class=\"jet-unfold__button-text\">mostra di pi\u00f9<\/span><\/div>\t\t\t\t<\/div>\n\t\t\t<\/div>\n\t\t<\/div>\n\t\t\t\t\t\t<\/div>\n\t\t\t\t<\/div>\n\t\t\t\t<div class=\"elementor-element elementor-element-a23f457 elementor-widget-divider--view-line elementor-widget elementor-widget-divider\" data-id=\"a23f457\" data-element_type=\"widget\" data-widget_type=\"divider.default\">\n\t\t\t\t<div class=\"elementor-widget-container\">\n\t\t\t\t\t\t\t<div class=\"elementor-divider\">\n\t\t\t<span class=\"elementor-divider-separator\">\n\t\t\t\t\t\t<\/span>\n\t\t<\/div>\n\t\t\t\t\t\t<\/div>\n\t\t\t\t<\/div>\n\t\t\t\t\t<\/div>\n\t\t<\/div>\n\t\t\t\t<div class=\"elementor-column elementor-col-50 elementor-top-column elementor-element elementor-element-fdd8bba\" data-id=\"fdd8bba\" data-element_type=\"column\">\n\t\t\t<div class=\"elementor-widget-wrap elementor-element-populated\">\n\t\t\t\t\t\t<div class=\"elementor-element elementor-element-8b3f43a elementor-widget elementor-widget-image\" data-id=\"8b3f43a\" data-element_type=\"widget\" data-widget_type=\"image.default\">\n\t\t\t\t<div class=\"elementor-widget-container\">\n\t\t\t\t\t\t\t\t\t\t\t\t\t\t\t<img loading=\"lazy\" decoding=\"async\" width=\"512\" height=\"690\" src=\"https:\/\/jahresberichte.phgr.ch\/2023\/wp-content\/uploads\/sites\/3\/2024\/02\/phgr-hochschulrat-portrait-piera-furger.jpg\" class=\"attachment-large size-large wp-image-5612\" alt=\"\" \/>\t\t\t\t\t\t\t\t\t\t\t\t\t\t\t<\/div>\n\t\t\t\t<\/div>\n\t\t\t\t\t<\/div>\n\t\t<\/div>\n\t\t\t\t\t<\/div>\n\t\t<\/section>\n\t\t\t\t<section class=\"elementor-section elementor-top-section elementor-element elementor-element-86ac9ee elementor-section-boxed elementor-section-height-default elementor-section-height-default\" data-id=\"86ac9ee\" data-element_type=\"section\" data-settings=\"{&quot;jet_parallax_layout_list&quot;:[]}\">\n\t\t\t\t\t\t<div class=\"elementor-container elementor-column-gap-default\">\n\t\t\t\t\t<div class=\"elementor-column elementor-col-50 elementor-top-column elementor-element elementor-element-250465b\" data-id=\"250465b\" data-element_type=\"column\">\n\t\t\t<div class=\"elementor-widget-wrap elementor-element-populated\">\n\t\t\t\t\t\t<div class=\"elementor-element elementor-element-e26d268 elementor-widget elementor-widget-image\" data-id=\"e26d268\" data-element_type=\"widget\" data-widget_type=\"image.default\">\n\t\t\t\t<div class=\"elementor-widget-container\">\n\t\t\t\t\t\t\t\t\t\t\t\t\t\t\t<img loading=\"lazy\" decoding=\"async\" width=\"512\" height=\"690\" src=\"https:\/\/jahresberichte.phgr.ch\/2023\/wp-content\/uploads\/sites\/3\/2024\/02\/phgr-hochschulrat-portrait-cornelia-mathis-schibig.jpg\" class=\"attachment-large size-large wp-image-5614\" alt=\"\" \/>\t\t\t\t\t\t\t\t\t\t\t\t\t\t\t<\/div>\n\t\t\t\t<\/div>\n\t\t\t\t\t<\/div>\n\t\t<\/div>\n\t\t\t\t<div class=\"elementor-column elementor-col-50 elementor-top-column elementor-element elementor-element-f35c706\" data-id=\"f35c706\" data-element_type=\"column\">\n\t\t\t<div class=\"elementor-widget-wrap elementor-element-populated\">\n\t\t\t\t\t\t<div class=\"elementor-element elementor-element-a873df7 elementor-widget-divider--view-line elementor-widget elementor-widget-divider\" data-id=\"a873df7\" data-element_type=\"widget\" data-widget_type=\"divider.default\">\n\t\t\t\t<div class=\"elementor-widget-container\">\n\t\t\t\t\t\t\t<div class=\"elementor-divider\">\n\t\t\t<span class=\"elementor-divider-separator\">\n\t\t\t\t\t\t<\/span>\n\t\t<\/div>\n\t\t\t\t\t\t<\/div>\n\t\t\t\t<\/div>\n\t\t\t\t<div class=\"elementor-element elementor-element-ed1c416 elementor-widget elementor-widget-heading\" data-id=\"ed1c416\" data-element_type=\"widget\" data-widget_type=\"heading.default\">\n\t\t\t\t<div class=\"elementor-widget-container\">\n\t\t\t\t\t<h3 class=\"elementor-heading-title elementor-size-default\">Cornelia Mathis-Schibig<\/h3>\t\t\t\t<\/div>\n\t\t\t\t<\/div>\n\t\t\t\t<div class=\"elementor-element elementor-element-2ecb12d elementor-widget elementor-widget-heading\" data-id=\"2ecb12d\" data-element_type=\"widget\" data-widget_type=\"heading.default\">\n\t\t\t\t<div class=\"elementor-widget-container\">\n\t\t\t\t\t<h3 class=\"elementor-heading-title elementor-size-default\">Membro<\/h3>\t\t\t\t<\/div>\n\t\t\t\t<\/div>\n\t\t\t\t<div class=\"elementor-element elementor-element-64b4eb4 elementor-widget elementor-widget-jet-unfold\" data-id=\"64b4eb4\" data-element_type=\"widget\" data-settings=\"{&quot;mask_height&quot;:{&quot;unit&quot;:&quot;px&quot;,&quot;size&quot;:150,&quot;sizes&quot;:[]},&quot;unfold_easing&quot;:&quot;easeInOutSine&quot;,&quot;fold_duration&quot;:{&quot;unit&quot;:&quot;ms&quot;,&quot;size&quot;:500,&quot;sizes&quot;:[]},&quot;fold_easing&quot;:&quot;easeInOutSine&quot;,&quot;mask_height_tablet&quot;:{&quot;unit&quot;:&quot;px&quot;,&quot;size&quot;:100,&quot;sizes&quot;:[]},&quot;mask_height_mobile&quot;:{&quot;unit&quot;:&quot;px&quot;,&quot;size&quot;:150,&quot;sizes&quot;:[]},&quot;unfold_duration&quot;:{&quot;unit&quot;:&quot;ms&quot;,&quot;size&quot;:500,&quot;sizes&quot;:[]}}\" data-widget_type=\"jet-unfold.default\">\n\t\t\t\t<div class=\"elementor-widget-container\">\n\t\t\t\t\t\t\t<div class=\"jet-unfold \" data-settings=\"{&quot;height&quot;:{&quot;size&quot;:150,&quot;unit&quot;:&quot;px&quot;},&quot;separatorHeight&quot;:&quot;&quot;,&quot;unfoldDuration&quot;:{&quot;unit&quot;:&quot;ms&quot;,&quot;size&quot;:500,&quot;sizes&quot;:[]},&quot;foldDuration&quot;:{&quot;unit&quot;:&quot;ms&quot;,&quot;size&quot;:500,&quot;sizes&quot;:[]},&quot;unfoldEasing&quot;:&quot;easeInOutSine&quot;,&quot;foldEasing&quot;:&quot;easeInOutSine&quot;,&quot;foldScrolling&quot;:&quot;true&quot;,&quot;hideOutsideClick&quot;:&quot;false&quot;,&quot;autoHide&quot;:&quot;false&quot;,&quot;autoHideTime&quot;:&quot;&quot;,&quot;foldScrollOffset&quot;:{&quot;unit&quot;:&quot;px&quot;,&quot;size&quot;:0,&quot;sizes&quot;:[]}}\">\n\t\t\t<div class=\"jet-unfold__inner\">\n\t\t\t\t<div class=\"jet-unfold__mask\">\n\t\t\t\t\t<div class=\"jet-unfold__content\">\n\t\t\t\t\t\t<div class=\"jet-unfold__content-inner elementor-text-editor elementor-clearfix\"><p>Cornelia Mathis-Schibig lavora come insegnante di scuola dell\u2019infanzia dal 1996 &#8211; con interruzioni per motivi legati alla famiglia &#8211; attualmente a tempo parziale a Domat\/Ems. Allora come oggi, questo \u00e8 il lavoro dei suoi sogni. Ci\u00f2 che apprezza di pi\u00f9 della sua professione sono le sue mille sfaccettature. Ha potuto accompagnare centinaia di bambine e bambini attraverso la scuola dell\u2019infanzia. Mentre loro andavano e venivano, anche le loro abitudini di gioco e i loro interessi cambiavano. Ci\u00f2 che \u00e8 rimasto invariato \u00e8 la sua passione di dare alle bambine e ai bambini qualcosa da portare con s\u00e9 durante il proprio percorso e la piacevole collaborazione con i genitori.<\/p><p>Lei stessa \u00e8 madre di un ragazzo appassionato di calcio e di una figlia adolescente. Oltre al marito e ai figli, nella sua casa ci sono anche due gatti e dei pesci. Spesso trascorre i fine settimana facendo varie attivit\u00e0 insieme alla famiglia nella sua casa di Felsberg o nel vicino cantone a sud. Grazie alla sua formazione al seminario come insegnante di scuola dell\u2019infanzia presso l\u2019ex Scuola femminile e ai vari corsi di perfezionamento presso l\u2019ASP Grigioni, quattro anni fa \u00e8 stata contattata con la richiesta di fare parte del Consiglio direttivo della scuola universitaria. \u00c8 un onore per lei lavorare per l\u2019istituzione, afferma Cornelia Mathis-Schibig.<\/p><\/div>\n\t\t\t\t\t<\/div>\n\t\t\t\t\t<div class=\"jet-unfold__separator\"><\/div>\n\t\t\t\t<\/div>\n\t\t\t\t<div class=\"jet-unfold__trigger\"><div class=\"jet-unfold__button elementor-button elementor-size-md\" href=\"#\" data-unfold-text=\"mostra di pi\u00f9\" data-fold-text=\"mostra meno\" data-fold-icon=\"&lt;i aria-hidden=&quot;true&quot; class=&quot;fas fa-chevron-up&quot;&gt;&lt;\/i&gt;\" data-unfold-icon=\"&lt;i aria-hidden=&quot;true&quot; class=&quot;fas fa-chevron-down&quot;&gt;&lt;\/i&gt;\" tabindex=\"0\" role=\"button\"><span class=\"jet-unfold__button-icon jet-tricks-icon\"><i aria-hidden=\"true\" class=\"fas fa-chevron-down\"><\/i><\/span><span class=\"jet-unfold__button-text\">mostra di pi\u00f9<\/span><\/div>\t\t\t\t<\/div>\n\t\t\t<\/div>\n\t\t<\/div>\n\t\t\t\t\t\t<\/div>\n\t\t\t\t<\/div>\n\t\t\t\t<div class=\"elementor-element elementor-element-e0fc195 elementor-widget-divider--view-line elementor-widget elementor-widget-divider\" data-id=\"e0fc195\" data-element_type=\"widget\" data-widget_type=\"divider.default\">\n\t\t\t\t<div class=\"elementor-widget-container\">\n\t\t\t\t\t\t\t<div class=\"elementor-divider\">\n\t\t\t<span class=\"elementor-divider-separator\">\n\t\t\t\t\t\t<\/span>\n\t\t<\/div>\n\t\t\t\t\t\t<\/div>\n\t\t\t\t<\/div>\n\t\t\t\t\t<\/div>\n\t\t<\/div>\n\t\t\t\t\t<\/div>\n\t\t<\/section>\n\t\t\t\t<section class=\"elementor-section elementor-top-section elementor-element elementor-element-dfc5b54 elementor-reverse-mobile elementor-section-boxed elementor-section-height-default elementor-section-height-default\" data-id=\"dfc5b54\" data-element_type=\"section\" data-settings=\"{&quot;jet_parallax_layout_list&quot;:[]}\">\n\t\t\t\t\t\t<div class=\"elementor-container elementor-column-gap-default\">\n\t\t\t\t\t<div class=\"elementor-column elementor-col-50 elementor-top-column elementor-element elementor-element-914efba\" data-id=\"914efba\" data-element_type=\"column\">\n\t\t\t<div class=\"elementor-widget-wrap elementor-element-populated\">\n\t\t\t\t\t\t<div class=\"elementor-element elementor-element-de3fab2 elementor-widget-divider--view-line elementor-widget elementor-widget-divider\" data-id=\"de3fab2\" data-element_type=\"widget\" data-widget_type=\"divider.default\">\n\t\t\t\t<div class=\"elementor-widget-container\">\n\t\t\t\t\t\t\t<div class=\"elementor-divider\">\n\t\t\t<span class=\"elementor-divider-separator\">\n\t\t\t\t\t\t<\/span>\n\t\t<\/div>\n\t\t\t\t\t\t<\/div>\n\t\t\t\t<\/div>\n\t\t\t\t<div class=\"elementor-element elementor-element-c336031 elementor-widget elementor-widget-heading\" data-id=\"c336031\" data-element_type=\"widget\" data-widget_type=\"heading.default\">\n\t\t\t\t<div class=\"elementor-widget-container\">\n\t\t\t\t\t<h3 class=\"elementor-heading-title elementor-size-default\">Lea Simeon<\/h3>\t\t\t\t<\/div>\n\t\t\t\t<\/div>\n\t\t\t\t<div class=\"elementor-element elementor-element-88b7332 elementor-widget elementor-widget-heading\" data-id=\"88b7332\" data-element_type=\"widget\" data-widget_type=\"heading.default\">\n\t\t\t\t<div class=\"elementor-widget-container\">\n\t\t\t\t\t<h3 class=\"elementor-heading-title elementor-size-default\">Membro<\/h3>\t\t\t\t<\/div>\n\t\t\t\t<\/div>\n\t\t\t\t<div class=\"elementor-element elementor-element-6448665 elementor-widget elementor-widget-jet-unfold\" data-id=\"6448665\" data-element_type=\"widget\" data-settings=\"{&quot;mask_height&quot;:{&quot;unit&quot;:&quot;px&quot;,&quot;size&quot;:150,&quot;sizes&quot;:[]},&quot;unfold_easing&quot;:&quot;easeInOutSine&quot;,&quot;fold_duration&quot;:{&quot;unit&quot;:&quot;ms&quot;,&quot;size&quot;:500,&quot;sizes&quot;:[]},&quot;fold_easing&quot;:&quot;easeInOutSine&quot;,&quot;mask_height_tablet&quot;:{&quot;unit&quot;:&quot;px&quot;,&quot;size&quot;:100,&quot;sizes&quot;:[]},&quot;mask_height_mobile&quot;:{&quot;unit&quot;:&quot;px&quot;,&quot;size&quot;:150,&quot;sizes&quot;:[]},&quot;unfold_duration&quot;:{&quot;unit&quot;:&quot;ms&quot;,&quot;size&quot;:500,&quot;sizes&quot;:[]}}\" data-widget_type=\"jet-unfold.default\">\n\t\t\t\t<div class=\"elementor-widget-container\">\n\t\t\t\t\t\t\t<div class=\"jet-unfold \" data-settings=\"{&quot;height&quot;:{&quot;size&quot;:150,&quot;unit&quot;:&quot;px&quot;},&quot;separatorHeight&quot;:&quot;&quot;,&quot;unfoldDuration&quot;:{&quot;unit&quot;:&quot;ms&quot;,&quot;size&quot;:500,&quot;sizes&quot;:[]},&quot;foldDuration&quot;:{&quot;unit&quot;:&quot;ms&quot;,&quot;size&quot;:500,&quot;sizes&quot;:[]},&quot;unfoldEasing&quot;:&quot;easeInOutSine&quot;,&quot;foldEasing&quot;:&quot;easeInOutSine&quot;,&quot;foldScrolling&quot;:&quot;true&quot;,&quot;hideOutsideClick&quot;:&quot;false&quot;,&quot;autoHide&quot;:&quot;false&quot;,&quot;autoHideTime&quot;:&quot;&quot;,&quot;foldScrollOffset&quot;:{&quot;unit&quot;:&quot;px&quot;,&quot;size&quot;:0,&quot;sizes&quot;:[]}}\">\n\t\t\t<div class=\"jet-unfold__inner\">\n\t\t\t\t<div class=\"jet-unfold__mask\">\n\t\t\t\t\t<div class=\"jet-unfold__content\">\n\t\t\t\t\t\t<div class=\"jet-unfold__content-inner elementor-text-editor elementor-clearfix\"><p>Lea Simeon lavora come psicoterapeuta per bambine, bambini e adolescenti presso il Centro di psichiatria di Ilanz (Servizi psichiatrici dei Grigioni). Parallelamente alla professione, sta completando il ciclo di perfezionamento post-diploma in psicoterapia sistemica presso <em>l\u2019Institut f\u00fcr systemische Entwicklung und Forschung <\/em>di Zurigo (Istituto per lo sviluppo sistemico e la ricerca di Zurigo). Nel suo lavoro terapeutico, lavora con bambine, bambini, adolescenti e le loro famiglie per trovare soluzioni e rafforzare la loro capacit\u00e0 di agire. L\u2019obiettivo \u00e8 aiutare le persone ad aiutare se stesse. Riconosce inoltre la visione dell\u2019ASP Grigioni \u00ablernen, instruir, sviluppare\u00bb e l\u2019attenzione al trilinguismo anche nell\u2019ambito del suo lavoro come terapeuta. Le e i clienti imparano nuove possibilit\u00e0 di comportamento, come reagire alle sfide e vengono sostenuti nel loro sviluppo.<\/p><p>Sia come docente di psicologia pedagogica (focus educazione e sviluppo, Istituto secondario I e II) presso l\u2019ASP FHNW, sia come orientatrice professionale, negli studi e nella carriera, sia come insegnante di psicologia e pedagogia presso la Scuola cantonale di Coira, si \u00e8 sempre interessata al dibattito sull\u2019insegnamento, la ricerca e la formazione.<\/p><\/div>\n\t\t\t\t\t<\/div>\n\t\t\t\t\t<div class=\"jet-unfold__separator\"><\/div>\n\t\t\t\t<\/div>\n\t\t\t\t<div class=\"jet-unfold__trigger\"><div class=\"jet-unfold__button elementor-button elementor-size-md\" href=\"#\" data-unfold-text=\"mostra di pi\u00f9\" data-fold-text=\"mostra meno\" data-fold-icon=\"&lt;i aria-hidden=&quot;true&quot; class=&quot;fas fa-chevron-up&quot;&gt;&lt;\/i&gt;\" data-unfold-icon=\"&lt;i aria-hidden=&quot;true&quot; class=&quot;fas fa-chevron-down&quot;&gt;&lt;\/i&gt;\" tabindex=\"0\" role=\"button\"><span class=\"jet-unfold__button-icon jet-tricks-icon\"><i aria-hidden=\"true\" class=\"fas fa-chevron-down\"><\/i><\/span><span class=\"jet-unfold__button-text\">mostra di pi\u00f9<\/span><\/div>\t\t\t\t<\/div>\n\t\t\t<\/div>\n\t\t<\/div>\n\t\t\t\t\t\t<\/div>\n\t\t\t\t<\/div>\n\t\t\t\t<div class=\"elementor-element elementor-element-599acd6 elementor-widget-divider--view-line elementor-widget elementor-widget-divider\" data-id=\"599acd6\" data-element_type=\"widget\" data-widget_type=\"divider.default\">\n\t\t\t\t<div class=\"elementor-widget-container\">\n\t\t\t\t\t\t\t<div class=\"elementor-divider\">\n\t\t\t<span class=\"elementor-divider-separator\">\n\t\t\t\t\t\t<\/span>\n\t\t<\/div>\n\t\t\t\t\t\t<\/div>\n\t\t\t\t<\/div>\n\t\t\t\t\t<\/div>\n\t\t<\/div>\n\t\t\t\t<div class=\"elementor-column elementor-col-50 elementor-top-column elementor-element elementor-element-b9d1c30\" data-id=\"b9d1c30\" data-element_type=\"column\">\n\t\t\t<div class=\"elementor-widget-wrap elementor-element-populated\">\n\t\t\t\t\t\t<div class=\"elementor-element elementor-element-99e484f elementor-widget elementor-widget-image\" data-id=\"99e484f\" data-element_type=\"widget\" data-widget_type=\"image.default\">\n\t\t\t\t<div class=\"elementor-widget-container\">\n\t\t\t\t\t\t\t\t\t\t\t\t\t\t\t<img loading=\"lazy\" decoding=\"async\" width=\"512\" height=\"690\" src=\"https:\/\/jahresberichte.phgr.ch\/2023\/wp-content\/uploads\/sites\/3\/2024\/02\/phgr-hochschulrat-portrait-lea-simeon.jpg\" class=\"attachment-large size-large wp-image-5622\" alt=\"\" \/>\t\t\t\t\t\t\t\t\t\t\t\t\t\t\t<\/div>\n\t\t\t\t<\/div>\n\t\t\t\t\t<\/div>\n\t\t<\/div>\n\t\t\t\t\t<\/div>\n\t\t<\/section>\n\t\t\t\t<section class=\"elementor-section elementor-top-section elementor-element elementor-element-542f633 elementor-section-boxed elementor-section-height-default elementor-section-height-default\" data-id=\"542f633\" data-element_type=\"section\" data-settings=\"{&quot;jet_parallax_layout_list&quot;:[]}\">\n\t\t\t\t\t\t<div class=\"elementor-container elementor-column-gap-default\">\n\t\t\t\t\t<div class=\"elementor-column elementor-col-50 elementor-top-column elementor-element elementor-element-b4d2616\" data-id=\"b4d2616\" data-element_type=\"column\">\n\t\t\t<div class=\"elementor-widget-wrap elementor-element-populated\">\n\t\t\t\t\t\t<div class=\"elementor-element elementor-element-7495bf2 elementor-widget elementor-widget-image\" data-id=\"7495bf2\" data-element_type=\"widget\" data-widget_type=\"image.default\">\n\t\t\t\t<div class=\"elementor-widget-container\">\n\t\t\t\t\t\t\t\t\t\t\t\t\t\t\t<img loading=\"lazy\" decoding=\"async\" width=\"512\" height=\"690\" src=\"https:\/\/jahresberichte.phgr.ch\/2023\/wp-content\/uploads\/sites\/3\/2024\/02\/phgr-hochschulrat-portrait-aita-zanetti.jpg\" class=\"attachment-large size-large wp-image-5624\" alt=\"\" \/>\t\t\t\t\t\t\t\t\t\t\t\t\t\t\t<\/div>\n\t\t\t\t<\/div>\n\t\t\t\t\t<\/div>\n\t\t<\/div>\n\t\t\t\t<div class=\"elementor-column elementor-col-50 elementor-top-column elementor-element elementor-element-3fdd63f\" data-id=\"3fdd63f\" data-element_type=\"column\">\n\t\t\t<div class=\"elementor-widget-wrap elementor-element-populated\">\n\t\t\t\t\t\t<div class=\"elementor-element elementor-element-123d1ab elementor-widget-divider--view-line elementor-widget elementor-widget-divider\" data-id=\"123d1ab\" data-element_type=\"widget\" data-widget_type=\"divider.default\">\n\t\t\t\t<div class=\"elementor-widget-container\">\n\t\t\t\t\t\t\t<div class=\"elementor-divider\">\n\t\t\t<span class=\"elementor-divider-separator\">\n\t\t\t\t\t\t<\/span>\n\t\t<\/div>\n\t\t\t\t\t\t<\/div>\n\t\t\t\t<\/div>\n\t\t\t\t<div class=\"elementor-element elementor-element-54325cf elementor-widget elementor-widget-heading\" data-id=\"54325cf\" data-element_type=\"widget\" data-widget_type=\"heading.default\">\n\t\t\t\t<div class=\"elementor-widget-container\">\n\t\t\t\t\t<h3 class=\"elementor-heading-title elementor-size-default\">Aita Zanetti<\/h3>\t\t\t\t<\/div>\n\t\t\t\t<\/div>\n\t\t\t\t<div class=\"elementor-element elementor-element-1cdd6ab elementor-widget elementor-widget-heading\" data-id=\"1cdd6ab\" data-element_type=\"widget\" data-widget_type=\"heading.default\">\n\t\t\t\t<div class=\"elementor-widget-container\">\n\t\t\t\t\t<h3 class=\"elementor-heading-title elementor-size-default\">Membro<\/h3>\t\t\t\t<\/div>\n\t\t\t\t<\/div>\n\t\t\t\t<div class=\"elementor-element elementor-element-7966ce6 elementor-widget elementor-widget-jet-unfold\" data-id=\"7966ce6\" data-element_type=\"widget\" data-settings=\"{&quot;mask_height&quot;:{&quot;unit&quot;:&quot;px&quot;,&quot;size&quot;:150,&quot;sizes&quot;:[]},&quot;unfold_easing&quot;:&quot;easeInOutSine&quot;,&quot;fold_duration&quot;:{&quot;unit&quot;:&quot;ms&quot;,&quot;size&quot;:500,&quot;sizes&quot;:[]},&quot;fold_easing&quot;:&quot;easeInOutSine&quot;,&quot;mask_height_tablet&quot;:{&quot;unit&quot;:&quot;px&quot;,&quot;size&quot;:100,&quot;sizes&quot;:[]},&quot;mask_height_mobile&quot;:{&quot;unit&quot;:&quot;px&quot;,&quot;size&quot;:150,&quot;sizes&quot;:[]},&quot;unfold_duration&quot;:{&quot;unit&quot;:&quot;ms&quot;,&quot;size&quot;:500,&quot;sizes&quot;:[]}}\" data-widget_type=\"jet-unfold.default\">\n\t\t\t\t<div class=\"elementor-widget-container\">\n\t\t\t\t\t\t\t<div class=\"jet-unfold \" data-settings=\"{&quot;height&quot;:{&quot;size&quot;:150,&quot;unit&quot;:&quot;px&quot;},&quot;separatorHeight&quot;:&quot;&quot;,&quot;unfoldDuration&quot;:{&quot;unit&quot;:&quot;ms&quot;,&quot;size&quot;:500,&quot;sizes&quot;:[]},&quot;foldDuration&quot;:{&quot;unit&quot;:&quot;ms&quot;,&quot;size&quot;:500,&quot;sizes&quot;:[]},&quot;unfoldEasing&quot;:&quot;easeInOutSine&quot;,&quot;foldEasing&quot;:&quot;easeInOutSine&quot;,&quot;foldScrolling&quot;:&quot;true&quot;,&quot;hideOutsideClick&quot;:&quot;false&quot;,&quot;autoHide&quot;:&quot;false&quot;,&quot;autoHideTime&quot;:&quot;&quot;,&quot;foldScrollOffset&quot;:{&quot;unit&quot;:&quot;px&quot;,&quot;size&quot;:0,&quot;sizes&quot;:[]}}\">\n\t\t\t<div class=\"jet-unfold__inner\">\n\t\t\t\t<div class=\"jet-unfold__mask\">\n\t\t\t\t\t<div class=\"jet-unfold__content\">\n\t\t\t\t\t\t<div class=\"jet-unfold__content-inner elementor-text-editor elementor-clearfix\"><p>Madre di quattro figli, contadina e residente in un comune romancio della Bassa Engadina, Aita Zanetti si impegna a favore delle opportunit\u00e0 educative di bambine, bambini e giovani della valle. \u00abLe allieve e gli allievi dovrebbero avere opportunit\u00e0 di formazione pari a quelle di bambine e bambini che vivono in citt\u00e0. Ci\u00f2 richiede insegnanti ben formati, motivati e innovativi. Essi rappresentano un supporto importante per l\u2019ulteriore sviluppo di bambine e bambini, ma soprattutto fanno parte delle fondamenta del settore formativo per la regione. Senza buone fondamenta non si pu\u00f2 costruire alcun edificio e senza strutture formative adeguate queste fondamenta non possono essere rafforzate\u00bb, afferma la deputata al Gran Consiglio, ex presidente del Consiglio e sindaca di Scuol. Dall\u2019estate del 2022 Aita Zanetti \u00e8 membro del Consiglio direttivo dell\u2019Alta scuola pedagogica dei Grigioni ed \u00e8 quindi corresponsabile dell\u2019orientamento strategico dell\u2019istituzione. In seno al Consiglio direttivo, si considera una donna che assume una prospettiva esterna, senza aver avuto finora alcun contatto diretto con l\u2019istituzione.<\/p><\/div>\n\t\t\t\t\t<\/div>\n\t\t\t\t\t<div class=\"jet-unfold__separator\"><\/div>\n\t\t\t\t<\/div>\n\t\t\t\t<div class=\"jet-unfold__trigger\"><div class=\"jet-unfold__button elementor-button elementor-size-md\" href=\"#\" data-unfold-text=\"mostra di pi\u00f9\" data-fold-text=\"mostra meno\" data-fold-icon=\"&lt;i aria-hidden=&quot;true&quot; class=&quot;fas fa-chevron-up&quot;&gt;&lt;\/i&gt;\" data-unfold-icon=\"&lt;i aria-hidden=&quot;true&quot; class=&quot;fas fa-chevron-down&quot;&gt;&lt;\/i&gt;\" tabindex=\"0\" role=\"button\"><span class=\"jet-unfold__button-icon jet-tricks-icon\"><i aria-hidden=\"true\" class=\"fas fa-chevron-down\"><\/i><\/span><span class=\"jet-unfold__button-text\">mostra di pi\u00f9<\/span><\/div>\t\t\t\t<\/div>\n\t\t\t<\/div>\n\t\t<\/div>\n\t\t\t\t\t\t<\/div>\n\t\t\t\t<\/div>\n\t\t\t\t<div class=\"elementor-element elementor-element-f447d92 elementor-widget-divider--view-line elementor-widget elementor-widget-divider\" data-id=\"f447d92\" data-element_type=\"widget\" data-widget_type=\"divider.default\">\n\t\t\t\t<div class=\"elementor-widget-container\">\n\t\t\t\t\t\t\t<div class=\"elementor-divider\">\n\t\t\t<span class=\"elementor-divider-separator\">\n\t\t\t\t\t\t<\/span>\n\t\t<\/div>\n\t\t\t\t\t\t<\/div>\n\t\t\t\t<\/div>\n\t\t\t\t\t<\/div>\n\t\t<\/div>\n\t\t\t\t\t<\/div>\n\t\t<\/section>\n\t\t\t\t<section class=\"elementor-section elementor-top-section elementor-element elementor-element-c88dfa2 elementor-section-boxed elementor-section-height-default elementor-section-height-default\" data-id=\"c88dfa2\" data-element_type=\"section\" data-settings=\"{&quot;jet_parallax_layout_list&quot;:[]}\">\n\t\t\t\t\t\t<div class=\"elementor-container elementor-column-gap-default\">\n\t\t\t\t\t<div class=\"elementor-column elementor-col-100 elementor-top-column elementor-element elementor-element-2125586\" data-id=\"2125586\" data-element_type=\"column\">\n\t\t\t<div class=\"elementor-widget-wrap elementor-element-populated\">\n\t\t\t\t\t\t<div class=\"elementor-element elementor-element-ff8afe2 elementor-widget elementor-widget-heading\" data-id=\"ff8afe2\" data-element_type=\"widget\" id=\"subtitle-underline\" data-widget_type=\"heading.default\">\n\t\t\t\t<div class=\"elementor-widget-container\">\n\t\t\t\t\t<h3 class=\"elementor-heading-title elementor-size-default\">La nostra direzione<\/h3>\t\t\t\t<\/div>\n\t\t\t\t<\/div>\n\t\t\t\t\t<\/div>\n\t\t<\/div>\n\t\t\t\t\t<\/div>\n\t\t<\/section>\n\t\t\t\t<section class=\"elementor-section elementor-top-section elementor-element elementor-element-3072096 elementor-section-boxed elementor-section-height-default elementor-section-height-default\" data-id=\"3072096\" data-element_type=\"section\" data-settings=\"{&quot;jet_parallax_layout_list&quot;:[]}\">\n\t\t\t\t\t\t<div class=\"elementor-container elementor-column-gap-default\">\n\t\t\t\t\t<div class=\"elementor-column elementor-col-100 elementor-top-column elementor-element elementor-element-a6d10fd\" data-id=\"a6d10fd\" data-element_type=\"column\">\n\t\t\t<div class=\"elementor-widget-wrap elementor-element-populated\">\n\t\t\t\t\t\t<div class=\"elementor-element elementor-element-1fec1c7 elementor-widget elementor-widget-image\" data-id=\"1fec1c7\" data-element_type=\"widget\" data-widget_type=\"image.default\">\n\t\t\t\t<div class=\"elementor-widget-container\">\n\t\t\t\t\t\t\t\t\t\t\t\t<figure class=\"wp-caption\">\n\t\t\t\t\t\t\t\t\t\t\t<a href=\"https:\/\/jahresberichte.phgr.ch\/2023\/wp-content\/uploads\/2024\/02\/phgr-hochschulleitung-mitglieder-gruppenbild.jpg\" data-elementor-open-lightbox=\"yes\" data-elementor-lightbox-title=\"phgr-hochschulleitung-mitglieder-gruppenbild.jpg\" data-e-action-hash=\"#elementor-action%3Aaction%3Dlightbox%26settings%3DeyJpZCI6NTYzMiwidXJsIjoiaHR0cHM6XC9cL2phaHJlc2JlcmljaHRlLnBoZ3IuY2hcLzIwMjNcL3dwLWNvbnRlbnRcL3VwbG9hZHNcL3NpdGVzXC8zXC8yMDI0XC8wMlwvcGhnci1ob2Noc2NodWxsZWl0dW5nLW1pdGdsaWVkZXItZ3J1cHBlbmJpbGQuanBnIn0%3D\">\n\t\t\t\t\t\t\t<img loading=\"lazy\" decoding=\"async\" width=\"2160\" height=\"1102\" src=\"https:\/\/jahresberichte.phgr.ch\/2023\/wp-content\/uploads\/sites\/3\/2024\/02\/phgr-hochschulleitung-mitglieder-gruppenbild.jpg\" class=\"attachment-large size-large wp-image-5632\" alt=\"\" srcset=\"https:\/\/jahresberichte.phgr.ch\/2023\/wp-content\/uploads\/sites\/3\/2024\/02\/phgr-hochschulleitung-mitglieder-gruppenbild.jpg 2160w, https:\/\/jahresberichte.phgr.ch\/2023\/wp-content\/uploads\/sites\/3\/2024\/02\/phgr-hochschulleitung-mitglieder-gruppenbild-768x392.jpg 768w, https:\/\/jahresberichte.phgr.ch\/2023\/wp-content\/uploads\/sites\/3\/2024\/02\/phgr-hochschulleitung-mitglieder-gruppenbild-1536x784.jpg 1536w, https:\/\/jahresberichte.phgr.ch\/2023\/wp-content\/uploads\/sites\/3\/2024\/02\/phgr-hochschulleitung-mitglieder-gruppenbild-2048x1045.jpg 2048w\" sizes=\"(max-width: 2160px) 100vw, 2160px\" \/>\t\t\t\t\t\t\t\t<\/a>\n\t\t\t\t\t\t\t\t\t\t\t<figcaption class=\"widget-image-caption wp-caption-text\">Da sinistra a destra: dr. Reto Givel (prorettore Formazione), dr.ssa Silvia Deplazes (prorettrice Formazione continua e servizi), prof. dr. Gian-Paolo Curcio (rettore), prof. dr. Albert D\u00fcggeli (prorettore Ricerca e sviluppo), Dinesh Rajakaruna (responsabile amministrativo)<\/figcaption>\n\t\t\t\t\t\t\t\t\t\t<\/figure>\n\t\t\t\t\t\t\t\t\t<\/div>\n\t\t\t\t<\/div>\n\t\t\t\t\t<\/div>\n\t\t<\/div>\n\t\t\t\t\t<\/div>\n\t\t<\/section>\n\t\t\t\t<section class=\"elementor-section elementor-top-section elementor-element elementor-element-1fdd595 elementor-section-boxed elementor-section-height-default elementor-section-height-default\" data-id=\"1fdd595\" data-element_type=\"section\" data-settings=\"{&quot;jet_parallax_layout_list&quot;:[]}\">\n\t\t\t\t\t\t<div class=\"elementor-container elementor-column-gap-default\">\n\t\t\t\t\t<div class=\"elementor-column elementor-col-100 elementor-top-column elementor-element elementor-element-3a7d3d1\" data-id=\"3a7d3d1\" data-element_type=\"column\">\n\t\t\t<div class=\"elementor-widget-wrap elementor-element-populated\">\n\t\t\t\t\t\t<div class=\"elementor-element elementor-element-a2ad550 elementor-widget elementor-widget-heading\" data-id=\"a2ad550\" data-element_type=\"widget\" id=\"subtitle-underline\" data-widget_type=\"heading.default\">\n\t\t\t\t<div class=\"elementor-widget-container\">\n\t\t\t\t\t<h3 class=\"elementor-heading-title elementor-size-default\">I membri della nostra scuola universitaria<\/h3>\t\t\t\t<\/div>\n\t\t\t\t<\/div>\n\t\t\t\t\t<\/div>\n\t\t<\/div>\n\t\t\t\t\t<\/div>\n\t\t<\/section>\n\t\t\t\t<section class=\"elementor-section elementor-top-section elementor-element elementor-element-355bc8b elementor-section-boxed elementor-section-height-default elementor-section-height-default\" data-id=\"355bc8b\" data-element_type=\"section\" data-settings=\"{&quot;jet_parallax_layout_list&quot;:[{&quot;_id&quot;:&quot;2f27608&quot;,&quot;jet_parallax_layout_image&quot;:{&quot;url&quot;:&quot;&quot;,&quot;id&quot;:&quot;&quot;,&quot;size&quot;:&quot;&quot;},&quot;jet_parallax_layout_image_tablet&quot;:{&quot;url&quot;:&quot;&quot;,&quot;id&quot;:&quot;&quot;,&quot;size&quot;:&quot;&quot;},&quot;jet_parallax_layout_image_mobile&quot;:{&quot;url&quot;:&quot;&quot;,&quot;id&quot;:&quot;&quot;,&quot;size&quot;:&quot;&quot;},&quot;jet_parallax_layout_speed&quot;:{&quot;unit&quot;:&quot;%&quot;,&quot;size&quot;:50,&quot;sizes&quot;:[]},&quot;jet_parallax_layout_type&quot;:&quot;scroll&quot;,&quot;jet_parallax_layout_direction&quot;:null,&quot;jet_parallax_layout_fx_direction&quot;:null,&quot;jet_parallax_layout_z_index&quot;:&quot;&quot;,&quot;jet_parallax_layout_bg_x&quot;:50,&quot;jet_parallax_layout_bg_x_tablet&quot;:&quot;&quot;,&quot;jet_parallax_layout_bg_x_mobile&quot;:&quot;&quot;,&quot;jet_parallax_layout_bg_y&quot;:50,&quot;jet_parallax_layout_bg_y_tablet&quot;:&quot;&quot;,&quot;jet_parallax_layout_bg_y_mobile&quot;:&quot;&quot;,&quot;jet_parallax_layout_bg_size&quot;:&quot;auto&quot;,&quot;jet_parallax_layout_bg_size_tablet&quot;:&quot;&quot;,&quot;jet_parallax_layout_bg_size_mobile&quot;:&quot;&quot;,&quot;jet_parallax_layout_animation_prop&quot;:&quot;transform&quot;,&quot;jet_parallax_layout_on&quot;:[&quot;desktop&quot;,&quot;tablet&quot;]}]}\">\n\t\t\t\t\t\t<div class=\"elementor-container elementor-column-gap-default\">\n\t\t\t\t\t<div class=\"elementor-column elementor-col-100 elementor-top-column elementor-element elementor-element-112f8ef\" data-id=\"112f8ef\" data-element_type=\"column\">\n\t\t\t<div class=\"elementor-widget-wrap elementor-element-populated\">\n\t\t\t\t\t\t<div class=\"elementor-element elementor-element-7c837eb elementor-widget elementor-widget-jet-accordion\" data-id=\"7c837eb\" data-element_type=\"widget\" data-widget_type=\"jet-accordion.default\">\n\t\t\t\t<div class=\"elementor-widget-container\">\n\t\t\t\t\t\t\t<div class=\"jet-accordion\" data-settings=\"{&quot;collapsible&quot;:false,&quot;ajaxTemplate&quot;:false,&quot;switchScrolling&quot;:false,&quot;switchScrollingOffset&quot;:0,&quot;switchScrollingDelay&quot;:500}\">\n\t\t\t<div class=\"jet-accordion__inner\">\n\t\t\t\t<div class=\"jet-accordion__item jet-toggle jet-toggle-move-up-effect \">\n\t\t\t\t\t\t\t<div id=\"jet-toggle-control-1301\" class=\"jet-toggle__control elementor-menu-anchor\" data-toggle=\"1\" role=\"button\" tabindex=\"0\" aria-controls=\"jet-toggle-content-1301\" aria-expanded=\"false\" data-template-id=\"false\">\n\t\t\t\t\t\t\t\t<div class=\"jet-toggle__label-icon jet-toggle-icon-position-right\"><span class=\"jet-toggle__icon icon-normal jet-tabs-icon\"><svg xmlns=\"http:\/\/www.w3.org\/2000\/svg\" id=\"a\" width=\"22.98\" height=\"13.26\" viewBox=\"0 0 22.98 13.26\"><polygon points=\"11.49 13.26 0 1.77 1.77 0 11.49 9.72 21.21 0 22.98 1.77 11.49 13.26\"><\/polygon><\/svg><\/span><span class=\"jet-toggle__icon icon-active jet-tabs-icon\"><svg xmlns=\"http:\/\/www.w3.org\/2000\/svg\" id=\"a\" width=\"22.98\" height=\"13.26\" viewBox=\"0 0 22.98 13.26\"><polygon points=\"11.49 0 22.98 11.49 21.21 13.26 11.49 3.54 1.77 13.26 0 11.49 11.49 0\"><\/polygon><\/svg><\/span><\/div><p class=\"jet-toggle__label-text\">Rettore e staff del rettorato<\/p>\t\t\t\t\t\t\t<\/div>\n\t\t\t\t\t\t\t<div id=\"jet-toggle-content-1301\" class=\"jet-toggle__content\" data-toggle=\"1\" role=\"region\" data-template-id=\"false\">\n\t\t\t\t\t\t\t\t<div class=\"jet-toggle__content-inner\"><p>Prof. Dr. Gian-Paolo Curcio, Rektor<\/p><p>Flurina Andriuet, Wissenschaftliche Mitarbeiterin II<\/p><p>Fabiana Calsolaro, Wissenschaftliche Mitarbeiterin II<\/p><p>Valeria Di Guardia, Sachbearbeiterin Hochschulrat &amp; Rektorat<\/p><p>Germaine Hiltbrunner, Leiterin Kommunikation &amp; Marketing<\/p><p>Andreas Hofm\u00e4nner, Wissenschaftlicher Mitarbeiter I, als Junior Marketingmanager (ab 01.04.2023)<\/p><p>Irina Lutz, Leiterin Stabsstelle Kantonssprachen<\/p><p>Dr. Marthe Solleder, Leiterin Hochschulentwicklung &amp; Qualit\u00e4tsmanagement<\/p><p>Ivana Vezzola Cerpelloni, Leiterin Stabsstelle Kantonssprachen<\/p><p>Fabienne Welte, Leiterin Akademische Projekte (bis 31.03.2023)<\/p><\/div>\n\t\t\t\t\t\t\t<\/div>\n\t\t\t\t\t\t<\/div><div class=\"jet-accordion__item jet-toggle jet-toggle-move-up-effect \">\n\t\t\t\t\t\t\t<div id=\"jet-toggle-control-1302\" class=\"jet-toggle__control elementor-menu-anchor\" data-toggle=\"2\" role=\"button\" tabindex=\"0\" aria-controls=\"jet-toggle-content-1302\" aria-expanded=\"false\" data-template-id=\"false\">\n\t\t\t\t\t\t\t\t<div class=\"jet-toggle__label-icon jet-toggle-icon-position-right\"><span class=\"jet-toggle__icon icon-normal jet-tabs-icon\"><svg xmlns=\"http:\/\/www.w3.org\/2000\/svg\" id=\"a\" width=\"22.98\" height=\"13.26\" viewBox=\"0 0 22.98 13.26\"><polygon points=\"11.49 13.26 0 1.77 1.77 0 11.49 9.72 21.21 0 22.98 1.77 11.49 13.26\"><\/polygon><\/svg><\/span><span class=\"jet-toggle__icon icon-active jet-tabs-icon\"><svg xmlns=\"http:\/\/www.w3.org\/2000\/svg\" id=\"a\" width=\"22.98\" height=\"13.26\" viewBox=\"0 0 22.98 13.26\"><polygon points=\"11.49 0 22.98 11.49 21.21 13.26 11.49 3.54 1.77 13.26 0 11.49 11.49 0\"><\/polygon><\/svg><\/span><\/div><p class=\"jet-toggle__label-text\">Prorettorato Formazione<\/p>\t\t\t\t\t\t\t<\/div>\n\t\t\t\t\t\t\t<div id=\"jet-toggle-content-1302\" class=\"jet-toggle__content\" data-toggle=\"2\" role=\"region\" data-template-id=\"false\">\n\t\t\t\t\t\t\t\t<div class=\"jet-toggle__content-inner\"><p>Dr. Reto Givel, Prorektor Ausbildung<\/p><p>Lukas Bardill, Dozent<\/p><p>Barbara Beer, Dozentin<\/p><p>Sabine Bietenhader, Dozentin<\/p><p>Nadia Bignasca, Dozentin (ab 01.08.2023)<\/p><p>Esther Bl\u00e4si-Huber, Dozentin<\/p><p>Reto Cadosch, Dozent<\/p><p>Dr. Mart\u00edn Camenisch, Dozent<\/p><p>Ines Camenisch-Dalbert, Dozentin<\/p><p>Francesca Cangemi von Aarburg, Dozentin<\/p><p>Paolo Capelli, Dozent<\/p><p>Dr. Claudia Carroll, Dozentin<\/p><p>Dr. Franca Caspani Menghini, Studiengangsleiterin Primarstufe<\/p><p>Anna Lisa Cathomas Cabernard, Dozentin<\/p><p>Petra Chiavaro-J\u00f6rg, Dozentin<\/p><p>Sandra Crameri Grosjean, Dozentin<\/p><p>Dr. Jutta D\u00e4mmer, Dozentin (ab 01.08.2023)<\/p><p>Annatina Dermont, Dozentin<\/p><p>Justina Derungs Gaudenz, Dozentin<\/p><p>Menga Dolf, Dozentin<\/p><p>Linda Frigg, Wissenschaftliche Mitarbeiterin II<\/p><p>Simone Marion Furter, Dozentin (ab 01.08.2023)<\/p><p>Martin Gehrig, Dozent<\/p><p>Gabriela Gerber Bardill, Dozentin<\/p><p>Luca Godenzi, Dozent<\/p><p>Arianna Guerini Magni, Dozentin<\/p><p>Men Gustin, Spartenleiter Berufspraktische Ausbildung<\/p><p>Rosmarie Haueter, Dozentin<\/p><p>Urs Hauser, Dozent (ab 01.08.2023)<\/p><p>Evelyne Jacober, Dozentin<\/p><p>Margret J\u00e4ger, Wissenschaftliche Mitarbeiterin II<\/p><p>Dominik J\u00f6rg, Dozent<\/p><p>Tanja Jud Furrer, Dozentin<\/p><p>Martin Jud-Deplazes, Dozent<\/p><p>Flurina Kaufmann, Dozentin<\/p><p>Katarzyna Ke, Dozentin<\/p><p>Hans Kessler, Dozent<\/p><p>Dr. Petra Klingenstein, Spartenleiterin Bereich Mathematik und NMG<\/p><p>Nicole Koller, Dozentin<\/p><p>Esther Kr\u00e4ttli Jenny, Spartenleiterin Bereich Sprachen<\/p><p>Ursula Lendi Meier, Dozentin<\/p><p>Pascal L\u00fctscher, Dozent<\/p><p>Judith Meier Eckert, Dozentin<\/p><p>Cornelia Meier Eckstein, Spartenleiterin Bereich Gestalten, Sport und Musik<\/p><p>Jeannette Meier Valer, Dozentin<\/p><p>Luigi Menghini, Dozent<\/p><p>Ursina Michel, Dozentin<\/p><p>Dr. Stefan Niedermann, Spartenleiter Bereich Erziehungswissenschaften<\/p><p>Alexandra Peterelli, Dozentin<\/p><p>Rico Puchegger, Dozent<\/p><p>Anja Putzi, Dozentin<\/p><p>Andy Reich, Dozent<\/p><p>Ren\u00e9 Reinhardt, Studiengangsleiter Primarstufe<\/p><p>Christina Riesch, Dozentin<\/p><p>Dr. Prisca Roth Dazzi, Dozentin<\/p><p>Philipp Salzmann, Dozent<\/p><p>Karin Schmid, Dozentin<\/p><p>Dr. Harald Schneider, Dozent (bis 31.07.2023)<\/p><p>Georgina Schneller, Dozentin<\/p><p>Dr. Bigna Sommer-Sutter, Dozentin<\/p><p>Dr. Andreas Steing\u00f6tter, Dozent<\/p><p>Manuela Steuble, Dozentin (ab 01.08.2023)<\/p><p>Stephan Thomas, Dozent<\/p><p>Sonja Tr\u00fcmpi, Dozentin (ab 01.08.2023)<\/p><p>Dominic Vetsch, Wissenschaftlicher Mitarbeiter II<\/p><p>Dr. Christina vom Brocke, Dozentin<\/p><p>Francine Walser, Wissenschaftliche Mitarbeiterin I<\/p><p>Nino Waser, Dozent (ab 01.08.2023)<\/p><p>Rahel Jane Wellauer, Dozentin<\/p><p>Thomas Willi, Studiengangsleiter Sekundarstufe<\/p><p>Dr. Alexandra Zaugg, Dozentin<\/p><\/div>\n\t\t\t\t\t\t\t<\/div>\n\t\t\t\t\t\t<\/div><div class=\"jet-accordion__item jet-toggle jet-toggle-move-up-effect \">\n\t\t\t\t\t\t\t<div id=\"jet-toggle-control-1303\" class=\"jet-toggle__control elementor-menu-anchor\" data-toggle=\"3\" role=\"button\" tabindex=\"0\" aria-controls=\"jet-toggle-content-1303\" aria-expanded=\"false\" data-template-id=\"false\">\n\t\t\t\t\t\t\t\t<div class=\"jet-toggle__label-icon jet-toggle-icon-position-right\"><span class=\"jet-toggle__icon icon-normal jet-tabs-icon\"><svg xmlns=\"http:\/\/www.w3.org\/2000\/svg\" id=\"a\" width=\"22.98\" height=\"13.26\" viewBox=\"0 0 22.98 13.26\"><polygon points=\"11.49 13.26 0 1.77 1.77 0 11.49 9.72 21.21 0 22.98 1.77 11.49 13.26\"><\/polygon><\/svg><\/span><span class=\"jet-toggle__icon icon-active jet-tabs-icon\"><svg xmlns=\"http:\/\/www.w3.org\/2000\/svg\" id=\"a\" width=\"22.98\" height=\"13.26\" viewBox=\"0 0 22.98 13.26\"><polygon points=\"11.49 0 22.98 11.49 21.21 13.26 11.49 3.54 1.77 13.26 0 11.49 11.49 0\"><\/polygon><\/svg><\/span><\/div><p class=\"jet-toggle__label-text\">Prorettorato Formazione continua e servizi<\/p>\t\t\t\t\t\t\t<\/div>\n\t\t\t\t\t\t\t<div id=\"jet-toggle-content-1303\" class=\"jet-toggle__content\" data-toggle=\"3\" role=\"region\" data-template-id=\"false\">\n\t\t\t\t\t\t\t\t<div class=\"jet-toggle__content-inner\"><p>Dr. Silvia Deplazes, Prorektorin Weiterbildung und Dienstleistung<\/p><p>Barbara Caluori, Wissenschaftliche Mitarbeiterin II<\/p><p>David Halser, Wissenschaftlicher Mitarbeiter III<\/p><p>Tina Hitz-Strahm, Wissenschaftliche Mitarbeiterin I<\/p><p>Lilian Ladner, Wissenschaftliche Mitarbeiterin III, als Leiterin Fachstelle MINT<\/p><p>Karin Lutz-Bommer, Leiterin Kurse und Lehrg\u00e4nge<\/p><p>Dr. Melike \u00d6merogullari, Wissenschaftliche Mitarbeiterin II (ab 01.01.2023)<\/p><p>Tanja Schnoz-Schmied, Wissenschaftliche Mitarbeiterin III, als Leiterin Fachstelle Evaluation<\/p><p>Arno Ulber, Studiengangsleiter Master Schulische Heilp\u00e4dagogik<\/p><\/div>\n\t\t\t\t\t\t\t<\/div>\n\t\t\t\t\t\t<\/div><div class=\"jet-accordion__item jet-toggle jet-toggle-move-up-effect \">\n\t\t\t\t\t\t\t<div id=\"jet-toggle-control-1304\" class=\"jet-toggle__control elementor-menu-anchor\" data-toggle=\"4\" role=\"button\" tabindex=\"0\" aria-controls=\"jet-toggle-content-1304\" aria-expanded=\"false\" data-template-id=\"false\">\n\t\t\t\t\t\t\t\t<div class=\"jet-toggle__label-icon jet-toggle-icon-position-right\"><span class=\"jet-toggle__icon icon-normal jet-tabs-icon\"><svg xmlns=\"http:\/\/www.w3.org\/2000\/svg\" id=\"a\" width=\"22.98\" height=\"13.26\" viewBox=\"0 0 22.98 13.26\"><polygon points=\"11.49 13.26 0 1.77 1.77 0 11.49 9.72 21.21 0 22.98 1.77 11.49 13.26\"><\/polygon><\/svg><\/span><span class=\"jet-toggle__icon icon-active jet-tabs-icon\"><svg xmlns=\"http:\/\/www.w3.org\/2000\/svg\" id=\"a\" width=\"22.98\" height=\"13.26\" viewBox=\"0 0 22.98 13.26\"><polygon points=\"11.49 0 22.98 11.49 21.21 13.26 11.49 3.54 1.77 13.26 0 11.49 11.49 0\"><\/polygon><\/svg><\/span><\/div><p class=\"jet-toggle__label-text\">Prorettorato Ricerca e sviluppo<\/p>\t\t\t\t\t\t\t<\/div>\n\t\t\t\t\t\t\t<div id=\"jet-toggle-content-1304\" class=\"jet-toggle__content\" data-toggle=\"4\" role=\"region\" data-template-id=\"false\">\n\t\t\t\t\t\t\t\t<div class=\"jet-toggle__content-inner\"><p>Prof. Dr. Albert D\u00fcggeli, Prorektor Forschung und Entwicklung<\/p><p>Bernadette Arpagaus, Wissenschaftliche Mitarbeiterin I<\/p><p>Dr. Giulia Berchio, Wissenschaftliche Mitarbeiterin III<\/p><p>Dominique Caglia, Wissenschaftliche Mitarbeiterin II<\/p><p>Prof. Dr. Rico Cathomas, Leiter Professur IMD R\u00e4toromanisch<\/p><p>Stefania Crameri, Wissenschaftliche Mitarbeiterin II<\/p><p>Dragana Damjanovic, Wissenschaftliche Mitarbeiterin I<\/p><p>Ricarda Florineth, Wissenschaftliche Mitarbeiterin II<\/p><p>Alberto Giudici, Wissenschaftlicher Mitarbeiter III<\/p><p>Dr. Andreas Imhof, Wissenschaftlicher Mitarbeiter III<\/p><p>Dr. Ursina Kerle, Wissenschaftliche Mitarbeiterin III<\/p><p>Valeria Manna, Wissenschaftliche Mitarbeiterin II<\/p><p>Alexandra Maximova, Wissenschaftliche Mitarbeiterin II (bis 31.07.2023)<\/p><p>Dr. Sog Yee Mok, Wissenschaftliche Mitarbeiterin III (ab 01.01.2023)<\/p><p>Dr. Maria Chiara Moskopf, Wissenschaftliche Mitarbeiterin III<\/p><p>Alina M\u00fcller, Wissenschaftliche Mitarbeiterin I (bis 31.07.2023)<\/p><p>Dr. Susanne Oberholzer, Wissenschaftliche Mitarbeiterin III (bis 31.12.2023)<\/p><p>Sabrina Sala, Wissenschaftliche Mitarbeiterin II (bis 28.02.2023)<\/p><p>Prof. Dr. Francesca Suter, Leiterin Professur Erziehungswissenschaften<\/p><p>Prof. Dr. Vincenzo Todisco, Leiter Professur IMD Italienisch<\/p><\/div>\n\t\t\t\t\t\t\t<\/div>\n\t\t\t\t\t\t<\/div><div class=\"jet-accordion__item jet-toggle jet-toggle-move-up-effect \">\n\t\t\t\t\t\t\t<div id=\"jet-toggle-control-1305\" class=\"jet-toggle__control elementor-menu-anchor\" data-toggle=\"5\" role=\"button\" tabindex=\"0\" aria-controls=\"jet-toggle-content-1305\" aria-expanded=\"false\" data-template-id=\"false\">\n\t\t\t\t\t\t\t\t<div class=\"jet-toggle__label-icon jet-toggle-icon-position-right\"><span class=\"jet-toggle__icon icon-normal jet-tabs-icon\"><svg xmlns=\"http:\/\/www.w3.org\/2000\/svg\" id=\"a\" width=\"22.98\" height=\"13.26\" viewBox=\"0 0 22.98 13.26\"><polygon points=\"11.49 13.26 0 1.77 1.77 0 11.49 9.72 21.21 0 22.98 1.77 11.49 13.26\"><\/polygon><\/svg><\/span><span class=\"jet-toggle__icon icon-active jet-tabs-icon\"><svg xmlns=\"http:\/\/www.w3.org\/2000\/svg\" id=\"a\" width=\"22.98\" height=\"13.26\" viewBox=\"0 0 22.98 13.26\"><polygon points=\"11.49 0 22.98 11.49 21.21 13.26 11.49 3.54 1.77 13.26 0 11.49 11.49 0\"><\/polygon><\/svg><\/span><\/div><p class=\"jet-toggle__label-text\">Amministrazione<\/p>\t\t\t\t\t\t\t<\/div>\n\t\t\t\t\t\t\t<div id=\"jet-toggle-content-1305\" class=\"jet-toggle__content\" data-toggle=\"5\" role=\"region\" data-template-id=\"false\">\n\t\t\t\t\t\t\t\t<div class=\"jet-toggle__content-inner\"><p>Dinesh Rajakaruna, Verwaltungsdirektor<\/p><p>Iris Albertini, Sachbearbeiterin Sekretariat (ab 01.06.2023)<\/p><p>Awab Al Shaikhly, Lernender Informatik (bis 31.07.2023)<\/p><p>Aitana Barahona Silio, Lernende Sekretariat (ab 01.08.2023)<\/p><p>Jonas Bigger, Leiter Infrastruktur<\/p><p>Corsin Blumenthal, Projektmitarbeiter (bis 28.02.2023)<\/p><p>Fabio Capaul, Lernender Informatik<\/p><p>V\u00e9ronique Casanova, Sachbearbeiterin Personal<\/p><p>Claudia Caviezel Arpagaus, Sachbearbeiterin Sekretariat<\/p><p>Inglina Clal\u00fcna, Sachbearbeiterin Sekretariat<\/p><p>Riccardo Corazza, Projektleiter Informatik<\/p><p>Stefania Dalle Vedove-Th\u00f6ny, Sachbearbeiterin Sekretariat<\/p><p>Meltem Dincer, Mitarbeiterin Bibliothek (ab 01.03.2023)<\/p><p>D\u00f6ne Dogan, Mitarbeiterin Infrastruktur<\/p><p>Bernadette Guidon, Sachbearbeiterin Sekretariat<\/p><p>Alain Horst, Projektleiter Informatik<\/p><p>Alissia Iseli, Lernende Sekretariat<\/p><p>Konrad Jann, Projektleiter Informatik<\/p><p>Sung Hee Kim, Mitarbeiterin Bibliothek<\/p><p>Sonja Kindschi, Mitarbeiterin Bibliothek<\/p><p>Robert Kotschmar, Leiter Finanzen &amp; Controlling (ab 01.03.2023)<\/p><p>Karin Marquart, Sachbearbeiterin Finanzen<\/p><p>Julia Mettier, Sachbearbeiterin Sekretariat (bis 31.01.2023)<\/p><p>Monika Sartori, Mitarbeiterin Bibliothek<\/p><p>Andr\u00e9 Schmid, Projektmitarbeiter Informatik<\/p><p>Mario Schmidt, ICT-Supporter (ab 01.05.2023)<\/p><p>Gabriela Schneider, Leiterin Bibliothek<\/p><p>Elvira Sinha-Willi, Leiterin Sekretariat (bis 31.07.2023)<\/p><p>Nadia Starcevic, Lernende Informatik<\/p><p>Ruth Steiner, Projektleiterin Payroll\/Sozialversicherungen &amp; HR-Fachfrau Services (ab 01.06.2023)<\/p><p>Simona Tettamanti, Lernende Bibliothek (bis 31.07.2023)<\/p><p>Thomas Wieling, Leiter Informatik<\/p><p>Silas Zahner, Projektmitarbeiter Informatik<\/p><p>Christina Zoanni-Bardill, Leiterin Personal<\/p><\/div>\n\t\t\t\t\t\t\t<\/div>\n\t\t\t\t\t\t<\/div>\t\t\t<\/div>\n\t\t<\/div>\n\t\t\t\t\t\t<\/div>\n\t\t\t\t<\/div>\n\t\t\t\t\t<\/div>\n\t\t<\/div>\n\t\t\t\t\t<\/div>\n\t\t<\/section>\n\t\t\t\t<section class=\"elementor-section elementor-top-section elementor-element elementor-element-26c40fb elementor-section-boxed elementor-section-height-default elementor-section-height-default\" data-id=\"26c40fb\" data-element_type=\"section\" data-settings=\"{&quot;jet_parallax_layout_list&quot;:[],&quot;background_background&quot;:&quot;classic&quot;}\">\n\t\t\t\t\t\t<div class=\"elementor-container elementor-column-gap-default\">\n\t\t\t\t\t<div class=\"elementor-column elementor-col-100 elementor-top-column elementor-element elementor-element-98efe47\" data-id=\"98efe47\" data-element_type=\"column\">\n\t\t\t<div class=\"elementor-widget-wrap elementor-element-populated\">\n\t\t\t\t\t\t<div class=\"elementor-element elementor-element-025f017 elementor-widget elementor-widget-heading\" data-id=\"025f017\" data-element_type=\"widget\" id=\"subtitle-underline\" data-widget_type=\"heading.default\">\n\t\t\t\t<div class=\"elementor-widget-container\">\n\t\t\t\t\t<h3 class=\"elementor-heading-title elementor-size-default\">300 anni di esperienza professionale condivisa<\/h3>\t\t\t\t<\/div>\n\t\t\t\t<\/div>\n\t\t\t\t<div class=\"elementor-element elementor-element-51593f9 elementor-widget elementor-widget-text-editor\" data-id=\"51593f9\" data-element_type=\"widget\" data-widget_type=\"text-editor.default\">\n\t\t\t\t<div class=\"elementor-widget-container\">\n\t\t\t\t\t\t\t\t\t<p>16 di 134 collaboratrici e collaboratori totali hanno festeggiato il loro anniversario di servizio nel 2023. Insieme, possono vantare 300 anni di esperienza professionale.<\/p>\t\t\t\t\t\t\t\t<\/div>\n\t\t\t\t<\/div>\n\t\t\t\t<div class=\"elementor-element elementor-element-3c624cd elementor-widget elementor-widget-raven-button\" data-id=\"3c624cd\" data-element_type=\"widget\" data-settings=\"{&quot;turn_to_popup_action_button&quot;:&quot;no&quot;}\" data-widget_type=\"raven-button.default\">\n\t\t\t\t<div class=\"elementor-widget-container\">\n\t\t\t\t\t\t\t<div class=\"raven-widget-wrapper\">\n\t\t\t<a class=\"raven-button raven-button-widget-normal-effect-none  raven-button-text-align-left raven-button-link elementor-animation-none\" href=\"https:\/\/phgr.ch\/news\/300-jahre-gemeinsame-berufserfahrung\" target=\"_blank\">\t\t\t\t<div class=\"raven-button-overlay\" ><\/div>\n\t\t\t\t<span class=\"raven-button-content\">\n\t\t\t\t\t\n\t\t\t\t\t<div class=\"button-text-container\">\n\t\t\t\t\t\t\t\t\t\t\t\t<div class=\"raven-button-texts-wrapper\">\n\t\t\t\t\t\t\t<div class=\"button-text\">\n\t\t\t\t\t\t\t\t<span class=\"raven-button-text\">\n\t\t\t\t\t\t\t\t\tLe festeggiate e i festeggiati\t\t\t\t\t\t\t\t<\/span>\n\t\t\t\t\t\t\t<\/div>\n\t\t\t\t\t\t\t\t\t\t\t\t\t<\/div>\n\t\t\t\t\t\t\t\t\t<span class=\"raven-button-icon raven-button-icon-position-right\">\n\t\t\t\t<svg xmlns=\"http:\/\/www.w3.org\/2000\/svg\" id=\"a\" width=\"17.39\" height=\"12.4\" viewBox=\"0 0 17.39 12.4\"><polygon class=\"b\" points=\"11.31 0 9.89 1.4 13.64 5.23 0 5.23 0 7.23 13.58 7.23 9.89 11 11.31 12.4 17.39 6.2 11.31 0\"><\/polygon><\/svg>\t\t\t<\/span>\n\t\t\t\t\t\t\t<\/div>\n\t\t\t\t\t\n\t\t\t\t\t\t\t\t\t<\/span>\n\t\t\t<\/a>\t\t<\/div>\n\t\t\t\t\t\t<\/div>\n\t\t\t\t<\/div>\n\t\t\t\t\t<\/div>\n\t\t<\/div>\n\t\t\t\t\t<\/div>\n\t\t<\/section>\n\t\t\t\t<section class=\"elementor-section elementor-top-section elementor-element elementor-element-42c3f4e elementor-section-boxed elementor-section-height-default elementor-section-height-default\" data-id=\"42c3f4e\" data-element_type=\"section\" data-settings=\"{&quot;jet_parallax_layout_list&quot;:[{&quot;_id&quot;:&quot;d9c892f&quot;,&quot;jet_parallax_layout_image&quot;:{&quot;url&quot;:&quot;&quot;,&quot;id&quot;:&quot;&quot;,&quot;size&quot;:&quot;&quot;},&quot;jet_parallax_layout_image_tablet&quot;:{&quot;url&quot;:&quot;&quot;,&quot;id&quot;:&quot;&quot;,&quot;size&quot;:&quot;&quot;},&quot;jet_parallax_layout_image_mobile&quot;:{&quot;url&quot;:&quot;&quot;,&quot;id&quot;:&quot;&quot;,&quot;size&quot;:&quot;&quot;},&quot;jet_parallax_layout_speed&quot;:{&quot;unit&quot;:&quot;%&quot;,&quot;size&quot;:50,&quot;sizes&quot;:[]},&quot;jet_parallax_layout_type&quot;:&quot;scroll&quot;,&quot;jet_parallax_layout_direction&quot;:null,&quot;jet_parallax_layout_fx_direction&quot;:null,&quot;jet_parallax_layout_z_index&quot;:&quot;&quot;,&quot;jet_parallax_layout_bg_x&quot;:50,&quot;jet_parallax_layout_bg_x_tablet&quot;:&quot;&quot;,&quot;jet_parallax_layout_bg_x_mobile&quot;:&quot;&quot;,&quot;jet_parallax_layout_bg_y&quot;:50,&quot;jet_parallax_layout_bg_y_tablet&quot;:&quot;&quot;,&quot;jet_parallax_layout_bg_y_mobile&quot;:&quot;&quot;,&quot;jet_parallax_layout_bg_size&quot;:&quot;auto&quot;,&quot;jet_parallax_layout_bg_size_tablet&quot;:&quot;&quot;,&quot;jet_parallax_layout_bg_size_mobile&quot;:&quot;&quot;,&quot;jet_parallax_layout_animation_prop&quot;:&quot;transform&quot;,&quot;jet_parallax_layout_on&quot;:[&quot;desktop&quot;,&quot;tablet&quot;]}]}\">\n\t\t\t\t\t\t<div class=\"elementor-container elementor-column-gap-default\">\n\t\t\t\t\t<div class=\"elementor-column elementor-col-100 elementor-top-column elementor-element elementor-element-0058c09\" data-id=\"0058c09\" data-element_type=\"column\">\n\t\t\t<div class=\"elementor-widget-wrap elementor-element-populated\">\n\t\t\t\t\t\t<div class=\"elementor-element elementor-element-ed9b335 elementor-widget elementor-widget-template\" data-id=\"ed9b335\" data-element_type=\"widget\" data-widget_type=\"template.default\">\n\t\t\t\t<div class=\"elementor-widget-container\">\n\t\t\t\t\t\t\t<div class=\"elementor-template\">\n\t\t\t\t\t<div data-elementor-type=\"section\" data-elementor-id=\"3075\" class=\"elementor elementor-3075\" data-elementor-post-type=\"elementor_library\">\n\t\t\t<div class=\"elementor-element elementor-element-73eac0c e-flex e-con-boxed e-con e-parent\" data-id=\"73eac0c\" data-element_type=\"container\" data-settings=\"{&quot;jet_parallax_layout_list&quot;:[{&quot;_id&quot;:&quot;d9c892f&quot;,&quot;jet_parallax_layout_image&quot;:{&quot;url&quot;:&quot;&quot;,&quot;id&quot;:&quot;&quot;,&quot;size&quot;:&quot;&quot;},&quot;jet_parallax_layout_image_tablet&quot;:{&quot;url&quot;:&quot;&quot;,&quot;id&quot;:&quot;&quot;,&quot;size&quot;:&quot;&quot;},&quot;jet_parallax_layout_image_mobile&quot;:{&quot;url&quot;:&quot;&quot;,&quot;id&quot;:&quot;&quot;,&quot;size&quot;:&quot;&quot;},&quot;jet_parallax_layout_speed&quot;:{&quot;unit&quot;:&quot;%&quot;,&quot;size&quot;:50,&quot;sizes&quot;:[]},&quot;jet_parallax_layout_type&quot;:&quot;scroll&quot;,&quot;jet_parallax_layout_direction&quot;:null,&quot;jet_parallax_layout_fx_direction&quot;:null,&quot;jet_parallax_layout_z_index&quot;:&quot;&quot;,&quot;jet_parallax_layout_bg_x&quot;:50,&quot;jet_parallax_layout_bg_x_tablet&quot;:&quot;&quot;,&quot;jet_parallax_layout_bg_x_mobile&quot;:&quot;&quot;,&quot;jet_parallax_layout_bg_y&quot;:50,&quot;jet_parallax_layout_bg_y_tablet&quot;:&quot;&quot;,&quot;jet_parallax_layout_bg_y_mobile&quot;:&quot;&quot;,&quot;jet_parallax_layout_bg_size&quot;:&quot;auto&quot;,&quot;jet_parallax_layout_bg_size_tablet&quot;:&quot;&quot;,&quot;jet_parallax_layout_bg_size_mobile&quot;:&quot;&quot;,&quot;jet_parallax_layout_animation_prop&quot;:&quot;transform&quot;,&quot;jet_parallax_layout_on&quot;:[&quot;desktop&quot;,&quot;tablet&quot;]}]}\">\n\t\t\t\t\t<div class=\"e-con-inner\">\n\t\t<div class=\"elementor-element elementor-element-3c4e947 e-con-full e-flex e-con e-child\" data-id=\"3c4e947\" data-element_type=\"container\" data-settings=\"{&quot;jet_parallax_layout_list&quot;:[]}\">\n\t\t\t\t<div class=\"elementor-element elementor-element-34579af elementor-widget elementor-widget-spacer\" data-id=\"34579af\" data-element_type=\"widget\" data-widget_type=\"spacer.default\">\n\t\t\t\t<div class=\"elementor-widget-container\">\n\t\t\t\t\t\t\t<div class=\"elementor-spacer\">\n\t\t\t<div class=\"elementor-spacer-inner\"><\/div>\n\t\t<\/div>\n\t\t\t\t\t\t<\/div>\n\t\t\t\t<\/div>\n\t\t\t\t<div class=\"elementor-element elementor-element-40cffc9 elementor-widget elementor-widget-heading\" data-id=\"40cffc9\" data-element_type=\"widget\" data-widget_type=\"heading.default\">\n\t\t\t\t<div class=\"elementor-widget-container\">\n\t\t\t\t\t<p class=\"elementor-heading-title elementor-size-default\">Altri argomenti che potrebbero interessarvi<\/p>\t\t\t\t<\/div>\n\t\t\t\t<\/div>\n\t\t\t\t<div class=\"elementor-element elementor-element-6852d52 raven-hover-scale-up elementor-widget elementor-widget-raven-posts\" data-id=\"6852d52\" data-element_type=\"widget\" data-settings=\"{&quot;classic_columns&quot;:&quot;4&quot;,&quot;query_posts_per_page&quot;:4,&quot;_skin&quot;:&quot;classic&quot;,&quot;classic_layout&quot;:&quot;grid&quot;,&quot;classic_columns_tablet&quot;:&quot;2&quot;,&quot;classic_columns_mobile&quot;:&quot;1&quot;,&quot;query_offset&quot;:0}\" data-widget_type=\"raven-posts.classic\">\n\t\t\t\t<div class=\"elementor-widget-container\">\n\t\t\t\t\t\t\t<div class=\"raven-posts raven-grid raven-grid-4 raven-grid-mobile-1 raven-grid-tablet-2\" data-post-id=\"3075\" data-archive-query=\"\" data-lang=\"\">\n\t\t\t\t<div class=\"raven-grid-item raven-post-item post-5505 page type-page status-publish has-post-thumbnail hentry\">\n\t\t\t<div class=\"raven-post elementor-animation-grow\">\n\t\t\t\t\t\t<div class=\"raven-post-image-wrap\">\n\t\t\t<a class=\"raven-post-image raven-image-fit\" href=\"https:\/\/jahresberichte.phgr.ch\/2023\/rm\/prorectorats\/\"><img loading=\"lazy\" decoding=\"async\" width=\"1000\" height=\"1000\" src=\"https:\/\/jahresberichte.phgr.ch\/2023\/wp-content\/uploads\/sites\/3\/2024\/01\/phgr-jahresbericht-2023-weitere-themen-prorektorate.jpg\" class=\"attachment-large size-large wp-image-4971\" alt=\"\" srcset=\"https:\/\/jahresberichte.phgr.ch\/2023\/wp-content\/uploads\/sites\/3\/2024\/01\/phgr-jahresbericht-2023-weitere-themen-prorektorate.jpg 1000w, https:\/\/jahresberichte.phgr.ch\/2023\/wp-content\/uploads\/sites\/3\/2024\/01\/phgr-jahresbericht-2023-weitere-themen-prorektorate-768x768.jpg 768w, https:\/\/jahresberichte.phgr.ch\/2023\/wp-content\/uploads\/sites\/3\/2024\/01\/phgr-jahresbericht-2023-weitere-themen-prorektorate-500x500.jpg 500w\" sizes=\"(max-width: 1000px) 100vw, 1000px\" \/> <span class=\"raven-post-image-overlay\"><\/span><\/a>\t\t<\/div>\n\t\t\t\t\t\t<div class=\"raven-post-content\">\n\t\t\t\t\t<h3 class=\"raven-post-title\"><a class=\"raven-post-title-link\" href=\"https:\/\/jahresberichte.phgr.ch\/2023\/rm\/prorectorats\/\">Prorectorats<\/a><\/h3>\t\t\t\t<\/div>\n\t\t\t<\/div>\n\t\t<\/div>\n\t\t\t\t<div class=\"raven-grid-item raven-post-item post-5658 page type-page status-publish has-post-thumbnail hentry\">\n\t\t\t<div class=\"raven-post elementor-animation-grow\">\n\t\t\t\t\t\t<div class=\"raven-post-image-wrap\">\n\t\t\t<a class=\"raven-post-image raven-image-fit\" href=\"https:\/\/jahresberichte.phgr.ch\/2023\/rm\/sur-da-nus\/\"><img loading=\"lazy\" decoding=\"async\" width=\"1000\" height=\"1000\" src=\"https:\/\/jahresberichte.phgr.ch\/2023\/wp-content\/uploads\/sites\/3\/2024\/01\/phgr-jahresbericht-2023-weitere-themen-ueber-uns.jpg\" class=\"attachment-large size-large wp-image-4972\" alt=\"\" srcset=\"https:\/\/jahresberichte.phgr.ch\/2023\/wp-content\/uploads\/sites\/3\/2024\/01\/phgr-jahresbericht-2023-weitere-themen-ueber-uns.jpg 1000w, https:\/\/jahresberichte.phgr.ch\/2023\/wp-content\/uploads\/sites\/3\/2024\/01\/phgr-jahresbericht-2023-weitere-themen-ueber-uns-768x768.jpg 768w, https:\/\/jahresberichte.phgr.ch\/2023\/wp-content\/uploads\/sites\/3\/2024\/01\/phgr-jahresbericht-2023-weitere-themen-ueber-uns-500x500.jpg 500w\" sizes=\"(max-width: 1000px) 100vw, 1000px\" \/> <span class=\"raven-post-image-overlay\"><\/span><\/a>\t\t<\/div>\n\t\t\t\t\t\t<div class=\"raven-post-content\">\n\t\t\t\t\t<h3 class=\"raven-post-title\"><a class=\"raven-post-title-link\" href=\"https:\/\/jahresberichte.phgr.ch\/2023\/rm\/sur-da-nus\/\">Sur da nus<\/a><\/h3>\t\t\t\t<\/div>\n\t\t\t<\/div>\n\t\t<\/div>\n\t\t\t\t<div class=\"raven-grid-item raven-post-item post-5710 page type-page status-publish has-post-thumbnail hentry\">\n\t\t\t<div class=\"raven-post elementor-animation-grow\">\n\t\t\t\t\t\t<div class=\"raven-post-image-wrap\">\n\t\t\t<a class=\"raven-post-image raven-image-fit\" href=\"https:\/\/jahresberichte.phgr.ch\/2023\/rm\/eveniments-da-lonn\/\"><img loading=\"lazy\" decoding=\"async\" width=\"1000\" height=\"1000\" src=\"https:\/\/jahresberichte.phgr.ch\/2023\/wp-content\/uploads\/sites\/3\/2024\/02\/phgr-jahresbericht-2023-weitere-themen-ereignisse-des-jahres.jpg\" class=\"attachment-large size-large wp-image-5376\" alt=\"\" srcset=\"https:\/\/jahresberichte.phgr.ch\/2023\/wp-content\/uploads\/sites\/3\/2024\/02\/phgr-jahresbericht-2023-weitere-themen-ereignisse-des-jahres.jpg 1000w, https:\/\/jahresberichte.phgr.ch\/2023\/wp-content\/uploads\/sites\/3\/2024\/02\/phgr-jahresbericht-2023-weitere-themen-ereignisse-des-jahres-768x768.jpg 768w, https:\/\/jahresberichte.phgr.ch\/2023\/wp-content\/uploads\/sites\/3\/2024\/02\/phgr-jahresbericht-2023-weitere-themen-ereignisse-des-jahres-500x500.jpg 500w\" sizes=\"(max-width: 1000px) 100vw, 1000px\" \/> <span class=\"raven-post-image-overlay\"><\/span><\/a>\t\t<\/div>\n\t\t\t\t\t\t<div class=\"raven-post-content\">\n\t\t\t\t\t<h3 class=\"raven-post-title\"><a class=\"raven-post-title-link\" href=\"https:\/\/jahresberichte.phgr.ch\/2023\/rm\/eveniments-da-lonn\/\">Eveniments da l\u2019onn<\/a><\/h3>\t\t\t\t<\/div>\n\t\t\t<\/div>\n\t\t<\/div>\n\t\t\t\t<div class=\"raven-grid-item raven-post-item post-5585 page type-page status-publish has-post-thumbnail hentry\">\n\t\t\t<div class=\"raven-post elementor-animation-grow\">\n\t\t\t\t\t\t<div class=\"raven-post-image-wrap\">\n\t\t\t<a class=\"raven-post-image raven-image-fit\" href=\"https:\/\/jahresberichte.phgr.ch\/2023\/it\/tema-centrale\/\"><img loading=\"lazy\" decoding=\"async\" width=\"1000\" height=\"1000\" src=\"https:\/\/jahresberichte.phgr.ch\/2023\/wp-content\/uploads\/sites\/3\/2024\/01\/phgr-jahresbericht-2023-weitere-themen-fokusthema.jpg\" class=\"attachment-large size-large wp-image-4966\" alt=\"\" srcset=\"https:\/\/jahresberichte.phgr.ch\/2023\/wp-content\/uploads\/sites\/3\/2024\/01\/phgr-jahresbericht-2023-weitere-themen-fokusthema.jpg 1000w, https:\/\/jahresberichte.phgr.ch\/2023\/wp-content\/uploads\/sites\/3\/2024\/01\/phgr-jahresbericht-2023-weitere-themen-fokusthema-768x768.jpg 768w, https:\/\/jahresberichte.phgr.ch\/2023\/wp-content\/uploads\/sites\/3\/2024\/01\/phgr-jahresbericht-2023-weitere-themen-fokusthema-500x500.jpg 500w\" sizes=\"(max-width: 1000px) 100vw, 1000px\" \/> <span class=\"raven-post-image-overlay\"><\/span><\/a>\t\t<\/div>\n\t\t\t\t\t\t<div class=\"raven-post-content\">\n\t\t\t\t\t<h3 class=\"raven-post-title\"><a class=\"raven-post-title-link\" href=\"https:\/\/jahresberichte.phgr.ch\/2023\/it\/tema-centrale\/\">Tema centrale<\/a><\/h3>\t\t\t\t<\/div>\n\t\t\t<\/div>\n\t\t<\/div>\n\t\t\t\t<\/div>\n\t\t\t\t\t\t<\/div>\n\t\t\t\t<\/div>\n\t\t\t\t<div class=\"elementor-element elementor-element-5de9c66 elementor-widget elementor-widget-spacer\" data-id=\"5de9c66\" data-element_type=\"widget\" data-widget_type=\"spacer.default\">\n\t\t\t\t<div class=\"elementor-widget-container\">\n\t\t\t\t\t\t\t<div class=\"elementor-spacer\">\n\t\t\t<div class=\"elementor-spacer-inner\"><\/div>\n\t\t<\/div>\n\t\t\t\t\t\t<\/div>\n\t\t\t\t<\/div>\n\t\t\t\t<\/div>\n\t\t\t\t\t<\/div>\n\t\t\t\t<\/div>\n\t\t\t\t<\/div>\n\t\t\t\t<\/div>\n\t\t\t\t\t\t<\/div>\n\t\t\t\t<\/div>\n\t\t\t\t\t<\/div>\n\t\t<\/div>\n\t\t\t\t\t<\/div>\n\t\t<\/section>\n\t\t\t\t<\/div>\n\t\t","protected":false},"excerpt":{"rendered":"<p>Focus 134 collaboratrici e collaboratori si impegnano per fornire una formazione di alta qualit\u00e0 e condizioni di studio eccellenti. Il nostro Consiglio direttivo La composizione del Consiglio direttivo \u00e8 la seguente: Dr. Hans Peter M\u00e4rchy Presidente Dopo aver completato la sua formazione all\u2019universit\u00e0 di Zurigo, il dr. Hans Peter M\u00e4rchy ha lavorato per diversi anni [&hellip;]<\/p>\n","protected":false},"author":1,"featured_media":4972,"parent":0,"menu_order":0,"comment_status":"closed","ping_status":"closed","template":"elementor_header_footer","meta":{"_acf_changed":false,"footnotes":""},"class_list":["post-5588","page","type-page","status-publish","has-post-thumbnail","hentry"],"acf":[],"_links":{"self":[{"href":"https:\/\/jahresberichte.phgr.ch\/2023\/wp-json\/wp\/v2\/pages\/5588","targetHints":{"allow":["GET"]}}],"collection":[{"href":"https:\/\/jahresberichte.phgr.ch\/2023\/wp-json\/wp\/v2\/pages"}],"about":[{"href":"https:\/\/jahresberichte.phgr.ch\/2023\/wp-json\/wp\/v2\/types\/page"}],"author":[{"embeddable":true,"href":"https:\/\/jahresberichte.phgr.ch\/2023\/wp-json\/wp\/v2\/users\/1"}],"replies":[{"embeddable":true,"href":"https:\/\/jahresberichte.phgr.ch\/2023\/wp-json\/wp\/v2\/comments?post=5588"}],"version-history":[{"count":42,"href":"https:\/\/jahresberichte.phgr.ch\/2023\/wp-json\/wp\/v2\/pages\/5588\/revisions"}],"predecessor-version":[{"id":7781,"href":"https:\/\/jahresberichte.phgr.ch\/2023\/wp-json\/wp\/v2\/pages\/5588\/revisions\/7781"}],"wp:featuredmedia":[{"embeddable":true,"href":"https:\/\/jahresberichte.phgr.ch\/2023\/wp-json\/wp\/v2\/media\/4972"}],"wp:attachment":[{"href":"https:\/\/jahresberichte.phgr.ch\/2023\/wp-json\/wp\/v2\/media?parent=5588"}],"curies":[{"name":"wp","href":"https:\/\/api.w.org\/{rel}","templated":true}]}}