{"id":5658,"date":"2024-02-22T13:55:29","date_gmt":"2024-02-22T12:55:29","guid":{"rendered":"https:\/\/jahresberichte.phgr.ch\/2023\/?page_id=5658"},"modified":"2024-03-13T10:33:53","modified_gmt":"2024-03-13T09:33:53","slug":"sur-da-nus","status":"publish","type":"page","link":"https:\/\/jahresberichte.phgr.ch\/2023\/rm\/sur-da-nus\/","title":{"rendered":"Sur da nus"},"content":{"rendered":"\t\t<div data-elementor-type=\"wp-page\" data-elementor-id=\"5658\" class=\"elementor elementor-5658\" data-elementor-post-type=\"page\">\n\t\t\t\t\t\t<section class=\"elementor-section elementor-top-section elementor-element elementor-element-a5c372b elementor-section-height-min-height elementor-section-boxed elementor-section-height-default elementor-section-items-middle\" data-id=\"a5c372b\" data-element_type=\"section\" data-settings=\"{&quot;jet_parallax_layout_list&quot;:[],&quot;background_background&quot;:&quot;classic&quot;}\">\n\t\t\t\t\t\t<div class=\"elementor-container elementor-column-gap-default\">\n\t\t\t\t\t<div class=\"elementor-column elementor-col-100 elementor-top-column elementor-element elementor-element-5eb8037\" data-id=\"5eb8037\" data-element_type=\"column\">\n\t\t\t<div class=\"elementor-widget-wrap elementor-element-populated\">\n\t\t\t\t\t\t<div class=\"elementor-element elementor-element-517cb35 elementor-hidden-desktop elementor-hidden-tablet elementor-hidden-mobile elementor-widget elementor-widget-heading\" data-id=\"517cb35\" data-element_type=\"widget\" data-widget_type=\"heading.default\">\n\t\t\t\t<div class=\"elementor-widget-container\">\n\t\t\t\t\t<h3 class=\"elementor-heading-title elementor-size-default\">En il focus<\/h3>\t\t\t\t<\/div>\n\t\t\t\t<\/div>\n\t\t\t\t<div class=\"elementor-element elementor-element-2ec0fc5 elementor-widget elementor-widget-heading\" data-id=\"2ec0fc5\" data-element_type=\"widget\" data-widget_type=\"heading.default\">\n\t\t\t\t<div class=\"elementor-widget-container\">\n\t\t\t\t\t<h3 class=\"elementor-heading-title elementor-size-default\">134 collavuraturas e collavuraturs s\u2019engaschan per ina purschida da furmaziun d\u2019auta qualitad e per cundiziuns da studi excellentas.<\/h3>\t\t\t\t<\/div>\n\t\t\t\t<\/div>\n\t\t\t\t\t<\/div>\n\t\t<\/div>\n\t\t\t\t\t<\/div>\n\t\t<\/section>\n\t\t\t\t<section class=\"elementor-section elementor-top-section elementor-element elementor-element-d2b7d19 elementor-section-full_width elementor-section-height-min-height elementor-section-height-default elementor-section-items-middle\" data-id=\"d2b7d19\" data-element_type=\"section\" data-settings=\"{&quot;jet_parallax_layout_list&quot;:[],&quot;background_background&quot;:&quot;classic&quot;}\">\n\t\t\t\t\t\t<div class=\"elementor-container elementor-column-gap-default\">\n\t\t\t\t\t<div class=\"elementor-column elementor-col-100 elementor-top-column elementor-element elementor-element-d76f1b1\" data-id=\"d76f1b1\" data-element_type=\"column\">\n\t\t\t<div class=\"elementor-widget-wrap elementor-element-populated\">\n\t\t\t\t\t\t<div class=\"elementor-element elementor-element-5b6726b elementor-widget elementor-widget-spacer\" data-id=\"5b6726b\" data-element_type=\"widget\" data-widget_type=\"spacer.default\">\n\t\t\t\t<div class=\"elementor-widget-container\">\n\t\t\t\t\t\t\t<div class=\"elementor-spacer\">\n\t\t\t<div class=\"elementor-spacer-inner\"><\/div>\n\t\t<\/div>\n\t\t\t\t\t\t<\/div>\n\t\t\t\t<\/div>\n\t\t\t\t\t<\/div>\n\t\t<\/div>\n\t\t\t\t\t<\/div>\n\t\t<\/section>\n\t\t\t\t<section class=\"elementor-section elementor-top-section elementor-element elementor-element-0551ec7 elementor-section-boxed elementor-section-height-default elementor-section-height-default\" data-id=\"0551ec7\" data-element_type=\"section\" data-settings=\"{&quot;jet_parallax_layout_list&quot;:[]}\">\n\t\t\t\t\t\t<div class=\"elementor-container elementor-column-gap-default\">\n\t\t\t\t\t<div class=\"elementor-column elementor-col-100 elementor-top-column elementor-element elementor-element-6fe1bf4\" data-id=\"6fe1bf4\" data-element_type=\"column\">\n\t\t\t<div class=\"elementor-widget-wrap elementor-element-populated\">\n\t\t\t\t\t\t<div class=\"elementor-element elementor-element-dd991d6 elementor-widget elementor-widget-heading\" data-id=\"dd991d6\" data-element_type=\"widget\" id=\"subtitle-underline\" data-widget_type=\"heading.default\">\n\t\t\t\t<div class=\"elementor-widget-container\">\n\t\t\t\t\t<h3 class=\"elementor-heading-title elementor-size-default\">Noss cussegl da la scola auta<\/h3>\t\t\t\t<\/div>\n\t\t\t\t<\/div>\n\t\t\t\t<div class=\"elementor-element elementor-element-da0522d elementor-widget elementor-widget-text-editor\" data-id=\"da0522d\" data-element_type=\"widget\" data-widget_type=\"text-editor.default\">\n\t\t\t\t<div class=\"elementor-widget-container\">\n\t\t\t\t\t\t\t\t\t<p class=\"p1\">Il cussegl da la scola auta sa cumpona da nov sco suonda:<\/p>\t\t\t\t\t\t\t\t<\/div>\n\t\t\t\t<\/div>\n\t\t\t\t\t<\/div>\n\t\t<\/div>\n\t\t\t\t\t<\/div>\n\t\t<\/section>\n\t\t\t\t<section class=\"elementor-section elementor-top-section elementor-element elementor-element-dcc5237 elementor-section-boxed elementor-section-height-default elementor-section-height-default\" data-id=\"dcc5237\" data-element_type=\"section\" data-settings=\"{&quot;jet_parallax_layout_list&quot;:[]}\">\n\t\t\t\t\t\t<div class=\"elementor-container elementor-column-gap-default\">\n\t\t\t\t\t<div class=\"elementor-column elementor-col-50 elementor-top-column elementor-element elementor-element-b1f8a7a\" data-id=\"b1f8a7a\" data-element_type=\"column\">\n\t\t\t<div class=\"elementor-widget-wrap elementor-element-populated\">\n\t\t\t\t\t\t<div class=\"elementor-element elementor-element-8e6a39c elementor-widget elementor-widget-image\" data-id=\"8e6a39c\" data-element_type=\"widget\" data-widget_type=\"image.default\">\n\t\t\t\t<div class=\"elementor-widget-container\">\n\t\t\t\t\t\t\t\t\t\t\t\t\t\t\t<img fetchpriority=\"high\" decoding=\"async\" width=\"512\" height=\"690\" src=\"https:\/\/jahresberichte.phgr.ch\/2023\/wp-content\/uploads\/sites\/3\/2024\/02\/phgr-hochschulrat-portrait-hans-peter-maerchy.jpg\" class=\"attachment-large size-large wp-image-5594\" alt=\"\" \/>\t\t\t\t\t\t\t\t\t\t\t\t\t\t\t<\/div>\n\t\t\t\t<\/div>\n\t\t\t\t\t<\/div>\n\t\t<\/div>\n\t\t\t\t<div class=\"elementor-column elementor-col-50 elementor-top-column elementor-element elementor-element-8e7d716\" data-id=\"8e7d716\" data-element_type=\"column\">\n\t\t\t<div class=\"elementor-widget-wrap elementor-element-populated\">\n\t\t\t\t\t\t<div class=\"elementor-element elementor-element-5be73eb elementor-widget-divider--view-line elementor-widget elementor-widget-divider\" data-id=\"5be73eb\" data-element_type=\"widget\" data-widget_type=\"divider.default\">\n\t\t\t\t<div class=\"elementor-widget-container\">\n\t\t\t\t\t\t\t<div class=\"elementor-divider\">\n\t\t\t<span class=\"elementor-divider-separator\">\n\t\t\t\t\t\t<\/span>\n\t\t<\/div>\n\t\t\t\t\t\t<\/div>\n\t\t\t\t<\/div>\n\t\t\t\t<div class=\"elementor-element elementor-element-2d3f47f elementor-widget elementor-widget-heading\" data-id=\"2d3f47f\" data-element_type=\"widget\" data-widget_type=\"heading.default\">\n\t\t\t\t<div class=\"elementor-widget-container\">\n\t\t\t\t\t<h3 class=\"elementor-heading-title elementor-size-default\">Dr. Hans Peter M\u00e4rchy<\/h3>\t\t\t\t<\/div>\n\t\t\t\t<\/div>\n\t\t\t\t<div class=\"elementor-element elementor-element-43a9766 elementor-widget elementor-widget-heading\" data-id=\"43a9766\" data-element_type=\"widget\" data-widget_type=\"heading.default\">\n\t\t\t\t<div class=\"elementor-widget-container\">\n\t\t\t\t\t<h3 class=\"elementor-heading-title elementor-size-default\">President<\/h3>\t\t\t\t<\/div>\n\t\t\t\t<\/div>\n\t\t\t\t<div class=\"elementor-element elementor-element-3af6cea elementor-widget elementor-widget-jet-unfold\" data-id=\"3af6cea\" data-element_type=\"widget\" data-settings=\"{&quot;mask_height&quot;:{&quot;unit&quot;:&quot;px&quot;,&quot;size&quot;:150,&quot;sizes&quot;:[]},&quot;unfold_easing&quot;:&quot;easeInOutSine&quot;,&quot;fold_duration&quot;:{&quot;unit&quot;:&quot;ms&quot;,&quot;size&quot;:500,&quot;sizes&quot;:[]},&quot;fold_easing&quot;:&quot;easeInOutSine&quot;,&quot;mask_height_tablet&quot;:{&quot;unit&quot;:&quot;px&quot;,&quot;size&quot;:100,&quot;sizes&quot;:[]},&quot;mask_height_mobile&quot;:{&quot;unit&quot;:&quot;px&quot;,&quot;size&quot;:150,&quot;sizes&quot;:[]},&quot;unfold_duration&quot;:{&quot;unit&quot;:&quot;ms&quot;,&quot;size&quot;:500,&quot;sizes&quot;:[]}}\" data-widget_type=\"jet-unfold.default\">\n\t\t\t\t<div class=\"elementor-widget-container\">\n\t\t\t\t\t\t\t<div class=\"jet-unfold \" data-settings=\"{&quot;height&quot;:{&quot;size&quot;:150,&quot;unit&quot;:&quot;px&quot;},&quot;separatorHeight&quot;:&quot;&quot;,&quot;unfoldDuration&quot;:{&quot;unit&quot;:&quot;ms&quot;,&quot;size&quot;:500,&quot;sizes&quot;:[]},&quot;foldDuration&quot;:{&quot;unit&quot;:&quot;ms&quot;,&quot;size&quot;:500,&quot;sizes&quot;:[]},&quot;unfoldEasing&quot;:&quot;easeInOutSine&quot;,&quot;foldEasing&quot;:&quot;easeInOutSine&quot;,&quot;foldScrolling&quot;:&quot;true&quot;,&quot;hideOutsideClick&quot;:&quot;false&quot;,&quot;autoHide&quot;:&quot;false&quot;,&quot;autoHideTime&quot;:&quot;&quot;,&quot;foldScrollOffset&quot;:{&quot;unit&quot;:&quot;px&quot;,&quot;size&quot;:0,&quot;sizes&quot;:[]}}\">\n\t\t\t<div class=\"jet-unfold__inner\">\n\t\t\t\t<div class=\"jet-unfold__mask\">\n\t\t\t\t\t<div class=\"jet-unfold__content\">\n\t\t\t\t\t\t<div class=\"jet-unfold__content-inner elementor-text-editor elementor-clearfix\"><p>Suenter sia scolaziun a l\u2019Universitad da Turitg \u00e8 dr. Hans Peter M\u00e4rchy st\u00e0 occup\u00e0 insaquants onns en l\u2019informatica tar la Banca naziunala svizra ed \u00e8 vegn\u00ec eleg\u00ec il 1989 sco persuna d\u2019instrucziun per matematica ed informatica a la Scola chantunala grischuna (SCG). Dal 1994 fin la fin dal 2005 ha el man\u00e0 la SCG sco rectur. Durant ses temp da rectorat \u00e8 tranter auter vegnida introducida la maturitad professiunala, il gimnasi \u00e8 vegn\u00ec refurm\u00e0 e las scolas autas da la Svizra \u00e8n vegnidas adattadas al sistem da Bologna. El ha man\u00e0 il project per l\u2019introducziun dal reglament davart la renconuschientscha da la maturitad (RRM) e spezialmain l\u2019integraziun dal seminari inferiur en la scolaziun gimnasiala. Parallelamain a quest process \u00e8 succed\u00ec il transferiment dal seminari superiur en la Scola auta da pedagogia. Dal 2006 al 2020 ha el man\u00e0 l\u2019Uffizi per la furmaziun media-superiura (UFMS). En quest temp ha l\u2019UFMS man\u00e0 l\u2019introducziun da la lescha davart las scolas autas e la perscrutaziun e l\u2019elavuraziun da la strategia chantunala per las scolas autas e per la perscrutaziun. Dr. Hans Peter M\u00e4rchy \u00e8 st\u00e0 durant plirs onns commember da differents cussegls da scola. Dapi la stad 2022 \u00e8 el president dal cussegl da la scola auta da la SAP dal Grischun.<\/p><\/div>\n\t\t\t\t\t<\/div>\n\t\t\t\t\t<div class=\"jet-unfold__separator\"><\/div>\n\t\t\t\t<\/div>\n\t\t\t\t<div class=\"jet-unfold__trigger\"><div class=\"jet-unfold__button elementor-button elementor-size-md\" href=\"#\" data-unfold-text=\"mussar dapli\" data-fold-text=\"mussar pli pauc\" data-fold-icon=\"&lt;i aria-hidden=&quot;true&quot; class=&quot;fas fa-chevron-up&quot;&gt;&lt;\/i&gt;\" data-unfold-icon=\"&lt;i aria-hidden=&quot;true&quot; class=&quot;fas fa-chevron-down&quot;&gt;&lt;\/i&gt;\" tabindex=\"0\" role=\"button\"><span class=\"jet-unfold__button-icon jet-tricks-icon\"><i aria-hidden=\"true\" class=\"fas fa-chevron-down\"><\/i><\/span><span class=\"jet-unfold__button-text\">mussar dapli<\/span><\/div>\t\t\t\t<\/div>\n\t\t\t<\/div>\n\t\t<\/div>\n\t\t\t\t\t\t<\/div>\n\t\t\t\t<\/div>\n\t\t\t\t<div class=\"elementor-element elementor-element-d821b94 elementor-widget-divider--view-line elementor-widget elementor-widget-divider\" data-id=\"d821b94\" data-element_type=\"widget\" data-widget_type=\"divider.default\">\n\t\t\t\t<div class=\"elementor-widget-container\">\n\t\t\t\t\t\t\t<div class=\"elementor-divider\">\n\t\t\t<span class=\"elementor-divider-separator\">\n\t\t\t\t\t\t<\/span>\n\t\t<\/div>\n\t\t\t\t\t\t<\/div>\n\t\t\t\t<\/div>\n\t\t\t\t\t<\/div>\n\t\t<\/div>\n\t\t\t\t\t<\/div>\n\t\t<\/section>\n\t\t\t\t<section class=\"elementor-section elementor-top-section elementor-element elementor-element-d02d2ce elementor-reverse-mobile elementor-section-boxed elementor-section-height-default elementor-section-height-default\" data-id=\"d02d2ce\" data-element_type=\"section\" data-settings=\"{&quot;jet_parallax_layout_list&quot;:[]}\">\n\t\t\t\t\t\t<div class=\"elementor-container elementor-column-gap-default\">\n\t\t\t\t\t<div class=\"elementor-column elementor-col-50 elementor-top-column elementor-element elementor-element-76c227b\" data-id=\"76c227b\" data-element_type=\"column\">\n\t\t\t<div class=\"elementor-widget-wrap elementor-element-populated\">\n\t\t\t\t\t\t<div class=\"elementor-element elementor-element-53734be elementor-widget-divider--view-line elementor-widget elementor-widget-divider\" data-id=\"53734be\" data-element_type=\"widget\" data-widget_type=\"divider.default\">\n\t\t\t\t<div class=\"elementor-widget-container\">\n\t\t\t\t\t\t\t<div class=\"elementor-divider\">\n\t\t\t<span class=\"elementor-divider-separator\">\n\t\t\t\t\t\t<\/span>\n\t\t<\/div>\n\t\t\t\t\t\t<\/div>\n\t\t\t\t<\/div>\n\t\t\t\t<div class=\"elementor-element elementor-element-4dfe94d elementor-widget elementor-widget-heading\" data-id=\"4dfe94d\" data-element_type=\"widget\" data-widget_type=\"heading.default\">\n\t\t\t\t<div class=\"elementor-widget-container\">\n\t\t\t\t\t<h3 class=\"elementor-heading-title elementor-size-default\">Sandra Locher Benguerel<\/h3>\t\t\t\t<\/div>\n\t\t\t\t<\/div>\n\t\t\t\t<div class=\"elementor-element elementor-element-6e84e0e elementor-widget elementor-widget-heading\" data-id=\"6e84e0e\" data-element_type=\"widget\" data-widget_type=\"heading.default\">\n\t\t\t\t<div class=\"elementor-widget-container\">\n\t\t\t\t\t<h3 class=\"elementor-heading-title elementor-size-default\">Vicepresidenta<\/h3>\t\t\t\t<\/div>\n\t\t\t\t<\/div>\n\t\t\t\t<div class=\"elementor-element elementor-element-40c886c elementor-widget elementor-widget-jet-unfold\" data-id=\"40c886c\" data-element_type=\"widget\" data-settings=\"{&quot;mask_height&quot;:{&quot;unit&quot;:&quot;px&quot;,&quot;size&quot;:150,&quot;sizes&quot;:[]},&quot;unfold_easing&quot;:&quot;easeInOutSine&quot;,&quot;fold_duration&quot;:{&quot;unit&quot;:&quot;ms&quot;,&quot;size&quot;:500,&quot;sizes&quot;:[]},&quot;fold_easing&quot;:&quot;easeInOutSine&quot;,&quot;mask_height_tablet&quot;:{&quot;unit&quot;:&quot;px&quot;,&quot;size&quot;:100,&quot;sizes&quot;:[]},&quot;mask_height_mobile&quot;:{&quot;unit&quot;:&quot;px&quot;,&quot;size&quot;:150,&quot;sizes&quot;:[]},&quot;unfold_duration&quot;:{&quot;unit&quot;:&quot;ms&quot;,&quot;size&quot;:500,&quot;sizes&quot;:[]}}\" data-widget_type=\"jet-unfold.default\">\n\t\t\t\t<div class=\"elementor-widget-container\">\n\t\t\t\t\t\t\t<div class=\"jet-unfold \" data-settings=\"{&quot;height&quot;:{&quot;size&quot;:150,&quot;unit&quot;:&quot;px&quot;},&quot;separatorHeight&quot;:&quot;&quot;,&quot;unfoldDuration&quot;:{&quot;unit&quot;:&quot;ms&quot;,&quot;size&quot;:500,&quot;sizes&quot;:[]},&quot;foldDuration&quot;:{&quot;unit&quot;:&quot;ms&quot;,&quot;size&quot;:500,&quot;sizes&quot;:[]},&quot;unfoldEasing&quot;:&quot;easeInOutSine&quot;,&quot;foldEasing&quot;:&quot;easeInOutSine&quot;,&quot;foldScrolling&quot;:&quot;true&quot;,&quot;hideOutsideClick&quot;:&quot;false&quot;,&quot;autoHide&quot;:&quot;false&quot;,&quot;autoHideTime&quot;:&quot;&quot;,&quot;foldScrollOffset&quot;:{&quot;unit&quot;:&quot;px&quot;,&quot;size&quot;:0,&quot;sizes&quot;:[]}}\">\n\t\t\t<div class=\"jet-unfold__inner\">\n\t\t\t\t<div class=\"jet-unfold__mask\">\n\t\t\t\t\t<div class=\"jet-unfold__content\">\n\t\t\t\t\t\t<div class=\"jet-unfold__content-inner elementor-text-editor elementor-clearfix\"><p>Sandra Locher Benguerel \u00e8 scolasta primara e commembra da la direcziun da l\u2019associaziun Magistraglia svizra (MCH). Ella \u00e8 stada fin l\u2019atun 2023 commembra dal cussegl naziunal e da la cumissiun per scienza, educaziun e cultura dal Cussegl naziunal. Dapi blers onns \u00e8 ella colliada en differentas funcziuns cun la SAP dal Grischun. Sco scolasta ha ella profit\u00e0 regularmain dal program vari\u00e0 da la furmaziun cuntinuada per sviluppar vinavant sias cumpetenzas d\u2019instruir. Plinavant ha ella accumpagn\u00e0 studentas e students sco persuna d\u2019instrucziun da la pratica. En questa funcziun ha ella collavur\u00e0 a l\u2019elavuraziun da las unitads d\u2019atelier che mainan studentas e students per l\u2019emprima giada en la pratica. Dapi il 2014 collavura ella sco commembra dal cussegl da la scola auta a la direcziun strategica da la SAP dal Grischun. Tar quella lavur \u00e8 ella adina pusp\u00e8 fascinada da la varietad linguistica e da las dumondas pedagogicas e socialas actualas che caracteriseschan la furmaziun da scolastas e scolasts e che dattan a la SAP dal Grischun ses aspect unic.<\/p><\/div>\n\t\t\t\t\t<\/div>\n\t\t\t\t\t<div class=\"jet-unfold__separator\"><\/div>\n\t\t\t\t<\/div>\n\t\t\t\t<div class=\"jet-unfold__trigger\"><div class=\"jet-unfold__button elementor-button elementor-size-md\" href=\"#\" data-unfold-text=\"mussar dapli\" data-fold-text=\"mussar pli pauc\" data-fold-icon=\"&lt;i aria-hidden=&quot;true&quot; class=&quot;fas fa-chevron-up&quot;&gt;&lt;\/i&gt;\" data-unfold-icon=\"&lt;i aria-hidden=&quot;true&quot; class=&quot;fas fa-chevron-down&quot;&gt;&lt;\/i&gt;\" tabindex=\"0\" role=\"button\"><span class=\"jet-unfold__button-icon jet-tricks-icon\"><i aria-hidden=\"true\" class=\"fas fa-chevron-down\"><\/i><\/span><span class=\"jet-unfold__button-text\">mussar dapli<\/span><\/div>\t\t\t\t<\/div>\n\t\t\t<\/div>\n\t\t<\/div>\n\t\t\t\t\t\t<\/div>\n\t\t\t\t<\/div>\n\t\t\t\t<div class=\"elementor-element elementor-element-0a89b64 elementor-widget-divider--view-line elementor-widget elementor-widget-divider\" data-id=\"0a89b64\" data-element_type=\"widget\" data-widget_type=\"divider.default\">\n\t\t\t\t<div class=\"elementor-widget-container\">\n\t\t\t\t\t\t\t<div class=\"elementor-divider\">\n\t\t\t<span class=\"elementor-divider-separator\">\n\t\t\t\t\t\t<\/span>\n\t\t<\/div>\n\t\t\t\t\t\t<\/div>\n\t\t\t\t<\/div>\n\t\t\t\t\t<\/div>\n\t\t<\/div>\n\t\t\t\t<div class=\"elementor-column elementor-col-50 elementor-top-column elementor-element elementor-element-64a22c5\" data-id=\"64a22c5\" data-element_type=\"column\">\n\t\t\t<div class=\"elementor-widget-wrap elementor-element-populated\">\n\t\t\t\t\t\t<div class=\"elementor-element elementor-element-af79dfa elementor-widget elementor-widget-image\" data-id=\"af79dfa\" data-element_type=\"widget\" data-widget_type=\"image.default\">\n\t\t\t\t<div class=\"elementor-widget-container\">\n\t\t\t\t\t\t\t\t\t\t\t\t\t\t\t<img decoding=\"async\" width=\"512\" height=\"690\" src=\"https:\/\/jahresberichte.phgr.ch\/2023\/wp-content\/uploads\/sites\/3\/2024\/02\/phgr-hochschulrat-portrait-sandra-locher-benguerel.jpg\" class=\"attachment-large size-large wp-image-5602\" alt=\"\" \/>\t\t\t\t\t\t\t\t\t\t\t\t\t\t\t<\/div>\n\t\t\t\t<\/div>\n\t\t\t\t\t<\/div>\n\t\t<\/div>\n\t\t\t\t\t<\/div>\n\t\t<\/section>\n\t\t\t\t<section class=\"elementor-section elementor-top-section elementor-element elementor-element-22fb85b elementor-section-boxed elementor-section-height-default elementor-section-height-default\" data-id=\"22fb85b\" data-element_type=\"section\" data-settings=\"{&quot;jet_parallax_layout_list&quot;:[]}\">\n\t\t\t\t\t\t<div class=\"elementor-container elementor-column-gap-default\">\n\t\t\t\t\t<div class=\"elementor-column elementor-col-50 elementor-top-column elementor-element elementor-element-aece01b\" data-id=\"aece01b\" data-element_type=\"column\">\n\t\t\t<div class=\"elementor-widget-wrap elementor-element-populated\">\n\t\t\t\t\t\t<div class=\"elementor-element elementor-element-aa8dd64 elementor-widget elementor-widget-image\" data-id=\"aa8dd64\" data-element_type=\"widget\" data-widget_type=\"image.default\">\n\t\t\t\t<div class=\"elementor-widget-container\">\n\t\t\t\t\t\t\t\t\t\t\t\t\t\t\t<img decoding=\"async\" width=\"512\" height=\"690\" src=\"https:\/\/jahresberichte.phgr.ch\/2023\/wp-content\/uploads\/sites\/3\/2024\/02\/phgr-hochschulrat-portrait-walter-bircher.jpg\" class=\"attachment-large size-large wp-image-5604\" alt=\"\" \/>\t\t\t\t\t\t\t\t\t\t\t\t\t\t\t<\/div>\n\t\t\t\t<\/div>\n\t\t\t\t\t<\/div>\n\t\t<\/div>\n\t\t\t\t<div class=\"elementor-column elementor-col-50 elementor-top-column elementor-element elementor-element-9f8a5b3\" data-id=\"9f8a5b3\" data-element_type=\"column\">\n\t\t\t<div class=\"elementor-widget-wrap elementor-element-populated\">\n\t\t\t\t\t\t<div class=\"elementor-element elementor-element-edf6b1b elementor-widget-divider--view-line elementor-widget elementor-widget-divider\" data-id=\"edf6b1b\" data-element_type=\"widget\" data-widget_type=\"divider.default\">\n\t\t\t\t<div class=\"elementor-widget-container\">\n\t\t\t\t\t\t\t<div class=\"elementor-divider\">\n\t\t\t<span class=\"elementor-divider-separator\">\n\t\t\t\t\t\t<\/span>\n\t\t<\/div>\n\t\t\t\t\t\t<\/div>\n\t\t\t\t<\/div>\n\t\t\t\t<div class=\"elementor-element elementor-element-91e18dc elementor-widget elementor-widget-heading\" data-id=\"91e18dc\" data-element_type=\"widget\" data-widget_type=\"heading.default\">\n\t\t\t\t<div class=\"elementor-widget-container\">\n\t\t\t\t\t<h3 class=\"elementor-heading-title elementor-size-default\">Prof. Dr. Walter Bircher<\/h3>\t\t\t\t<\/div>\n\t\t\t\t<\/div>\n\t\t\t\t<div class=\"elementor-element elementor-element-bd785d8 elementor-widget elementor-widget-heading\" data-id=\"bd785d8\" data-element_type=\"widget\" data-widget_type=\"heading.default\">\n\t\t\t\t<div class=\"elementor-widget-container\">\n\t\t\t\t\t<h3 class=\"elementor-heading-title elementor-size-default\">Commember<\/h3>\t\t\t\t<\/div>\n\t\t\t\t<\/div>\n\t\t\t\t<div class=\"elementor-element elementor-element-e368059 elementor-widget elementor-widget-jet-unfold\" data-id=\"e368059\" data-element_type=\"widget\" data-settings=\"{&quot;mask_height&quot;:{&quot;unit&quot;:&quot;px&quot;,&quot;size&quot;:150,&quot;sizes&quot;:[]},&quot;unfold_easing&quot;:&quot;easeInOutSine&quot;,&quot;fold_duration&quot;:{&quot;unit&quot;:&quot;ms&quot;,&quot;size&quot;:500,&quot;sizes&quot;:[]},&quot;fold_easing&quot;:&quot;easeInOutSine&quot;,&quot;mask_height_tablet&quot;:{&quot;unit&quot;:&quot;px&quot;,&quot;size&quot;:100,&quot;sizes&quot;:[]},&quot;mask_height_mobile&quot;:{&quot;unit&quot;:&quot;px&quot;,&quot;size&quot;:150,&quot;sizes&quot;:[]},&quot;unfold_duration&quot;:{&quot;unit&quot;:&quot;ms&quot;,&quot;size&quot;:500,&quot;sizes&quot;:[]}}\" data-widget_type=\"jet-unfold.default\">\n\t\t\t\t<div class=\"elementor-widget-container\">\n\t\t\t\t\t\t\t<div class=\"jet-unfold \" data-settings=\"{&quot;height&quot;:{&quot;size&quot;:150,&quot;unit&quot;:&quot;px&quot;},&quot;separatorHeight&quot;:&quot;&quot;,&quot;unfoldDuration&quot;:{&quot;unit&quot;:&quot;ms&quot;,&quot;size&quot;:500,&quot;sizes&quot;:[]},&quot;foldDuration&quot;:{&quot;unit&quot;:&quot;ms&quot;,&quot;size&quot;:500,&quot;sizes&quot;:[]},&quot;unfoldEasing&quot;:&quot;easeInOutSine&quot;,&quot;foldEasing&quot;:&quot;easeInOutSine&quot;,&quot;foldScrolling&quot;:&quot;true&quot;,&quot;hideOutsideClick&quot;:&quot;false&quot;,&quot;autoHide&quot;:&quot;false&quot;,&quot;autoHideTime&quot;:&quot;&quot;,&quot;foldScrollOffset&quot;:{&quot;unit&quot;:&quot;px&quot;,&quot;size&quot;:0,&quot;sizes&quot;:[]}}\">\n\t\t\t<div class=\"jet-unfold__inner\">\n\t\t\t\t<div class=\"jet-unfold__mask\">\n\t\t\t\t\t<div class=\"jet-unfold__content\">\n\t\t\t\t\t\t<div class=\"jet-unfold__content-inner elementor-text-editor elementor-clearfix\"><p>Suenter sia scolaziun al seminari da scolasts da l\u2019Argovia ha Walter Bircher lavur\u00e0 dus onns sco magister primar. A l\u2019Universitad ed a la SPF a Turitg ha el suenter absolv\u00ec in studi da scienzas natiralas ch\u2019el ha termin\u00e0 cun il doctorat fil II. El \u00e8 st\u00e0 activ en differentas funcziuns: sco docent per \u00abdidactica uman ed ambient\u00bb e pli tard sco vicedirectur dal seminari da scolasts primars dal chantun Turitg, sco directur dal seminari da scolasts reals e dal stgalim secundar dal chantun Turitg e sco prorectur da la furmaziun e fin la fin dal 2015 sco rectur da la SAP dal chantun Turitg. La SAP da Turitg ha gia dapi adina in bun contact cun la SAP dal Grischun. Ensemen han ellas realis\u00e0 l\u2019emprim studi \u00abStgalim secundar I per persunas d\u2019instrucziun\u00bb dal chantun Grischun.<\/p><p>Cumplementar a la professiun ha Walter Bircher absolv\u00ec in perfecziunament da management a l\u2019Universitad da Turitg. <span lang=\"IT\">Walter Bircher \u00e8<\/span><span lang=\"IT\"> st\u00e0<\/span><span lang=\"IT\"> commember da la suprastanza da la Conferenza svizra da las recturas e dals recturs da las Scolas autas da pedagogia (COHEP) sco era<\/span><span lang=\"IT\"> activ\u00a0<\/span><span lang=\"IT\">en<\/span><span lang=\"IT\"> la chombra SAP da \u00abswissuniversities\u00bb. <\/span><span lang=\"FR-CH\">Dapi il 2022 \u00e8 Walter Bircher commember dal cussegl da la scola auta.<\/span><\/p><\/div>\n\t\t\t\t\t<\/div>\n\t\t\t\t\t<div class=\"jet-unfold__separator\"><\/div>\n\t\t\t\t<\/div>\n\t\t\t\t<div class=\"jet-unfold__trigger\"><div class=\"jet-unfold__button elementor-button elementor-size-md\" href=\"#\" data-unfold-text=\"mussar dapli\" data-fold-text=\"mussar pli pauc\" data-fold-icon=\"&lt;i aria-hidden=&quot;true&quot; class=&quot;fas fa-chevron-up&quot;&gt;&lt;\/i&gt;\" data-unfold-icon=\"&lt;i aria-hidden=&quot;true&quot; class=&quot;fas fa-chevron-down&quot;&gt;&lt;\/i&gt;\" tabindex=\"0\" role=\"button\"><span class=\"jet-unfold__button-icon jet-tricks-icon\"><i aria-hidden=\"true\" class=\"fas fa-chevron-down\"><\/i><\/span><span class=\"jet-unfold__button-text\">mussar dapli<\/span><\/div>\t\t\t\t<\/div>\n\t\t\t<\/div>\n\t\t<\/div>\n\t\t\t\t\t\t<\/div>\n\t\t\t\t<\/div>\n\t\t\t\t<div class=\"elementor-element elementor-element-1bb7208 elementor-widget-divider--view-line elementor-widget elementor-widget-divider\" data-id=\"1bb7208\" data-element_type=\"widget\" data-widget_type=\"divider.default\">\n\t\t\t\t<div class=\"elementor-widget-container\">\n\t\t\t\t\t\t\t<div class=\"elementor-divider\">\n\t\t\t<span class=\"elementor-divider-separator\">\n\t\t\t\t\t\t<\/span>\n\t\t<\/div>\n\t\t\t\t\t\t<\/div>\n\t\t\t\t<\/div>\n\t\t\t\t\t<\/div>\n\t\t<\/div>\n\t\t\t\t\t<\/div>\n\t\t<\/section>\n\t\t\t\t<section class=\"elementor-section elementor-top-section elementor-element elementor-element-b1a252a elementor-reverse-mobile elementor-section-boxed elementor-section-height-default elementor-section-height-default\" data-id=\"b1a252a\" data-element_type=\"section\" data-settings=\"{&quot;jet_parallax_layout_list&quot;:[]}\">\n\t\t\t\t\t\t<div class=\"elementor-container elementor-column-gap-default\">\n\t\t\t\t\t<div class=\"elementor-column elementor-col-50 elementor-top-column elementor-element elementor-element-2fb656c\" data-id=\"2fb656c\" data-element_type=\"column\">\n\t\t\t<div class=\"elementor-widget-wrap elementor-element-populated\">\n\t\t\t\t\t\t<div class=\"elementor-element elementor-element-d433f89 elementor-widget-divider--view-line elementor-widget elementor-widget-divider\" data-id=\"d433f89\" data-element_type=\"widget\" data-widget_type=\"divider.default\">\n\t\t\t\t<div class=\"elementor-widget-container\">\n\t\t\t\t\t\t\t<div class=\"elementor-divider\">\n\t\t\t<span class=\"elementor-divider-separator\">\n\t\t\t\t\t\t<\/span>\n\t\t<\/div>\n\t\t\t\t\t\t<\/div>\n\t\t\t\t<\/div>\n\t\t\t\t<div class=\"elementor-element elementor-element-e1f4623 elementor-widget elementor-widget-heading\" data-id=\"e1f4623\" data-element_type=\"widget\" data-widget_type=\"heading.default\">\n\t\t\t\t<div class=\"elementor-widget-container\">\n\t\t\t\t\t<h3 class=\"elementor-heading-title elementor-size-default\">Piera Furger<\/h3>\t\t\t\t<\/div>\n\t\t\t\t<\/div>\n\t\t\t\t<div class=\"elementor-element elementor-element-7ed5109 elementor-widget elementor-widget-heading\" data-id=\"7ed5109\" data-element_type=\"widget\" data-widget_type=\"heading.default\">\n\t\t\t\t<div class=\"elementor-widget-container\">\n\t\t\t\t\t<h3 class=\"elementor-heading-title elementor-size-default\">Commembra<\/h3>\t\t\t\t<\/div>\n\t\t\t\t<\/div>\n\t\t\t\t<div class=\"elementor-element elementor-element-02af353 elementor-widget elementor-widget-jet-unfold\" data-id=\"02af353\" data-element_type=\"widget\" data-settings=\"{&quot;mask_height&quot;:{&quot;unit&quot;:&quot;px&quot;,&quot;size&quot;:150,&quot;sizes&quot;:[]},&quot;unfold_easing&quot;:&quot;easeInOutSine&quot;,&quot;fold_duration&quot;:{&quot;unit&quot;:&quot;ms&quot;,&quot;size&quot;:500,&quot;sizes&quot;:[]},&quot;fold_easing&quot;:&quot;easeInOutSine&quot;,&quot;mask_height_tablet&quot;:{&quot;unit&quot;:&quot;px&quot;,&quot;size&quot;:100,&quot;sizes&quot;:[]},&quot;mask_height_mobile&quot;:{&quot;unit&quot;:&quot;px&quot;,&quot;size&quot;:150,&quot;sizes&quot;:[]},&quot;unfold_duration&quot;:{&quot;unit&quot;:&quot;ms&quot;,&quot;size&quot;:500,&quot;sizes&quot;:[]}}\" data-widget_type=\"jet-unfold.default\">\n\t\t\t\t<div class=\"elementor-widget-container\">\n\t\t\t\t\t\t\t<div class=\"jet-unfold \" data-settings=\"{&quot;height&quot;:{&quot;size&quot;:150,&quot;unit&quot;:&quot;px&quot;},&quot;separatorHeight&quot;:&quot;&quot;,&quot;unfoldDuration&quot;:{&quot;unit&quot;:&quot;ms&quot;,&quot;size&quot;:500,&quot;sizes&quot;:[]},&quot;foldDuration&quot;:{&quot;unit&quot;:&quot;ms&quot;,&quot;size&quot;:500,&quot;sizes&quot;:[]},&quot;unfoldEasing&quot;:&quot;easeInOutSine&quot;,&quot;foldEasing&quot;:&quot;easeInOutSine&quot;,&quot;foldScrolling&quot;:&quot;true&quot;,&quot;hideOutsideClick&quot;:&quot;false&quot;,&quot;autoHide&quot;:&quot;false&quot;,&quot;autoHideTime&quot;:&quot;&quot;,&quot;foldScrollOffset&quot;:{&quot;unit&quot;:&quot;px&quot;,&quot;size&quot;:0,&quot;sizes&quot;:[]}}\">\n\t\t\t<div class=\"jet-unfold__inner\">\n\t\t\t\t<div class=\"jet-unfold__mask\">\n\t\t\t\t\t<div class=\"jet-unfold__content\">\n\t\t\t\t\t\t<div class=\"jet-unfold__content-inner elementor-text-editor elementor-clearfix\"><p>Piera Furger \u00e8 stada 40 onns persuna d\u2019instrucziun dal stgalim secundar \u00e8 davent dal 2001 scolasta e manadra da scola a la scola secundara e reala da Mesocco. Davent dal 2012 fin a sia pensiun l\u2019onn 2022 \u00e8 ella stada responsabla per Mesocco en la direcziun regiunala da la scola secundara e reala Moesano. Durant sia activitad professiunala \u00e8 ella stada colliada stretgamain cun la SAP dal Grischun. Sco scolasta ha ella pud\u00ec profitar da perfecziunaments che l\u2019han persvadida da persequitar vinavant permanentamain l\u2019innovaziun e l\u2019ulteriur svilup da concepts pedagogics. La SAP \u00e8 adina era st\u00e0 in lieu impurtant per inscunters, per discutar cun inspecturas ed inspecturs da scola e cun collegas dal Grischun da lingua taliana.<\/p><p>Dapi il 2018 \u00e8 ella commembra dal cussegl da la scola auta ed appreziescha da collavurar al svilup strategic da l\u2019instituziun. \u00abMintga giada che jau entrel en la scola, sent jau in\u2019atmosfera positiva e las valurs da la trilinguitad\u00bb, di Piera Furger. Ella citescha gugent in patratg da Jean Piaget che va bain a pr\u00e0 cun il spiert strategic che regia a la SAP dal Grischun: \u00abLa finamira principala da la furmaziun en scola duess esser da furmar umens e dunnas ch\u2019\u00e8n capabels da far chaussas novas, e betg simplamain da repeter quai ch\u2019autras generaziuns han fatg\u00bb.<\/p><\/div>\n\t\t\t\t\t<\/div>\n\t\t\t\t\t<div class=\"jet-unfold__separator\"><\/div>\n\t\t\t\t<\/div>\n\t\t\t\t<div class=\"jet-unfold__trigger\"><div class=\"jet-unfold__button elementor-button elementor-size-md\" href=\"#\" data-unfold-text=\"mussar dapli\" data-fold-text=\"mussar pli pauc\" data-fold-icon=\"&lt;i aria-hidden=&quot;true&quot; class=&quot;fas fa-chevron-up&quot;&gt;&lt;\/i&gt;\" data-unfold-icon=\"&lt;i aria-hidden=&quot;true&quot; class=&quot;fas fa-chevron-down&quot;&gt;&lt;\/i&gt;\" tabindex=\"0\" role=\"button\"><span class=\"jet-unfold__button-icon jet-tricks-icon\"><i aria-hidden=\"true\" class=\"fas fa-chevron-down\"><\/i><\/span><span class=\"jet-unfold__button-text\">mussar dapli<\/span><\/div>\t\t\t\t<\/div>\n\t\t\t<\/div>\n\t\t<\/div>\n\t\t\t\t\t\t<\/div>\n\t\t\t\t<\/div>\n\t\t\t\t<div class=\"elementor-element elementor-element-898001e elementor-widget-divider--view-line elementor-widget elementor-widget-divider\" data-id=\"898001e\" data-element_type=\"widget\" data-widget_type=\"divider.default\">\n\t\t\t\t<div class=\"elementor-widget-container\">\n\t\t\t\t\t\t\t<div class=\"elementor-divider\">\n\t\t\t<span class=\"elementor-divider-separator\">\n\t\t\t\t\t\t<\/span>\n\t\t<\/div>\n\t\t\t\t\t\t<\/div>\n\t\t\t\t<\/div>\n\t\t\t\t\t<\/div>\n\t\t<\/div>\n\t\t\t\t<div class=\"elementor-column elementor-col-50 elementor-top-column elementor-element elementor-element-b7d7fa7\" data-id=\"b7d7fa7\" data-element_type=\"column\">\n\t\t\t<div class=\"elementor-widget-wrap elementor-element-populated\">\n\t\t\t\t\t\t<div class=\"elementor-element elementor-element-e04e2fb elementor-widget elementor-widget-image\" data-id=\"e04e2fb\" data-element_type=\"widget\" data-widget_type=\"image.default\">\n\t\t\t\t<div class=\"elementor-widget-container\">\n\t\t\t\t\t\t\t\t\t\t\t\t\t\t\t<img loading=\"lazy\" decoding=\"async\" width=\"512\" height=\"690\" src=\"https:\/\/jahresberichte.phgr.ch\/2023\/wp-content\/uploads\/sites\/3\/2024\/02\/phgr-hochschulrat-portrait-piera-furger.jpg\" class=\"attachment-large size-large wp-image-5612\" alt=\"\" \/>\t\t\t\t\t\t\t\t\t\t\t\t\t\t\t<\/div>\n\t\t\t\t<\/div>\n\t\t\t\t\t<\/div>\n\t\t<\/div>\n\t\t\t\t\t<\/div>\n\t\t<\/section>\n\t\t\t\t<section class=\"elementor-section elementor-top-section elementor-element elementor-element-e5b37f1 elementor-section-boxed elementor-section-height-default elementor-section-height-default\" data-id=\"e5b37f1\" data-element_type=\"section\" data-settings=\"{&quot;jet_parallax_layout_list&quot;:[]}\">\n\t\t\t\t\t\t<div class=\"elementor-container elementor-column-gap-default\">\n\t\t\t\t\t<div class=\"elementor-column elementor-col-50 elementor-top-column elementor-element elementor-element-08bbf4c\" data-id=\"08bbf4c\" data-element_type=\"column\">\n\t\t\t<div class=\"elementor-widget-wrap elementor-element-populated\">\n\t\t\t\t\t\t<div class=\"elementor-element elementor-element-378ccfb elementor-widget elementor-widget-image\" data-id=\"378ccfb\" data-element_type=\"widget\" data-widget_type=\"image.default\">\n\t\t\t\t<div class=\"elementor-widget-container\">\n\t\t\t\t\t\t\t\t\t\t\t\t\t\t\t<img loading=\"lazy\" decoding=\"async\" width=\"512\" height=\"690\" src=\"https:\/\/jahresberichte.phgr.ch\/2023\/wp-content\/uploads\/sites\/3\/2024\/02\/phgr-hochschulrat-portrait-cornelia-mathis-schibig.jpg\" class=\"attachment-large size-large wp-image-5614\" alt=\"\" \/>\t\t\t\t\t\t\t\t\t\t\t\t\t\t\t<\/div>\n\t\t\t\t<\/div>\n\t\t\t\t\t<\/div>\n\t\t<\/div>\n\t\t\t\t<div class=\"elementor-column elementor-col-50 elementor-top-column elementor-element elementor-element-ab893f2\" data-id=\"ab893f2\" data-element_type=\"column\">\n\t\t\t<div class=\"elementor-widget-wrap elementor-element-populated\">\n\t\t\t\t\t\t<div class=\"elementor-element elementor-element-2fba1d6 elementor-widget-divider--view-line elementor-widget elementor-widget-divider\" data-id=\"2fba1d6\" data-element_type=\"widget\" data-widget_type=\"divider.default\">\n\t\t\t\t<div class=\"elementor-widget-container\">\n\t\t\t\t\t\t\t<div class=\"elementor-divider\">\n\t\t\t<span class=\"elementor-divider-separator\">\n\t\t\t\t\t\t<\/span>\n\t\t<\/div>\n\t\t\t\t\t\t<\/div>\n\t\t\t\t<\/div>\n\t\t\t\t<div class=\"elementor-element elementor-element-fd378cf elementor-widget elementor-widget-heading\" data-id=\"fd378cf\" data-element_type=\"widget\" data-widget_type=\"heading.default\">\n\t\t\t\t<div class=\"elementor-widget-container\">\n\t\t\t\t\t<h3 class=\"elementor-heading-title elementor-size-default\">Cornelia Mathis-Schibig<\/h3>\t\t\t\t<\/div>\n\t\t\t\t<\/div>\n\t\t\t\t<div class=\"elementor-element elementor-element-4d9ebd3 elementor-widget elementor-widget-heading\" data-id=\"4d9ebd3\" data-element_type=\"widget\" data-widget_type=\"heading.default\">\n\t\t\t\t<div class=\"elementor-widget-container\">\n\t\t\t\t\t<h3 class=\"elementor-heading-title elementor-size-default\">Commembra<\/h3>\t\t\t\t<\/div>\n\t\t\t\t<\/div>\n\t\t\t\t<div class=\"elementor-element elementor-element-6768f5a elementor-widget elementor-widget-jet-unfold\" data-id=\"6768f5a\" data-element_type=\"widget\" data-settings=\"{&quot;mask_height&quot;:{&quot;unit&quot;:&quot;px&quot;,&quot;size&quot;:150,&quot;sizes&quot;:[]},&quot;unfold_easing&quot;:&quot;easeInOutSine&quot;,&quot;fold_duration&quot;:{&quot;unit&quot;:&quot;ms&quot;,&quot;size&quot;:500,&quot;sizes&quot;:[]},&quot;fold_easing&quot;:&quot;easeInOutSine&quot;,&quot;mask_height_tablet&quot;:{&quot;unit&quot;:&quot;px&quot;,&quot;size&quot;:100,&quot;sizes&quot;:[]},&quot;mask_height_mobile&quot;:{&quot;unit&quot;:&quot;px&quot;,&quot;size&quot;:150,&quot;sizes&quot;:[]},&quot;unfold_duration&quot;:{&quot;unit&quot;:&quot;ms&quot;,&quot;size&quot;:500,&quot;sizes&quot;:[]}}\" data-widget_type=\"jet-unfold.default\">\n\t\t\t\t<div class=\"elementor-widget-container\">\n\t\t\t\t\t\t\t<div class=\"jet-unfold \" data-settings=\"{&quot;height&quot;:{&quot;size&quot;:150,&quot;unit&quot;:&quot;px&quot;},&quot;separatorHeight&quot;:&quot;&quot;,&quot;unfoldDuration&quot;:{&quot;unit&quot;:&quot;ms&quot;,&quot;size&quot;:500,&quot;sizes&quot;:[]},&quot;foldDuration&quot;:{&quot;unit&quot;:&quot;ms&quot;,&quot;size&quot;:500,&quot;sizes&quot;:[]},&quot;unfoldEasing&quot;:&quot;easeInOutSine&quot;,&quot;foldEasing&quot;:&quot;easeInOutSine&quot;,&quot;foldScrolling&quot;:&quot;true&quot;,&quot;hideOutsideClick&quot;:&quot;false&quot;,&quot;autoHide&quot;:&quot;false&quot;,&quot;autoHideTime&quot;:&quot;&quot;,&quot;foldScrollOffset&quot;:{&quot;unit&quot;:&quot;px&quot;,&quot;size&quot;:0,&quot;sizes&quot;:[]}}\">\n\t\t\t<div class=\"jet-unfold__inner\">\n\t\t\t\t<div class=\"jet-unfold__mask\">\n\t\t\t\t\t<div class=\"jet-unfold__content\">\n\t\t\t\t\t\t<div class=\"jet-unfold__content-inner elementor-text-editor elementor-clearfix\"><p>Cornelia Mathis-Schibig lavura dapi 1996 \u2013 cun interrupziuns per motivs famigliars \u2013 sco persuna d\u2019instrucziun da scolina, actualmain en temp parzial a Domat. Quella giada ed er ussa \u00e8 quai adina st\u00e0 sia professiun da siemi. Quai che la plascha il meglier vi da la lavur \u00e8 la varietad. Ella ha pud\u00ec accumpagnar tschients dad uffants tras la scolina. Uffants \u00e8n vegnids e pusp\u00e8 ids, disas da giugar e far termagls ed ils interess dals uffants \u00e8n sa midads. Tge ch&#8217;\u00e8 rest\u00e0 \u00e8 stada sia passiun da dar insatge sin via als uffants e la collavuraziun empernaivla cun ils geniturs. Ella \u00e8 sezza mamma d\u2019in mat passiun\u00e0 per il ballape e d\u2019ina feglia adolescenta. Ultra dal consort e dals uffants vivan anc dus giats e peschs en sia chasada. Las fins d\u2019emna passenta ella savens cun activitads communablas en ses dachasa a Favugn u en il chantun Tessin. Sin basa da sia scolaziun al seminari da mussadras a l\u2019anteriura Scola da dunnas e da differents perfecziunaments a la SAP dal Grischun, han ins dumand\u00e0 ella avant quatter onns da far part al cussegl da la scola auta. Per ella saja quai ina onur dad esser activa per l\u2019instituziun, di Cornelia Mathis-Schibig.<\/p><\/div>\n\t\t\t\t\t<\/div>\n\t\t\t\t\t<div class=\"jet-unfold__separator\"><\/div>\n\t\t\t\t<\/div>\n\t\t\t\t<div class=\"jet-unfold__trigger\"><div class=\"jet-unfold__button elementor-button elementor-size-md\" href=\"#\" data-unfold-text=\"mussar dapli\" data-fold-text=\"mussar pli pauc\" data-fold-icon=\"&lt;i aria-hidden=&quot;true&quot; class=&quot;fas fa-chevron-up&quot;&gt;&lt;\/i&gt;\" data-unfold-icon=\"&lt;i aria-hidden=&quot;true&quot; class=&quot;fas fa-chevron-down&quot;&gt;&lt;\/i&gt;\" tabindex=\"0\" role=\"button\"><span class=\"jet-unfold__button-icon jet-tricks-icon\"><i aria-hidden=\"true\" class=\"fas fa-chevron-down\"><\/i><\/span><span class=\"jet-unfold__button-text\">mussar dapli<\/span><\/div>\t\t\t\t<\/div>\n\t\t\t<\/div>\n\t\t<\/div>\n\t\t\t\t\t\t<\/div>\n\t\t\t\t<\/div>\n\t\t\t\t<div class=\"elementor-element elementor-element-18c7666 elementor-widget-divider--view-line elementor-widget elementor-widget-divider\" data-id=\"18c7666\" data-element_type=\"widget\" data-widget_type=\"divider.default\">\n\t\t\t\t<div class=\"elementor-widget-container\">\n\t\t\t\t\t\t\t<div class=\"elementor-divider\">\n\t\t\t<span class=\"elementor-divider-separator\">\n\t\t\t\t\t\t<\/span>\n\t\t<\/div>\n\t\t\t\t\t\t<\/div>\n\t\t\t\t<\/div>\n\t\t\t\t\t<\/div>\n\t\t<\/div>\n\t\t\t\t\t<\/div>\n\t\t<\/section>\n\t\t\t\t<section class=\"elementor-section elementor-top-section elementor-element elementor-element-dc458c9 elementor-reverse-mobile elementor-section-boxed elementor-section-height-default elementor-section-height-default\" data-id=\"dc458c9\" data-element_type=\"section\" data-settings=\"{&quot;jet_parallax_layout_list&quot;:[]}\">\n\t\t\t\t\t\t<div class=\"elementor-container elementor-column-gap-default\">\n\t\t\t\t\t<div class=\"elementor-column elementor-col-50 elementor-top-column elementor-element elementor-element-f657134\" data-id=\"f657134\" data-element_type=\"column\">\n\t\t\t<div class=\"elementor-widget-wrap elementor-element-populated\">\n\t\t\t\t\t\t<div class=\"elementor-element elementor-element-eb2dc58 elementor-widget-divider--view-line elementor-widget elementor-widget-divider\" data-id=\"eb2dc58\" data-element_type=\"widget\" data-widget_type=\"divider.default\">\n\t\t\t\t<div class=\"elementor-widget-container\">\n\t\t\t\t\t\t\t<div class=\"elementor-divider\">\n\t\t\t<span class=\"elementor-divider-separator\">\n\t\t\t\t\t\t<\/span>\n\t\t<\/div>\n\t\t\t\t\t\t<\/div>\n\t\t\t\t<\/div>\n\t\t\t\t<div class=\"elementor-element elementor-element-fc2eebc elementor-widget elementor-widget-heading\" data-id=\"fc2eebc\" data-element_type=\"widget\" data-widget_type=\"heading.default\">\n\t\t\t\t<div class=\"elementor-widget-container\">\n\t\t\t\t\t<h3 class=\"elementor-heading-title elementor-size-default\">Lea Simeon<\/h3>\t\t\t\t<\/div>\n\t\t\t\t<\/div>\n\t\t\t\t<div class=\"elementor-element elementor-element-ec0b3bf elementor-widget elementor-widget-heading\" data-id=\"ec0b3bf\" data-element_type=\"widget\" data-widget_type=\"heading.default\">\n\t\t\t\t<div class=\"elementor-widget-container\">\n\t\t\t\t\t<h3 class=\"elementor-heading-title elementor-size-default\">Commembra<\/h3>\t\t\t\t<\/div>\n\t\t\t\t<\/div>\n\t\t\t\t<div class=\"elementor-element elementor-element-cb26d5b elementor-widget elementor-widget-jet-unfold\" data-id=\"cb26d5b\" data-element_type=\"widget\" data-settings=\"{&quot;mask_height&quot;:{&quot;unit&quot;:&quot;px&quot;,&quot;size&quot;:150,&quot;sizes&quot;:[]},&quot;unfold_easing&quot;:&quot;easeInOutSine&quot;,&quot;fold_duration&quot;:{&quot;unit&quot;:&quot;ms&quot;,&quot;size&quot;:500,&quot;sizes&quot;:[]},&quot;fold_easing&quot;:&quot;easeInOutSine&quot;,&quot;mask_height_tablet&quot;:{&quot;unit&quot;:&quot;px&quot;,&quot;size&quot;:100,&quot;sizes&quot;:[]},&quot;mask_height_mobile&quot;:{&quot;unit&quot;:&quot;px&quot;,&quot;size&quot;:150,&quot;sizes&quot;:[]},&quot;unfold_duration&quot;:{&quot;unit&quot;:&quot;ms&quot;,&quot;size&quot;:500,&quot;sizes&quot;:[]}}\" data-widget_type=\"jet-unfold.default\">\n\t\t\t\t<div class=\"elementor-widget-container\">\n\t\t\t\t\t\t\t<div class=\"jet-unfold \" data-settings=\"{&quot;height&quot;:{&quot;size&quot;:150,&quot;unit&quot;:&quot;px&quot;},&quot;separatorHeight&quot;:&quot;&quot;,&quot;unfoldDuration&quot;:{&quot;unit&quot;:&quot;ms&quot;,&quot;size&quot;:500,&quot;sizes&quot;:[]},&quot;foldDuration&quot;:{&quot;unit&quot;:&quot;ms&quot;,&quot;size&quot;:500,&quot;sizes&quot;:[]},&quot;unfoldEasing&quot;:&quot;easeInOutSine&quot;,&quot;foldEasing&quot;:&quot;easeInOutSine&quot;,&quot;foldScrolling&quot;:&quot;true&quot;,&quot;hideOutsideClick&quot;:&quot;false&quot;,&quot;autoHide&quot;:&quot;false&quot;,&quot;autoHideTime&quot;:&quot;&quot;,&quot;foldScrollOffset&quot;:{&quot;unit&quot;:&quot;px&quot;,&quot;size&quot;:0,&quot;sizes&quot;:[]}}\">\n\t\t\t<div class=\"jet-unfold__inner\">\n\t\t\t\t<div class=\"jet-unfold__mask\">\n\t\t\t\t\t<div class=\"jet-unfold__content\">\n\t\t\t\t\t\t<div class=\"jet-unfold__content-inner elementor-text-editor elementor-clearfix\"><p>Lea Simeon lavura sco psicoterapeuta per uffants e giuvenils en il Center da psichiatria a Glion (Servetschs psichiatrics dal Grischun). Cumplementar a la professiun absolva ella il studi da perfecziunament postgradual en psicoterapia sistemica a l\u2019Institut per il svilup e la perscrutaziun sistemica a Turitg. En la lavur terapeutica tschertga ella, ensemen cun ils uffants, ils giuvenils e lur famiglias vias da soluziun e rinforza lur cumpetenzas d\u2019agir. En il center stat l\u2019agid per gidar sasez. La visiun \u00ablernen, instruir, sviluppare\u00bb da la SAP dal Grischun ed il focus da la trilinguitad enconuscha ella er en sia lavur terapeutica. Clientas e clients emprendan d\u2019enconuscher novas pussaivladads da cumportament, co ch\u2019ellas ed els pon reagir a sfidas e vegnan sustegnids en lur svilup.<br \/>Tant sco docenta per psicologia pedagogica (accent educaziun e svilup, Institut sec I &amp; II) a la SAP FHNW, sco cussegliadra diplomada per professiun, studi e carriera u sco persuna d\u2019instrucziun gimnasiala per psicologia e pedagogia a la Scola chantunala a Cuira \u00e8 ella adina stada interessada al discurs en connex cun dumondas da l\u2019instrucziun, da la perscrutaziun e da la furmaziun.<\/p><\/div>\n\t\t\t\t\t<\/div>\n\t\t\t\t\t<div class=\"jet-unfold__separator\"><\/div>\n\t\t\t\t<\/div>\n\t\t\t\t<div class=\"jet-unfold__trigger\"><div class=\"jet-unfold__button elementor-button elementor-size-md\" href=\"#\" data-unfold-text=\"mussar dapli\" data-fold-text=\"mussar pli pauc\" data-fold-icon=\"&lt;i aria-hidden=&quot;true&quot; class=&quot;fas fa-chevron-up&quot;&gt;&lt;\/i&gt;\" data-unfold-icon=\"&lt;i aria-hidden=&quot;true&quot; class=&quot;fas fa-chevron-down&quot;&gt;&lt;\/i&gt;\" tabindex=\"0\" role=\"button\"><span class=\"jet-unfold__button-icon jet-tricks-icon\"><i aria-hidden=\"true\" class=\"fas fa-chevron-down\"><\/i><\/span><span class=\"jet-unfold__button-text\">mussar dapli<\/span><\/div>\t\t\t\t<\/div>\n\t\t\t<\/div>\n\t\t<\/div>\n\t\t\t\t\t\t<\/div>\n\t\t\t\t<\/div>\n\t\t\t\t<div class=\"elementor-element elementor-element-dbf68df elementor-widget-divider--view-line elementor-widget elementor-widget-divider\" data-id=\"dbf68df\" data-element_type=\"widget\" data-widget_type=\"divider.default\">\n\t\t\t\t<div class=\"elementor-widget-container\">\n\t\t\t\t\t\t\t<div class=\"elementor-divider\">\n\t\t\t<span class=\"elementor-divider-separator\">\n\t\t\t\t\t\t<\/span>\n\t\t<\/div>\n\t\t\t\t\t\t<\/div>\n\t\t\t\t<\/div>\n\t\t\t\t\t<\/div>\n\t\t<\/div>\n\t\t\t\t<div class=\"elementor-column elementor-col-50 elementor-top-column elementor-element elementor-element-3030384\" data-id=\"3030384\" data-element_type=\"column\">\n\t\t\t<div class=\"elementor-widget-wrap elementor-element-populated\">\n\t\t\t\t\t\t<div class=\"elementor-element elementor-element-818c4ad elementor-widget elementor-widget-image\" data-id=\"818c4ad\" data-element_type=\"widget\" data-widget_type=\"image.default\">\n\t\t\t\t<div class=\"elementor-widget-container\">\n\t\t\t\t\t\t\t\t\t\t\t\t\t\t\t<img loading=\"lazy\" decoding=\"async\" width=\"512\" height=\"690\" src=\"https:\/\/jahresberichte.phgr.ch\/2023\/wp-content\/uploads\/sites\/3\/2024\/02\/phgr-hochschulrat-portrait-lea-simeon.jpg\" class=\"attachment-large size-large wp-image-5622\" alt=\"\" \/>\t\t\t\t\t\t\t\t\t\t\t\t\t\t\t<\/div>\n\t\t\t\t<\/div>\n\t\t\t\t\t<\/div>\n\t\t<\/div>\n\t\t\t\t\t<\/div>\n\t\t<\/section>\n\t\t\t\t<section class=\"elementor-section elementor-top-section elementor-element elementor-element-afdf561 elementor-section-boxed elementor-section-height-default elementor-section-height-default\" data-id=\"afdf561\" data-element_type=\"section\" data-settings=\"{&quot;jet_parallax_layout_list&quot;:[]}\">\n\t\t\t\t\t\t<div class=\"elementor-container elementor-column-gap-default\">\n\t\t\t\t\t<div class=\"elementor-column elementor-col-50 elementor-top-column elementor-element elementor-element-08e3690\" data-id=\"08e3690\" data-element_type=\"column\">\n\t\t\t<div class=\"elementor-widget-wrap elementor-element-populated\">\n\t\t\t\t\t\t<div class=\"elementor-element elementor-element-c66f56c elementor-widget elementor-widget-image\" data-id=\"c66f56c\" data-element_type=\"widget\" data-widget_type=\"image.default\">\n\t\t\t\t<div class=\"elementor-widget-container\">\n\t\t\t\t\t\t\t\t\t\t\t\t\t\t\t<img loading=\"lazy\" decoding=\"async\" width=\"512\" height=\"690\" src=\"https:\/\/jahresberichte.phgr.ch\/2023\/wp-content\/uploads\/sites\/3\/2024\/02\/phgr-hochschulrat-portrait-aita-zanetti.jpg\" class=\"attachment-large size-large wp-image-5624\" alt=\"\" \/>\t\t\t\t\t\t\t\t\t\t\t\t\t\t\t<\/div>\n\t\t\t\t<\/div>\n\t\t\t\t\t<\/div>\n\t\t<\/div>\n\t\t\t\t<div class=\"elementor-column elementor-col-50 elementor-top-column elementor-element elementor-element-4ee4450\" data-id=\"4ee4450\" data-element_type=\"column\">\n\t\t\t<div class=\"elementor-widget-wrap elementor-element-populated\">\n\t\t\t\t\t\t<div class=\"elementor-element elementor-element-614cddd elementor-widget-divider--view-line elementor-widget elementor-widget-divider\" data-id=\"614cddd\" data-element_type=\"widget\" data-widget_type=\"divider.default\">\n\t\t\t\t<div class=\"elementor-widget-container\">\n\t\t\t\t\t\t\t<div class=\"elementor-divider\">\n\t\t\t<span class=\"elementor-divider-separator\">\n\t\t\t\t\t\t<\/span>\n\t\t<\/div>\n\t\t\t\t\t\t<\/div>\n\t\t\t\t<\/div>\n\t\t\t\t<div class=\"elementor-element elementor-element-6ee3848 elementor-widget elementor-widget-heading\" data-id=\"6ee3848\" data-element_type=\"widget\" data-widget_type=\"heading.default\">\n\t\t\t\t<div class=\"elementor-widget-container\">\n\t\t\t\t\t<h3 class=\"elementor-heading-title elementor-size-default\">Aita Zanetti<\/h3>\t\t\t\t<\/div>\n\t\t\t\t<\/div>\n\t\t\t\t<div class=\"elementor-element elementor-element-45cfc89 elementor-widget elementor-widget-heading\" data-id=\"45cfc89\" data-element_type=\"widget\" data-widget_type=\"heading.default\">\n\t\t\t\t<div class=\"elementor-widget-container\">\n\t\t\t\t\t<h3 class=\"elementor-heading-title elementor-size-default\"><span style=\"color: var( --e-global-color-text );letter-spacing: 0.3px\">Commembra<\/span><\/h3>\t\t\t\t<\/div>\n\t\t\t\t<\/div>\n\t\t\t\t<div class=\"elementor-element elementor-element-81ed595 elementor-widget elementor-widget-jet-unfold\" data-id=\"81ed595\" data-element_type=\"widget\" data-settings=\"{&quot;mask_height&quot;:{&quot;unit&quot;:&quot;px&quot;,&quot;size&quot;:150,&quot;sizes&quot;:[]},&quot;unfold_easing&quot;:&quot;easeInOutSine&quot;,&quot;fold_duration&quot;:{&quot;unit&quot;:&quot;ms&quot;,&quot;size&quot;:500,&quot;sizes&quot;:[]},&quot;fold_easing&quot;:&quot;easeInOutSine&quot;,&quot;mask_height_tablet&quot;:{&quot;unit&quot;:&quot;px&quot;,&quot;size&quot;:100,&quot;sizes&quot;:[]},&quot;mask_height_mobile&quot;:{&quot;unit&quot;:&quot;px&quot;,&quot;size&quot;:150,&quot;sizes&quot;:[]},&quot;unfold_duration&quot;:{&quot;unit&quot;:&quot;ms&quot;,&quot;size&quot;:500,&quot;sizes&quot;:[]}}\" data-widget_type=\"jet-unfold.default\">\n\t\t\t\t<div class=\"elementor-widget-container\">\n\t\t\t\t\t\t\t<div class=\"jet-unfold \" data-settings=\"{&quot;height&quot;:{&quot;size&quot;:150,&quot;unit&quot;:&quot;px&quot;},&quot;separatorHeight&quot;:&quot;&quot;,&quot;unfoldDuration&quot;:{&quot;unit&quot;:&quot;ms&quot;,&quot;size&quot;:500,&quot;sizes&quot;:[]},&quot;foldDuration&quot;:{&quot;unit&quot;:&quot;ms&quot;,&quot;size&quot;:500,&quot;sizes&quot;:[]},&quot;unfoldEasing&quot;:&quot;easeInOutSine&quot;,&quot;foldEasing&quot;:&quot;easeInOutSine&quot;,&quot;foldScrolling&quot;:&quot;true&quot;,&quot;hideOutsideClick&quot;:&quot;false&quot;,&quot;autoHide&quot;:&quot;false&quot;,&quot;autoHideTime&quot;:&quot;&quot;,&quot;foldScrollOffset&quot;:{&quot;unit&quot;:&quot;px&quot;,&quot;size&quot;:0,&quot;sizes&quot;:[]}}\">\n\t\t\t<div class=\"jet-unfold__inner\">\n\t\t\t\t<div class=\"jet-unfold__mask\">\n\t\t\t\t\t<div class=\"jet-unfold__content\">\n\t\t\t\t\t\t<div class=\"jet-unfold__content-inner elementor-text-editor elementor-clearfix\"><p>Sco mamma da quatter uffants, pura ed abitanta d\u2019ina vischnanca rumantscha en l\u2019Engiadina bassa s\u2019engascha Aita Zanetti per las schanzas da furmaziun dad uffants e giuvenils en sia val. \u00abLas scolaras ed ils scolars duain avair pussaivladads da scolaziun cumparegliablas a quellas dad uffants da las citads. Quai premetta persunas d\u2019instrucziun motivadas ed innovativas cun ina buna scolaziun. Ellas \u00e8n ina pitga impurtanta per l\u2019ulteriur svilup dals uffants, ma ellas \u00e8n oravant tut ina part dal fundament da furmaziun da la regiun. Senza in bun fundament na san ins construir nagins bajetgs, e senza structuras da scolaziun correspundentas na san ins betg rinforzar quest fundament\u00bb, di la deputada ed anteriura presidenta dal Cussegl grond e presidenta communala da Scuol. Dapi la stad 2022 \u00e8 Aita Zanetti commembra dal cussegl da la scola auta da la SAP dal Grischun e cun quai cunresponsabla per la direcziun strategica da l\u2019instituziun. En il cussegl da la Scola auta da pedagogia sa vesa ella sezza sco ina dunna che ha ina perspectiva d\u2019ordaifer, senza avair g\u00ec enfin ussa puncts da contact directs cun l\u2019instituziun.<\/p><\/div>\n\t\t\t\t\t<\/div>\n\t\t\t\t\t<div class=\"jet-unfold__separator\"><\/div>\n\t\t\t\t<\/div>\n\t\t\t\t<div class=\"jet-unfold__trigger\"><div class=\"jet-unfold__button elementor-button elementor-size-md\" href=\"#\" data-unfold-text=\"mussar dapli\" data-fold-text=\"mussar pli pauc\" data-fold-icon=\"&lt;i aria-hidden=&quot;true&quot; class=&quot;fas fa-chevron-up&quot;&gt;&lt;\/i&gt;\" data-unfold-icon=\"&lt;i aria-hidden=&quot;true&quot; class=&quot;fas fa-chevron-down&quot;&gt;&lt;\/i&gt;\" tabindex=\"0\" role=\"button\"><span class=\"jet-unfold__button-icon jet-tricks-icon\"><i aria-hidden=\"true\" class=\"fas fa-chevron-down\"><\/i><\/span><span class=\"jet-unfold__button-text\">mussar dapli<\/span><\/div>\t\t\t\t<\/div>\n\t\t\t<\/div>\n\t\t<\/div>\n\t\t\t\t\t\t<\/div>\n\t\t\t\t<\/div>\n\t\t\t\t<div class=\"elementor-element elementor-element-c7c8b20 elementor-widget-divider--view-line elementor-widget elementor-widget-divider\" data-id=\"c7c8b20\" data-element_type=\"widget\" data-widget_type=\"divider.default\">\n\t\t\t\t<div class=\"elementor-widget-container\">\n\t\t\t\t\t\t\t<div class=\"elementor-divider\">\n\t\t\t<span class=\"elementor-divider-separator\">\n\t\t\t\t\t\t<\/span>\n\t\t<\/div>\n\t\t\t\t\t\t<\/div>\n\t\t\t\t<\/div>\n\t\t\t\t\t<\/div>\n\t\t<\/div>\n\t\t\t\t\t<\/div>\n\t\t<\/section>\n\t\t\t\t<section class=\"elementor-section elementor-top-section elementor-element elementor-element-703c406 elementor-section-boxed elementor-section-height-default elementor-section-height-default\" data-id=\"703c406\" data-element_type=\"section\" data-settings=\"{&quot;jet_parallax_layout_list&quot;:[]}\">\n\t\t\t\t\t\t<div class=\"elementor-container elementor-column-gap-default\">\n\t\t\t\t\t<div class=\"elementor-column elementor-col-100 elementor-top-column elementor-element elementor-element-9cc4834\" data-id=\"9cc4834\" data-element_type=\"column\">\n\t\t\t<div class=\"elementor-widget-wrap elementor-element-populated\">\n\t\t\t\t\t\t<div class=\"elementor-element elementor-element-f79f6a3 elementor-widget elementor-widget-heading\" data-id=\"f79f6a3\" data-element_type=\"widget\" id=\"subtitle-underline\" data-widget_type=\"heading.default\">\n\t\t\t\t<div class=\"elementor-widget-container\">\n\t\t\t\t\t<h3 class=\"elementor-heading-title elementor-size-default\">Nossa direcziun da scola<\/h3>\t\t\t\t<\/div>\n\t\t\t\t<\/div>\n\t\t\t\t\t<\/div>\n\t\t<\/div>\n\t\t\t\t\t<\/div>\n\t\t<\/section>\n\t\t\t\t<section class=\"elementor-section elementor-top-section elementor-element elementor-element-17631cd elementor-section-boxed elementor-section-height-default elementor-section-height-default\" data-id=\"17631cd\" data-element_type=\"section\" data-settings=\"{&quot;jet_parallax_layout_list&quot;:[]}\">\n\t\t\t\t\t\t<div class=\"elementor-container elementor-column-gap-default\">\n\t\t\t\t\t<div class=\"elementor-column elementor-col-100 elementor-top-column elementor-element elementor-element-30788f5\" data-id=\"30788f5\" data-element_type=\"column\">\n\t\t\t<div class=\"elementor-widget-wrap elementor-element-populated\">\n\t\t\t\t\t\t<div class=\"elementor-element elementor-element-896a075 elementor-widget elementor-widget-image\" data-id=\"896a075\" data-element_type=\"widget\" data-widget_type=\"image.default\">\n\t\t\t\t<div class=\"elementor-widget-container\">\n\t\t\t\t\t\t\t\t\t\t\t\t<figure class=\"wp-caption\">\n\t\t\t\t\t\t\t\t\t\t\t<a href=\"https:\/\/jahresberichte.phgr.ch\/2023\/wp-content\/uploads\/2024\/02\/phgr-hochschulleitung-mitglieder-gruppenbild.jpg\" data-elementor-open-lightbox=\"yes\" data-elementor-lightbox-title=\"phgr-hochschulleitung-mitglieder-gruppenbild.jpg\" data-e-action-hash=\"#elementor-action%3Aaction%3Dlightbox%26settings%3DeyJpZCI6IjU2MzIiLCJ1cmwiOiJodHRwczpcL1wvamFocmVzYmVyaWNodGUucGhnci5jaFwvMjAyM1wvd3AtY29udGVudFwvdXBsb2Fkc1wvc2l0ZXNcLzNcLzIwMjRcLzAyXC9waGdyLWhvY2hzY2h1bGxlaXR1bmctbWl0Z2xpZWRlci1ncnVwcGVuYmlsZC5qcGcifQ%3D%3D\">\n\t\t\t\t\t\t\t<img loading=\"lazy\" decoding=\"async\" width=\"2160\" height=\"1102\" src=\"https:\/\/jahresberichte.phgr.ch\/2023\/wp-content\/uploads\/sites\/3\/2024\/02\/phgr-hochschulleitung-mitglieder-gruppenbild.jpg\" class=\"attachment-large size-large wp-image-5632\" alt=\"\" srcset=\"https:\/\/jahresberichte.phgr.ch\/2023\/wp-content\/uploads\/sites\/3\/2024\/02\/phgr-hochschulleitung-mitglieder-gruppenbild.jpg 2160w, https:\/\/jahresberichte.phgr.ch\/2023\/wp-content\/uploads\/sites\/3\/2024\/02\/phgr-hochschulleitung-mitglieder-gruppenbild-768x392.jpg 768w, https:\/\/jahresberichte.phgr.ch\/2023\/wp-content\/uploads\/sites\/3\/2024\/02\/phgr-hochschulleitung-mitglieder-gruppenbild-1536x784.jpg 1536w, https:\/\/jahresberichte.phgr.ch\/2023\/wp-content\/uploads\/sites\/3\/2024\/02\/phgr-hochschulleitung-mitglieder-gruppenbild-2048x1045.jpg 2048w\" sizes=\"(max-width: 2160px) 100vw, 2160px\" \/>\t\t\t\t\t\t\t\t<\/a>\n\t\t\t\t\t\t\t\t\t\t\t<figcaption class=\"widget-image-caption wp-caption-text\">Da sanester a dretga: dr. Reto Givel (prorectur furmaziun), dr. Silvia Deplazes (prorectura furmaziun cuntinuada e servetsch), prof. dr. Gian-Paolo Curcio (rectur), prof. dr. Albert D\u00fcggeli (prorectur perscrutaziun e svilup), Dinesh Rajakaruna (directur administrativ).<\/figcaption>\n\t\t\t\t\t\t\t\t\t\t<\/figure>\n\t\t\t\t\t\t\t\t\t<\/div>\n\t\t\t\t<\/div>\n\t\t\t\t\t<\/div>\n\t\t<\/div>\n\t\t\t\t\t<\/div>\n\t\t<\/section>\n\t\t\t\t<section class=\"elementor-section elementor-top-section elementor-element elementor-element-5700499 elementor-section-boxed elementor-section-height-default elementor-section-height-default\" data-id=\"5700499\" data-element_type=\"section\" data-settings=\"{&quot;jet_parallax_layout_list&quot;:[]}\">\n\t\t\t\t\t\t<div class=\"elementor-container elementor-column-gap-default\">\n\t\t\t\t\t<div class=\"elementor-column elementor-col-100 elementor-top-column elementor-element elementor-element-6f95fd4\" data-id=\"6f95fd4\" data-element_type=\"column\">\n\t\t\t<div class=\"elementor-widget-wrap elementor-element-populated\">\n\t\t\t\t\t\t<div class=\"elementor-element elementor-element-c30107f elementor-widget elementor-widget-heading\" data-id=\"c30107f\" data-element_type=\"widget\" id=\"subtitle-underline\" data-widget_type=\"heading.default\">\n\t\t\t\t<div class=\"elementor-widget-container\">\n\t\t\t\t\t<h3 class=\"elementor-heading-title elementor-size-default\">Nossas commembras e noss commembers da la scola auta<\/h3>\t\t\t\t<\/div>\n\t\t\t\t<\/div>\n\t\t\t\t\t<\/div>\n\t\t<\/div>\n\t\t\t\t\t<\/div>\n\t\t<\/section>\n\t\t\t\t<section class=\"elementor-section elementor-top-section elementor-element elementor-element-50c854e elementor-section-boxed elementor-section-height-default elementor-section-height-default\" data-id=\"50c854e\" data-element_type=\"section\" data-settings=\"{&quot;jet_parallax_layout_list&quot;:[{&quot;_id&quot;:&quot;2f27608&quot;,&quot;jet_parallax_layout_image&quot;:{&quot;url&quot;:&quot;&quot;,&quot;id&quot;:&quot;&quot;,&quot;size&quot;:&quot;&quot;},&quot;jet_parallax_layout_image_tablet&quot;:{&quot;url&quot;:&quot;&quot;,&quot;id&quot;:&quot;&quot;,&quot;size&quot;:&quot;&quot;},&quot;jet_parallax_layout_image_mobile&quot;:{&quot;url&quot;:&quot;&quot;,&quot;id&quot;:&quot;&quot;,&quot;size&quot;:&quot;&quot;},&quot;jet_parallax_layout_speed&quot;:{&quot;unit&quot;:&quot;%&quot;,&quot;size&quot;:50,&quot;sizes&quot;:[]},&quot;jet_parallax_layout_type&quot;:&quot;scroll&quot;,&quot;jet_parallax_layout_direction&quot;:null,&quot;jet_parallax_layout_fx_direction&quot;:null,&quot;jet_parallax_layout_z_index&quot;:&quot;&quot;,&quot;jet_parallax_layout_bg_x&quot;:50,&quot;jet_parallax_layout_bg_x_tablet&quot;:&quot;&quot;,&quot;jet_parallax_layout_bg_x_mobile&quot;:&quot;&quot;,&quot;jet_parallax_layout_bg_y&quot;:50,&quot;jet_parallax_layout_bg_y_tablet&quot;:&quot;&quot;,&quot;jet_parallax_layout_bg_y_mobile&quot;:&quot;&quot;,&quot;jet_parallax_layout_bg_size&quot;:&quot;auto&quot;,&quot;jet_parallax_layout_bg_size_tablet&quot;:&quot;&quot;,&quot;jet_parallax_layout_bg_size_mobile&quot;:&quot;&quot;,&quot;jet_parallax_layout_animation_prop&quot;:&quot;transform&quot;,&quot;jet_parallax_layout_on&quot;:[&quot;desktop&quot;,&quot;tablet&quot;]}]}\">\n\t\t\t\t\t\t<div class=\"elementor-container elementor-column-gap-default\">\n\t\t\t\t\t<div class=\"elementor-column elementor-col-100 elementor-top-column elementor-element elementor-element-7239338\" data-id=\"7239338\" data-element_type=\"column\">\n\t\t\t<div class=\"elementor-widget-wrap elementor-element-populated\">\n\t\t\t\t\t\t<div class=\"elementor-element elementor-element-0f57ec5 elementor-widget elementor-widget-jet-accordion\" data-id=\"0f57ec5\" data-element_type=\"widget\" data-widget_type=\"jet-accordion.default\">\n\t\t\t\t<div class=\"elementor-widget-container\">\n\t\t\t\t\t\t\t<div class=\"jet-accordion\" data-settings=\"{&quot;collapsible&quot;:false,&quot;ajaxTemplate&quot;:false,&quot;switchScrolling&quot;:false,&quot;switchScrollingOffset&quot;:0,&quot;switchScrollingDelay&quot;:500}\">\n\t\t\t<div class=\"jet-accordion__inner\">\n\t\t\t\t<div class=\"jet-accordion__item jet-toggle jet-toggle-move-up-effect \">\n\t\t\t\t\t\t\t<div id=\"jet-toggle-control-1601\" class=\"jet-toggle__control elementor-menu-anchor\" data-toggle=\"1\" role=\"button\" tabindex=\"0\" aria-controls=\"jet-toggle-content-1601\" aria-expanded=\"false\" data-template-id=\"false\">\n\t\t\t\t\t\t\t\t<div class=\"jet-toggle__label-icon jet-toggle-icon-position-right\"><span class=\"jet-toggle__icon icon-normal jet-tabs-icon\"><svg xmlns=\"http:\/\/www.w3.org\/2000\/svg\" id=\"a\" width=\"22.98\" height=\"13.26\" viewBox=\"0 0 22.98 13.26\"><polygon points=\"11.49 13.26 0 1.77 1.77 0 11.49 9.72 21.21 0 22.98 1.77 11.49 13.26\"><\/polygon><\/svg><\/span><span class=\"jet-toggle__icon icon-active jet-tabs-icon\"><svg xmlns=\"http:\/\/www.w3.org\/2000\/svg\" id=\"a\" width=\"22.98\" height=\"13.26\" viewBox=\"0 0 22.98 13.26\"><polygon points=\"11.49 0 22.98 11.49 21.21 13.26 11.49 3.54 1.77 13.26 0 11.49 11.49 0\"><\/polygon><\/svg><\/span><\/div><p class=\"jet-toggle__label-text\">Rectur e stab dal rectorat<\/p>\t\t\t\t\t\t\t<\/div>\n\t\t\t\t\t\t\t<div id=\"jet-toggle-content-1601\" class=\"jet-toggle__content\" data-toggle=\"1\" role=\"region\" data-template-id=\"false\">\n\t\t\t\t\t\t\t\t<div class=\"jet-toggle__content-inner\"><p>Prof. Dr. Gian-Paolo Curcio, Rektor<\/p><p>Flurina Andriuet, Wissenschaftliche Mitarbeiterin II<\/p><p>Fabiana Calsolaro, Wissenschaftliche Mitarbeiterin II<\/p><p>Valeria Di Guardia, Sachbearbeiterin Hochschulrat &amp; Rektorat<\/p><p>Germaine Hiltbrunner, Leiterin Kommunikation &amp; Marketing<\/p><p>Andreas Hofm\u00e4nner, Wissenschaftlicher Mitarbeiter I, als Junior Marketingmanager (ab 01.04.2023)<\/p><p>Irina Lutz, Leiterin Stabsstelle Kantonssprachen<\/p><p>Dr. Marthe Solleder, Leiterin Hochschulentwicklung &amp; Qualit\u00e4tsmanagement<\/p><p>Ivana Vezzola Cerpelloni, Leiterin Stabsstelle Kantonssprachen<\/p><p>Fabienne Welte, Leiterin Akademische Projekte (bis 31.03.2023)<\/p><\/div>\n\t\t\t\t\t\t\t<\/div>\n\t\t\t\t\t\t<\/div><div class=\"jet-accordion__item jet-toggle jet-toggle-move-up-effect \">\n\t\t\t\t\t\t\t<div id=\"jet-toggle-control-1602\" class=\"jet-toggle__control elementor-menu-anchor\" data-toggle=\"2\" role=\"button\" tabindex=\"0\" aria-controls=\"jet-toggle-content-1602\" aria-expanded=\"false\" data-template-id=\"false\">\n\t\t\t\t\t\t\t\t<div class=\"jet-toggle__label-icon jet-toggle-icon-position-right\"><span class=\"jet-toggle__icon icon-normal jet-tabs-icon\"><svg xmlns=\"http:\/\/www.w3.org\/2000\/svg\" id=\"a\" width=\"22.98\" height=\"13.26\" viewBox=\"0 0 22.98 13.26\"><polygon points=\"11.49 13.26 0 1.77 1.77 0 11.49 9.72 21.21 0 22.98 1.77 11.49 13.26\"><\/polygon><\/svg><\/span><span class=\"jet-toggle__icon icon-active jet-tabs-icon\"><svg xmlns=\"http:\/\/www.w3.org\/2000\/svg\" id=\"a\" width=\"22.98\" height=\"13.26\" viewBox=\"0 0 22.98 13.26\"><polygon points=\"11.49 0 22.98 11.49 21.21 13.26 11.49 3.54 1.77 13.26 0 11.49 11.49 0\"><\/polygon><\/svg><\/span><\/div><p class=\"jet-toggle__label-text\">Prorectorat furmaziun<\/p>\t\t\t\t\t\t\t<\/div>\n\t\t\t\t\t\t\t<div id=\"jet-toggle-content-1602\" class=\"jet-toggle__content\" data-toggle=\"2\" role=\"region\" data-template-id=\"false\">\n\t\t\t\t\t\t\t\t<div class=\"jet-toggle__content-inner\"><p>Dr. Reto Givel, Prorektor Ausbildung<\/p><p>Lukas Bardill, Dozent<\/p><p>Barbara Beer, Dozentin<\/p><p>Sabine Bietenhader, Dozentin<\/p><p>Nadia Bignasca, Dozentin (ab 01.08.2023)<\/p><p>Esther Bl\u00e4si-Huber, Dozentin<\/p><p>Reto Cadosch, Dozent<\/p><p>Dr. Mart\u00edn Camenisch, Dozent<\/p><p>Ines Camenisch-Dalbert, Dozentin<\/p><p>Francesca Cangemi von Aarburg, Dozentin<\/p><p>Paolo Capelli, Dozent<\/p><p>Dr. Claudia Carroll, Dozentin<\/p><p>Dr. Franca Caspani Menghini, Studiengangsleiterin Primarstufe<\/p><p>Anna Lisa Cathomas Cabernard, Dozentin<\/p><p>Petra Chiavaro-J\u00f6rg, Dozentin<\/p><p>Sandra Crameri Grosjean, Dozentin<\/p><p>Dr. Jutta D\u00e4mmer, Dozentin (ab 01.08.2023)<\/p><p>Annatina Dermont, Dozentin<\/p><p>Justina Derungs Gaudenz, Dozentin<\/p><p>Menga Dolf, Dozentin<\/p><p>Linda Frigg, Wissenschaftliche Mitarbeiterin II<\/p><p>Simone Marion Furter, Dozentin (ab 01.08.2023)<\/p><p>Martin Gehrig, Dozent<\/p><p>Gabriela Gerber Bardill, Dozentin<\/p><p>Luca Godenzi, Dozent<\/p><p>Arianna Guerini Magni, Dozentin<\/p><p>Men Gustin, Spartenleiter Berufspraktische Ausbildung<\/p><p>Rosmarie Haueter, Dozentin<\/p><p>Urs Hauser, Dozent (ab 01.08.2023)<\/p><p>Evelyne Jacober, Dozentin<\/p><p>Margret J\u00e4ger, Wissenschaftliche Mitarbeiterin II<\/p><p>Dominik J\u00f6rg, Dozent<\/p><p>Tanja Jud Furrer, Dozentin<\/p><p>Martin Jud-Deplazes, Dozent<\/p><p>Flurina Kaufmann, Dozentin<\/p><p>Katarzyna Ke, Dozentin<\/p><p>Hans Kessler, Dozent<\/p><p>Dr. Petra Klingenstein, Spartenleiterin Bereich Mathematik und NMG<\/p><p>Nicole Koller, Dozentin<\/p><p>Esther Kr\u00e4ttli Jenny, Spartenleiterin Bereich Sprachen<\/p><p>Ursula Lendi Meier, Dozentin<\/p><p>Pascal L\u00fctscher, Dozent<\/p><p>Judith Meier Eckert, Dozentin<\/p><p>Cornelia Meier Eckstein, Spartenleiterin Bereich Gestalten, Sport und Musik<\/p><p>Jeannette Meier Valer, Dozentin<\/p><p>Luigi Menghini, Dozent<\/p><p>Ursina Michel, Dozentin<\/p><p>Dr. Stefan Niedermann, Spartenleiter Bereich Erziehungswissenschaften<\/p><p>Alexandra Peterelli, Dozentin<\/p><p>Rico Puchegger, Dozent<\/p><p>Anja Putzi, Dozentin<\/p><p>Andy Reich, Dozent<\/p><p>Ren\u00e9 Reinhardt, Studiengangsleiter Primarstufe<\/p><p>Christina Riesch, Dozentin<\/p><p>Dr. Prisca Roth Dazzi, Dozentin<\/p><p>Philipp Salzmann, Dozent<\/p><p>Karin Schmid, Dozentin<\/p><p>Dr. Harald Schneider, Dozent (bis 31.07.2023)<\/p><p>Georgina Schneller, Dozentin<\/p><p>Dr. Bigna Sommer-Sutter, Dozentin<\/p><p>Dr. Andreas Steing\u00f6tter, Dozent<\/p><p>Manuela Steuble, Dozentin (ab 01.08.2023)<\/p><p>Stephan Thomas, Dozent<\/p><p>Sonja Tr\u00fcmpi, Dozentin (ab 01.08.2023)<\/p><p>Dominic Vetsch, Wissenschaftlicher Mitarbeiter II<\/p><p>Dr. Christina vom Brocke, Dozentin<\/p><p>Francine Walser, Wissenschaftliche Mitarbeiterin I<\/p><p>Nino Waser, Dozent (ab 01.08.2023)<\/p><p>Rahel Jane Wellauer, Dozentin<\/p><p>Thomas Willi, Studiengangsleiter Sekundarstufe<\/p><p>Dr. Alexandra Zaugg, Dozentin<\/p><\/div>\n\t\t\t\t\t\t\t<\/div>\n\t\t\t\t\t\t<\/div><div class=\"jet-accordion__item jet-toggle jet-toggle-move-up-effect \">\n\t\t\t\t\t\t\t<div id=\"jet-toggle-control-1603\" class=\"jet-toggle__control elementor-menu-anchor\" data-toggle=\"3\" role=\"button\" tabindex=\"0\" aria-controls=\"jet-toggle-content-1603\" aria-expanded=\"false\" data-template-id=\"false\">\n\t\t\t\t\t\t\t\t<div class=\"jet-toggle__label-icon jet-toggle-icon-position-right\"><span class=\"jet-toggle__icon icon-normal jet-tabs-icon\"><svg xmlns=\"http:\/\/www.w3.org\/2000\/svg\" id=\"a\" width=\"22.98\" height=\"13.26\" viewBox=\"0 0 22.98 13.26\"><polygon points=\"11.49 13.26 0 1.77 1.77 0 11.49 9.72 21.21 0 22.98 1.77 11.49 13.26\"><\/polygon><\/svg><\/span><span class=\"jet-toggle__icon icon-active jet-tabs-icon\"><svg xmlns=\"http:\/\/www.w3.org\/2000\/svg\" id=\"a\" width=\"22.98\" height=\"13.26\" viewBox=\"0 0 22.98 13.26\"><polygon points=\"11.49 0 22.98 11.49 21.21 13.26 11.49 3.54 1.77 13.26 0 11.49 11.49 0\"><\/polygon><\/svg><\/span><\/div><p class=\"jet-toggle__label-text\">Prorectorat furmaziun cuntinuada e servetsch<\/p>\t\t\t\t\t\t\t<\/div>\n\t\t\t\t\t\t\t<div id=\"jet-toggle-content-1603\" class=\"jet-toggle__content\" data-toggle=\"3\" role=\"region\" data-template-id=\"false\">\n\t\t\t\t\t\t\t\t<div class=\"jet-toggle__content-inner\"><p>Dr. Silvia Deplazes, Prorektorin Weiterbildung und Dienstleistung<\/p><p>Barbara Caluori, Wissenschaftliche Mitarbeiterin II<\/p><p>David Halser, Wissenschaftlicher Mitarbeiter III<\/p><p>Tina Hitz-Strahm, Wissenschaftliche Mitarbeiterin I<\/p><p>Lilian Ladner, Wissenschaftliche Mitarbeiterin III, als Leiterin Fachstelle MINT<\/p><p>Karin Lutz-Bommer, Leiterin Kurse und Lehrg\u00e4nge<\/p><p>Dr. Melike \u00d6merogullari, Wissenschaftliche Mitarbeiterin II (ab 01.01.2023)<\/p><p>Tanja Schnoz-Schmied, Wissenschaftliche Mitarbeiterin III, als Leiterin Fachstelle Evaluation<\/p><p>Arno Ulber, Studiengangsleiter Master Schulische Heilp\u00e4dagogik<\/p><\/div>\n\t\t\t\t\t\t\t<\/div>\n\t\t\t\t\t\t<\/div><div class=\"jet-accordion__item jet-toggle jet-toggle-move-up-effect \">\n\t\t\t\t\t\t\t<div id=\"jet-toggle-control-1604\" class=\"jet-toggle__control elementor-menu-anchor\" data-toggle=\"4\" role=\"button\" tabindex=\"0\" aria-controls=\"jet-toggle-content-1604\" aria-expanded=\"false\" data-template-id=\"false\">\n\t\t\t\t\t\t\t\t<div class=\"jet-toggle__label-icon jet-toggle-icon-position-right\"><span class=\"jet-toggle__icon icon-normal jet-tabs-icon\"><svg xmlns=\"http:\/\/www.w3.org\/2000\/svg\" id=\"a\" width=\"22.98\" height=\"13.26\" viewBox=\"0 0 22.98 13.26\"><polygon points=\"11.49 13.26 0 1.77 1.77 0 11.49 9.72 21.21 0 22.98 1.77 11.49 13.26\"><\/polygon><\/svg><\/span><span class=\"jet-toggle__icon icon-active jet-tabs-icon\"><svg xmlns=\"http:\/\/www.w3.org\/2000\/svg\" id=\"a\" width=\"22.98\" height=\"13.26\" viewBox=\"0 0 22.98 13.26\"><polygon points=\"11.49 0 22.98 11.49 21.21 13.26 11.49 3.54 1.77 13.26 0 11.49 11.49 0\"><\/polygon><\/svg><\/span><\/div><p class=\"jet-toggle__label-text\">Prorectorat perscrutaziun e svilup<\/p>\t\t\t\t\t\t\t<\/div>\n\t\t\t\t\t\t\t<div id=\"jet-toggle-content-1604\" class=\"jet-toggle__content\" data-toggle=\"4\" role=\"region\" data-template-id=\"false\">\n\t\t\t\t\t\t\t\t<div class=\"jet-toggle__content-inner\"><p>Prof. Dr. Albert D\u00fcggeli, Prorektor Forschung und Entwicklung<\/p><p>Bernadette Arpagaus, Wissenschaftliche Mitarbeiterin I<\/p><p>Dr. Giulia Berchio, Wissenschaftliche Mitarbeiterin III<\/p><p>Dominique Caglia, Wissenschaftliche Mitarbeiterin II<\/p><p>Prof. Dr. Rico Cathomas, Leiter Professur IMD R\u00e4toromanisch<\/p><p>Stefania Crameri, Wissenschaftliche Mitarbeiterin II<\/p><p>Dragana Damjanovic, Wissenschaftliche Mitarbeiterin I<\/p><p>Ricarda Florineth, Wissenschaftliche Mitarbeiterin II<\/p><p>Alberto Giudici, Wissenschaftlicher Mitarbeiter III<\/p><p>Dr. Andreas Imhof, Wissenschaftlicher Mitarbeiter III<\/p><p>Dr. Ursina Kerle, Wissenschaftliche Mitarbeiterin III<\/p><p>Valeria Manna, Wissenschaftliche Mitarbeiterin II<\/p><p>Alexandra Maximova, Wissenschaftliche Mitarbeiterin II (bis 31.07.2023)<\/p><p>Dr. Sog Yee Mok, Wissenschaftliche Mitarbeiterin III (ab 01.01.2023)<\/p><p>Dr. Maria Chiara Moskopf, Wissenschaftliche Mitarbeiterin III<\/p><p>Alina M\u00fcller, Wissenschaftliche Mitarbeiterin I (bis 31.07.2023)<\/p><p>Dr. Susanne Oberholzer, Wissenschaftliche Mitarbeiterin III (bis 31.12.2023)<\/p><p>Sabrina Sala, Wissenschaftliche Mitarbeiterin II (bis 28.02.2023)<\/p><p>Prof. Dr. Francesca Suter, Leiterin Professur Erziehungswissenschaften<\/p><p>Prof. Dr. Vincenzo Todisco, Leiter Professur IMD Italienisch<\/p><\/div>\n\t\t\t\t\t\t\t<\/div>\n\t\t\t\t\t\t<\/div><div class=\"jet-accordion__item jet-toggle jet-toggle-move-up-effect \">\n\t\t\t\t\t\t\t<div id=\"jet-toggle-control-1605\" class=\"jet-toggle__control elementor-menu-anchor\" data-toggle=\"5\" role=\"button\" tabindex=\"0\" aria-controls=\"jet-toggle-content-1605\" aria-expanded=\"false\" data-template-id=\"false\">\n\t\t\t\t\t\t\t\t<div class=\"jet-toggle__label-icon jet-toggle-icon-position-right\"><span class=\"jet-toggle__icon icon-normal jet-tabs-icon\"><svg xmlns=\"http:\/\/www.w3.org\/2000\/svg\" id=\"a\" width=\"22.98\" height=\"13.26\" viewBox=\"0 0 22.98 13.26\"><polygon points=\"11.49 13.26 0 1.77 1.77 0 11.49 9.72 21.21 0 22.98 1.77 11.49 13.26\"><\/polygon><\/svg><\/span><span class=\"jet-toggle__icon icon-active jet-tabs-icon\"><svg xmlns=\"http:\/\/www.w3.org\/2000\/svg\" id=\"a\" width=\"22.98\" height=\"13.26\" viewBox=\"0 0 22.98 13.26\"><polygon points=\"11.49 0 22.98 11.49 21.21 13.26 11.49 3.54 1.77 13.26 0 11.49 11.49 0\"><\/polygon><\/svg><\/span><\/div><p class=\"jet-toggle__label-text\">Administraziun<\/p>\t\t\t\t\t\t\t<\/div>\n\t\t\t\t\t\t\t<div id=\"jet-toggle-content-1605\" class=\"jet-toggle__content\" data-toggle=\"5\" role=\"region\" data-template-id=\"false\">\n\t\t\t\t\t\t\t\t<div class=\"jet-toggle__content-inner\"><p>Dinesh Rajakaruna, Verwaltungsdirektor<\/p><p>Iris Albertini, Sachbearbeiterin Sekretariat (ab 01.06.2023)<\/p><p>Awab Al Shaikhly, Lernender Informatik (bis 31.07.2023)<\/p><p>Aitana Barahona Silio, Lernende Sekretariat (ab 01.08.2023)<\/p><p>Jonas Bigger, Leiter Infrastruktur<\/p><p>Corsin Blumenthal, Projektmitarbeiter (bis 28.02.2023)<\/p><p>Fabio Capaul, Lernender Informatik<\/p><p>V\u00e9ronique Casanova, Sachbearbeiterin Personal<\/p><p>Claudia Caviezel Arpagaus, Sachbearbeiterin Sekretariat<\/p><p>Inglina Clal\u00fcna, Sachbearbeiterin Sekretariat<\/p><p>Riccardo Corazza, Projektleiter Informatik<\/p><p>Stefania Dalle Vedove-Th\u00f6ny, Sachbearbeiterin Sekretariat<\/p><p>Meltem Dincer, Mitarbeiterin Bibliothek (ab 01.03.2023)<\/p><p>D\u00f6ne Dogan, Mitarbeiterin Infrastruktur<\/p><p>Bernadette Guidon, Sachbearbeiterin Sekretariat<\/p><p>Alain Horst, Projektleiter Informatik<\/p><p>Alissia Iseli, Lernende Sekretariat<\/p><p>Konrad Jann, Projektleiter Informatik<\/p><p>Sung Hee Kim, Mitarbeiterin Bibliothek<\/p><p>Sonja Kindschi, Mitarbeiterin Bibliothek<\/p><p>Robert Kotschmar, Leiter Finanzen &amp; Controlling (ab 01.03.2023)<\/p><p>Karin Marquart, Sachbearbeiterin Finanzen<\/p><p>Julia Mettier, Sachbearbeiterin Sekretariat (bis 31.01.2023)<\/p><p>Monika Sartori, Mitarbeiterin Bibliothek<\/p><p>Andr\u00e9 Schmid, Projektmitarbeiter Informatik<\/p><p>Mario Schmidt, ICT-Supporter (ab 01.05.2023)<\/p><p>Gabriela Schneider, Leiterin Bibliothek<\/p><p>Elvira Sinha-Willi, Leiterin Sekretariat (bis 31.07.2023)<\/p><p>Nadia Starcevic, Lernende Informatik<\/p><p>Ruth Steiner, Projektleiterin Payroll\/Sozialversicherungen &amp; HR-Fachfrau Services (ab 01.06.2023)<\/p><p>Simona Tettamanti, Lernende Bibliothek (bis 31.07.2023)<\/p><p>Thomas Wieling, Leiter Informatik<\/p><p>Silas Zahner, Projektmitarbeiter Informatik<\/p><p>Christina Zoanni-Bardill, Leiterin Personal<\/p><\/div>\n\t\t\t\t\t\t\t<\/div>\n\t\t\t\t\t\t<\/div>\t\t\t<\/div>\n\t\t<\/div>\n\t\t\t\t\t\t<\/div>\n\t\t\t\t<\/div>\n\t\t\t\t\t<\/div>\n\t\t<\/div>\n\t\t\t\t\t<\/div>\n\t\t<\/section>\n\t\t\t\t<section class=\"elementor-section elementor-top-section elementor-element elementor-element-6627c79 elementor-section-boxed elementor-section-height-default elementor-section-height-default\" data-id=\"6627c79\" data-element_type=\"section\" data-settings=\"{&quot;jet_parallax_layout_list&quot;:[],&quot;background_background&quot;:&quot;classic&quot;}\">\n\t\t\t\t\t\t<div class=\"elementor-container elementor-column-gap-default\">\n\t\t\t\t\t<div class=\"elementor-column elementor-col-100 elementor-top-column elementor-element elementor-element-24a7edc\" data-id=\"24a7edc\" data-element_type=\"column\">\n\t\t\t<div class=\"elementor-widget-wrap elementor-element-populated\">\n\t\t\t\t\t\t<div class=\"elementor-element elementor-element-447d440 elementor-widget elementor-widget-heading\" data-id=\"447d440\" data-element_type=\"widget\" id=\"subtitle-underline\" data-widget_type=\"heading.default\">\n\t\t\t\t<div class=\"elementor-widget-container\">\n\t\t\t\t\t<h3 class=\"elementor-heading-title elementor-size-default\">300 onns engaschament cuminaivel<\/h3>\t\t\t\t<\/div>\n\t\t\t\t<\/div>\n\t\t\t\t<div class=\"elementor-element elementor-element-95498be elementor-widget elementor-widget-text-editor\" data-id=\"95498be\" data-element_type=\"widget\" data-widget_type=\"text-editor.default\">\n\t\t\t\t<div class=\"elementor-widget-container\">\n\t\t\t\t\t\t\t\t\t<p>16 da totalmain 134 collavuraturas e collavuraturs han festiv\u00e0 il 2023 lur giubileum. Ensemen san ellas ed els guardar enavos sin 300 onns d\u2019experientscha professiunala.<\/p>\t\t\t\t\t\t\t\t<\/div>\n\t\t\t\t<\/div>\n\t\t\t\t<div class=\"elementor-element elementor-element-59371d1 elementor-widget elementor-widget-raven-button\" data-id=\"59371d1\" data-element_type=\"widget\" data-settings=\"{&quot;turn_to_popup_action_button&quot;:&quot;no&quot;}\" data-widget_type=\"raven-button.default\">\n\t\t\t\t<div class=\"elementor-widget-container\">\n\t\t\t\t\t\t\t<div class=\"raven-widget-wrapper\">\n\t\t\t<a class=\"raven-button raven-button-widget-normal-effect-none  raven-button-text-align-left raven-button-link elementor-animation-none\" href=\"https:\/\/phgr.ch\/news\/300-jahre-gemeinsame-berufserfahrung\" target=\"_blank\">\t\t\t\t<div class=\"raven-button-overlay\" ><\/div>\n\t\t\t\t<span class=\"raven-button-content\">\n\t\t\t\t\t\n\t\t\t\t\t<div class=\"button-text-container\">\n\t\t\t\t\t\t\t\t\t\t\t\t<div class=\"raven-button-texts-wrapper\">\n\t\t\t\t\t\t\t<div class=\"button-text\">\n\t\t\t\t\t\t\t\t<span class=\"raven-button-text\">\n\t\t\t\t\t\t\t\t\tLas giubilaras ed ils giubilars\t\t\t\t\t\t\t\t<\/span>\n\t\t\t\t\t\t\t<\/div>\n\t\t\t\t\t\t\t\t\t\t\t\t\t<\/div>\n\t\t\t\t\t\t\t\t\t<span class=\"raven-button-icon raven-button-icon-position-right\">\n\t\t\t\t<svg xmlns=\"http:\/\/www.w3.org\/2000\/svg\" id=\"a\" width=\"17.39\" height=\"12.4\" viewBox=\"0 0 17.39 12.4\"><polygon class=\"b\" points=\"11.31 0 9.89 1.4 13.64 5.23 0 5.23 0 7.23 13.58 7.23 9.89 11 11.31 12.4 17.39 6.2 11.31 0\"><\/polygon><\/svg>\t\t\t<\/span>\n\t\t\t\t\t\t\t<\/div>\n\t\t\t\t\t\n\t\t\t\t\t\t\t\t\t<\/span>\n\t\t\t<\/a>\t\t<\/div>\n\t\t\t\t\t\t<\/div>\n\t\t\t\t<\/div>\n\t\t\t\t\t<\/div>\n\t\t<\/div>\n\t\t\t\t\t<\/div>\n\t\t<\/section>\n\t\t\t\t<section class=\"elementor-section elementor-top-section elementor-element elementor-element-e909149 elementor-section-boxed elementor-section-height-default elementor-section-height-default\" data-id=\"e909149\" data-element_type=\"section\" data-settings=\"{&quot;jet_parallax_layout_list&quot;:[]}\">\n\t\t\t\t\t\t<div class=\"elementor-container elementor-column-gap-default\">\n\t\t\t\t\t<div class=\"elementor-column elementor-col-100 elementor-top-column elementor-element elementor-element-3ca870f\" data-id=\"3ca870f\" data-element_type=\"column\">\n\t\t\t<div class=\"elementor-widget-wrap elementor-element-populated\">\n\t\t\t\t\t\t<div class=\"elementor-element elementor-element-8f61c0b elementor-widget elementor-widget-template\" data-id=\"8f61c0b\" data-element_type=\"widget\" data-widget_type=\"template.default\">\n\t\t\t\t<div class=\"elementor-widget-container\">\n\t\t\t\t\t\t\t<div class=\"elementor-template\">\n\t\t\t\t\t<div data-elementor-type=\"section\" data-elementor-id=\"2723\" class=\"elementor elementor-2723\" data-elementor-post-type=\"elementor_library\">\n\t\t\t<div class=\"elementor-element elementor-element-5c0a71c e-flex e-con-boxed e-con e-parent\" data-id=\"5c0a71c\" data-element_type=\"container\" data-settings=\"{&quot;jet_parallax_layout_list&quot;:[{&quot;_id&quot;:&quot;d9c892f&quot;,&quot;jet_parallax_layout_image&quot;:{&quot;url&quot;:&quot;&quot;,&quot;id&quot;:&quot;&quot;,&quot;size&quot;:&quot;&quot;},&quot;jet_parallax_layout_image_tablet&quot;:{&quot;url&quot;:&quot;&quot;,&quot;id&quot;:&quot;&quot;,&quot;size&quot;:&quot;&quot;},&quot;jet_parallax_layout_image_mobile&quot;:{&quot;url&quot;:&quot;&quot;,&quot;id&quot;:&quot;&quot;,&quot;size&quot;:&quot;&quot;},&quot;jet_parallax_layout_speed&quot;:{&quot;unit&quot;:&quot;%&quot;,&quot;size&quot;:50,&quot;sizes&quot;:[]},&quot;jet_parallax_layout_type&quot;:&quot;scroll&quot;,&quot;jet_parallax_layout_direction&quot;:null,&quot;jet_parallax_layout_fx_direction&quot;:null,&quot;jet_parallax_layout_z_index&quot;:&quot;&quot;,&quot;jet_parallax_layout_bg_x&quot;:50,&quot;jet_parallax_layout_bg_x_tablet&quot;:&quot;&quot;,&quot;jet_parallax_layout_bg_x_mobile&quot;:&quot;&quot;,&quot;jet_parallax_layout_bg_y&quot;:50,&quot;jet_parallax_layout_bg_y_tablet&quot;:&quot;&quot;,&quot;jet_parallax_layout_bg_y_mobile&quot;:&quot;&quot;,&quot;jet_parallax_layout_bg_size&quot;:&quot;auto&quot;,&quot;jet_parallax_layout_bg_size_tablet&quot;:&quot;&quot;,&quot;jet_parallax_layout_bg_size_mobile&quot;:&quot;&quot;,&quot;jet_parallax_layout_animation_prop&quot;:&quot;transform&quot;,&quot;jet_parallax_layout_on&quot;:[&quot;desktop&quot;,&quot;tablet&quot;]}]}\">\n\t\t\t\t\t<div class=\"e-con-inner\">\n\t\t<div class=\"elementor-element elementor-element-ab3ba14 e-con-full e-flex e-con e-child\" data-id=\"ab3ba14\" data-element_type=\"container\" data-settings=\"{&quot;jet_parallax_layout_list&quot;:[]}\">\n\t\t\t\t<div class=\"elementor-element elementor-element-92a140c elementor-widget elementor-widget-spacer\" data-id=\"92a140c\" data-element_type=\"widget\" data-widget_type=\"spacer.default\">\n\t\t\t\t<div class=\"elementor-widget-container\">\n\t\t\t\t\t\t\t<div class=\"elementor-spacer\">\n\t\t\t<div class=\"elementor-spacer-inner\"><\/div>\n\t\t<\/div>\n\t\t\t\t\t\t<\/div>\n\t\t\t\t<\/div>\n\t\t\t\t<div class=\"elementor-element elementor-element-9b89014 elementor-widget elementor-widget-heading\" data-id=\"9b89014\" data-element_type=\"widget\" data-widget_type=\"heading.default\">\n\t\t\t\t<div class=\"elementor-widget-container\">\n\t\t\t\t\t<p class=\"elementor-heading-title elementor-size-default\">Ulteriurs temas che pudessan interessar Vus<\/p>\t\t\t\t<\/div>\n\t\t\t\t<\/div>\n\t\t\t\t<div class=\"elementor-element elementor-element-d0de3db raven-hover-scale-up elementor-widget elementor-widget-raven-posts\" data-id=\"d0de3db\" data-element_type=\"widget\" data-settings=\"{&quot;classic_columns&quot;:&quot;4&quot;,&quot;query_posts_per_page&quot;:4,&quot;_skin&quot;:&quot;classic&quot;,&quot;classic_layout&quot;:&quot;grid&quot;,&quot;classic_columns_tablet&quot;:&quot;2&quot;,&quot;classic_columns_mobile&quot;:&quot;1&quot;,&quot;query_offset&quot;:0}\" data-widget_type=\"raven-posts.classic\">\n\t\t\t\t<div class=\"elementor-widget-container\">\n\t\t\t\t\t\t\t<div class=\"raven-posts raven-grid raven-grid-4 raven-grid-mobile-1 raven-grid-tablet-2\" data-post-id=\"2723\" data-archive-query=\"\" data-lang=\"\">\n\t\t\t\t<div class=\"raven-grid-item raven-post-item post-1124 page type-page status-publish has-post-thumbnail hentry\">\n\t\t\t<div class=\"raven-post elementor-animation-grow\">\n\t\t\t\t\t\t<div class=\"raven-post-image-wrap\">\n\t\t\t<a class=\"raven-post-image raven-image-fit\" href=\"https:\/\/jahresberichte.phgr.ch\/2023\/geschaeftsjahr-2023\/\"><img loading=\"lazy\" decoding=\"async\" width=\"1000\" height=\"1000\" src=\"https:\/\/jahresberichte.phgr.ch\/2023\/wp-content\/uploads\/sites\/3\/2024\/01\/phgr-jahresbericht-2023-weitere-themen-vorwort.jpg\" class=\"attachment-large size-large wp-image-4973\" alt=\"\" srcset=\"https:\/\/jahresberichte.phgr.ch\/2023\/wp-content\/uploads\/sites\/3\/2024\/01\/phgr-jahresbericht-2023-weitere-themen-vorwort.jpg 1000w, https:\/\/jahresberichte.phgr.ch\/2023\/wp-content\/uploads\/sites\/3\/2024\/01\/phgr-jahresbericht-2023-weitere-themen-vorwort-768x768.jpg 768w, https:\/\/jahresberichte.phgr.ch\/2023\/wp-content\/uploads\/sites\/3\/2024\/01\/phgr-jahresbericht-2023-weitere-themen-vorwort-500x500.jpg 500w\" sizes=\"(max-width: 1000px) 100vw, 1000px\" \/> <span class=\"raven-post-image-overlay\"><\/span><\/a>\t\t<\/div>\n\t\t\t\t\t\t<div class=\"raven-post-content\">\n\t\t\t\t\t<h3 class=\"raven-post-title\"><a class=\"raven-post-title-link\" href=\"https:\/\/jahresberichte.phgr.ch\/2023\/geschaeftsjahr-2023\/\">Gesch\u00e4ftsjahr 2023<\/a><\/h3>\t\t\t\t<\/div>\n\t\t\t<\/div>\n\t\t<\/div>\n\t\t\t\t<div class=\"raven-grid-item raven-post-item post-5776 page type-page status-publish has-post-thumbnail hentry\">\n\t\t\t<div class=\"raven-post elementor-animation-grow\">\n\t\t\t\t\t\t<div class=\"raven-post-image-wrap\">\n\t\t\t<a class=\"raven-post-image raven-image-fit\" href=\"https:\/\/jahresberichte.phgr.ch\/2023\/ereignisse-des-jahres\/\"><img loading=\"lazy\" decoding=\"async\" width=\"1000\" height=\"1000\" src=\"https:\/\/jahresberichte.phgr.ch\/2023\/wp-content\/uploads\/sites\/3\/2024\/02\/phgr-jahresbericht-2023-weitere-themen-ereignisse-des-jahres.jpg\" class=\"attachment-large size-large wp-image-5376\" alt=\"\" srcset=\"https:\/\/jahresberichte.phgr.ch\/2023\/wp-content\/uploads\/sites\/3\/2024\/02\/phgr-jahresbericht-2023-weitere-themen-ereignisse-des-jahres.jpg 1000w, https:\/\/jahresberichte.phgr.ch\/2023\/wp-content\/uploads\/sites\/3\/2024\/02\/phgr-jahresbericht-2023-weitere-themen-ereignisse-des-jahres-768x768.jpg 768w, https:\/\/jahresberichte.phgr.ch\/2023\/wp-content\/uploads\/sites\/3\/2024\/02\/phgr-jahresbericht-2023-weitere-themen-ereignisse-des-jahres-500x500.jpg 500w\" sizes=\"(max-width: 1000px) 100vw, 1000px\" \/> <span class=\"raven-post-image-overlay\"><\/span><\/a>\t\t<\/div>\n\t\t\t\t\t\t<div class=\"raven-post-content\">\n\t\t\t\t\t<h3 class=\"raven-post-title\"><a class=\"raven-post-title-link\" href=\"https:\/\/jahresberichte.phgr.ch\/2023\/ereignisse-des-jahres\/\">Ereignisse des Jahres<\/a><\/h3>\t\t\t\t<\/div>\n\t\t\t<\/div>\n\t\t<\/div>\n\t\t\t\t<div class=\"raven-grid-item raven-post-item post-1292 page type-page status-publish has-post-thumbnail hentry\">\n\t\t\t<div class=\"raven-post elementor-animation-grow\">\n\t\t\t\t\t\t<div class=\"raven-post-image-wrap\">\n\t\t\t<a class=\"raven-post-image raven-image-fit\" href=\"https:\/\/jahresberichte.phgr.ch\/2023\/zahlen-und-fakten\/\"><img loading=\"lazy\" decoding=\"async\" width=\"1000\" height=\"1000\" src=\"https:\/\/jahresberichte.phgr.ch\/2023\/wp-content\/uploads\/sites\/3\/2024\/01\/phgr-jahresbericht-2023-weitere-themen-zahlen-fakten.jpg\" class=\"attachment-large size-large wp-image-4974\" alt=\"\" srcset=\"https:\/\/jahresberichte.phgr.ch\/2023\/wp-content\/uploads\/sites\/3\/2024\/01\/phgr-jahresbericht-2023-weitere-themen-zahlen-fakten.jpg 1000w, https:\/\/jahresberichte.phgr.ch\/2023\/wp-content\/uploads\/sites\/3\/2024\/01\/phgr-jahresbericht-2023-weitere-themen-zahlen-fakten-768x768.jpg 768w, https:\/\/jahresberichte.phgr.ch\/2023\/wp-content\/uploads\/sites\/3\/2024\/01\/phgr-jahresbericht-2023-weitere-themen-zahlen-fakten-500x500.jpg 500w\" sizes=\"(max-width: 1000px) 100vw, 1000px\" \/> <span class=\"raven-post-image-overlay\"><\/span><\/a>\t\t<\/div>\n\t\t\t\t\t\t<div class=\"raven-post-content\">\n\t\t\t\t\t<h3 class=\"raven-post-title\"><a class=\"raven-post-title-link\" href=\"https:\/\/jahresberichte.phgr.ch\/2023\/zahlen-und-fakten\/\">Zahlen &#038; Fakten<\/a><\/h3>\t\t\t\t<\/div>\n\t\t\t<\/div>\n\t\t<\/div>\n\t\t\t\t<div class=\"raven-grid-item raven-post-item post-5486 page type-page status-publish has-post-thumbnail hentry\">\n\t\t\t<div class=\"raven-post elementor-animation-grow\">\n\t\t\t\t\t\t<div class=\"raven-post-image-wrap\">\n\t\t\t<a class=\"raven-post-image raven-image-fit\" href=\"https:\/\/jahresberichte.phgr.ch\/2023\/rm\/onn-da-gestiun-2023\/\"><img loading=\"lazy\" decoding=\"async\" width=\"1000\" height=\"1000\" src=\"https:\/\/jahresberichte.phgr.ch\/2023\/wp-content\/uploads\/sites\/3\/2024\/01\/phgr-jahresbericht-2023-weitere-themen-vorwort.jpg\" class=\"attachment-large size-large wp-image-4973\" alt=\"\" srcset=\"https:\/\/jahresberichte.phgr.ch\/2023\/wp-content\/uploads\/sites\/3\/2024\/01\/phgr-jahresbericht-2023-weitere-themen-vorwort.jpg 1000w, https:\/\/jahresberichte.phgr.ch\/2023\/wp-content\/uploads\/sites\/3\/2024\/01\/phgr-jahresbericht-2023-weitere-themen-vorwort-768x768.jpg 768w, https:\/\/jahresberichte.phgr.ch\/2023\/wp-content\/uploads\/sites\/3\/2024\/01\/phgr-jahresbericht-2023-weitere-themen-vorwort-500x500.jpg 500w\" sizes=\"(max-width: 1000px) 100vw, 1000px\" \/> <span class=\"raven-post-image-overlay\"><\/span><\/a>\t\t<\/div>\n\t\t\t\t\t\t<div class=\"raven-post-content\">\n\t\t\t\t\t<h3 class=\"raven-post-title\"><a class=\"raven-post-title-link\" href=\"https:\/\/jahresberichte.phgr.ch\/2023\/rm\/onn-da-gestiun-2023\/\">Onn da gestiun 2023<\/a><\/h3>\t\t\t\t<\/div>\n\t\t\t<\/div>\n\t\t<\/div>\n\t\t\t\t<\/div>\n\t\t\t\t\t\t<\/div>\n\t\t\t\t<\/div>\n\t\t\t\t<div class=\"elementor-element elementor-element-7bb5406 elementor-widget elementor-widget-spacer\" data-id=\"7bb5406\" data-element_type=\"widget\" data-widget_type=\"spacer.default\">\n\t\t\t\t<div class=\"elementor-widget-container\">\n\t\t\t\t\t\t\t<div class=\"elementor-spacer\">\n\t\t\t<div class=\"elementor-spacer-inner\"><\/div>\n\t\t<\/div>\n\t\t\t\t\t\t<\/div>\n\t\t\t\t<\/div>\n\t\t\t\t<\/div>\n\t\t\t\t\t<\/div>\n\t\t\t\t<\/div>\n\t\t\t\t<\/div>\n\t\t\t\t<\/div>\n\t\t\t\t\t\t<\/div>\n\t\t\t\t<\/div>\n\t\t\t\t\t<\/div>\n\t\t<\/div>\n\t\t\t\t\t<\/div>\n\t\t<\/section>\n\t\t\t\t<\/div>\n\t\t","protected":false},"excerpt":{"rendered":"<p>En il focus 134 collavuraturas e collavuraturs s\u2019engaschan per ina purschida da furmaziun d\u2019auta qualitad e per cundiziuns da studi excellentas. Noss cussegl da la scola auta Il cussegl da la scola auta sa cumpona da nov sco suonda: Dr. Hans Peter M\u00e4rchy President Suenter sia scolaziun a l\u2019Universitad da Turitg \u00e8 dr. Hans Peter [&hellip;]<\/p>\n","protected":false},"author":1,"featured_media":4972,"parent":0,"menu_order":0,"comment_status":"closed","ping_status":"closed","template":"elementor_header_footer","meta":{"_acf_changed":false,"footnotes":""},"class_list":["post-5658","page","type-page","status-publish","has-post-thumbnail","hentry"],"acf":[],"_links":{"self":[{"href":"https:\/\/jahresberichte.phgr.ch\/2023\/wp-json\/wp\/v2\/pages\/5658","targetHints":{"allow":["GET"]}}],"collection":[{"href":"https:\/\/jahresberichte.phgr.ch\/2023\/wp-json\/wp\/v2\/pages"}],"about":[{"href":"https:\/\/jahresberichte.phgr.ch\/2023\/wp-json\/wp\/v2\/types\/page"}],"author":[{"embeddable":true,"href":"https:\/\/jahresberichte.phgr.ch\/2023\/wp-json\/wp\/v2\/users\/1"}],"replies":[{"embeddable":true,"href":"https:\/\/jahresberichte.phgr.ch\/2023\/wp-json\/wp\/v2\/comments?post=5658"}],"version-history":[{"count":45,"href":"https:\/\/jahresberichte.phgr.ch\/2023\/wp-json\/wp\/v2\/pages\/5658\/revisions"}],"predecessor-version":[{"id":7713,"href":"https:\/\/jahresberichte.phgr.ch\/2023\/wp-json\/wp\/v2\/pages\/5658\/revisions\/7713"}],"wp:featuredmedia":[{"embeddable":true,"href":"https:\/\/jahresberichte.phgr.ch\/2023\/wp-json\/wp\/v2\/media\/4972"}],"wp:attachment":[{"href":"https:\/\/jahresberichte.phgr.ch\/2023\/wp-json\/wp\/v2\/media?parent=5658"}],"curies":[{"name":"wp","href":"https:\/\/api.w.org\/{rel}","templated":true}]}}